{"id":23,"date":"2020-08-26T12:58:32","date_gmt":"2020-08-26T10:58:32","guid":{"rendered":"https:\/\/www.terra-et-ars.de\/aktuelles\/?page_id=23"},"modified":"2026-01-04T14:02:07","modified_gmt":"2026-01-04T13:02:07","slug":"kundenreferenzen","status":"publish","type":"page","link":"https:\/\/www.terra-et-ars.de\/aktuelles\/kundenreferenzen\/","title":{"rendered":"Kundenreferenzen"},"content":{"rendered":"<div id=\"pl-23\"  class=\"panel-layout\" ><div id=\"pg-23-0\"  class=\"panel-grid panel-no-style\" ><div id=\"pgc-23-0-0\"  class=\"panel-grid-cell\" ><div id=\"panel-23-0-0-0\" class=\"so-panel widget widget_sow-editor panel-first-child panel-last-child\" data-index=\"0\" ><div\n\t\t\t\n\t\t\tclass=\"so-widget-sow-editor so-widget-sow-editor-base\"\n\t\t\t\n\t\t><h3 class=\"widget-title\">Entdecken Sie unsere Kundengalerie!<\/h3>\n<div class=\"siteorigin-widget-tinymce textwidget\">\n\t<p>Entdecken Sie hier Kundenreferenzen und Fotos, wie unsere Kunden ihre <a href=\"\/buddhafiguren\/\">Buddhas, <\/a><a href=\"\/asia-steinfiguren\/ganesha-figuren\/\">Ganeshas<\/a> und viele andere <a href=\"\/asia-steinfiguren\/\">Asia Statuen<\/a> von uns platziert haben. Herzlichen Dank an alle, die uns Fotos geschickt haben!<\/p>\n<p>Hier finden Sie Inspirationen und Ideen f\u00fcr Ihre Asia Gartengestaltung und wie Sie einen Buddha gekonnt aufstellen. Noch mehr Inspiration gesucht? St\u00f6bern Sie bei <a href=\"\/aktuelles\/\">Aktuelles!<\/a> In unserem Blog gibt's viele interessante Kundenstories und wundersch\u00f6ne Bilder mit Statuen von uns in G\u00e4rten und R\u00e4umen unserer Kunden!<\/p>\n<\/div>\n<\/div><\/div><\/div><\/div><div id=\"pg-23-1\"  class=\"panel-grid panel-no-style\" ><div id=\"pgc-23-1-0\"  class=\"panel-grid-cell\" ><div id=\"panel-23-1-0-0\" class=\"widget_text so-panel widget widget_custom_html panel-first-child panel-last-child\" data-index=\"1\" ><div class=\"textwidget custom-html-widget\"><div class=\"image-gallery\">\n                <div class=\"image-gallery__item\" data-featherlight=\"https:\/\/www.terra-et-ars.de\/aktuelles\/wp-content\/uploads\/2026\/01\/614kg-Buddhafigur-Garten.jpg\">\n                \n                <img width=\"285\" height=\"285\" src=\"https:\/\/www.terra-et-ars.de\/aktuelles\/wp-content\/uploads\/2026\/01\/614kg-Buddhafigur-Garten-285x285.jpg\" class=\"attachment-gallery-medium size-gallery-medium\" alt=\"Buddhafigur Garten\" loading=\"lazy\" srcset=\"https:\/\/www.terra-et-ars.de\/aktuelles\/wp-content\/uploads\/2026\/01\/614kg-Buddhafigur-Garten-285x285.jpg 285w, https:\/\/www.terra-et-ars.de\/aktuelles\/wp-content\/uploads\/2026\/01\/614kg-Buddhafigur-Garten-150x150.jpg 150w\" sizes=\"(max-width: 285px) 100vw, 285px\" \/>\n            <\/div>\n        \n                        <div class=\"image-gallery__item\" data-featherlight=\"https:\/\/www.terra-et-ars.de\/aktuelles\/wp-content\/uploads\/2025\/07\/612kg-Buddha-und-Dewi-Figuren-Fluss-Stein.jpg\">\n                \n                <img width=\"285\" height=\"285\" src=\"https:\/\/www.terra-et-ars.de\/aktuelles\/wp-content\/uploads\/2025\/07\/612kg-Buddha-und-Dewi-Figuren-Fluss-Stein-285x285.jpg\" class=\"attachment-gallery-medium size-gallery-medium\" alt=\"Buddha und Dewi Figuren Fluss Stein\" loading=\"lazy\" srcset=\"https:\/\/www.terra-et-ars.de\/aktuelles\/wp-content\/uploads\/2025\/07\/612kg-Buddha-und-Dewi-Figuren-Fluss-Stein-285x285.jpg 285w, https:\/\/www.terra-et-ars.de\/aktuelles\/wp-content\/uploads\/2025\/07\/612kg-Buddha-und-Dewi-Figuren-Fluss-Stein-150x150.jpg 150w\" sizes=\"(max-width: 285px) 100vw, 285px\" \/>\n            <\/div>\n        \n                        <div class=\"image-gallery__item\" data-featherlight=\"https:\/\/www.terra-et-ars.de\/aktuelles\/wp-content\/uploads\/2025\/06\/611kg-Buddha-Figur-Garten.jpg\">\n                \n                <img width=\"285\" height=\"285\" src=\"https:\/\/www.terra-et-ars.de\/aktuelles\/wp-content\/uploads\/2025\/06\/611kg-Buddha-Figur-Garten-285x285.jpg\" class=\"attachment-gallery-medium size-gallery-medium\" alt=\"Buddha Figur Garten\" loading=\"lazy\" srcset=\"https:\/\/www.terra-et-ars.de\/aktuelles\/wp-content\/uploads\/2025\/06\/611kg-Buddha-Figur-Garten-285x285.jpg 285w, https:\/\/www.terra-et-ars.de\/aktuelles\/wp-content\/uploads\/2025\/06\/611kg-Buddha-Figur-Garten-150x150.jpg 150w\" sizes=\"(max-width: 285px) 100vw, 285px\" \/>\n            <\/div>\n        \n                        <div class=\"image-gallery__item\" data-featherlight=\"https:\/\/www.terra-et-ars.de\/aktuelles\/wp-content\/uploads\/2025\/06\/608kg-Dewi-Statue-Naturstein-Garten.jpg\">\n                \n                <img width=\"285\" height=\"285\" src=\"https:\/\/www.terra-et-ars.de\/aktuelles\/wp-content\/uploads\/2025\/06\/608kg-Dewi-Statue-Naturstein-Garten-285x285.jpg\" class=\"attachment-gallery-medium size-gallery-medium\" alt=\"Dewi Statue Naturstein Garten\" loading=\"lazy\" srcset=\"https:\/\/www.terra-et-ars.de\/aktuelles\/wp-content\/uploads\/2025\/06\/608kg-Dewi-Statue-Naturstein-Garten-285x285.jpg 285w, https:\/\/www.terra-et-ars.de\/aktuelles\/wp-content\/uploads\/2025\/06\/608kg-Dewi-Statue-Naturstein-Garten-150x150.jpg 150w\" sizes=\"(max-width: 285px) 100vw, 285px\" \/>\n            <\/div>\n        \n                        <div class=\"image-gallery__item\" data-featherlight=\"https:\/\/www.terra-et-ars.de\/aktuelles\/wp-content\/uploads\/2025\/06\/610kg-Ganesha-Statue-Natur-Garten-Stein.jpg\">\n                \n                <img width=\"285\" height=\"285\" src=\"https:\/\/www.terra-et-ars.de\/aktuelles\/wp-content\/uploads\/2025\/06\/610kg-Ganesha-Statue-Natur-Garten-Stein-285x285.jpg\" class=\"attachment-gallery-medium size-gallery-medium\" alt=\"Ganesha Statue Natur Garten Stein\" loading=\"lazy\" srcset=\"https:\/\/www.terra-et-ars.de\/aktuelles\/wp-content\/uploads\/2025\/06\/610kg-Ganesha-Statue-Natur-Garten-Stein-285x285.jpg 285w, https:\/\/www.terra-et-ars.de\/aktuelles\/wp-content\/uploads\/2025\/06\/610kg-Ganesha-Statue-Natur-Garten-Stein-150x150.jpg 150w\" sizes=\"(max-width: 285px) 100vw, 285px\" \/>\n            <\/div>\n        \n                        <div class=\"image-gallery__item\" data-featherlight=\"https:\/\/www.terra-et-ars.de\/aktuelles\/wp-content\/uploads\/2025\/06\/607kg-Buddhafigur-sitzend-am-Teich.jpg\">\n                \n                <img width=\"285\" height=\"285\" src=\"https:\/\/www.terra-et-ars.de\/aktuelles\/wp-content\/uploads\/2025\/06\/607kg-Buddhafigur-sitzend-am-Teich-285x285.jpg\" class=\"attachment-gallery-medium size-gallery-medium\" alt=\"Buddhafigur sitzend am Teich\" loading=\"lazy\" srcset=\"https:\/\/www.terra-et-ars.de\/aktuelles\/wp-content\/uploads\/2025\/06\/607kg-Buddhafigur-sitzend-am-Teich-285x285.jpg 285w, https:\/\/www.terra-et-ars.de\/aktuelles\/wp-content\/uploads\/2025\/06\/607kg-Buddhafigur-sitzend-am-Teich-150x150.jpg 150w\" sizes=\"(max-width: 285px) 100vw, 285px\" \/>\n            <\/div>\n        \n                        <div class=\"image-gallery__item\" data-featherlight=\"https:\/\/www.terra-et-ars.de\/aktuelles\/wp-content\/uploads\/2025\/06\/602kg-Buddhafigur-Khmer-sitzend-Garten-Stein.jpg\">\n                \n                <img width=\"285\" height=\"285\" src=\"https:\/\/www.terra-et-ars.de\/aktuelles\/wp-content\/uploads\/2025\/06\/602kg-Buddhafigur-Khmer-sitzend-Garten-Stein-285x285.jpg\" class=\"attachment-gallery-medium size-gallery-medium\" alt=\"Buddhafigur Khmer sitzend Garten Stein\" loading=\"lazy\" srcset=\"https:\/\/www.terra-et-ars.de\/aktuelles\/wp-content\/uploads\/2025\/06\/602kg-Buddhafigur-Khmer-sitzend-Garten-Stein-285x285.jpg 285w, https:\/\/www.terra-et-ars.de\/aktuelles\/wp-content\/uploads\/2025\/06\/602kg-Buddhafigur-Khmer-sitzend-Garten-Stein-150x150.jpg 150w\" sizes=\"(max-width: 285px) 100vw, 285px\" \/>\n            <\/div>\n        \n                        <div class=\"image-gallery__item\" data-featherlight=\"https:\/\/www.terra-et-ars.de\/aktuelles\/wp-content\/uploads\/2025\/06\/603kg-Buddhafigur-stehend-Garten-Pavillon.jpg\">\n                \n                <img width=\"285\" height=\"285\" src=\"https:\/\/www.terra-et-ars.de\/aktuelles\/wp-content\/uploads\/2025\/06\/603kg-Buddhafigur-stehend-Garten-Pavillon-285x285.jpg\" class=\"attachment-gallery-medium size-gallery-medium\" alt=\"Buddhafigur stehend Garten Pavillon\" loading=\"lazy\" srcset=\"https:\/\/www.terra-et-ars.de\/aktuelles\/wp-content\/uploads\/2025\/06\/603kg-Buddhafigur-stehend-Garten-Pavillon-285x285.jpg 285w, https:\/\/www.terra-et-ars.de\/aktuelles\/wp-content\/uploads\/2025\/06\/603kg-Buddhafigur-stehend-Garten-Pavillon-150x150.jpg 150w\" sizes=\"(max-width: 285px) 100vw, 285px\" \/>\n            <\/div>\n        \n                        <div class=\"image-gallery__item\" data-featherlight=\"https:\/\/www.terra-et-ars.de\/aktuelles\/wp-content\/uploads\/2025\/06\/604kg-Ganesha-Statue-Fluss-Stein.jpg\">\n                \n                <img width=\"285\" height=\"285\" src=\"https:\/\/www.terra-et-ars.de\/aktuelles\/wp-content\/uploads\/2025\/06\/604kg-Ganesha-Statue-Fluss-Stein-285x285.jpg\" class=\"attachment-gallery-medium size-gallery-medium\" alt=\"Ganesha Statue Fluss Stein\" loading=\"lazy\" srcset=\"https:\/\/www.terra-et-ars.de\/aktuelles\/wp-content\/uploads\/2025\/06\/604kg-Ganesha-Statue-Fluss-Stein-285x285.jpg 285w, https:\/\/www.terra-et-ars.de\/aktuelles\/wp-content\/uploads\/2025\/06\/604kg-Ganesha-Statue-Fluss-Stein-300x300.jpg 300w, https:\/\/www.terra-et-ars.de\/aktuelles\/wp-content\/uploads\/2025\/06\/604kg-Ganesha-Statue-Fluss-Stein-150x150.jpg 150w, https:\/\/www.terra-et-ars.de\/aktuelles\/wp-content\/uploads\/2025\/06\/604kg-Ganesha-Statue-Fluss-Stein-768x768.jpg 768w, https:\/\/www.terra-et-ars.de\/aktuelles\/wp-content\/uploads\/2025\/06\/604kg-Ganesha-Statue-Fluss-Stein.jpg 800w\" sizes=\"(max-width: 285px) 100vw, 285px\" \/>\n            <\/div>\n        \n                        <div class=\"image-gallery__item\" data-featherlight=\"https:\/\/www.terra-et-ars.de\/aktuelles\/wp-content\/uploads\/2025\/05\/601kg-Dewi-Bu\u0308ste-Garten.jpg\">\n                \n                <img width=\"285\" height=\"285\" src=\"https:\/\/www.terra-et-ars.de\/aktuelles\/wp-content\/uploads\/2025\/05\/601kg-Dewi-Bu\u0308ste-Garten-285x285.jpg\" class=\"attachment-gallery-medium size-gallery-medium\" alt=\"Dewi Bu\u0308ste Garten\" loading=\"lazy\" srcset=\"https:\/\/www.terra-et-ars.de\/aktuelles\/wp-content\/uploads\/2025\/05\/601kg-Dewi-Bu\u0308ste-Garten-285x285.jpg 285w, https:\/\/www.terra-et-ars.de\/aktuelles\/wp-content\/uploads\/2025\/05\/601kg-Dewi-Bu\u0308ste-Garten-150x150.jpg 150w\" sizes=\"(max-width: 285px) 100vw, 285px\" \/>\n            <\/div>\n        \n                        <div class=\"image-gallery__item\" data-featherlight=\"https:\/\/www.terra-et-ars.de\/aktuelles\/wp-content\/uploads\/2025\/05\/598kg-Buddha-Kopf-Bu\u0308ste-Lavastein.jpg\">\n                \n                <img width=\"285\" height=\"285\" src=\"https:\/\/www.terra-et-ars.de\/aktuelles\/wp-content\/uploads\/2025\/05\/598kg-Buddha-Kopf-Bu\u0308ste-Lavastein-285x285.jpg\" class=\"attachment-gallery-medium size-gallery-medium\" alt=\"Buddha Kopf Bu\u0308ste Lavastein\" loading=\"lazy\" srcset=\"https:\/\/www.terra-et-ars.de\/aktuelles\/wp-content\/uploads\/2025\/05\/598kg-Buddha-Kopf-Bu\u0308ste-Lavastein-285x285.jpg 285w, https:\/\/www.terra-et-ars.de\/aktuelles\/wp-content\/uploads\/2025\/05\/598kg-Buddha-Kopf-Bu\u0308ste-Lavastein-150x150.jpg 150w\" sizes=\"(max-width: 285px) 100vw, 285px\" \/>\n            <\/div>\n        \n                        <div class=\"image-gallery__item\" data-featherlight=\"https:\/\/www.terra-et-ars.de\/aktuelles\/wp-content\/uploads\/2025\/05\/597kg-Buddhafigur-stehend-Lavastein.jpg\">\n                \n                <img width=\"285\" height=\"285\" src=\"https:\/\/www.terra-et-ars.de\/aktuelles\/wp-content\/uploads\/2025\/05\/597kg-Buddhafigur-stehend-Lavastein-285x285.jpg\" class=\"attachment-gallery-medium size-gallery-medium\" alt=\"Buddhafigur stehend Lavastein\" loading=\"lazy\" srcset=\"https:\/\/www.terra-et-ars.de\/aktuelles\/wp-content\/uploads\/2025\/05\/597kg-Buddhafigur-stehend-Lavastein-285x285.jpg 285w, https:\/\/www.terra-et-ars.de\/aktuelles\/wp-content\/uploads\/2025\/05\/597kg-Buddhafigur-stehend-Lavastein-150x150.jpg 150w\" sizes=\"(max-width: 285px) 100vw, 285px\" \/>\n            <\/div>\n        \n                        <div class=\"image-gallery__item\" data-featherlight=\"https:\/\/www.terra-et-ars.de\/aktuelles\/wp-content\/uploads\/2025\/05\/600kg-Buddha-Statue-Terrasse.jpg\">\n                \n                <img width=\"285\" height=\"285\" src=\"https:\/\/www.terra-et-ars.de\/aktuelles\/wp-content\/uploads\/2025\/05\/600kg-Buddha-Statue-Terrasse-285x285.jpg\" class=\"attachment-gallery-medium size-gallery-medium\" alt=\"Buddha Statue Terrasse\" loading=\"lazy\" srcset=\"https:\/\/www.terra-et-ars.de\/aktuelles\/wp-content\/uploads\/2025\/05\/600kg-Buddha-Statue-Terrasse-285x285.jpg 285w, https:\/\/www.terra-et-ars.de\/aktuelles\/wp-content\/uploads\/2025\/05\/600kg-Buddha-Statue-Terrasse-150x150.jpg 150w\" sizes=\"(max-width: 285px) 100vw, 285px\" \/>\n            <\/div>\n        \n                        <div class=\"image-gallery__item\" data-featherlight=\"https:\/\/www.terra-et-ars.de\/aktuelles\/wp-content\/uploads\/2025\/04\/595kg-Buddhafigur-beleuchtet-stehend-Garten.jpg\">\n                \n                <img width=\"285\" height=\"285\" src=\"https:\/\/www.terra-et-ars.de\/aktuelles\/wp-content\/uploads\/2025\/04\/595kg-Buddhafigur-beleuchtet-stehend-Garten-285x285.jpg\" class=\"attachment-gallery-medium size-gallery-medium\" alt=\"Buddhafigur beleuchtet\" loading=\"lazy\" srcset=\"https:\/\/www.terra-et-ars.de\/aktuelles\/wp-content\/uploads\/2025\/04\/595kg-Buddhafigur-beleuchtet-stehend-Garten-285x285.jpg 285w, https:\/\/www.terra-et-ars.de\/aktuelles\/wp-content\/uploads\/2025\/04\/595kg-Buddhafigur-beleuchtet-stehend-Garten-150x150.jpg 150w\" sizes=\"(max-width: 285px) 100vw, 285px\" \/>\n            <\/div>\n        \n                        <div class=\"image-gallery__item\" data-featherlight=\"https:\/\/www.terra-et-ars.de\/aktuelles\/wp-content\/uploads\/2025\/04\/594kg-Buddhafigur-Palme.jpg\">\n                \n                <img width=\"285\" height=\"285\" src=\"https:\/\/www.terra-et-ars.de\/aktuelles\/wp-content\/uploads\/2025\/04\/594kg-Buddhafigur-Palme-285x285.jpg\" class=\"attachment-gallery-medium size-gallery-medium\" alt=\"Buddhafigur Palme\" loading=\"lazy\" srcset=\"https:\/\/www.terra-et-ars.de\/aktuelles\/wp-content\/uploads\/2025\/04\/594kg-Buddhafigur-Palme-285x285.jpg 285w, https:\/\/www.terra-et-ars.de\/aktuelles\/wp-content\/uploads\/2025\/04\/594kg-Buddhafigur-Palme-150x150.jpg 150w\" sizes=\"(max-width: 285px) 100vw, 285px\" \/>\n            <\/div>\n        \n                        <div class=\"image-gallery__item\" data-featherlight=\"https:\/\/www.terra-et-ars.de\/aktuelles\/wp-content\/uploads\/2025\/04\/592kg-Buddhafigur-Ganesha-Garten-1.jpg\">\n                \n                <img width=\"285\" height=\"285\" src=\"https:\/\/www.terra-et-ars.de\/aktuelles\/wp-content\/uploads\/2025\/04\/592kg-Buddhafigur-Ganesha-Garten-1-285x285.jpg\" class=\"attachment-gallery-medium size-gallery-medium\" alt=\"Buddhafigur Ganesha Garten\" loading=\"lazy\" srcset=\"https:\/\/www.terra-et-ars.de\/aktuelles\/wp-content\/uploads\/2025\/04\/592kg-Buddhafigur-Ganesha-Garten-1-285x285.jpg 285w, https:\/\/www.terra-et-ars.de\/aktuelles\/wp-content\/uploads\/2025\/04\/592kg-Buddhafigur-Ganesha-Garten-1-150x150.jpg 150w\" sizes=\"(max-width: 285px) 100vw, 285px\" \/>\n            <\/div>\n        \n                        <div class=\"image-gallery__item\" data-featherlight=\"https:\/\/www.terra-et-ars.de\/aktuelles\/wp-content\/uploads\/2025\/04\/591kg-Buddha-Figur-Ahorn-Teich.jpg\">\n                \n                <img width=\"285\" height=\"285\" src=\"https:\/\/www.terra-et-ars.de\/aktuelles\/wp-content\/uploads\/2025\/04\/591kg-Buddha-Figur-Ahorn-Teich-285x285.jpg\" class=\"attachment-gallery-medium size-gallery-medium\" alt=\"Buddha Figur Ahorn Teich\" loading=\"lazy\" srcset=\"https:\/\/www.terra-et-ars.de\/aktuelles\/wp-content\/uploads\/2025\/04\/591kg-Buddha-Figur-Ahorn-Teich-285x285.jpg 285w, https:\/\/www.terra-et-ars.de\/aktuelles\/wp-content\/uploads\/2025\/04\/591kg-Buddha-Figur-Ahorn-Teich-150x150.jpg 150w\" sizes=\"(max-width: 285px) 100vw, 285px\" \/>\n            <\/div>\n        \n                        <div class=\"image-gallery__item\" data-featherlight=\"https:\/\/www.terra-et-ars.de\/aktuelles\/wp-content\/uploads\/2025\/01\/590kg-Dewi-Sri-Statue-Fluss-Stein-Winter.jpg\">\n                \n                <img width=\"285\" height=\"285\" src=\"https:\/\/www.terra-et-ars.de\/aktuelles\/wp-content\/uploads\/2025\/01\/590kg-Dewi-Sri-Statue-Fluss-Stein-Winter-285x285.jpg\" class=\"attachment-gallery-medium size-gallery-medium\" alt=\"Dewi Sri Statue Fluss Stein Winter\" loading=\"lazy\" srcset=\"https:\/\/www.terra-et-ars.de\/aktuelles\/wp-content\/uploads\/2025\/01\/590kg-Dewi-Sri-Statue-Fluss-Stein-Winter-285x285.jpg 285w, https:\/\/www.terra-et-ars.de\/aktuelles\/wp-content\/uploads\/2025\/01\/590kg-Dewi-Sri-Statue-Fluss-Stein-Winter-150x150.jpg 150w\" sizes=\"(max-width: 285px) 100vw, 285px\" \/>\n            <\/div>\n        \n                        <div class=\"image-gallery__item\" data-featherlight=\"https:\/\/www.terra-et-ars.de\/aktuelles\/wp-content\/uploads\/2024\/12\/589kg-Buddhafigur-Garten-Regenbogen.jpg\">\n                \n                <img width=\"285\" height=\"285\" src=\"https:\/\/www.terra-et-ars.de\/aktuelles\/wp-content\/uploads\/2024\/12\/589kg-Buddhafigur-Garten-Regenbogen-285x285.jpg\" class=\"attachment-gallery-medium size-gallery-medium\" alt=\"Buddhafigur Garten Regenbogen\" loading=\"lazy\" srcset=\"https:\/\/www.terra-et-ars.de\/aktuelles\/wp-content\/uploads\/2024\/12\/589kg-Buddhafigur-Garten-Regenbogen-285x285.jpg 285w, https:\/\/www.terra-et-ars.de\/aktuelles\/wp-content\/uploads\/2024\/12\/589kg-Buddhafigur-Garten-Regenbogen-150x150.jpg 150w\" sizes=\"(max-width: 285px) 100vw, 285px\" \/>\n            <\/div>\n        \n                        <div class=\"image-gallery__item\" data-featherlight=\"https:\/\/www.terra-et-ars.de\/aktuelles\/wp-content\/uploads\/2024\/12\/588kg-Buddhafigur-Garten-Weihnachten-beleuchtet.jpg\">\n                \n                <img width=\"285\" height=\"285\" src=\"https:\/\/www.terra-et-ars.de\/aktuelles\/wp-content\/uploads\/2024\/12\/588kg-Buddhafigur-Garten-Weihnachten-beleuchtet-285x285.jpg\" class=\"attachment-gallery-medium size-gallery-medium\" alt=\"Buddhafigur Garten Weihnachten beleuchtet\" loading=\"lazy\" srcset=\"https:\/\/www.terra-et-ars.de\/aktuelles\/wp-content\/uploads\/2024\/12\/588kg-Buddhafigur-Garten-Weihnachten-beleuchtet-285x285.jpg 285w, https:\/\/www.terra-et-ars.de\/aktuelles\/wp-content\/uploads\/2024\/12\/588kg-Buddhafigur-Garten-Weihnachten-beleuchtet-150x150.jpg 150w\" sizes=\"(max-width: 285px) 100vw, 285px\" \/>\n            <\/div>\n        \n                        <div class=\"image-gallery__item\" data-featherlight=\"https:\/\/www.terra-et-ars.de\/aktuelles\/wp-content\/uploads\/2024\/11\/586kg-Ganesha-Statue-gross-beleuchtet.jpg\">\n                \n                <img width=\"285\" height=\"285\" src=\"https:\/\/www.terra-et-ars.de\/aktuelles\/wp-content\/uploads\/2024\/11\/586kg-Ganesha-Statue-gross-beleuchtet-285x285.jpg\" class=\"attachment-gallery-medium size-gallery-medium\" alt=\"Ganesha Statue gross beleuchtet\" loading=\"lazy\" srcset=\"https:\/\/www.terra-et-ars.de\/aktuelles\/wp-content\/uploads\/2024\/11\/586kg-Ganesha-Statue-gross-beleuchtet-285x285.jpg 285w, https:\/\/www.terra-et-ars.de\/aktuelles\/wp-content\/uploads\/2024\/11\/586kg-Ganesha-Statue-gross-beleuchtet-150x150.jpg 150w\" sizes=\"(max-width: 285px) 100vw, 285px\" \/>\n            <\/div>\n        \n                        <div class=\"image-gallery__item\" data-featherlight=\"https:\/\/www.terra-et-ars.de\/aktuelles\/wp-content\/uploads\/2024\/11\/587kg-Buddhafigur-sitzend-Lavastein.jpg\">\n                \n                <img width=\"285\" height=\"285\" src=\"https:\/\/www.terra-et-ars.de\/aktuelles\/wp-content\/uploads\/2024\/11\/587kg-Buddhafigur-sitzend-Lavastein-285x285.jpg\" class=\"attachment-gallery-medium size-gallery-medium\" alt=\"Buddhafigur sitzend Lavastein\" loading=\"lazy\" srcset=\"https:\/\/www.terra-et-ars.de\/aktuelles\/wp-content\/uploads\/2024\/11\/587kg-Buddhafigur-sitzend-Lavastein-285x285.jpg 285w, https:\/\/www.terra-et-ars.de\/aktuelles\/wp-content\/uploads\/2024\/11\/587kg-Buddhafigur-sitzend-Lavastein-150x150.jpg 150w\" sizes=\"(max-width: 285px) 100vw, 285px\" \/>\n            <\/div>\n        \n                        <div class=\"image-gallery__item\" data-featherlight=\"https:\/\/www.terra-et-ars.de\/aktuelles\/wp-content\/uploads\/2024\/11\/585kg-Buddhafigur-stehend-beleuchtet.jpg\">\n                \n                <img width=\"285\" height=\"285\" src=\"https:\/\/www.terra-et-ars.de\/aktuelles\/wp-content\/uploads\/2024\/11\/585kg-Buddhafigur-stehend-beleuchtet-285x285.jpg\" class=\"attachment-gallery-medium size-gallery-medium\" alt=\"Buddhafigur stehend beleuchtet\" loading=\"lazy\" srcset=\"https:\/\/www.terra-et-ars.de\/aktuelles\/wp-content\/uploads\/2024\/11\/585kg-Buddhafigur-stehend-beleuchtet-285x285.jpg 285w, https:\/\/www.terra-et-ars.de\/aktuelles\/wp-content\/uploads\/2024\/11\/585kg-Buddhafigur-stehend-beleuchtet-150x150.jpg 150w\" sizes=\"(max-width: 285px) 100vw, 285px\" \/>\n            <\/div>\n        \n                        <div class=\"image-gallery__item\" data-featherlight=\"https:\/\/www.terra-et-ars.de\/aktuelles\/wp-content\/uploads\/2024\/11\/584kg-Buddha-Statue-Lavastein-Garten.jpg\">\n                \n                <img width=\"285\" height=\"285\" src=\"https:\/\/www.terra-et-ars.de\/aktuelles\/wp-content\/uploads\/2024\/11\/584kg-Buddha-Statue-Lavastein-Garten-285x285.jpg\" class=\"attachment-gallery-medium size-gallery-medium\" alt=\"Buddha Statue Lavastein G\" loading=\"lazy\" srcset=\"https:\/\/www.terra-et-ars.de\/aktuelles\/wp-content\/uploads\/2024\/11\/584kg-Buddha-Statue-Lavastein-Garten-285x285.jpg 285w, https:\/\/www.terra-et-ars.de\/aktuelles\/wp-content\/uploads\/2024\/11\/584kg-Buddha-Statue-Lavastein-Garten-150x150.jpg 150w\" sizes=\"(max-width: 285px) 100vw, 285px\" \/>\n            <\/div>\n        \n                        <div class=\"image-gallery__item\" data-featherlight=\"https:\/\/www.terra-et-ars.de\/aktuelles\/wp-content\/uploads\/2024\/11\/583kg-Buddhafigur-mit-Lotusblu\u0308te-Garten.jpg\">\n                \n                <img width=\"285\" height=\"285\" src=\"https:\/\/www.terra-et-ars.de\/aktuelles\/wp-content\/uploads\/2024\/11\/583kg-Buddhafigur-mit-Lotusblu\u0308te-Garten-285x285.jpg\" class=\"attachment-gallery-medium size-gallery-medium\" alt=\"Buddhafigur mit Lotusblu\u0308te\" loading=\"lazy\" srcset=\"https:\/\/www.terra-et-ars.de\/aktuelles\/wp-content\/uploads\/2024\/11\/583kg-Buddhafigur-mit-Lotusblu\u0308te-Garten-285x285.jpg 285w, https:\/\/www.terra-et-ars.de\/aktuelles\/wp-content\/uploads\/2024\/11\/583kg-Buddhafigur-mit-Lotusblu\u0308te-Garten-150x150.jpg 150w\" sizes=\"(max-width: 285px) 100vw, 285px\" \/>\n            <\/div>\n        \n                        <div class=\"image-gallery__item\" data-featherlight=\"https:\/\/www.terra-et-ars.de\/aktuelles\/wp-content\/uploads\/2024\/09\/582kg-Buddhafigur-Garten-Teich.jpg\">\n                \n                <img width=\"285\" height=\"285\" src=\"https:\/\/www.terra-et-ars.de\/aktuelles\/wp-content\/uploads\/2024\/09\/582kg-Buddhafigur-Garten-Teich-285x285.jpg\" class=\"attachment-gallery-medium size-gallery-medium\" alt=\"Buddhafigur Garten Teich\" loading=\"lazy\" srcset=\"https:\/\/www.terra-et-ars.de\/aktuelles\/wp-content\/uploads\/2024\/09\/582kg-Buddhafigur-Garten-Teich-285x285.jpg 285w, https:\/\/www.terra-et-ars.de\/aktuelles\/wp-content\/uploads\/2024\/09\/582kg-Buddhafigur-Garten-Teich-150x150.jpg 150w\" sizes=\"(max-width: 285px) 100vw, 285px\" \/>\n            <\/div>\n        \n                        <div class=\"image-gallery__item\" data-featherlight=\"https:\/\/www.terra-et-ars.de\/aktuelles\/wp-content\/uploads\/2024\/09\/581kg-Buddhafigur-Garten-Fluss-Stein.jpg\">\n                \n                <img width=\"285\" height=\"285\" src=\"https:\/\/www.terra-et-ars.de\/aktuelles\/wp-content\/uploads\/2024\/09\/581kg-Buddhafigur-Garten-Fluss-Stein-285x285.jpg\" class=\"attachment-gallery-medium size-gallery-medium\" alt=\"Buddhafigur Garten Teich\" loading=\"lazy\" srcset=\"https:\/\/www.terra-et-ars.de\/aktuelles\/wp-content\/uploads\/2024\/09\/581kg-Buddhafigur-Garten-Fluss-Stein-285x285.jpg 285w, https:\/\/www.terra-et-ars.de\/aktuelles\/wp-content\/uploads\/2024\/09\/581kg-Buddhafigur-Garten-Fluss-Stein-150x150.jpg 150w\" sizes=\"(max-width: 285px) 100vw, 285px\" \/>\n            <\/div>\n        \n                        <div class=\"image-gallery__item\" data-featherlight=\"https:\/\/www.terra-et-ars.de\/aktuelles\/wp-content\/uploads\/2024\/09\/580kg-Buddhafigur-unter-Ahorn.jpg\">\n                \n                <img width=\"285\" height=\"285\" src=\"https:\/\/www.terra-et-ars.de\/aktuelles\/wp-content\/uploads\/2024\/09\/580kg-Buddhafigur-unter-Ahorn-285x285.jpg\" class=\"attachment-gallery-medium size-gallery-medium\" alt=\"Buddhafigur unter Ahorn\" loading=\"lazy\" srcset=\"https:\/\/www.terra-et-ars.de\/aktuelles\/wp-content\/uploads\/2024\/09\/580kg-Buddhafigur-unter-Ahorn-285x285.jpg 285w, https:\/\/www.terra-et-ars.de\/aktuelles\/wp-content\/uploads\/2024\/09\/580kg-Buddhafigur-unter-Ahorn-150x150.jpg 150w\" sizes=\"(max-width: 285px) 100vw, 285px\" \/>\n            <\/div>\n        \n                        <div class=\"image-gallery__item\" data-featherlight=\"https:\/\/www.terra-et-ars.de\/aktuelles\/wp-content\/uploads\/2024\/09\/578kg-Buddha-Figur-Blumenkleid-Grussgeste-Fluss-Stein-100cm.jpg\">\n                \n                <img width=\"285\" height=\"285\" src=\"https:\/\/www.terra-et-ars.de\/aktuelles\/wp-content\/uploads\/2024\/09\/578kg-Buddha-Figur-Blumenkleid-Grussgeste-Fluss-Stein-100cm-285x285.jpg\" class=\"attachment-gallery-medium size-gallery-medium\" alt=\"Buddha Figur Blumenkleid Grussgeste Fluss Stein 100cm\" loading=\"lazy\" srcset=\"https:\/\/www.terra-et-ars.de\/aktuelles\/wp-content\/uploads\/2024\/09\/578kg-Buddha-Figur-Blumenkleid-Grussgeste-Fluss-Stein-100cm-285x285.jpg 285w, https:\/\/www.terra-et-ars.de\/aktuelles\/wp-content\/uploads\/2024\/09\/578kg-Buddha-Figur-Blumenkleid-Grussgeste-Fluss-Stein-100cm-150x150.jpg 150w\" sizes=\"(max-width: 285px) 100vw, 285px\" \/>\n            <\/div>\n        \n                        <div class=\"image-gallery__item\" data-featherlight=\"https:\/\/www.terra-et-ars.de\/aktuelles\/wp-content\/uploads\/2024\/09\/577kg-Buddha-Figur-Fluss-Stein-mit-Blu\u0308te.jpg\">\n                \n                <img width=\"285\" height=\"285\" src=\"https:\/\/www.terra-et-ars.de\/aktuelles\/wp-content\/uploads\/2024\/09\/577kg-Buddha-Figur-Fluss-Stein-mit-Blu\u0308te-285x285.jpg\" class=\"attachment-gallery-medium size-gallery-medium\" alt=\"Buddha Figur Fluss Stein mit Blu\u0308te\" loading=\"lazy\" srcset=\"https:\/\/www.terra-et-ars.de\/aktuelles\/wp-content\/uploads\/2024\/09\/577kg-Buddha-Figur-Fluss-Stein-mit-Blu\u0308te-285x285.jpg 285w, https:\/\/www.terra-et-ars.de\/aktuelles\/wp-content\/uploads\/2024\/09\/577kg-Buddha-Figur-Fluss-Stein-mit-Blu\u0308te-150x150.jpg 150w\" sizes=\"(max-width: 285px) 100vw, 285px\" \/>\n            <\/div>\n        \n                        <div class=\"image-gallery__item\" data-featherlight=\"https:\/\/www.terra-et-ars.de\/aktuelles\/wp-content\/uploads\/2024\/09\/579kg-Dewi-Sri-Lakshmi-Statue-Fluss-Stein-130cm.jpg\">\n                \n                <img width=\"285\" height=\"285\" src=\"https:\/\/www.terra-et-ars.de\/aktuelles\/wp-content\/uploads\/2024\/09\/579kg-Dewi-Sri-Lakshmi-Statue-Fluss-Stein-130cm-285x285.jpg\" class=\"attachment-gallery-medium size-gallery-medium\" alt=\"Dewi Sri Lakshmi Statue Fluss Stein 130cm\" loading=\"lazy\" srcset=\"https:\/\/www.terra-et-ars.de\/aktuelles\/wp-content\/uploads\/2024\/09\/579kg-Dewi-Sri-Lakshmi-Statue-Fluss-Stein-130cm-285x285.jpg 285w, https:\/\/www.terra-et-ars.de\/aktuelles\/wp-content\/uploads\/2024\/09\/579kg-Dewi-Sri-Lakshmi-Statue-Fluss-Stein-130cm-150x150.jpg 150w\" sizes=\"(max-width: 285px) 100vw, 285px\" \/>\n            <\/div>\n        \n                        <div class=\"image-gallery__item\" data-featherlight=\"https:\/\/www.terra-et-ars.de\/aktuelles\/wp-content\/uploads\/2024\/09\/576kg-Garten-Buddha-Figur-Teich-gru\u0308ner-Lavastein.jpg\">\n                \n                <img width=\"285\" height=\"285\" src=\"https:\/\/www.terra-et-ars.de\/aktuelles\/wp-content\/uploads\/2024\/09\/576kg-Garten-Buddha-Figur-Teich-gru\u0308ner-Lavastein-285x285.jpg\" class=\"attachment-gallery-medium size-gallery-medium\" alt=\"Garten Buddha Figur Teich gru\u0308ner Lavastein\" loading=\"lazy\" srcset=\"https:\/\/www.terra-et-ars.de\/aktuelles\/wp-content\/uploads\/2024\/09\/576kg-Garten-Buddha-Figur-Teich-gru\u0308ner-Lavastein-285x285.jpg 285w, https:\/\/www.terra-et-ars.de\/aktuelles\/wp-content\/uploads\/2024\/09\/576kg-Garten-Buddha-Figur-Teich-gru\u0308ner-Lavastein-150x150.jpg 150w\" sizes=\"(max-width: 285px) 100vw, 285px\" \/>\n            <\/div>\n        \n                        <div class=\"image-gallery__item\" data-featherlight=\"https:\/\/www.terra-et-ars.de\/aktuelles\/wp-content\/uploads\/2024\/08\/574kg-Buddha-Figur-Garten-Farne.jpg\">\n                \n                <img width=\"285\" height=\"285\" src=\"https:\/\/www.terra-et-ars.de\/aktuelles\/wp-content\/uploads\/2024\/08\/574kg-Buddha-Figur-Garten-Farne-285x285.jpg\" class=\"attachment-gallery-medium size-gallery-medium\" alt=\"Buddha Figur Garten\" loading=\"lazy\" srcset=\"https:\/\/www.terra-et-ars.de\/aktuelles\/wp-content\/uploads\/2024\/08\/574kg-Buddha-Figur-Garten-Farne-285x285.jpg 285w, https:\/\/www.terra-et-ars.de\/aktuelles\/wp-content\/uploads\/2024\/08\/574kg-Buddha-Figur-Garten-Farne-150x150.jpg 150w\" sizes=\"(max-width: 285px) 100vw, 285px\" \/>\n            <\/div>\n        \n                        <div class=\"image-gallery__item\" data-featherlight=\"https:\/\/www.terra-et-ars.de\/aktuelles\/wp-content\/uploads\/2024\/08\/575kg-Ganesha-Statue-mit-Turban-Garten.jpg\">\n                \n                <img width=\"285\" height=\"285\" src=\"https:\/\/www.terra-et-ars.de\/aktuelles\/wp-content\/uploads\/2024\/08\/575kg-Ganesha-Statue-mit-Turban-Garten-285x285.jpg\" class=\"attachment-gallery-medium size-gallery-medium\" alt=\"Ganesha Statue mit Turban Garten\" loading=\"lazy\" srcset=\"https:\/\/www.terra-et-ars.de\/aktuelles\/wp-content\/uploads\/2024\/08\/575kg-Ganesha-Statue-mit-Turban-Garten-285x285.jpg 285w, https:\/\/www.terra-et-ars.de\/aktuelles\/wp-content\/uploads\/2024\/08\/575kg-Ganesha-Statue-mit-Turban-Garten-150x150.jpg 150w\" sizes=\"(max-width: 285px) 100vw, 285px\" \/>\n            <\/div>\n        \n                        <div class=\"image-gallery__item\" data-featherlight=\"https:\/\/www.terra-et-ars.de\/aktuelles\/wp-content\/uploads\/2024\/08\/572kg-Buddha-Figur-Fluss-Stein-indisch-100cm.jpg\">\n                \n                <img width=\"285\" height=\"285\" src=\"https:\/\/www.terra-et-ars.de\/aktuelles\/wp-content\/uploads\/2024\/08\/572kg-Buddha-Figur-Fluss-Stein-indisch-100cm-285x285.jpg\" class=\"attachment-gallery-medium size-gallery-medium\" alt=\"Buddha Figur Fluss Stein indisch 100cm\" loading=\"lazy\" srcset=\"https:\/\/www.terra-et-ars.de\/aktuelles\/wp-content\/uploads\/2024\/08\/572kg-Buddha-Figur-Fluss-Stein-indisch-100cm-285x285.jpg 285w, https:\/\/www.terra-et-ars.de\/aktuelles\/wp-content\/uploads\/2024\/08\/572kg-Buddha-Figur-Fluss-Stein-indisch-100cm-150x150.jpg 150w\" sizes=\"(max-width: 285px) 100vw, 285px\" \/>\n            <\/div>\n        \n                        <div class=\"image-gallery__item\" data-featherlight=\"https:\/\/www.terra-et-ars.de\/aktuelles\/wp-content\/uploads\/2024\/08\/571kg-Buddha-Figur-Erdberu\u0308hrung-Fluss-Stein-100cm.jpg\">\n                \n                <img width=\"285\" height=\"285\" src=\"https:\/\/www.terra-et-ars.de\/aktuelles\/wp-content\/uploads\/2024\/08\/571kg-Buddha-Figur-Erdberu\u0308hrung-Fluss-Stein-100cm-285x285.jpg\" class=\"attachment-gallery-medium size-gallery-medium\" alt=\"Buddha Figur Erdberu\u0308hrung Fluss Stein 100cm\" loading=\"lazy\" srcset=\"https:\/\/www.terra-et-ars.de\/aktuelles\/wp-content\/uploads\/2024\/08\/571kg-Buddha-Figur-Erdberu\u0308hrung-Fluss-Stein-100cm-285x285.jpg 285w, https:\/\/www.terra-et-ars.de\/aktuelles\/wp-content\/uploads\/2024\/08\/571kg-Buddha-Figur-Erdberu\u0308hrung-Fluss-Stein-100cm-150x150.jpg 150w\" sizes=\"(max-width: 285px) 100vw, 285px\" \/>\n            <\/div>\n        \n                        <div class=\"image-gallery__item\" data-featherlight=\"https:\/\/www.terra-et-ars.de\/aktuelles\/wp-content\/uploads\/2024\/08\/573kg-Ganesha-Statue-Fluss-Stein-100cm.jpg\">\n                \n                <img width=\"285\" height=\"285\" src=\"https:\/\/www.terra-et-ars.de\/aktuelles\/wp-content\/uploads\/2024\/08\/573kg-Ganesha-Statue-Fluss-Stein-100cm-285x285.jpg\" class=\"attachment-gallery-medium size-gallery-medium\" alt=\"Ganesha Statue Fluss Stein 100cm\" loading=\"lazy\" srcset=\"https:\/\/www.terra-et-ars.de\/aktuelles\/wp-content\/uploads\/2024\/08\/573kg-Ganesha-Statue-Fluss-Stein-100cm-285x285.jpg 285w, https:\/\/www.terra-et-ars.de\/aktuelles\/wp-content\/uploads\/2024\/08\/573kg-Ganesha-Statue-Fluss-Stein-100cm-150x150.jpg 150w\" sizes=\"(max-width: 285px) 100vw, 285px\" \/>\n            <\/div>\n        \n                        <div class=\"image-gallery__item\" data-featherlight=\"https:\/\/www.terra-et-ars.de\/aktuelles\/wp-content\/uploads\/2024\/08\/570kg-Ganesha-Figur-Fluss-Stein-Garten-Beleuchtung.jpg\">\n                \n                <img width=\"285\" height=\"285\" src=\"https:\/\/www.terra-et-ars.de\/aktuelles\/wp-content\/uploads\/2024\/08\/570kg-Ganesha-Figur-Fluss-Stein-Garten-Beleuchtung-285x285.jpg\" class=\"attachment-gallery-medium size-gallery-medium\" alt=\"Ganesha Figur Fluss Stein Garten Beleuchtung\" loading=\"lazy\" srcset=\"https:\/\/www.terra-et-ars.de\/aktuelles\/wp-content\/uploads\/2024\/08\/570kg-Ganesha-Figur-Fluss-Stein-Garten-Beleuchtung-285x285.jpg 285w, https:\/\/www.terra-et-ars.de\/aktuelles\/wp-content\/uploads\/2024\/08\/570kg-Ganesha-Figur-Fluss-Stein-Garten-Beleuchtung-150x150.jpg 150w\" sizes=\"(max-width: 285px) 100vw, 285px\" \/>\n            <\/div>\n        \n                        <div class=\"image-gallery__item\" data-featherlight=\"https:\/\/www.terra-et-ars.de\/aktuelles\/wp-content\/uploads\/2024\/08\/560kg-Ganesha-Statue-auf-Nandi-Fluss-Stein-85cm.jpg\">\n                \n                <img width=\"285\" height=\"285\" src=\"https:\/\/www.terra-et-ars.de\/aktuelles\/wp-content\/uploads\/2024\/08\/560kg-Ganesha-Statue-auf-Nandi-Fluss-Stein-85cm-285x285.jpg\" class=\"attachment-gallery-medium size-gallery-medium\" alt=\"Ganesha Statue auf Nandi Fluss Stein 85cm\" loading=\"lazy\" srcset=\"https:\/\/www.terra-et-ars.de\/aktuelles\/wp-content\/uploads\/2024\/08\/560kg-Ganesha-Statue-auf-Nandi-Fluss-Stein-85cm-285x285.jpg 285w, https:\/\/www.terra-et-ars.de\/aktuelles\/wp-content\/uploads\/2024\/08\/560kg-Ganesha-Statue-auf-Nandi-Fluss-Stein-85cm-150x150.jpg 150w\" sizes=\"(max-width: 285px) 100vw, 285px\" \/>\n            <\/div>\n        \n                        <div class=\"image-gallery__item\" data-featherlight=\"https:\/\/www.terra-et-ars.de\/aktuelles\/wp-content\/uploads\/2024\/08\/561kg-Ganesha-Figur-Nandi-Fluss-Stein-85cm.jpg\">\n                \n                <img width=\"285\" height=\"285\" src=\"https:\/\/www.terra-et-ars.de\/aktuelles\/wp-content\/uploads\/2024\/08\/561kg-Ganesha-Figur-Nandi-Fluss-Stein-85cm-285x285.jpg\" class=\"attachment-gallery-medium size-gallery-medium\" alt=\"Ganesha Figur Nandi Fluss Stein 85cm\" loading=\"lazy\" srcset=\"https:\/\/www.terra-et-ars.de\/aktuelles\/wp-content\/uploads\/2024\/08\/561kg-Ganesha-Figur-Nandi-Fluss-Stein-85cm-285x285.jpg 285w, https:\/\/www.terra-et-ars.de\/aktuelles\/wp-content\/uploads\/2024\/08\/561kg-Ganesha-Figur-Nandi-Fluss-Stein-85cm-150x150.jpg 150w\" sizes=\"(max-width: 285px) 100vw, 285px\" \/>\n            <\/div>\n        \n                        <div class=\"image-gallery__item\" data-featherlight=\"https:\/\/www.terra-et-ars.de\/aktuelles\/wp-content\/uploads\/2024\/08\/567kg-Ganeshastatue-Fluss-Stein-beleuchtet.jpg\">\n                \n                <img width=\"285\" height=\"285\" src=\"https:\/\/www.terra-et-ars.de\/aktuelles\/wp-content\/uploads\/2024\/08\/567kg-Ganeshastatue-Fluss-Stein-beleuchtet-285x285.jpg\" class=\"attachment-gallery-medium size-gallery-medium\" alt=\"Ganeshastatue Fluss Stein beleuchtet\" loading=\"lazy\" srcset=\"https:\/\/www.terra-et-ars.de\/aktuelles\/wp-content\/uploads\/2024\/08\/567kg-Ganeshastatue-Fluss-Stein-beleuchtet-285x285.jpg 285w, https:\/\/www.terra-et-ars.de\/aktuelles\/wp-content\/uploads\/2024\/08\/567kg-Ganeshastatue-Fluss-Stein-beleuchtet-150x150.jpg 150w\" sizes=\"(max-width: 285px) 100vw, 285px\" \/>\n            <\/div>\n        \n                        <div class=\"image-gallery__item\" data-featherlight=\"https:\/\/www.terra-et-ars.de\/aktuelles\/wp-content\/uploads\/2024\/08\/564kg-Ganesha-Figur-Fluss-Stein-beleuchtet.jpg\">\n                \n                <img width=\"285\" height=\"285\" src=\"https:\/\/www.terra-et-ars.de\/aktuelles\/wp-content\/uploads\/2024\/08\/564kg-Ganesha-Figur-Fluss-Stein-beleuchtet-285x285.jpg\" class=\"attachment-gallery-medium size-gallery-medium\" alt=\"Ganesha Figur Fluss Stein beleuchtet\" loading=\"lazy\" srcset=\"https:\/\/www.terra-et-ars.de\/aktuelles\/wp-content\/uploads\/2024\/08\/564kg-Ganesha-Figur-Fluss-Stein-beleuchtet-285x285.jpg 285w, https:\/\/www.terra-et-ars.de\/aktuelles\/wp-content\/uploads\/2024\/08\/564kg-Ganesha-Figur-Fluss-Stein-beleuchtet-150x150.jpg 150w\" sizes=\"(max-width: 285px) 100vw, 285px\" \/>\n            <\/div>\n        \n                        <div class=\"image-gallery__item\" data-featherlight=\"https:\/\/www.terra-et-ars.de\/aktuelles\/wp-content\/uploads\/2024\/08\/566kg-Ganeshafigur-Fluss-Stein-beleuchtet.jpg\">\n                \n                <img width=\"285\" height=\"285\" src=\"https:\/\/www.terra-et-ars.de\/aktuelles\/wp-content\/uploads\/2024\/08\/566kg-Ganeshafigur-Fluss-Stein-beleuchtet-285x285.jpg\" class=\"attachment-gallery-medium size-gallery-medium\" alt=\"Ganeshafigur Fluss Stein beleuchtet\" loading=\"lazy\" srcset=\"https:\/\/www.terra-et-ars.de\/aktuelles\/wp-content\/uploads\/2024\/08\/566kg-Ganeshafigur-Fluss-Stein-beleuchtet-285x285.jpg 285w, https:\/\/www.terra-et-ars.de\/aktuelles\/wp-content\/uploads\/2024\/08\/566kg-Ganeshafigur-Fluss-Stein-beleuchtet-150x150.jpg 150w\" sizes=\"(max-width: 285px) 100vw, 285px\" \/>\n            <\/div>\n        \n                        <div class=\"image-gallery__item\" data-featherlight=\"https:\/\/www.terra-et-ars.de\/aktuelles\/wp-content\/uploads\/2024\/08\/565kg-Ganesha-Statue-Fluss-Stein-beleuchtet.jpg\">\n                \n                <img width=\"285\" height=\"285\" src=\"https:\/\/www.terra-et-ars.de\/aktuelles\/wp-content\/uploads\/2024\/08\/565kg-Ganesha-Statue-Fluss-Stein-beleuchtet-285x285.jpg\" class=\"attachment-gallery-medium size-gallery-medium\" alt=\"Ganesha Statue Fluss Stein beleuchtet\" loading=\"lazy\" srcset=\"https:\/\/www.terra-et-ars.de\/aktuelles\/wp-content\/uploads\/2024\/08\/565kg-Ganesha-Statue-Fluss-Stein-beleuchtet-285x285.jpg 285w, https:\/\/www.terra-et-ars.de\/aktuelles\/wp-content\/uploads\/2024\/08\/565kg-Ganesha-Statue-Fluss-Stein-beleuchtet-150x150.jpg 150w\" sizes=\"(max-width: 285px) 100vw, 285px\" \/>\n            <\/div>\n        \n                        <div class=\"image-gallery__item\" data-featherlight=\"https:\/\/www.terra-et-ars.de\/aktuelles\/wp-content\/uploads\/2024\/08\/562kg-Buddhafigur-Lavastein-120cm-Kopie.jpg\">\n                \n                <img width=\"285\" height=\"285\" src=\"https:\/\/www.terra-et-ars.de\/aktuelles\/wp-content\/uploads\/2024\/08\/562kg-Buddhafigur-Lavastein-120cm-Kopie-285x285.jpg\" class=\"attachment-gallery-medium size-gallery-medium\" alt=\"Buddhafigur Lavastein 120cm Kopie\" loading=\"lazy\" srcset=\"https:\/\/www.terra-et-ars.de\/aktuelles\/wp-content\/uploads\/2024\/08\/562kg-Buddhafigur-Lavastein-120cm-Kopie-285x285.jpg 285w, https:\/\/www.terra-et-ars.de\/aktuelles\/wp-content\/uploads\/2024\/08\/562kg-Buddhafigur-Lavastein-120cm-Kopie-150x150.jpg 150w\" sizes=\"(max-width: 285px) 100vw, 285px\" \/>\n            <\/div>\n        \n                        <div class=\"image-gallery__item\" data-featherlight=\"https:\/\/www.terra-et-ars.de\/aktuelles\/wp-content\/uploads\/2024\/08\/557kg-Buddha-Figur-liegend-Fluss-Stein-Pool.jpg\">\n                \n                <img width=\"285\" height=\"285\" src=\"https:\/\/www.terra-et-ars.de\/aktuelles\/wp-content\/uploads\/2024\/08\/557kg-Buddha-Figur-liegend-Fluss-Stein-Pool-285x285.jpg\" class=\"attachment-gallery-medium size-gallery-medium\" alt=\"Buddha Figur liegend Fluss Stein Pool\" loading=\"lazy\" srcset=\"https:\/\/www.terra-et-ars.de\/aktuelles\/wp-content\/uploads\/2024\/08\/557kg-Buddha-Figur-liegend-Fluss-Stein-Pool-285x285.jpg 285w, https:\/\/www.terra-et-ars.de\/aktuelles\/wp-content\/uploads\/2024\/08\/557kg-Buddha-Figur-liegend-Fluss-Stein-Pool-150x150.jpg 150w\" sizes=\"(max-width: 285px) 100vw, 285px\" \/>\n            <\/div>\n        \n                        <div class=\"image-gallery__item\" data-featherlight=\"https:\/\/www.terra-et-ars.de\/aktuelles\/wp-content\/uploads\/2024\/08\/558kg-Buddhafigur-Pool-Terrasse-liegend-Fluss-Stein.jpg\">\n                \n                <img width=\"285\" height=\"285\" src=\"https:\/\/www.terra-et-ars.de\/aktuelles\/wp-content\/uploads\/2024\/08\/558kg-Buddhafigur-Pool-Terrasse-liegend-Fluss-Stein-285x285.jpg\" class=\"attachment-gallery-medium size-gallery-medium\" alt=\"Buddhafigur Pool Terrasse liegend Fluss Stein\" loading=\"lazy\" srcset=\"https:\/\/www.terra-et-ars.de\/aktuelles\/wp-content\/uploads\/2024\/08\/558kg-Buddhafigur-Pool-Terrasse-liegend-Fluss-Stein-285x285.jpg 285w, https:\/\/www.terra-et-ars.de\/aktuelles\/wp-content\/uploads\/2024\/08\/558kg-Buddhafigur-Pool-Terrasse-liegend-Fluss-Stein-150x150.jpg 150w\" sizes=\"(max-width: 285px) 100vw, 285px\" \/>\n            <\/div>\n        \n                        <div class=\"image-gallery__item\" data-featherlight=\"https:\/\/www.terra-et-ars.de\/aktuelles\/wp-content\/uploads\/2024\/08\/559kg-Buddhafigur-Pool-Terrasse-Fluss-Stein.jpg\">\n                \n                <img width=\"285\" height=\"285\" src=\"https:\/\/www.terra-et-ars.de\/aktuelles\/wp-content\/uploads\/2024\/08\/559kg-Buddhafigur-Pool-Terrasse-Fluss-Stein-285x285.jpg\" class=\"attachment-gallery-medium size-gallery-medium\" alt=\"Buddhafigur Pool Terrasse Fluss Stein\" loading=\"lazy\" srcset=\"https:\/\/www.terra-et-ars.de\/aktuelles\/wp-content\/uploads\/2024\/08\/559kg-Buddhafigur-Pool-Terrasse-Fluss-Stein-285x285.jpg 285w, https:\/\/www.terra-et-ars.de\/aktuelles\/wp-content\/uploads\/2024\/08\/559kg-Buddhafigur-Pool-Terrasse-Fluss-Stein-150x150.jpg 150w\" sizes=\"(max-width: 285px) 100vw, 285px\" \/>\n            <\/div>\n        \n                        <div class=\"image-gallery__item\" data-featherlight=\"https:\/\/www.terra-et-ars.de\/aktuelles\/wp-content\/uploads\/2024\/08\/556kg-Buddhafigur-Medizin-stehend-Fluss-Stein.jpg\">\n                \n                <img width=\"285\" height=\"285\" src=\"https:\/\/www.terra-et-ars.de\/aktuelles\/wp-content\/uploads\/2024\/08\/556kg-Buddhafigur-Medizin-stehend-Fluss-Stein-285x285.jpg\" class=\"attachment-gallery-medium size-gallery-medium\" alt=\"Buddhafigur Medizin stehend Fluss Stein\" loading=\"lazy\" srcset=\"https:\/\/www.terra-et-ars.de\/aktuelles\/wp-content\/uploads\/2024\/08\/556kg-Buddhafigur-Medizin-stehend-Fluss-Stein-285x285.jpg 285w, https:\/\/www.terra-et-ars.de\/aktuelles\/wp-content\/uploads\/2024\/08\/556kg-Buddhafigur-Medizin-stehend-Fluss-Stein-150x150.jpg 150w\" sizes=\"(max-width: 285px) 100vw, 285px\" \/>\n            <\/div>\n        \n                        <div class=\"image-gallery__item\" data-featherlight=\"https:\/\/www.terra-et-ars.de\/aktuelles\/wp-content\/uploads\/2024\/07\/554kg-Ganesha-Statue-Lavastein-Garten.jpg\">\n                \n                <img width=\"285\" height=\"285\" src=\"https:\/\/www.terra-et-ars.de\/aktuelles\/wp-content\/uploads\/2024\/07\/554kg-Ganesha-Statue-Lavastein-Garten-285x285.jpg\" class=\"attachment-gallery-medium size-gallery-medium\" alt=\"Ganesha Statue Lavastein Garten\" loading=\"lazy\" srcset=\"https:\/\/www.terra-et-ars.de\/aktuelles\/wp-content\/uploads\/2024\/07\/554kg-Ganesha-Statue-Lavastein-Garten-285x285.jpg 285w, https:\/\/www.terra-et-ars.de\/aktuelles\/wp-content\/uploads\/2024\/07\/554kg-Ganesha-Statue-Lavastein-Garten-150x150.jpg 150w\" sizes=\"(max-width: 285px) 100vw, 285px\" \/>\n            <\/div>\n        \n                        <div class=\"image-gallery__item\" data-featherlight=\"https:\/\/www.terra-et-ars.de\/aktuelles\/wp-content\/uploads\/2024\/06\/553kg-Buddha-Statue-Fluss-Stein-Garten.jpg\">\n                \n                <img width=\"285\" height=\"285\" src=\"https:\/\/www.terra-et-ars.de\/aktuelles\/wp-content\/uploads\/2024\/06\/553kg-Buddha-Statue-Fluss-Stein-Garten-285x285.jpg\" class=\"attachment-gallery-medium size-gallery-medium\" alt=\"Buddha Statue Fluss Stein Garten\" loading=\"lazy\" srcset=\"https:\/\/www.terra-et-ars.de\/aktuelles\/wp-content\/uploads\/2024\/06\/553kg-Buddha-Statue-Fluss-Stein-Garten-285x285.jpg 285w, https:\/\/www.terra-et-ars.de\/aktuelles\/wp-content\/uploads\/2024\/06\/553kg-Buddha-Statue-Fluss-Stein-Garten-150x150.jpg 150w\" sizes=\"(max-width: 285px) 100vw, 285px\" \/>\n            <\/div>\n        \n                        <div class=\"image-gallery__item\" data-featherlight=\"https:\/\/www.terra-et-ars.de\/aktuelles\/wp-content\/uploads\/2024\/05\/552kg-Buddhafigur-Lago-Maggiore.jpg\">\n                \n                <img width=\"285\" height=\"285\" src=\"https:\/\/www.terra-et-ars.de\/aktuelles\/wp-content\/uploads\/2024\/05\/552kg-Buddhafigur-Lago-Maggiore-285x285.jpg\" class=\"attachment-gallery-medium size-gallery-medium\" alt=\"Buddhafigur Lago Maggiore\" loading=\"lazy\" srcset=\"https:\/\/www.terra-et-ars.de\/aktuelles\/wp-content\/uploads\/2024\/05\/552kg-Buddhafigur-Lago-Maggiore-285x285.jpg 285w, https:\/\/www.terra-et-ars.de\/aktuelles\/wp-content\/uploads\/2024\/05\/552kg-Buddhafigur-Lago-Maggiore-150x150.jpg 150w\" sizes=\"(max-width: 285px) 100vw, 285px\" \/>\n            <\/div>\n        \n                        <div class=\"image-gallery__item\" data-featherlight=\"https:\/\/www.terra-et-ars.de\/aktuelles\/wp-content\/uploads\/2024\/05\/551kg-Buddhafigur-Terrassen-Hang-Stein.jpg\">\n                \n                <img width=\"285\" height=\"285\" src=\"https:\/\/www.terra-et-ars.de\/aktuelles\/wp-content\/uploads\/2024\/05\/551kg-Buddhafigur-Terrassen-Hang-Stein-285x285.jpg\" class=\"attachment-gallery-medium size-gallery-medium\" alt=\"Buddhafigur Terrassen Hang Stein\" loading=\"lazy\" srcset=\"https:\/\/www.terra-et-ars.de\/aktuelles\/wp-content\/uploads\/2024\/05\/551kg-Buddhafigur-Terrassen-Hang-Stein-285x285.jpg 285w, https:\/\/www.terra-et-ars.de\/aktuelles\/wp-content\/uploads\/2024\/05\/551kg-Buddhafigur-Terrassen-Hang-Stein-150x150.jpg 150w\" sizes=\"(max-width: 285px) 100vw, 285px\" \/>\n            <\/div>\n        \n                        <div class=\"image-gallery__item\" data-featherlight=\"https:\/\/www.terra-et-ars.de\/aktuelles\/wp-content\/uploads\/2024\/05\/550kg-Buddhafigur-Fluss-Stein-meditierend.jpg\">\n                \n                <img width=\"285\" height=\"285\" src=\"https:\/\/www.terra-et-ars.de\/aktuelles\/wp-content\/uploads\/2024\/05\/550kg-Buddhafigur-Fluss-Stein-meditierend-285x285.jpg\" class=\"attachment-gallery-medium size-gallery-medium\" alt=\"Buddhafigur Fluss Stein meditierend\" loading=\"lazy\" srcset=\"https:\/\/www.terra-et-ars.de\/aktuelles\/wp-content\/uploads\/2024\/05\/550kg-Buddhafigur-Fluss-Stein-meditierend-285x285.jpg 285w, https:\/\/www.terra-et-ars.de\/aktuelles\/wp-content\/uploads\/2024\/05\/550kg-Buddhafigur-Fluss-Stein-meditierend-150x150.jpg 150w\" sizes=\"(max-width: 285px) 100vw, 285px\" \/>\n            <\/div>\n        \n                        <div class=\"image-gallery__item\" data-featherlight=\"https:\/\/www.terra-et-ars.de\/aktuelles\/wp-content\/uploads\/2024\/05\/549kg-Buddhafigur-Garten-Fluss-Stein.jpg\">\n                \n                <img width=\"285\" height=\"285\" src=\"https:\/\/www.terra-et-ars.de\/aktuelles\/wp-content\/uploads\/2024\/05\/549kg-Buddhafigur-Garten-Fluss-Stein-285x285.jpg\" class=\"attachment-gallery-medium size-gallery-medium\" alt=\"Buddhafigur Garten Fluss Stein\" loading=\"lazy\" srcset=\"https:\/\/www.terra-et-ars.de\/aktuelles\/wp-content\/uploads\/2024\/05\/549kg-Buddhafigur-Garten-Fluss-Stein-285x285.jpg 285w, https:\/\/www.terra-et-ars.de\/aktuelles\/wp-content\/uploads\/2024\/05\/549kg-Buddhafigur-Garten-Fluss-Stein-150x150.jpg 150w\" sizes=\"(max-width: 285px) 100vw, 285px\" \/>\n            <\/div>\n        \n                        <div class=\"image-gallery__item\" data-featherlight=\"https:\/\/www.terra-et-ars.de\/aktuelles\/wp-content\/uploads\/2024\/05\/548-kg-Buddhafigur-Fluss-Stein-Garten.jpg\">\n                \n                <img width=\"285\" height=\"285\" src=\"https:\/\/www.terra-et-ars.de\/aktuelles\/wp-content\/uploads\/2024\/05\/548-kg-Buddhafigur-Fluss-Stein-Garten-285x285.jpg\" class=\"attachment-gallery-medium size-gallery-medium\" alt=\"Buddhafigur Fluss Stein Garten\" loading=\"lazy\" srcset=\"https:\/\/www.terra-et-ars.de\/aktuelles\/wp-content\/uploads\/2024\/05\/548-kg-Buddhafigur-Fluss-Stein-Garten-285x285.jpg 285w, https:\/\/www.terra-et-ars.de\/aktuelles\/wp-content\/uploads\/2024\/05\/548-kg-Buddhafigur-Fluss-Stein-Garten-150x150.jpg 150w\" sizes=\"(max-width: 285px) 100vw, 285px\" \/>\n            <\/div>\n        \n                        <div class=\"image-gallery__item\" data-featherlight=\"https:\/\/www.terra-et-ars.de\/aktuelles\/wp-content\/uploads\/2024\/05\/546kg-Buddhafigur-tra\u0308umend-Garten-Fluss-Stein.jpg\">\n                \n                <img width=\"285\" height=\"285\" src=\"https:\/\/www.terra-et-ars.de\/aktuelles\/wp-content\/uploads\/2024\/05\/546kg-Buddhafigur-tra\u0308umend-Garten-Fluss-Stein-285x285.jpg\" class=\"attachment-gallery-medium size-gallery-medium\" alt=\"Buddhafigur tra\u0308umend Garten Fluss Stein\" loading=\"lazy\" srcset=\"https:\/\/www.terra-et-ars.de\/aktuelles\/wp-content\/uploads\/2024\/05\/546kg-Buddhafigur-tra\u0308umend-Garten-Fluss-Stein-285x285.jpg 285w, https:\/\/www.terra-et-ars.de\/aktuelles\/wp-content\/uploads\/2024\/05\/546kg-Buddhafigur-tra\u0308umend-Garten-Fluss-Stein-150x150.jpg 150w\" sizes=\"(max-width: 285px) 100vw, 285px\" \/>\n            <\/div>\n        \n                        <div class=\"image-gallery__item\" data-featherlight=\"https:\/\/www.terra-et-ars.de\/aktuelles\/wp-content\/uploads\/2024\/04\/545kg-Buddha-Figur-Garten-Lavastein-110cm.jpg\">\n                \n                <img width=\"285\" height=\"285\" src=\"https:\/\/www.terra-et-ars.de\/aktuelles\/wp-content\/uploads\/2024\/04\/545kg-Buddha-Figur-Garten-Lavastein-110cm-285x285.jpg\" class=\"attachment-gallery-medium size-gallery-medium\" alt=\"Buddha Figur Garten Lavastein 110cm\" loading=\"lazy\" srcset=\"https:\/\/www.terra-et-ars.de\/aktuelles\/wp-content\/uploads\/2024\/04\/545kg-Buddha-Figur-Garten-Lavastein-110cm-285x285.jpg 285w, https:\/\/www.terra-et-ars.de\/aktuelles\/wp-content\/uploads\/2024\/04\/545kg-Buddha-Figur-Garten-Lavastein-110cm-150x150.jpg 150w\" sizes=\"(max-width: 285px) 100vw, 285px\" \/>\n            <\/div>\n        \n                        <div class=\"image-gallery__item\" data-featherlight=\"https:\/\/www.terra-et-ars.de\/aktuelles\/wp-content\/uploads\/2024\/03\/544kg-Buddhafigur-sitzend-Fluss-Stein.jpg\">\n                \n                <img width=\"285\" height=\"285\" src=\"https:\/\/www.terra-et-ars.de\/aktuelles\/wp-content\/uploads\/2024\/03\/544kg-Buddhafigur-sitzend-Fluss-Stein-285x285.jpg\" class=\"attachment-gallery-medium size-gallery-medium\" alt=\"Buddhafigur sitzend Fluss Stein\" loading=\"lazy\" srcset=\"https:\/\/www.terra-et-ars.de\/aktuelles\/wp-content\/uploads\/2024\/03\/544kg-Buddhafigur-sitzend-Fluss-Stein-285x285.jpg 285w, https:\/\/www.terra-et-ars.de\/aktuelles\/wp-content\/uploads\/2024\/03\/544kg-Buddhafigur-sitzend-Fluss-Stein-300x300.jpg 300w, https:\/\/www.terra-et-ars.de\/aktuelles\/wp-content\/uploads\/2024\/03\/544kg-Buddhafigur-sitzend-Fluss-Stein.jpg 1024w, https:\/\/www.terra-et-ars.de\/aktuelles\/wp-content\/uploads\/2024\/03\/544kg-Buddhafigur-sitzend-Fluss-Stein-150x150.jpg 150w, https:\/\/www.terra-et-ars.de\/aktuelles\/wp-content\/uploads\/2024\/03\/544kg-Buddhafigur-sitzend-Fluss-Stein-768x768.jpg 768w\" sizes=\"(max-width: 285px) 100vw, 285px\" \/>\n            <\/div>\n        \n                        <div class=\"image-gallery__item\" data-featherlight=\"https:\/\/www.terra-et-ars.de\/aktuelles\/wp-content\/uploads\/2024\/02\/543kg-Dewi-Sri-Statue-Fluss-Stein-150cm.jpg\">\n                \n                <img width=\"285\" height=\"285\" src=\"https:\/\/www.terra-et-ars.de\/aktuelles\/wp-content\/uploads\/2024\/02\/543kg-Dewi-Sri-Statue-Fluss-Stein-150cm-285x285.jpg\" class=\"attachment-gallery-medium size-gallery-medium\" alt=\"Dewi Sri Statue Fluss Stein 150cm mit Zaubernuss\" loading=\"lazy\" srcset=\"https:\/\/www.terra-et-ars.de\/aktuelles\/wp-content\/uploads\/2024\/02\/543kg-Dewi-Sri-Statue-Fluss-Stein-150cm-285x285.jpg 285w, https:\/\/www.terra-et-ars.de\/aktuelles\/wp-content\/uploads\/2024\/02\/543kg-Dewi-Sri-Statue-Fluss-Stein-150cm-150x150.jpg 150w\" sizes=\"(max-width: 285px) 100vw, 285px\" \/>\n            <\/div>\n        \n                        <div class=\"image-gallery__item\" data-featherlight=\"https:\/\/www.terra-et-ars.de\/aktuelles\/wp-content\/uploads\/2023\/10\/542kg-Osterinsel-Figur-Tiki-Moai-Lavastein-150cm.jpg\">\n                \n                <img width=\"285\" height=\"285\" src=\"https:\/\/www.terra-et-ars.de\/aktuelles\/wp-content\/uploads\/2023\/10\/542kg-Osterinsel-Figur-Tiki-Moai-Lavastein-150cm-285x285.jpg\" class=\"attachment-gallery-medium size-gallery-medium\" alt=\"Osterinsel Figur Tiki Moai Lavastein 150cm\" loading=\"lazy\" srcset=\"https:\/\/www.terra-et-ars.de\/aktuelles\/wp-content\/uploads\/2023\/10\/542kg-Osterinsel-Figur-Tiki-Moai-Lavastein-150cm-285x285.jpg 285w, https:\/\/www.terra-et-ars.de\/aktuelles\/wp-content\/uploads\/2023\/10\/542kg-Osterinsel-Figur-Tiki-Moai-Lavastein-150cm-150x150.jpg 150w\" sizes=\"(max-width: 285px) 100vw, 285px\" \/>\n            <\/div>\n        \n                        <div class=\"image-gallery__item\" data-featherlight=\"https:\/\/www.terra-et-ars.de\/aktuelles\/wp-content\/uploads\/2023\/07\/541kg-Buddhafigur-Dach-Terrasse-Fluss-Stein.jpg\">\n                \n                <img width=\"285\" height=\"285\" src=\"https:\/\/www.terra-et-ars.de\/aktuelles\/wp-content\/uploads\/2023\/07\/541kg-Buddhafigur-Dach-Terrasse-Fluss-Stein-285x285.jpg\" class=\"attachment-gallery-medium size-gallery-medium\" alt=\"Buddhafigur Dach Terrasse Fluss Stein\" loading=\"lazy\" srcset=\"https:\/\/www.terra-et-ars.de\/aktuelles\/wp-content\/uploads\/2023\/07\/541kg-Buddhafigur-Dach-Terrasse-Fluss-Stein-285x285.jpg 285w, https:\/\/www.terra-et-ars.de\/aktuelles\/wp-content\/uploads\/2023\/07\/541kg-Buddhafigur-Dach-Terrasse-Fluss-Stein-150x150.jpg 150w\" sizes=\"(max-width: 285px) 100vw, 285px\" \/>\n            <\/div>\n        \n                        <div class=\"image-gallery__item\" data-featherlight=\"https:\/\/www.terra-et-ars.de\/aktuelles\/wp-content\/uploads\/2023\/07\/540kg-Buddhafigur-Terrasse-Stein.jpg\">\n                \n                <img width=\"285\" height=\"285\" src=\"https:\/\/www.terra-et-ars.de\/aktuelles\/wp-content\/uploads\/2023\/07\/540kg-Buddhafigur-Terrasse-Stein-285x285.jpg\" class=\"attachment-gallery-medium size-gallery-medium\" alt=\"Buddhafigur Terrasse Stein\" loading=\"lazy\" srcset=\"https:\/\/www.terra-et-ars.de\/aktuelles\/wp-content\/uploads\/2023\/07\/540kg-Buddhafigur-Terrasse-Stein-285x285.jpg 285w, https:\/\/www.terra-et-ars.de\/aktuelles\/wp-content\/uploads\/2023\/07\/540kg-Buddhafigur-Terrasse-Stein-150x150.jpg 150w\" sizes=\"(max-width: 285px) 100vw, 285px\" \/>\n            <\/div>\n        \n                        <div class=\"image-gallery__item\" data-featherlight=\"https:\/\/www.terra-et-ars.de\/aktuelles\/wp-content\/uploads\/2023\/07\/538kg-Buddhafigur-Garten.jpg\">\n                \n                <img width=\"285\" height=\"285\" src=\"https:\/\/www.terra-et-ars.de\/aktuelles\/wp-content\/uploads\/2023\/07\/538kg-Buddhafigur-Garten-285x285.jpg\" class=\"attachment-gallery-medium size-gallery-medium\" alt=\"Buddhafigur Garten gr\u00fcner Lavastein\" loading=\"lazy\" srcset=\"https:\/\/www.terra-et-ars.de\/aktuelles\/wp-content\/uploads\/2023\/07\/538kg-Buddhafigur-Garten-285x285.jpg 285w, https:\/\/www.terra-et-ars.de\/aktuelles\/wp-content\/uploads\/2023\/07\/538kg-Buddhafigur-Garten-300x300.jpg 300w, https:\/\/www.terra-et-ars.de\/aktuelles\/wp-content\/uploads\/2023\/07\/538kg-Buddhafigur-Garten.jpg 1024w, https:\/\/www.terra-et-ars.de\/aktuelles\/wp-content\/uploads\/2023\/07\/538kg-Buddhafigur-Garten-150x150.jpg 150w, https:\/\/www.terra-et-ars.de\/aktuelles\/wp-content\/uploads\/2023\/07\/538kg-Buddhafigur-Garten-768x768.jpg 768w\" sizes=\"(max-width: 285px) 100vw, 285px\" \/>\n            <\/div>\n        \n                        <div class=\"image-gallery__item\" data-featherlight=\"https:\/\/www.terra-et-ars.de\/aktuelles\/wp-content\/uploads\/2023\/06\/534kg-Buddha-stehend-Koi-Teich-Garten.jpg\">\n                \n                <img width=\"285\" height=\"285\" src=\"https:\/\/www.terra-et-ars.de\/aktuelles\/wp-content\/uploads\/2023\/06\/534kg-Buddha-stehend-Koi-Teich-Garten-285x285.jpg\" class=\"attachment-gallery-medium size-gallery-medium\" alt=\"\" loading=\"lazy\" srcset=\"https:\/\/www.terra-et-ars.de\/aktuelles\/wp-content\/uploads\/2023\/06\/534kg-Buddha-stehend-Koi-Teich-Garten-285x285.jpg 285w, https:\/\/www.terra-et-ars.de\/aktuelles\/wp-content\/uploads\/2023\/06\/534kg-Buddha-stehend-Koi-Teich-Garten-150x150.jpg 150w\" sizes=\"(max-width: 285px) 100vw, 285px\" \/>\n            <\/div>\n        \n                        <div class=\"image-gallery__item\" data-featherlight=\"https:\/\/www.terra-et-ars.de\/aktuelles\/wp-content\/uploads\/2023\/06\/535kg-Buddha-stehend-Garten.jpg\">\n                \n                <img width=\"285\" height=\"285\" src=\"https:\/\/www.terra-et-ars.de\/aktuelles\/wp-content\/uploads\/2023\/06\/535kg-Buddha-stehend-Garten-285x285.jpg\" class=\"attachment-gallery-medium size-gallery-medium\" alt=\"\" loading=\"lazy\" srcset=\"https:\/\/www.terra-et-ars.de\/aktuelles\/wp-content\/uploads\/2023\/06\/535kg-Buddha-stehend-Garten-285x285.jpg 285w, https:\/\/www.terra-et-ars.de\/aktuelles\/wp-content\/uploads\/2023\/06\/535kg-Buddha-stehend-Garten-150x150.jpg 150w\" sizes=\"(max-width: 285px) 100vw, 285px\" \/>\n            <\/div>\n        \n                        <div class=\"image-gallery__item\" data-featherlight=\"https:\/\/www.terra-et-ars.de\/aktuelles\/wp-content\/uploads\/2023\/06\/537kg-Buddha-Grussgeste-Garten-Lavastein.jpg\">\n                \n                <img width=\"285\" height=\"285\" src=\"https:\/\/www.terra-et-ars.de\/aktuelles\/wp-content\/uploads\/2023\/06\/537kg-Buddha-Grussgeste-Garten-Lavastein-285x285.jpg\" class=\"attachment-gallery-medium size-gallery-medium\" alt=\"\" loading=\"lazy\" srcset=\"https:\/\/www.terra-et-ars.de\/aktuelles\/wp-content\/uploads\/2023\/06\/537kg-Buddha-Grussgeste-Garten-Lavastein-285x285.jpg 285w, https:\/\/www.terra-et-ars.de\/aktuelles\/wp-content\/uploads\/2023\/06\/537kg-Buddha-Grussgeste-Garten-Lavastein-150x150.jpg 150w\" sizes=\"(max-width: 285px) 100vw, 285px\" \/>\n            <\/div>\n        \n                        <div class=\"image-gallery__item\" data-featherlight=\"https:\/\/www.terra-et-ars.de\/aktuelles\/wp-content\/uploads\/2023\/06\/532kg-Buddha-Figur-sitzend-Garten-Stein.jpg\">\n                \n                <img width=\"285\" height=\"285\" src=\"https:\/\/www.terra-et-ars.de\/aktuelles\/wp-content\/uploads\/2023\/06\/532kg-Buddha-Figur-sitzend-Garten-Stein-285x285.jpg\" class=\"attachment-gallery-medium size-gallery-medium\" alt=\"Borobudur Buddha Statue gr\u00fcner Lava Stein 123 cm\" loading=\"lazy\" srcset=\"https:\/\/www.terra-et-ars.de\/aktuelles\/wp-content\/uploads\/2023\/06\/532kg-Buddha-Figur-sitzend-Garten-Stein-285x285.jpg 285w, https:\/\/www.terra-et-ars.de\/aktuelles\/wp-content\/uploads\/2023\/06\/532kg-Buddha-Figur-sitzend-Garten-Stein-150x150.jpg 150w\" sizes=\"(max-width: 285px) 100vw, 285px\" \/>\n            <\/div>\n        \n                        <div class=\"image-gallery__item\" data-featherlight=\"https:\/\/www.terra-et-ars.de\/aktuelles\/wp-content\/uploads\/2023\/06\/531kg-Buddha-Figur-Teich-Bambus.jpg\">\n                \n                <img width=\"285\" height=\"285\" src=\"https:\/\/www.terra-et-ars.de\/aktuelles\/wp-content\/uploads\/2023\/06\/531kg-Buddha-Figur-Teich-Bambus-285x285.jpg\" class=\"attachment-gallery-medium size-gallery-medium\" alt=\"Buddha Figur Teich Bambus\" loading=\"lazy\" srcset=\"https:\/\/www.terra-et-ars.de\/aktuelles\/wp-content\/uploads\/2023\/06\/531kg-Buddha-Figur-Teich-Bambus-285x285.jpg 285w, https:\/\/www.terra-et-ars.de\/aktuelles\/wp-content\/uploads\/2023\/06\/531kg-Buddha-Figur-Teich-Bambus-150x150.jpg 150w\" sizes=\"(max-width: 285px) 100vw, 285px\" \/>\n            <\/div>\n        \n                        <div class=\"image-gallery__item\" data-featherlight=\"https:\/\/www.terra-et-ars.de\/aktuelles\/wp-content\/uploads\/2023\/05\/530kg-Buddha-Figur-Lavastein-Garten.jpg\">\n                \n                <img width=\"285\" height=\"285\" src=\"https:\/\/www.terra-et-ars.de\/aktuelles\/wp-content\/uploads\/2023\/05\/530kg-Buddha-Figur-Lavastein-Garten-285x285.jpg\" class=\"attachment-gallery-medium size-gallery-medium\" alt=\"Buddha Figur Lavastein Garten\" loading=\"lazy\" srcset=\"https:\/\/www.terra-et-ars.de\/aktuelles\/wp-content\/uploads\/2023\/05\/530kg-Buddha-Figur-Lavastein-Garten-285x285.jpg 285w, https:\/\/www.terra-et-ars.de\/aktuelles\/wp-content\/uploads\/2023\/05\/530kg-Buddha-Figur-Lavastein-Garten-150x150.jpg 150w\" sizes=\"(max-width: 285px) 100vw, 285px\" \/>\n            <\/div>\n        \n                        <div class=\"image-gallery__item\" data-featherlight=\"https:\/\/www.terra-et-ars.de\/aktuelles\/wp-content\/uploads\/2023\/05\/529kg-Buddha-Figur-Lavastein-Garten.jpg\">\n                \n                <img width=\"285\" height=\"285\" src=\"https:\/\/www.terra-et-ars.de\/aktuelles\/wp-content\/uploads\/2023\/05\/529kg-Buddha-Figur-Lavastein-Garten-285x285.jpg\" class=\"attachment-gallery-medium size-gallery-medium\" alt=\"Buddha Figur Lavastein Garten\" loading=\"lazy\" srcset=\"https:\/\/www.terra-et-ars.de\/aktuelles\/wp-content\/uploads\/2023\/05\/529kg-Buddha-Figur-Lavastein-Garten-285x285.jpg 285w, https:\/\/www.terra-et-ars.de\/aktuelles\/wp-content\/uploads\/2023\/05\/529kg-Buddha-Figur-Lavastein-Garten-300x300.jpg 300w, https:\/\/www.terra-et-ars.de\/aktuelles\/wp-content\/uploads\/2023\/05\/529kg-Buddha-Figur-Lavastein-Garten.jpg 1024w, https:\/\/www.terra-et-ars.de\/aktuelles\/wp-content\/uploads\/2023\/05\/529kg-Buddha-Figur-Lavastein-Garten-150x150.jpg 150w, https:\/\/www.terra-et-ars.de\/aktuelles\/wp-content\/uploads\/2023\/05\/529kg-Buddha-Figur-Lavastein-Garten-768x768.jpg 768w\" sizes=\"(max-width: 285px) 100vw, 285px\" \/>\n            <\/div>\n        \n                        <div class=\"image-gallery__item\" data-featherlight=\"https:\/\/www.terra-et-ars.de\/aktuelles\/wp-content\/uploads\/2023\/05\/528kg-Buddha-Figur-terrassierter-Garten.jpg\">\n                \n                <img width=\"285\" height=\"285\" src=\"https:\/\/www.terra-et-ars.de\/aktuelles\/wp-content\/uploads\/2023\/05\/528kg-Buddha-Figur-terrassierter-Garten-285x285.jpg\" class=\"attachment-gallery-medium size-gallery-medium\" alt=\"Buddha Figur terrassierter Garten\" loading=\"lazy\" srcset=\"https:\/\/www.terra-et-ars.de\/aktuelles\/wp-content\/uploads\/2023\/05\/528kg-Buddha-Figur-terrassierter-Garten-285x285.jpg 285w, https:\/\/www.terra-et-ars.de\/aktuelles\/wp-content\/uploads\/2023\/05\/528kg-Buddha-Figur-terrassierter-Garten-300x300.jpg 300w, https:\/\/www.terra-et-ars.de\/aktuelles\/wp-content\/uploads\/2023\/05\/528kg-Buddha-Figur-terrassierter-Garten.jpg 1024w, https:\/\/www.terra-et-ars.de\/aktuelles\/wp-content\/uploads\/2023\/05\/528kg-Buddha-Figur-terrassierter-Garten-150x150.jpg 150w, https:\/\/www.terra-et-ars.de\/aktuelles\/wp-content\/uploads\/2023\/05\/528kg-Buddha-Figur-terrassierter-Garten-768x768.jpg 768w\" sizes=\"(max-width: 285px) 100vw, 285px\" \/>\n            <\/div>\n        \n                        <div class=\"image-gallery__item\" data-featherlight=\"https:\/\/www.terra-et-ars.de\/aktuelles\/wp-content\/uploads\/2023\/05\/527kg-Buddha-Figur-sitzend-Lavastein.jpg\">\n                \n                <img width=\"285\" height=\"285\" src=\"https:\/\/www.terra-et-ars.de\/aktuelles\/wp-content\/uploads\/2023\/05\/527kg-Buddha-Figur-sitzend-Lavastein-285x285.jpg\" class=\"attachment-gallery-medium size-gallery-medium\" alt=\"Buddha Figur sitzend Lavastein\" loading=\"lazy\" srcset=\"https:\/\/www.terra-et-ars.de\/aktuelles\/wp-content\/uploads\/2023\/05\/527kg-Buddha-Figur-sitzend-Lavastein-285x285.jpg 285w, https:\/\/www.terra-et-ars.de\/aktuelles\/wp-content\/uploads\/2023\/05\/527kg-Buddha-Figur-sitzend-Lavastein-150x150.jpg 150w\" sizes=\"(max-width: 285px) 100vw, 285px\" \/>\n            <\/div>\n        \n                        <div class=\"image-gallery__item\" data-featherlight=\"https:\/\/www.terra-et-ars.de\/aktuelles\/wp-content\/uploads\/2023\/05\/526kg-Buddha-Figur-Rhododendron-Garten.jpg\">\n                \n                <img width=\"285\" height=\"285\" src=\"https:\/\/www.terra-et-ars.de\/aktuelles\/wp-content\/uploads\/2023\/05\/526kg-Buddha-Figur-Rhododendron-Garten-285x285.jpg\" class=\"attachment-gallery-medium size-gallery-medium\" alt=\"Buddha Figur Rhododendron Garten\" loading=\"lazy\" srcset=\"https:\/\/www.terra-et-ars.de\/aktuelles\/wp-content\/uploads\/2023\/05\/526kg-Buddha-Figur-Rhododendron-Garten-285x285.jpg 285w, https:\/\/www.terra-et-ars.de\/aktuelles\/wp-content\/uploads\/2023\/05\/526kg-Buddha-Figur-Rhododendron-Garten-150x150.jpg 150w\" sizes=\"(max-width: 285px) 100vw, 285px\" \/>\n            <\/div>\n        \n                        <div class=\"image-gallery__item\" data-featherlight=\"https:\/\/www.terra-et-ars.de\/aktuelles\/wp-content\/uploads\/2023\/05\/525kg-Buddha-Figur-Khmer-Garten.jpg\">\n                \n                <img width=\"285\" height=\"285\" src=\"https:\/\/www.terra-et-ars.de\/aktuelles\/wp-content\/uploads\/2023\/05\/525kg-Buddha-Figur-Khmer-Garten-285x285.jpg\" class=\"attachment-gallery-medium size-gallery-medium\" alt=\"Buddha Figur Khmer Garten Fluss Stein\" loading=\"lazy\" srcset=\"https:\/\/www.terra-et-ars.de\/aktuelles\/wp-content\/uploads\/2023\/05\/525kg-Buddha-Figur-Khmer-Garten-285x285.jpg 285w, https:\/\/www.terra-et-ars.de\/aktuelles\/wp-content\/uploads\/2023\/05\/525kg-Buddha-Figur-Khmer-Garten-150x150.jpg 150w\" sizes=\"(max-width: 285px) 100vw, 285px\" \/>\n            <\/div>\n        \n                        <div class=\"image-gallery__item\" data-featherlight=\"https:\/\/www.terra-et-ars.de\/aktuelles\/wp-content\/uploads\/2023\/05\/523-Buddha-Figur-tra\u0308umend-Stein-Ahorn.jpg\">\n                \n                <img width=\"285\" height=\"285\" src=\"https:\/\/www.terra-et-ars.de\/aktuelles\/wp-content\/uploads\/2023\/05\/523-Buddha-Figur-tra\u0308umend-Stein-Ahorn-285x285.jpg\" class=\"attachment-gallery-medium size-gallery-medium\" alt=\"Buddha Figur tra\u0308umend Stein Ahorn\" loading=\"lazy\" srcset=\"https:\/\/www.terra-et-ars.de\/aktuelles\/wp-content\/uploads\/2023\/05\/523-Buddha-Figur-tra\u0308umend-Stein-Ahorn-285x285.jpg 285w, https:\/\/www.terra-et-ars.de\/aktuelles\/wp-content\/uploads\/2023\/05\/523-Buddha-Figur-tra\u0308umend-Stein-Ahorn-300x300.jpg 300w, https:\/\/www.terra-et-ars.de\/aktuelles\/wp-content\/uploads\/2023\/05\/523-Buddha-Figur-tra\u0308umend-Stein-Ahorn.jpg 1024w, https:\/\/www.terra-et-ars.de\/aktuelles\/wp-content\/uploads\/2023\/05\/523-Buddha-Figur-tra\u0308umend-Stein-Ahorn-150x150.jpg 150w, https:\/\/www.terra-et-ars.de\/aktuelles\/wp-content\/uploads\/2023\/05\/523-Buddha-Figur-tra\u0308umend-Stein-Ahorn-768x768.jpg 768w\" sizes=\"(max-width: 285px) 100vw, 285px\" \/>\n            <\/div>\n        \n                        <div class=\"image-gallery__item\" data-featherlight=\"https:\/\/www.terra-et-ars.de\/aktuelles\/wp-content\/uploads\/2023\/05\/521kg-Dewi-Sri-Statue-Fluss-Stein-stehend.jpg\">\n                \n                <img width=\"285\" height=\"285\" src=\"https:\/\/www.terra-et-ars.de\/aktuelles\/wp-content\/uploads\/2023\/05\/521kg-Dewi-Sri-Statue-Fluss-Stein-stehend-285x285.jpg\" class=\"attachment-gallery-medium size-gallery-medium\" alt=\"Dewi Sri Statue Fluss Stein stehend\" loading=\"lazy\" srcset=\"https:\/\/www.terra-et-ars.de\/aktuelles\/wp-content\/uploads\/2023\/05\/521kg-Dewi-Sri-Statue-Fluss-Stein-stehend-285x285.jpg 285w, https:\/\/www.terra-et-ars.de\/aktuelles\/wp-content\/uploads\/2023\/05\/521kg-Dewi-Sri-Statue-Fluss-Stein-stehend-150x150.jpg 150w\" sizes=\"(max-width: 285px) 100vw, 285px\" \/>\n            <\/div>\n        \n                        <div class=\"image-gallery__item\" data-featherlight=\"https:\/\/www.terra-et-ars.de\/aktuelles\/wp-content\/uploads\/2023\/04\/516kg-Buddha-Figur-sitzend-Stein-Garten.jpg\">\n                \n                <img width=\"285\" height=\"285\" src=\"https:\/\/www.terra-et-ars.de\/aktuelles\/wp-content\/uploads\/2023\/04\/516kg-Buddha-Figur-sitzend-Stein-Garten-285x285.jpg\" class=\"attachment-gallery-medium size-gallery-medium\" alt=\"Buddha Figur sitzend Stein Garten\" loading=\"lazy\" srcset=\"https:\/\/www.terra-et-ars.de\/aktuelles\/wp-content\/uploads\/2023\/04\/516kg-Buddha-Figur-sitzend-Stein-Garten-285x285.jpg 285w, https:\/\/www.terra-et-ars.de\/aktuelles\/wp-content\/uploads\/2023\/04\/516kg-Buddha-Figur-sitzend-Stein-Garten-300x300.jpg 300w, https:\/\/www.terra-et-ars.de\/aktuelles\/wp-content\/uploads\/2023\/04\/516kg-Buddha-Figur-sitzend-Stein-Garten.jpg 1024w, https:\/\/www.terra-et-ars.de\/aktuelles\/wp-content\/uploads\/2023\/04\/516kg-Buddha-Figur-sitzend-Stein-Garten-150x150.jpg 150w, https:\/\/www.terra-et-ars.de\/aktuelles\/wp-content\/uploads\/2023\/04\/516kg-Buddha-Figur-sitzend-Stein-Garten-768x768.jpg 768w\" sizes=\"(max-width: 285px) 100vw, 285px\" \/>\n            <\/div>\n        \n                        <div class=\"image-gallery__item\" data-featherlight=\"https:\/\/www.terra-et-ars.de\/aktuelles\/wp-content\/uploads\/2023\/04\/520kg-Tiki-Moai-Osterinsel-Figur.jpg\">\n                \n                <img width=\"285\" height=\"285\" src=\"https:\/\/www.terra-et-ars.de\/aktuelles\/wp-content\/uploads\/2023\/04\/520kg-Tiki-Moai-Osterinsel-Figur-285x285.jpg\" class=\"attachment-gallery-medium size-gallery-medium\" alt=\"Tiki Moai Osterinsel Figur\" loading=\"lazy\" srcset=\"https:\/\/www.terra-et-ars.de\/aktuelles\/wp-content\/uploads\/2023\/04\/520kg-Tiki-Moai-Osterinsel-Figur-285x285.jpg 285w, https:\/\/www.terra-et-ars.de\/aktuelles\/wp-content\/uploads\/2023\/04\/520kg-Tiki-Moai-Osterinsel-Figur-300x300.jpg 300w, https:\/\/www.terra-et-ars.de\/aktuelles\/wp-content\/uploads\/2023\/04\/520kg-Tiki-Moai-Osterinsel-Figur.jpg 1024w, https:\/\/www.terra-et-ars.de\/aktuelles\/wp-content\/uploads\/2023\/04\/520kg-Tiki-Moai-Osterinsel-Figur-150x150.jpg 150w, https:\/\/www.terra-et-ars.de\/aktuelles\/wp-content\/uploads\/2023\/04\/520kg-Tiki-Moai-Osterinsel-Figur-768x768.jpg 768w\" sizes=\"(max-width: 285px) 100vw, 285px\" \/>\n            <\/div>\n        \n                        <div class=\"image-gallery__item\" data-featherlight=\"https:\/\/www.terra-et-ars.de\/aktuelles\/wp-content\/uploads\/2023\/04\/518kg-Buddha-Statue-Namaste-Fluss-Stein.jpg\">\n                \n                <img width=\"285\" height=\"285\" src=\"https:\/\/www.terra-et-ars.de\/aktuelles\/wp-content\/uploads\/2023\/04\/518kg-Buddha-Statue-Namaste-Fluss-Stein-285x285.jpg\" class=\"attachment-gallery-medium size-gallery-medium\" alt=\"Buddha Statue Namaste Fluss Stein\" loading=\"lazy\" srcset=\"https:\/\/www.terra-et-ars.de\/aktuelles\/wp-content\/uploads\/2023\/04\/518kg-Buddha-Statue-Namaste-Fluss-Stein-285x285.jpg 285w, https:\/\/www.terra-et-ars.de\/aktuelles\/wp-content\/uploads\/2023\/04\/518kg-Buddha-Statue-Namaste-Fluss-Stein-150x150.jpg 150w\" sizes=\"(max-width: 285px) 100vw, 285px\" \/>\n            <\/div>\n        \n                        <div class=\"image-gallery__item\" data-featherlight=\"https:\/\/www.terra-et-ars.de\/aktuelles\/wp-content\/uploads\/2023\/04\/517kg-Buddha-Figur-Fluss-Stein-sitzend.jpg\">\n                \n                <img width=\"285\" height=\"285\" src=\"https:\/\/www.terra-et-ars.de\/aktuelles\/wp-content\/uploads\/2023\/04\/517kg-Buddha-Figur-Fluss-Stein-sitzend-285x285.jpg\" class=\"attachment-gallery-medium size-gallery-medium\" alt=\"Buddha Figur Fluss Stein sitzend\" loading=\"lazy\" srcset=\"https:\/\/www.terra-et-ars.de\/aktuelles\/wp-content\/uploads\/2023\/04\/517kg-Buddha-Figur-Fluss-Stein-sitzend-285x285.jpg 285w, https:\/\/www.terra-et-ars.de\/aktuelles\/wp-content\/uploads\/2023\/04\/517kg-Buddha-Figur-Fluss-Stein-sitzend-150x150.jpg 150w\" sizes=\"(max-width: 285px) 100vw, 285px\" \/>\n            <\/div>\n        \n                        <div class=\"image-gallery__item\" data-featherlight=\"https:\/\/www.terra-et-ars.de\/aktuelles\/wp-content\/uploads\/2023\/04\/515kg-Tempel-Lo\u0308wen-Wa\u0308chter-Statuen.jpg\">\n                \n                <img width=\"285\" height=\"285\" src=\"https:\/\/www.terra-et-ars.de\/aktuelles\/wp-content\/uploads\/2023\/04\/515kg-Tempel-Lo\u0308wen-Wa\u0308chter-Statuen-285x285.jpg\" class=\"attachment-gallery-medium size-gallery-medium\" alt=\"Tempel Lo\u0308wen Wa\u0308chter Foo Hunde Statuen\" loading=\"lazy\" srcset=\"https:\/\/www.terra-et-ars.de\/aktuelles\/wp-content\/uploads\/2023\/04\/515kg-Tempel-Lo\u0308wen-Wa\u0308chter-Statuen-285x285.jpg 285w, https:\/\/www.terra-et-ars.de\/aktuelles\/wp-content\/uploads\/2023\/04\/515kg-Tempel-Lo\u0308wen-Wa\u0308chter-Statuen-300x300.jpg 300w, https:\/\/www.terra-et-ars.de\/aktuelles\/wp-content\/uploads\/2023\/04\/515kg-Tempel-Lo\u0308wen-Wa\u0308chter-Statuen.jpg 1024w, https:\/\/www.terra-et-ars.de\/aktuelles\/wp-content\/uploads\/2023\/04\/515kg-Tempel-Lo\u0308wen-Wa\u0308chter-Statuen-150x150.jpg 150w, https:\/\/www.terra-et-ars.de\/aktuelles\/wp-content\/uploads\/2023\/04\/515kg-Tempel-Lo\u0308wen-Wa\u0308chter-Statuen-768x768.jpg 768w\" sizes=\"(max-width: 285px) 100vw, 285px\" \/>\n            <\/div>\n        \n                        <div class=\"image-gallery__item\" data-featherlight=\"https:\/\/www.terra-et-ars.de\/aktuelles\/wp-content\/uploads\/2023\/04\/514kg-Bali-Wa\u0308chter-Lo\u0308wen-mit-Flu\u0308gel.jpg\">\n                \n                <img width=\"285\" height=\"285\" src=\"https:\/\/www.terra-et-ars.de\/aktuelles\/wp-content\/uploads\/2023\/04\/514kg-Bali-Wa\u0308chter-Lo\u0308wen-mit-Flu\u0308gel-285x285.jpg\" class=\"attachment-gallery-medium size-gallery-medium\" alt=\"Bali Wa\u0308chter Lo\u0308wen mit Flu\u0308geln\" loading=\"lazy\" srcset=\"https:\/\/www.terra-et-ars.de\/aktuelles\/wp-content\/uploads\/2023\/04\/514kg-Bali-Wa\u0308chter-Lo\u0308wen-mit-Flu\u0308gel-285x285.jpg 285w, https:\/\/www.terra-et-ars.de\/aktuelles\/wp-content\/uploads\/2023\/04\/514kg-Bali-Wa\u0308chter-Lo\u0308wen-mit-Flu\u0308gel-300x300.jpg 300w, https:\/\/www.terra-et-ars.de\/aktuelles\/wp-content\/uploads\/2023\/04\/514kg-Bali-Wa\u0308chter-Lo\u0308wen-mit-Flu\u0308gel.jpg 1024w, https:\/\/www.terra-et-ars.de\/aktuelles\/wp-content\/uploads\/2023\/04\/514kg-Bali-Wa\u0308chter-Lo\u0308wen-mit-Flu\u0308gel-150x150.jpg 150w, https:\/\/www.terra-et-ars.de\/aktuelles\/wp-content\/uploads\/2023\/04\/514kg-Bali-Wa\u0308chter-Lo\u0308wen-mit-Flu\u0308gel-768x768.jpg 768w\" sizes=\"(max-width: 285px) 100vw, 285px\" \/>\n            <\/div>\n        \n                        <div class=\"image-gallery__item\" data-featherlight=\"https:\/\/www.terra-et-ars.de\/aktuelles\/wp-content\/uploads\/2023\/03\/512kg-Buddhafigur-mit-Bambus-Garten.jpg\">\n                \n                <img width=\"285\" height=\"285\" src=\"https:\/\/www.terra-et-ars.de\/aktuelles\/wp-content\/uploads\/2023\/03\/512kg-Buddhafigur-mit-Bambus-Garten-285x285.jpg\" class=\"attachment-gallery-medium size-gallery-medium\" alt=\"Buddhafigur mit Bambus Garten\" loading=\"lazy\" srcset=\"https:\/\/www.terra-et-ars.de\/aktuelles\/wp-content\/uploads\/2023\/03\/512kg-Buddhafigur-mit-Bambus-Garten-285x285.jpg 285w, https:\/\/www.terra-et-ars.de\/aktuelles\/wp-content\/uploads\/2023\/03\/512kg-Buddhafigur-mit-Bambus-Garten-300x300.jpg 300w, https:\/\/www.terra-et-ars.de\/aktuelles\/wp-content\/uploads\/2023\/03\/512kg-Buddhafigur-mit-Bambus-Garten-150x150.jpg 150w, https:\/\/www.terra-et-ars.de\/aktuelles\/wp-content\/uploads\/2023\/03\/512kg-Buddhafigur-mit-Bambus-Garten.jpg 480w\" sizes=\"(max-width: 285px) 100vw, 285px\" \/>\n            <\/div>\n        \n                        <div class=\"image-gallery__item\" data-featherlight=\"https:\/\/www.terra-et-ars.de\/aktuelles\/wp-content\/uploads\/2022\/12\/511kg-Buddhafigur-stehend-Garten.jpg\">\n                \n                <img width=\"285\" height=\"285\" src=\"https:\/\/www.terra-et-ars.de\/aktuelles\/wp-content\/uploads\/2022\/12\/511kg-Buddhafigur-stehend-Garten-285x285.jpg\" class=\"attachment-gallery-medium size-gallery-medium\" alt=\"Buddhafigur stehend Garten\" loading=\"lazy\" srcset=\"https:\/\/www.terra-et-ars.de\/aktuelles\/wp-content\/uploads\/2022\/12\/511kg-Buddhafigur-stehend-Garten-285x285.jpg 285w, https:\/\/www.terra-et-ars.de\/aktuelles\/wp-content\/uploads\/2022\/12\/511kg-Buddhafigur-stehend-Garten-150x150.jpg 150w\" sizes=\"(max-width: 285px) 100vw, 285px\" \/>\n            <\/div>\n        \n                        <div class=\"image-gallery__item\" data-featherlight=\"https:\/\/www.terra-et-ars.de\/aktuelles\/wp-content\/uploads\/2022\/12\/512kg-Buddhafigur-Fluss-Stein-namaste-Gruss-Geste.jpg\">\n                \n                <img width=\"285\" height=\"285\" src=\"https:\/\/www.terra-et-ars.de\/aktuelles\/wp-content\/uploads\/2022\/12\/512kg-Buddhafigur-Fluss-Stein-namaste-Gruss-Geste-285x285.jpg\" class=\"attachment-gallery-medium size-gallery-medium\" alt=\"Buddhafigur Fluss Stein namaste Gruss Geste\" loading=\"lazy\" srcset=\"https:\/\/www.terra-et-ars.de\/aktuelles\/wp-content\/uploads\/2022\/12\/512kg-Buddhafigur-Fluss-Stein-namaste-Gruss-Geste-285x285.jpg 285w, https:\/\/www.terra-et-ars.de\/aktuelles\/wp-content\/uploads\/2022\/12\/512kg-Buddhafigur-Fluss-Stein-namaste-Gruss-Geste-150x150.jpg 150w\" sizes=\"(max-width: 285px) 100vw, 285px\" \/>\n            <\/div>\n        \n                        <div class=\"image-gallery__item\" data-featherlight=\"https:\/\/www.terra-et-ars.de\/aktuelles\/wp-content\/uploads\/2022\/11\/510kg-Ganesha-Statue-gross-Fluss-Stein.jpg\">\n                \n                <img width=\"285\" height=\"285\" src=\"https:\/\/www.terra-et-ars.de\/aktuelles\/wp-content\/uploads\/2022\/11\/510kg-Ganesha-Statue-gross-Fluss-Stein-285x285.jpg\" class=\"attachment-gallery-medium size-gallery-medium\" alt=\"Ganesha Statue gross Fluss Stein\" loading=\"lazy\" srcset=\"https:\/\/www.terra-et-ars.de\/aktuelles\/wp-content\/uploads\/2022\/11\/510kg-Ganesha-Statue-gross-Fluss-Stein-285x285.jpg 285w, https:\/\/www.terra-et-ars.de\/aktuelles\/wp-content\/uploads\/2022\/11\/510kg-Ganesha-Statue-gross-Fluss-Stein-150x150.jpg 150w\" sizes=\"(max-width: 285px) 100vw, 285px\" \/>\n            <\/div>\n        \n                        <div class=\"image-gallery__item\" data-featherlight=\"https:\/\/www.terra-et-ars.de\/aktuelles\/wp-content\/uploads\/2022\/11\/509kg-Dewi-Statue-sitzend-Fluss-Stein.jpg\">\n                \n                <img width=\"285\" height=\"285\" src=\"https:\/\/www.terra-et-ars.de\/aktuelles\/wp-content\/uploads\/2022\/11\/509kg-Dewi-Statue-sitzend-Fluss-Stein-285x285.jpg\" class=\"attachment-gallery-medium size-gallery-medium\" alt=\"Dewi Statue sitzend Fluss Stein\" loading=\"lazy\" srcset=\"https:\/\/www.terra-et-ars.de\/aktuelles\/wp-content\/uploads\/2022\/11\/509kg-Dewi-Statue-sitzend-Fluss-Stein-285x285.jpg 285w, https:\/\/www.terra-et-ars.de\/aktuelles\/wp-content\/uploads\/2022\/11\/509kg-Dewi-Statue-sitzend-Fluss-Stein-150x150.jpg 150w\" sizes=\"(max-width: 285px) 100vw, 285px\" \/>\n            <\/div>\n        \n                        <div class=\"image-gallery__item\" data-featherlight=\"https:\/\/www.terra-et-ars.de\/aktuelles\/wp-content\/uploads\/2022\/10\/506kg-Buddhafigur-sitzend-Garten.jpg\">\n                \n                <img width=\"285\" height=\"285\" src=\"https:\/\/www.terra-et-ars.de\/aktuelles\/wp-content\/uploads\/2022\/10\/506kg-Buddhafigur-sitzend-Garten-285x285.jpg\" class=\"attachment-gallery-medium size-gallery-medium\" alt=\"Buddhafigur sitzend Garten\" loading=\"lazy\" srcset=\"https:\/\/www.terra-et-ars.de\/aktuelles\/wp-content\/uploads\/2022\/10\/506kg-Buddhafigur-sitzend-Garten-285x285.jpg 285w, https:\/\/www.terra-et-ars.de\/aktuelles\/wp-content\/uploads\/2022\/10\/506kg-Buddhafigur-sitzend-Garten-150x150.jpg 150w\" sizes=\"(max-width: 285px) 100vw, 285px\" \/>\n            <\/div>\n        \n                        <div class=\"image-gallery__item\" data-featherlight=\"https:\/\/www.terra-et-ars.de\/aktuelles\/wp-content\/uploads\/2022\/10\/507kg-Buddha-sitzend-Gartengestaltung.jpg\">\n                \n                <img width=\"285\" height=\"285\" src=\"https:\/\/www.terra-et-ars.de\/aktuelles\/wp-content\/uploads\/2022\/10\/507kg-Buddha-sitzend-Gartengestaltung-285x285.jpg\" class=\"attachment-gallery-medium size-gallery-medium\" alt=\"Buddha sitzend Gartengestaltung\" loading=\"lazy\" srcset=\"https:\/\/www.terra-et-ars.de\/aktuelles\/wp-content\/uploads\/2022\/10\/507kg-Buddha-sitzend-Gartengestaltung-285x285.jpg 285w, https:\/\/www.terra-et-ars.de\/aktuelles\/wp-content\/uploads\/2022\/10\/507kg-Buddha-sitzend-Gartengestaltung-150x150.jpg 150w\" sizes=\"(max-width: 285px) 100vw, 285px\" \/>\n            <\/div>\n        \n                        <div class=\"image-gallery__item\" data-featherlight=\"https:\/\/www.terra-et-ars.de\/aktuelles\/wp-content\/uploads\/2022\/10\/508kg-Buddha-Stein-Garten.jpg\">\n                \n                <img width=\"285\" height=\"285\" src=\"https:\/\/www.terra-et-ars.de\/aktuelles\/wp-content\/uploads\/2022\/10\/508kg-Buddha-Stein-Garten-285x285.jpg\" class=\"attachment-gallery-medium size-gallery-medium\" alt=\"Buddha Stein Garten\" loading=\"lazy\" srcset=\"https:\/\/www.terra-et-ars.de\/aktuelles\/wp-content\/uploads\/2022\/10\/508kg-Buddha-Stein-Garten-285x285.jpg 285w, https:\/\/www.terra-et-ars.de\/aktuelles\/wp-content\/uploads\/2022\/10\/508kg-Buddha-Stein-Garten-150x150.jpg 150w\" sizes=\"(max-width: 285px) 100vw, 285px\" \/>\n            <\/div>\n        \n                        <div class=\"image-gallery__item\" data-featherlight=\"https:\/\/www.terra-et-ars.de\/aktuelles\/wp-content\/uploads\/2022\/09\/504kg-Buddhafigur-stehend-mit-Drache.jpg\">\n                \n                <img width=\"285\" height=\"285\" src=\"https:\/\/www.terra-et-ars.de\/aktuelles\/wp-content\/uploads\/2022\/09\/504kg-Buddhafigur-stehend-mit-Drache-285x285.jpg\" class=\"attachment-gallery-medium size-gallery-medium\" alt=\"Buddhafigur stehend mit Drache\" loading=\"lazy\" srcset=\"https:\/\/www.terra-et-ars.de\/aktuelles\/wp-content\/uploads\/2022\/09\/504kg-Buddhafigur-stehend-mit-Drache-285x285.jpg 285w, https:\/\/www.terra-et-ars.de\/aktuelles\/wp-content\/uploads\/2022\/09\/504kg-Buddhafigur-stehend-mit-Drache-150x150.jpg 150w\" sizes=\"(max-width: 285px) 100vw, 285px\" \/>\n            <\/div>\n        \n                        <div class=\"image-gallery__item\" data-featherlight=\"https:\/\/www.terra-et-ars.de\/aktuelles\/wp-content\/uploads\/2022\/09\/505kg-Buddhafigur-stehend-Garten-Fluss-Stein-beleuchtet.jpg\">\n                \n                <img width=\"285\" height=\"285\" src=\"https:\/\/www.terra-et-ars.de\/aktuelles\/wp-content\/uploads\/2022\/09\/505kg-Buddhafigur-stehend-Garten-Fluss-Stein-beleuchtet-285x285.jpg\" class=\"attachment-gallery-medium size-gallery-medium\" alt=\"Buddhafigur stehend Garten Fluss Stein beleuchtet\" loading=\"lazy\" srcset=\"https:\/\/www.terra-et-ars.de\/aktuelles\/wp-content\/uploads\/2022\/09\/505kg-Buddhafigur-stehend-Garten-Fluss-Stein-beleuchtet-285x285.jpg 285w, https:\/\/www.terra-et-ars.de\/aktuelles\/wp-content\/uploads\/2022\/09\/505kg-Buddhafigur-stehend-Garten-Fluss-Stein-beleuchtet-150x150.jpg 150w\" sizes=\"(max-width: 285px) 100vw, 285px\" \/>\n            <\/div>\n        \n                        <div class=\"image-gallery__item\" data-featherlight=\"https:\/\/www.terra-et-ars.de\/aktuelles\/wp-content\/uploads\/2022\/08\/501kg-Buddhafigur-gross-Fluss-Stein-Garten.jpg\">\n                \n                <img width=\"285\" height=\"285\" src=\"https:\/\/www.terra-et-ars.de\/aktuelles\/wp-content\/uploads\/2022\/08\/501kg-Buddhafigur-gross-Fluss-Stein-Garten-285x285.jpg\" class=\"attachment-gallery-medium size-gallery-medium\" alt=\"Buddhafigur gross Fluss Stein Garten\" loading=\"lazy\" srcset=\"https:\/\/www.terra-et-ars.de\/aktuelles\/wp-content\/uploads\/2022\/08\/501kg-Buddhafigur-gross-Fluss-Stein-Garten-285x285.jpg 285w, https:\/\/www.terra-et-ars.de\/aktuelles\/wp-content\/uploads\/2022\/08\/501kg-Buddhafigur-gross-Fluss-Stein-Garten-150x150.jpg 150w\" sizes=\"(max-width: 285px) 100vw, 285px\" \/>\n            <\/div>\n        \n                        <div class=\"image-gallery__item\" data-featherlight=\"https:\/\/www.terra-et-ars.de\/aktuelles\/wp-content\/uploads\/2022\/08\/502kg-Buddhafigur-gross-Fluss-Stein-Pool.jpg\">\n                \n                <img width=\"285\" height=\"285\" src=\"https:\/\/www.terra-et-ars.de\/aktuelles\/wp-content\/uploads\/2022\/08\/502kg-Buddhafigur-gross-Fluss-Stein-Pool-285x285.jpg\" class=\"attachment-gallery-medium size-gallery-medium\" alt=\"Buddhafigur gross Fluss Stein Pool\" loading=\"lazy\" srcset=\"https:\/\/www.terra-et-ars.de\/aktuelles\/wp-content\/uploads\/2022\/08\/502kg-Buddhafigur-gross-Fluss-Stein-Pool-285x285.jpg 285w, https:\/\/www.terra-et-ars.de\/aktuelles\/wp-content\/uploads\/2022\/08\/502kg-Buddhafigur-gross-Fluss-Stein-Pool-150x150.jpg 150w\" sizes=\"(max-width: 285px) 100vw, 285px\" \/>\n            <\/div>\n        \n                        <div class=\"image-gallery__item\" data-featherlight=\"https:\/\/www.terra-et-ars.de\/aktuelles\/wp-content\/uploads\/2022\/08\/500kg-Dewi-Bu\u0308ste-Fluss-Stein-auf-Podest.jpg\">\n                \n                <img width=\"285\" height=\"285\" src=\"https:\/\/www.terra-et-ars.de\/aktuelles\/wp-content\/uploads\/2022\/08\/500kg-Dewi-Bu\u0308ste-Fluss-Stein-auf-Podest-285x285.jpg\" class=\"attachment-gallery-medium size-gallery-medium\" alt=\"Dewi Bu\u0308ste Fluss Stein auf Podest\" loading=\"lazy\" srcset=\"https:\/\/www.terra-et-ars.de\/aktuelles\/wp-content\/uploads\/2022\/08\/500kg-Dewi-Bu\u0308ste-Fluss-Stein-auf-Podest-285x285.jpg 285w, https:\/\/www.terra-et-ars.de\/aktuelles\/wp-content\/uploads\/2022\/08\/500kg-Dewi-Bu\u0308ste-Fluss-Stein-auf-Podest-150x150.jpg 150w\" sizes=\"(max-width: 285px) 100vw, 285px\" \/>\n            <\/div>\n        \n                        <div class=\"image-gallery__item\" data-featherlight=\"https:\/\/www.terra-et-ars.de\/aktuelles\/wp-content\/uploads\/2022\/08\/498kg-Buddhafigur-liegend-Fluss-Stein.jpg\">\n                \n                <img width=\"285\" height=\"285\" src=\"https:\/\/www.terra-et-ars.de\/aktuelles\/wp-content\/uploads\/2022\/08\/498kg-Buddhafigur-liegend-Fluss-Stein-285x285.jpg\" class=\"attachment-gallery-medium size-gallery-medium\" alt=\"Buddhafigur liegend Fluss Stein\" loading=\"lazy\" srcset=\"https:\/\/www.terra-et-ars.de\/aktuelles\/wp-content\/uploads\/2022\/08\/498kg-Buddhafigur-liegend-Fluss-Stein-285x285.jpg 285w, https:\/\/www.terra-et-ars.de\/aktuelles\/wp-content\/uploads\/2022\/08\/498kg-Buddhafigur-liegend-Fluss-Stein-150x150.jpg 150w\" sizes=\"(max-width: 285px) 100vw, 285px\" \/>\n            <\/div>\n        \n                        <div class=\"image-gallery__item\" data-featherlight=\"https:\/\/www.terra-et-ars.de\/aktuelles\/wp-content\/uploads\/2022\/08\/497kg-Buddhafigur-tra\u0308umend-Fluss-Stein.jpg\">\n                \n                <img width=\"285\" height=\"285\" src=\"https:\/\/www.terra-et-ars.de\/aktuelles\/wp-content\/uploads\/2022\/08\/497kg-Buddhafigur-tra\u0308umend-Fluss-Stein-285x285.jpg\" class=\"attachment-gallery-medium size-gallery-medium\" alt=\"Buddhafigur tra\u0308umend Fluss Stein\" loading=\"lazy\" srcset=\"https:\/\/www.terra-et-ars.de\/aktuelles\/wp-content\/uploads\/2022\/08\/497kg-Buddhafigur-tra\u0308umend-Fluss-Stein-285x285.jpg 285w, https:\/\/www.terra-et-ars.de\/aktuelles\/wp-content\/uploads\/2022\/08\/497kg-Buddhafigur-tra\u0308umend-Fluss-Stein-150x150.jpg 150w\" sizes=\"(max-width: 285px) 100vw, 285px\" \/>\n            <\/div>\n        \n                        <div class=\"image-gallery__item\" data-featherlight=\"https:\/\/www.terra-et-ars.de\/aktuelles\/wp-content\/uploads\/2022\/08\/495kg-Dewi-Sri-gross-Fluss-Stein-Garten.jpg\">\n                \n                <img width=\"285\" height=\"285\" src=\"https:\/\/www.terra-et-ars.de\/aktuelles\/wp-content\/uploads\/2022\/08\/495kg-Dewi-Sri-gross-Fluss-Stein-Garten-285x285.jpg\" class=\"attachment-gallery-medium size-gallery-medium\" alt=\"Dewi Sri gross Fluss Stein Garten\" loading=\"lazy\" srcset=\"https:\/\/www.terra-et-ars.de\/aktuelles\/wp-content\/uploads\/2022\/08\/495kg-Dewi-Sri-gross-Fluss-Stein-Garten-285x285.jpg 285w, https:\/\/www.terra-et-ars.de\/aktuelles\/wp-content\/uploads\/2022\/08\/495kg-Dewi-Sri-gross-Fluss-Stein-Garten-150x150.jpg 150w\" sizes=\"(max-width: 285px) 100vw, 285px\" \/>\n            <\/div>\n        \n                        <div class=\"image-gallery__item\" data-featherlight=\"https:\/\/www.terra-et-ars.de\/aktuelles\/wp-content\/uploads\/2022\/08\/492kg-Buddhafigur-Garten-Pool.jpg\">\n                \n                <img width=\"285\" height=\"285\" src=\"https:\/\/www.terra-et-ars.de\/aktuelles\/wp-content\/uploads\/2022\/08\/492kg-Buddhafigur-Garten-Pool-285x285.jpg\" class=\"attachment-gallery-medium size-gallery-medium\" alt=\"Buddhafigur Garten Pool\" loading=\"lazy\" srcset=\"https:\/\/www.terra-et-ars.de\/aktuelles\/wp-content\/uploads\/2022\/08\/492kg-Buddhafigur-Garten-Pool-285x285.jpg 285w, https:\/\/www.terra-et-ars.de\/aktuelles\/wp-content\/uploads\/2022\/08\/492kg-Buddhafigur-Garten-Pool-150x150.jpg 150w\" sizes=\"(max-width: 285px) 100vw, 285px\" \/>\n            <\/div>\n        \n                        <div class=\"image-gallery__item\" data-featherlight=\"https:\/\/www.terra-et-ars.de\/aktuelles\/wp-content\/uploads\/2022\/07\/491kg-Dewi-Tara-Stein-Statue.jpg\">\n                \n                <img width=\"285\" height=\"285\" src=\"https:\/\/www.terra-et-ars.de\/aktuelles\/wp-content\/uploads\/2022\/07\/491kg-Dewi-Tara-Stein-Statue-285x285.jpg\" class=\"attachment-gallery-medium size-gallery-medium\" alt=\"Dewi Tara Stein Statue\" loading=\"lazy\" srcset=\"https:\/\/www.terra-et-ars.de\/aktuelles\/wp-content\/uploads\/2022\/07\/491kg-Dewi-Tara-Stein-Statue-285x285.jpg 285w, https:\/\/www.terra-et-ars.de\/aktuelles\/wp-content\/uploads\/2022\/07\/491kg-Dewi-Tara-Stein-Statue-150x150.jpg 150w\" sizes=\"(max-width: 285px) 100vw, 285px\" \/>\n            <\/div>\n        \n                        <div class=\"image-gallery__item\" data-featherlight=\"https:\/\/www.terra-et-ars.de\/aktuelles\/wp-content\/uploads\/2022\/07\/488kg-Dewi-Tara-Statue.jpg\">\n                \n                <img width=\"285\" height=\"285\" src=\"https:\/\/www.terra-et-ars.de\/aktuelles\/wp-content\/uploads\/2022\/07\/488kg-Dewi-Tara-Statue-285x285.jpg\" class=\"attachment-gallery-medium size-gallery-medium\" alt=\"Dewi Tara Statue\" loading=\"lazy\" srcset=\"https:\/\/www.terra-et-ars.de\/aktuelles\/wp-content\/uploads\/2022\/07\/488kg-Dewi-Tara-Statue-285x285.jpg 285w, https:\/\/www.terra-et-ars.de\/aktuelles\/wp-content\/uploads\/2022\/07\/488kg-Dewi-Tara-Statue-150x150.jpg 150w\" sizes=\"(max-width: 285px) 100vw, 285px\" \/>\n            <\/div>\n        \n                        <div class=\"image-gallery__item\" data-featherlight=\"https:\/\/www.terra-et-ars.de\/aktuelles\/wp-content\/uploads\/2022\/07\/490kg-Ganesha-Stein-Figur.jpg\">\n                \n                <img width=\"285\" height=\"285\" src=\"https:\/\/www.terra-et-ars.de\/aktuelles\/wp-content\/uploads\/2022\/07\/490kg-Ganesha-Stein-Figur-285x285.jpg\" class=\"attachment-gallery-medium size-gallery-medium\" alt=\"Ganesha Stein Figur\" loading=\"lazy\" srcset=\"https:\/\/www.terra-et-ars.de\/aktuelles\/wp-content\/uploads\/2022\/07\/490kg-Ganesha-Stein-Figur-285x285.jpg 285w, https:\/\/www.terra-et-ars.de\/aktuelles\/wp-content\/uploads\/2022\/07\/490kg-Ganesha-Stein-Figur-150x150.jpg 150w\" sizes=\"(max-width: 285px) 100vw, 285px\" \/>\n            <\/div>\n        \n                        <div class=\"image-gallery__item\" data-featherlight=\"https:\/\/www.terra-et-ars.de\/aktuelles\/wp-content\/uploads\/2022\/07\/489kg-Ganesha-Statue-Garten.jpg\">\n                \n                <img width=\"285\" height=\"285\" src=\"https:\/\/www.terra-et-ars.de\/aktuelles\/wp-content\/uploads\/2022\/07\/489kg-Ganesha-Statue-Garten-285x285.jpg\" class=\"attachment-gallery-medium size-gallery-medium\" alt=\"Ganesha Statue Garten\" loading=\"lazy\" srcset=\"https:\/\/www.terra-et-ars.de\/aktuelles\/wp-content\/uploads\/2022\/07\/489kg-Ganesha-Statue-Garten-285x285.jpg 285w, https:\/\/www.terra-et-ars.de\/aktuelles\/wp-content\/uploads\/2022\/07\/489kg-Ganesha-Statue-Garten-150x150.jpg 150w\" sizes=\"(max-width: 285px) 100vw, 285px\" \/>\n            <\/div>\n        \n                        <div class=\"image-gallery__item\" data-featherlight=\"https:\/\/www.terra-et-ars.de\/aktuelles\/wp-content\/uploads\/2022\/07\/486kg-Flo\u0308tenspieler-Wa\u0308chter-vor-Bambus.jpg\">\n                \n                <img width=\"285\" height=\"285\" src=\"https:\/\/www.terra-et-ars.de\/aktuelles\/wp-content\/uploads\/2022\/07\/486kg-Flo\u0308tenspieler-Wa\u0308chter-vor-Bambus-285x285.jpg\" class=\"attachment-gallery-medium size-gallery-medium\" alt=\"Flo\u0308tenspieler Wa\u0308chter vor Bambus\" loading=\"lazy\" srcset=\"https:\/\/www.terra-et-ars.de\/aktuelles\/wp-content\/uploads\/2022\/07\/486kg-Flo\u0308tenspieler-Wa\u0308chter-vor-Bambus-285x285.jpg 285w, https:\/\/www.terra-et-ars.de\/aktuelles\/wp-content\/uploads\/2022\/07\/486kg-Flo\u0308tenspieler-Wa\u0308chter-vor-Bambus-150x150.jpg 150w\" sizes=\"(max-width: 285px) 100vw, 285px\" \/>\n            <\/div>\n        \n                        <div class=\"image-gallery__item\" data-featherlight=\"https:\/\/www.terra-et-ars.de\/aktuelles\/wp-content\/uploads\/2022\/07\/487kg-Flo\u0308tenspieler-Wa\u0308chter-am-Pool.jpg\">\n                \n                <img width=\"285\" height=\"285\" src=\"https:\/\/www.terra-et-ars.de\/aktuelles\/wp-content\/uploads\/2022\/07\/487kg-Flo\u0308tenspieler-Wa\u0308chter-am-Pool-285x285.jpg\" class=\"attachment-gallery-medium size-gallery-medium\" alt=\"Flo\u0308tenspieler Wa\u0308chter am Pool\" loading=\"lazy\" srcset=\"https:\/\/www.terra-et-ars.de\/aktuelles\/wp-content\/uploads\/2022\/07\/487kg-Flo\u0308tenspieler-Wa\u0308chter-am-Pool-285x285.jpg 285w, https:\/\/www.terra-et-ars.de\/aktuelles\/wp-content\/uploads\/2022\/07\/487kg-Flo\u0308tenspieler-Wa\u0308chter-am-Pool-150x150.jpg 150w\" sizes=\"(max-width: 285px) 100vw, 285px\" \/>\n            <\/div>\n        \n                        <div class=\"image-gallery__item\" data-featherlight=\"https:\/\/www.terra-et-ars.de\/aktuelles\/wp-content\/uploads\/2022\/06\/485kg-Dewi-Figur-Wasserspeier-Pool.jpg\">\n                \n                <img width=\"285\" height=\"285\" src=\"https:\/\/www.terra-et-ars.de\/aktuelles\/wp-content\/uploads\/2022\/06\/485kg-Dewi-Figur-Wasserspeier-Pool-285x285.jpg\" class=\"attachment-gallery-medium size-gallery-medium\" alt=\"Dewi Figur Wasserspeier Pool\" loading=\"lazy\" srcset=\"https:\/\/www.terra-et-ars.de\/aktuelles\/wp-content\/uploads\/2022\/06\/485kg-Dewi-Figur-Wasserspeier-Pool-285x285.jpg 285w, https:\/\/www.terra-et-ars.de\/aktuelles\/wp-content\/uploads\/2022\/06\/485kg-Dewi-Figur-Wasserspeier-Pool-150x150.jpg 150w\" sizes=\"(max-width: 285px) 100vw, 285px\" \/>\n            <\/div>\n        \n                        <div class=\"image-gallery__item\" data-featherlight=\"https:\/\/www.terra-et-ars.de\/aktuelles\/wp-content\/uploads\/2022\/06\/484kg-Dewi-Statue-Lavastein-Pool.jpg\">\n                \n                <img width=\"285\" height=\"285\" src=\"https:\/\/www.terra-et-ars.de\/aktuelles\/wp-content\/uploads\/2022\/06\/484kg-Dewi-Statue-Lavastein-Pool-285x285.jpg\" class=\"attachment-gallery-medium size-gallery-medium\" alt=\"Dewi Statue Lavastein Pool\" loading=\"lazy\" srcset=\"https:\/\/www.terra-et-ars.de\/aktuelles\/wp-content\/uploads\/2022\/06\/484kg-Dewi-Statue-Lavastein-Pool-285x285.jpg 285w, https:\/\/www.terra-et-ars.de\/aktuelles\/wp-content\/uploads\/2022\/06\/484kg-Dewi-Statue-Lavastein-Pool-150x150.jpg 150w\" sizes=\"(max-width: 285px) 100vw, 285px\" \/>\n            <\/div>\n        \n                        <div class=\"image-gallery__item\" data-featherlight=\"https:\/\/www.terra-et-ars.de\/aktuelles\/wp-content\/uploads\/2022\/05\/483kg-Buddhafigur-gross-Lavastein.jpg\">\n                \n                <img width=\"214\" height=\"285\" src=\"https:\/\/www.terra-et-ars.de\/aktuelles\/wp-content\/uploads\/2022\/05\/483kg-Buddhafigur-gross-Lavastein.jpg\" class=\"attachment-gallery-medium size-gallery-medium\" alt=\"Buddhafigur gross Lavastein\" loading=\"lazy\" \/>\n            <\/div>\n        \n                        <div class=\"image-gallery__item\" data-featherlight=\"https:\/\/www.terra-et-ars.de\/aktuelles\/wp-content\/uploads\/2022\/05\/482kg-Buddhafigur-gross-Lavastein.jpg\">\n                \n                <img width=\"285\" height=\"285\" src=\"https:\/\/www.terra-et-ars.de\/aktuelles\/wp-content\/uploads\/2022\/05\/482kg-Buddhafigur-gross-Lavastein-285x285.jpg\" class=\"attachment-gallery-medium size-gallery-medium\" alt=\"Buddhafigur gross Lavastein\" loading=\"lazy\" srcset=\"https:\/\/www.terra-et-ars.de\/aktuelles\/wp-content\/uploads\/2022\/05\/482kg-Buddhafigur-gross-Lavastein-285x285.jpg 285w, https:\/\/www.terra-et-ars.de\/aktuelles\/wp-content\/uploads\/2022\/05\/482kg-Buddhafigur-gross-Lavastein-150x150.jpg 150w\" sizes=\"(max-width: 285px) 100vw, 285px\" \/>\n            <\/div>\n        \n                        <div class=\"image-gallery__item\" data-featherlight=\"https:\/\/www.terra-et-ars.de\/aktuelles\/wp-content\/uploads\/2022\/05\/480kg-Buddhafigur-Stein-am-Pool.jpg\">\n                \n                <img width=\"285\" height=\"285\" src=\"https:\/\/www.terra-et-ars.de\/aktuelles\/wp-content\/uploads\/2022\/05\/480kg-Buddhafigur-Stein-am-Pool-285x285.jpg\" class=\"attachment-gallery-medium size-gallery-medium\" alt=\"Buddhafigur Stein am Pool\" loading=\"lazy\" srcset=\"https:\/\/www.terra-et-ars.de\/aktuelles\/wp-content\/uploads\/2022\/05\/480kg-Buddhafigur-Stein-am-Pool-285x285.jpg 285w, https:\/\/www.terra-et-ars.de\/aktuelles\/wp-content\/uploads\/2022\/05\/480kg-Buddhafigur-Stein-am-Pool-150x150.jpg 150w\" sizes=\"(max-width: 285px) 100vw, 285px\" \/>\n            <\/div>\n        \n                        <div class=\"image-gallery__item\" data-featherlight=\"https:\/\/www.terra-et-ars.de\/aktuelles\/wp-content\/uploads\/2022\/05\/481kg-Buddhafigur-Khmer-Fluss-Stein.jpg\">\n                \n                <img width=\"285\" height=\"285\" src=\"https:\/\/www.terra-et-ars.de\/aktuelles\/wp-content\/uploads\/2022\/05\/481kg-Buddhafigur-Khmer-Fluss-Stein-285x285.jpg\" class=\"attachment-gallery-medium size-gallery-medium\" alt=\"Buddhafigur Khmer Fluss Stein\" loading=\"lazy\" srcset=\"https:\/\/www.terra-et-ars.de\/aktuelles\/wp-content\/uploads\/2022\/05\/481kg-Buddhafigur-Khmer-Fluss-Stein-285x285.jpg 285w, https:\/\/www.terra-et-ars.de\/aktuelles\/wp-content\/uploads\/2022\/05\/481kg-Buddhafigur-Khmer-Fluss-Stein-150x150.jpg 150w\" sizes=\"(max-width: 285px) 100vw, 285px\" \/>\n            <\/div>\n        \n                        <div class=\"image-gallery__item\" data-featherlight=\"https:\/\/www.terra-et-ars.de\/aktuelles\/wp-content\/uploads\/2022\/05\/477kg-Buddhafigur-Garten.jpg\">\n                \n                <img width=\"285\" height=\"285\" src=\"https:\/\/www.terra-et-ars.de\/aktuelles\/wp-content\/uploads\/2022\/05\/477kg-Buddhafigur-Garten-285x285.jpg\" class=\"attachment-gallery-medium size-gallery-medium\" alt=\"Buddhafigur Garten\" loading=\"lazy\" srcset=\"https:\/\/www.terra-et-ars.de\/aktuelles\/wp-content\/uploads\/2022\/05\/477kg-Buddhafigur-Garten-285x285.jpg 285w, https:\/\/www.terra-et-ars.de\/aktuelles\/wp-content\/uploads\/2022\/05\/477kg-Buddhafigur-Garten-150x150.jpg 150w\" sizes=\"(max-width: 285px) 100vw, 285px\" \/>\n            <\/div>\n        \n                        <div class=\"image-gallery__item\" data-featherlight=\"https:\/\/www.terra-et-ars.de\/aktuelles\/wp-content\/uploads\/2022\/05\/479kg-Buddhafigur-sitzend-Stein-Garten.jpg\">\n                \n                <img width=\"285\" height=\"285\" src=\"https:\/\/www.terra-et-ars.de\/aktuelles\/wp-content\/uploads\/2022\/05\/479kg-Buddhafigur-sitzend-Stein-Garten-285x285.jpg\" class=\"attachment-gallery-medium size-gallery-medium\" alt=\"Buddhafigur sitzend Stein Garten\" loading=\"lazy\" srcset=\"https:\/\/www.terra-et-ars.de\/aktuelles\/wp-content\/uploads\/2022\/05\/479kg-Buddhafigur-sitzend-Stein-Garten-285x285.jpg 285w, https:\/\/www.terra-et-ars.de\/aktuelles\/wp-content\/uploads\/2022\/05\/479kg-Buddhafigur-sitzend-Stein-Garten-150x150.jpg 150w\" sizes=\"(max-width: 285px) 100vw, 285px\" \/>\n            <\/div>\n        \n                        <div class=\"image-gallery__item\" data-featherlight=\"https:\/\/www.terra-et-ars.de\/aktuelles\/wp-content\/uploads\/2022\/05\/478kg-Buddhafigur-Garten-beleuchtet.jpg\">\n                \n                <img width=\"285\" height=\"285\" src=\"https:\/\/www.terra-et-ars.de\/aktuelles\/wp-content\/uploads\/2022\/05\/478kg-Buddhafigur-Garten-beleuchtet-285x285.jpg\" class=\"attachment-gallery-medium size-gallery-medium\" alt=\"Buddhafigur Garten beleuchtet\" loading=\"lazy\" srcset=\"https:\/\/www.terra-et-ars.de\/aktuelles\/wp-content\/uploads\/2022\/05\/478kg-Buddhafigur-Garten-beleuchtet-285x285.jpg 285w, https:\/\/www.terra-et-ars.de\/aktuelles\/wp-content\/uploads\/2022\/05\/478kg-Buddhafigur-Garten-beleuchtet-150x150.jpg 150w\" sizes=\"(max-width: 285px) 100vw, 285px\" \/>\n            <\/div>\n        \n                        <div class=\"image-gallery__item\" data-featherlight=\"https:\/\/www.terra-et-ars.de\/aktuelles\/wp-content\/uploads\/2022\/05\/476kg-Buddhafigur-liegend.jpg\">\n                \n                <img width=\"285\" height=\"285\" src=\"https:\/\/www.terra-et-ars.de\/aktuelles\/wp-content\/uploads\/2022\/05\/476kg-Buddhafigur-liegend-285x285.jpg\" class=\"attachment-gallery-medium size-gallery-medium\" alt=\"Buddhafigur liegend\" loading=\"lazy\" srcset=\"https:\/\/www.terra-et-ars.de\/aktuelles\/wp-content\/uploads\/2022\/05\/476kg-Buddhafigur-liegend-285x285.jpg 285w, https:\/\/www.terra-et-ars.de\/aktuelles\/wp-content\/uploads\/2022\/05\/476kg-Buddhafigur-liegend-150x150.jpg 150w\" sizes=\"(max-width: 285px) 100vw, 285px\" \/>\n            <\/div>\n        \n                        <div class=\"image-gallery__item\" data-featherlight=\"https:\/\/www.terra-et-ars.de\/aktuelles\/wp-content\/uploads\/2022\/05\/475kg-Dewi-Bu\u0308ste.jpg\">\n                \n                <img width=\"285\" height=\"285\" src=\"https:\/\/www.terra-et-ars.de\/aktuelles\/wp-content\/uploads\/2022\/05\/475kg-Dewi-Bu\u0308ste-285x285.jpg\" class=\"attachment-gallery-medium size-gallery-medium\" alt=\"Dewi Bu\u0308ste\" loading=\"lazy\" srcset=\"https:\/\/www.terra-et-ars.de\/aktuelles\/wp-content\/uploads\/2022\/05\/475kg-Dewi-Bu\u0308ste-285x285.jpg 285w, https:\/\/www.terra-et-ars.de\/aktuelles\/wp-content\/uploads\/2022\/05\/475kg-Dewi-Bu\u0308ste-150x150.jpg 150w\" sizes=\"(max-width: 285px) 100vw, 285px\" \/>\n            <\/div>\n        \n                        <div class=\"image-gallery__item\" data-featherlight=\"https:\/\/www.terra-et-ars.de\/aktuelles\/wp-content\/uploads\/2022\/05\/474kg-Buddha-Garten.jpg\">\n                \n                <img width=\"285\" height=\"285\" src=\"https:\/\/www.terra-et-ars.de\/aktuelles\/wp-content\/uploads\/2022\/05\/474kg-Buddha-Garten-285x285.jpg\" class=\"attachment-gallery-medium size-gallery-medium\" alt=\"Buddhafigur Garten\" loading=\"lazy\" srcset=\"https:\/\/www.terra-et-ars.de\/aktuelles\/wp-content\/uploads\/2022\/05\/474kg-Buddha-Garten-285x285.jpg 285w, https:\/\/www.terra-et-ars.de\/aktuelles\/wp-content\/uploads\/2022\/05\/474kg-Buddha-Garten-150x150.jpg 150w\" sizes=\"(max-width: 285px) 100vw, 285px\" \/>\n            <\/div>\n        \n                        <div class=\"image-gallery__item\" data-featherlight=\"https:\/\/www.terra-et-ars.de\/aktuelles\/wp-content\/uploads\/2022\/05\/473kg-Buddhafigur-Lavastein-Garten.jpg\">\n                \n                <img width=\"285\" height=\"285\" src=\"https:\/\/www.terra-et-ars.de\/aktuelles\/wp-content\/uploads\/2022\/05\/473kg-Buddhafigur-Lavastein-Garten-285x285.jpg\" class=\"attachment-gallery-medium size-gallery-medium\" alt=\"Buddhafigur Lavastein Garten\" loading=\"lazy\" srcset=\"https:\/\/www.terra-et-ars.de\/aktuelles\/wp-content\/uploads\/2022\/05\/473kg-Buddhafigur-Lavastein-Garten-285x285.jpg 285w, https:\/\/www.terra-et-ars.de\/aktuelles\/wp-content\/uploads\/2022\/05\/473kg-Buddhafigur-Lavastein-Garten-150x150.jpg 150w\" sizes=\"(max-width: 285px) 100vw, 285px\" \/>\n            <\/div>\n        \n                        <div class=\"image-gallery__item\" data-featherlight=\"https:\/\/www.terra-et-ars.de\/aktuelles\/wp-content\/uploads\/2022\/05\/472kg-Buddhafigur-Medizin-stehend-Fluss-Stein.jpg\">\n                \n                <img width=\"285\" height=\"285\" src=\"https:\/\/www.terra-et-ars.de\/aktuelles\/wp-content\/uploads\/2022\/05\/472kg-Buddhafigur-Medizin-stehend-Fluss-Stein-285x285.jpg\" class=\"attachment-gallery-medium size-gallery-medium\" alt=\"Buddhafigur Medizin stehend Fluss Stein\" loading=\"lazy\" srcset=\"https:\/\/www.terra-et-ars.de\/aktuelles\/wp-content\/uploads\/2022\/05\/472kg-Buddhafigur-Medizin-stehend-Fluss-Stein-285x285.jpg 285w, https:\/\/www.terra-et-ars.de\/aktuelles\/wp-content\/uploads\/2022\/05\/472kg-Buddhafigur-Medizin-stehend-Fluss-Stein-150x150.jpg 150w\" sizes=\"(max-width: 285px) 100vw, 285px\" \/>\n            <\/div>\n        \n                        <div class=\"image-gallery__item\" data-featherlight=\"https:\/\/www.terra-et-ars.de\/aktuelles\/wp-content\/uploads\/2022\/01\/471kg-Buddhafigur-Dachterrasse.jpg\">\n                \n                <img width=\"285\" height=\"285\" src=\"https:\/\/www.terra-et-ars.de\/aktuelles\/wp-content\/uploads\/2022\/01\/471kg-Buddhafigur-Dachterrasse-285x285.jpg\" class=\"attachment-gallery-medium size-gallery-medium\" alt=\"Buddhafigur Dachterrasse\" loading=\"lazy\" srcset=\"https:\/\/www.terra-et-ars.de\/aktuelles\/wp-content\/uploads\/2022\/01\/471kg-Buddhafigur-Dachterrasse-285x285.jpg 285w, https:\/\/www.terra-et-ars.de\/aktuelles\/wp-content\/uploads\/2022\/01\/471kg-Buddhafigur-Dachterrasse-150x150.jpg 150w\" sizes=\"(max-width: 285px) 100vw, 285px\" \/>\n            <\/div>\n        \n                        <div class=\"image-gallery__item\" data-featherlight=\"https:\/\/www.terra-et-ars.de\/aktuelles\/wp-content\/uploads\/2021\/11\/470kg-Buddhafigur.jpg\">\n                \n                <img width=\"285\" height=\"285\" src=\"https:\/\/www.terra-et-ars.de\/aktuelles\/wp-content\/uploads\/2021\/11\/470kg-Buddhafigur-285x285.jpg\" class=\"attachment-gallery-medium size-gallery-medium\" alt=\"Buddhafigur\" loading=\"lazy\" srcset=\"https:\/\/www.terra-et-ars.de\/aktuelles\/wp-content\/uploads\/2021\/11\/470kg-Buddhafigur-285x285.jpg 285w, https:\/\/www.terra-et-ars.de\/aktuelles\/wp-content\/uploads\/2021\/11\/470kg-Buddhafigur-150x150.jpg 150w\" sizes=\"(max-width: 285px) 100vw, 285px\" \/>\n            <\/div>\n        \n                        <div class=\"image-gallery__item\" data-featherlight=\"https:\/\/www.terra-et-ars.de\/aktuelles\/wp-content\/uploads\/2021\/10\/468kg-Buddha-Figur.jpg\">\n                \n                <img width=\"285\" height=\"285\" src=\"https:\/\/www.terra-et-ars.de\/aktuelles\/wp-content\/uploads\/2021\/10\/468kg-Buddha-Figur-285x285.jpg\" class=\"attachment-gallery-medium size-gallery-medium\" alt=\"Buddha Figur\" loading=\"lazy\" srcset=\"https:\/\/www.terra-et-ars.de\/aktuelles\/wp-content\/uploads\/2021\/10\/468kg-Buddha-Figur-285x285.jpg 285w, https:\/\/www.terra-et-ars.de\/aktuelles\/wp-content\/uploads\/2021\/10\/468kg-Buddha-Figur-150x150.jpg 150w\" sizes=\"(max-width: 285px) 100vw, 285px\" \/>\n            <\/div>\n        \n                        <div class=\"image-gallery__item\" data-featherlight=\"https:\/\/www.terra-et-ars.de\/aktuelles\/wp-content\/uploads\/2021\/09\/467kg-Buddhafigur-tra\u0308umend.jpg\">\n                \n                <img width=\"285\" height=\"285\" src=\"https:\/\/www.terra-et-ars.de\/aktuelles\/wp-content\/uploads\/2021\/09\/467kg-Buddhafigur-tra\u0308umend-285x285.jpg\" class=\"attachment-gallery-medium size-gallery-medium\" alt=\"Buddhafigur tra\u0308umend\" loading=\"lazy\" srcset=\"https:\/\/www.terra-et-ars.de\/aktuelles\/wp-content\/uploads\/2021\/09\/467kg-Buddhafigur-tra\u0308umend-285x285.jpg 285w, https:\/\/www.terra-et-ars.de\/aktuelles\/wp-content\/uploads\/2021\/09\/467kg-Buddhafigur-tra\u0308umend-150x150.jpg 150w\" sizes=\"(max-width: 285px) 100vw, 285px\" \/>\n            <\/div>\n        \n                        <div class=\"image-gallery__item\" data-featherlight=\"https:\/\/www.terra-et-ars.de\/aktuelles\/wp-content\/uploads\/2021\/08\/464kg-Buddhafigur-Lavastein-Garten.jpg\">\n                \n                <img width=\"285\" height=\"285\" src=\"https:\/\/www.terra-et-ars.de\/aktuelles\/wp-content\/uploads\/2021\/08\/464kg-Buddhafigur-Lavastein-Garten-285x285.jpg\" class=\"attachment-gallery-medium size-gallery-medium\" alt=\"Buddhafigur Lavastein Garten\" loading=\"lazy\" srcset=\"https:\/\/www.terra-et-ars.de\/aktuelles\/wp-content\/uploads\/2021\/08\/464kg-Buddhafigur-Lavastein-Garten-285x285.jpg 285w, https:\/\/www.terra-et-ars.de\/aktuelles\/wp-content\/uploads\/2021\/08\/464kg-Buddhafigur-Lavastein-Garten-150x150.jpg 150w\" sizes=\"(max-width: 285px) 100vw, 285px\" \/>\n            <\/div>\n        \n                        <div class=\"image-gallery__item\" data-featherlight=\"https:\/\/www.terra-et-ars.de\/aktuelles\/wp-content\/uploads\/2021\/08\/462kg-Buddha-sitzend-Garten.jpg\">\n                \n                <img width=\"285\" height=\"285\" src=\"https:\/\/www.terra-et-ars.de\/aktuelles\/wp-content\/uploads\/2021\/08\/462kg-Buddha-sitzend-Garten-285x285.jpg\" class=\"attachment-gallery-medium size-gallery-medium\" alt=\"Buddha sitzend Garten\" loading=\"lazy\" srcset=\"https:\/\/www.terra-et-ars.de\/aktuelles\/wp-content\/uploads\/2021\/08\/462kg-Buddha-sitzend-Garten-285x285.jpg 285w, https:\/\/www.terra-et-ars.de\/aktuelles\/wp-content\/uploads\/2021\/08\/462kg-Buddha-sitzend-Garten-150x150.jpg 150w\" sizes=\"(max-width: 285px) 100vw, 285px\" \/>\n            <\/div>\n        \n                        <div class=\"image-gallery__item\" data-featherlight=\"https:\/\/www.terra-et-ars.de\/aktuelles\/wp-content\/uploads\/2021\/08\/465kg-Mo\u0308nch-Statue-bemoost-am-Teich.jpg\">\n                \n                <img width=\"285\" height=\"285\" src=\"https:\/\/www.terra-et-ars.de\/aktuelles\/wp-content\/uploads\/2021\/08\/465kg-Mo\u0308nch-Statue-bemoost-am-Teich-285x285.jpg\" class=\"attachment-gallery-medium size-gallery-medium\" alt=\"Mo\u0308nch Statue bemoost am Teich\" loading=\"lazy\" srcset=\"https:\/\/www.terra-et-ars.de\/aktuelles\/wp-content\/uploads\/2021\/08\/465kg-Mo\u0308nch-Statue-bemoost-am-Teich-285x285.jpg 285w, https:\/\/www.terra-et-ars.de\/aktuelles\/wp-content\/uploads\/2021\/08\/465kg-Mo\u0308nch-Statue-bemoost-am-Teich-150x150.jpg 150w\" sizes=\"(max-width: 285px) 100vw, 285px\" \/>\n            <\/div>\n        \n                        <div class=\"image-gallery__item\" data-featherlight=\"https:\/\/www.terra-et-ars.de\/aktuelles\/wp-content\/uploads\/2021\/08\/461kg-Buddhafigur-Garten.jpg\">\n                \n                <img width=\"285\" height=\"285\" src=\"https:\/\/www.terra-et-ars.de\/aktuelles\/wp-content\/uploads\/2021\/08\/461kg-Buddhafigur-Garten-285x285.jpg\" class=\"attachment-gallery-medium size-gallery-medium\" alt=\"Buddhafigur Garten\" loading=\"lazy\" srcset=\"https:\/\/www.terra-et-ars.de\/aktuelles\/wp-content\/uploads\/2021\/08\/461kg-Buddhafigur-Garten-285x285.jpg 285w, https:\/\/www.terra-et-ars.de\/aktuelles\/wp-content\/uploads\/2021\/08\/461kg-Buddhafigur-Garten-150x150.jpg 150w\" sizes=\"(max-width: 285px) 100vw, 285px\" \/>\n            <\/div>\n        \n                        <div class=\"image-gallery__item\" data-featherlight=\"https:\/\/www.terra-et-ars.de\/aktuelles\/wp-content\/uploads\/2021\/08\/460kg-Buddhafigur-im-Garten.jpg\">\n                \n                <img width=\"285\" height=\"285\" src=\"https:\/\/www.terra-et-ars.de\/aktuelles\/wp-content\/uploads\/2021\/08\/460kg-Buddhafigur-im-Garten-285x285.jpg\" class=\"attachment-gallery-medium size-gallery-medium\" alt=\"Buddhafigur im Garten\" loading=\"lazy\" srcset=\"https:\/\/www.terra-et-ars.de\/aktuelles\/wp-content\/uploads\/2021\/08\/460kg-Buddhafigur-im-Garten-285x285.jpg 285w, https:\/\/www.terra-et-ars.de\/aktuelles\/wp-content\/uploads\/2021\/08\/460kg-Buddhafigur-im-Garten-150x150.jpg 150w\" sizes=\"(max-width: 285px) 100vw, 285px\" \/>\n            <\/div>\n        \n                        <div class=\"image-gallery__item\" data-featherlight=\"https:\/\/www.terra-et-ars.de\/aktuelles\/wp-content\/uploads\/2021\/08\/458kg-Buddhafigur-Garten.jpg\">\n                \n                <img width=\"285\" height=\"285\" src=\"https:\/\/www.terra-et-ars.de\/aktuelles\/wp-content\/uploads\/2021\/08\/458kg-Buddhafigur-Garten-285x285.jpg\" class=\"attachment-gallery-medium size-gallery-medium\" alt=\"Buddhafigur Garten\" loading=\"lazy\" srcset=\"https:\/\/www.terra-et-ars.de\/aktuelles\/wp-content\/uploads\/2021\/08\/458kg-Buddhafigur-Garten-285x285.jpg 285w, https:\/\/www.terra-et-ars.de\/aktuelles\/wp-content\/uploads\/2021\/08\/458kg-Buddhafigur-Garten-150x150.jpg 150w\" sizes=\"(max-width: 285px) 100vw, 285px\" \/>\n            <\/div>\n        \n                        <div class=\"image-gallery__item\" data-featherlight=\"https:\/\/www.terra-et-ars.de\/aktuelles\/wp-content\/uploads\/2021\/08\/459kg-Buddhafigur-mit-Lichtstrahler.jpg\">\n                \n                <img width=\"285\" height=\"285\" src=\"https:\/\/www.terra-et-ars.de\/aktuelles\/wp-content\/uploads\/2021\/08\/459kg-Buddhafigur-mit-Lichtstrahler-285x285.jpg\" class=\"attachment-gallery-medium size-gallery-medium\" alt=\"Buddhafigur mit Lichtstrahler\" loading=\"lazy\" srcset=\"https:\/\/www.terra-et-ars.de\/aktuelles\/wp-content\/uploads\/2021\/08\/459kg-Buddhafigur-mit-Lichtstrahler-285x285.jpg 285w, https:\/\/www.terra-et-ars.de\/aktuelles\/wp-content\/uploads\/2021\/08\/459kg-Buddhafigur-mit-Lichtstrahler-150x150.jpg 150w\" sizes=\"(max-width: 285px) 100vw, 285px\" \/>\n            <\/div>\n        \n                        <div class=\"image-gallery__item\" data-featherlight=\"https:\/\/www.terra-et-ars.de\/aktuelles\/wp-content\/uploads\/2021\/08\/456kg-Buddhastatue.jpg\">\n                \n                <img width=\"285\" height=\"285\" src=\"https:\/\/www.terra-et-ars.de\/aktuelles\/wp-content\/uploads\/2021\/08\/456kg-Buddhastatue-285x285.jpg\" class=\"attachment-gallery-medium size-gallery-medium\" alt=\"Buddhastatue\" loading=\"lazy\" srcset=\"https:\/\/www.terra-et-ars.de\/aktuelles\/wp-content\/uploads\/2021\/08\/456kg-Buddhastatue-285x285.jpg 285w, https:\/\/www.terra-et-ars.de\/aktuelles\/wp-content\/uploads\/2021\/08\/456kg-Buddhastatue-150x150.jpg 150w\" sizes=\"(max-width: 285px) 100vw, 285px\" \/>\n            <\/div>\n        \n                        <div class=\"image-gallery__item\" data-featherlight=\"https:\/\/www.terra-et-ars.de\/aktuelles\/wp-content\/uploads\/2021\/08\/453kg-Buddhafigur-im-Garten.jpg\">\n                \n                <img width=\"285\" height=\"285\" src=\"https:\/\/www.terra-et-ars.de\/aktuelles\/wp-content\/uploads\/2021\/08\/453kg-Buddhafigur-im-Garten-285x285.jpg\" class=\"attachment-gallery-medium size-gallery-medium\" alt=\"Buddhafigur im Garten\" loading=\"lazy\" srcset=\"https:\/\/www.terra-et-ars.de\/aktuelles\/wp-content\/uploads\/2021\/08\/453kg-Buddhafigur-im-Garten-285x285.jpg 285w, https:\/\/www.terra-et-ars.de\/aktuelles\/wp-content\/uploads\/2021\/08\/453kg-Buddhafigur-im-Garten-150x150.jpg 150w\" sizes=\"(max-width: 285px) 100vw, 285px\" \/>\n            <\/div>\n        \n                        <div class=\"image-gallery__item\" data-featherlight=\"https:\/\/www.terra-et-ars.de\/aktuelles\/wp-content\/uploads\/2021\/08\/455kg-Buddha-Statue-Garten.jpg\">\n                \n                <img width=\"285\" height=\"285\" src=\"https:\/\/www.terra-et-ars.de\/aktuelles\/wp-content\/uploads\/2021\/08\/455kg-Buddha-Statue-Garten-285x285.jpg\" class=\"attachment-gallery-medium size-gallery-medium\" alt=\"Buddha Statue Garten\" loading=\"lazy\" srcset=\"https:\/\/www.terra-et-ars.de\/aktuelles\/wp-content\/uploads\/2021\/08\/455kg-Buddha-Statue-Garten-285x285.jpg 285w, https:\/\/www.terra-et-ars.de\/aktuelles\/wp-content\/uploads\/2021\/08\/455kg-Buddha-Statue-Garten-150x150.jpg 150w\" sizes=\"(max-width: 285px) 100vw, 285px\" \/>\n            <\/div>\n        \n                        <div class=\"image-gallery__item\" data-featherlight=\"https:\/\/www.terra-et-ars.de\/aktuelles\/wp-content\/uploads\/2021\/08\/454kg-Buddha-Statue.jpg\">\n                \n                <img width=\"285\" height=\"285\" src=\"https:\/\/www.terra-et-ars.de\/aktuelles\/wp-content\/uploads\/2021\/08\/454kg-Buddha-Statue-285x285.jpg\" class=\"attachment-gallery-medium size-gallery-medium\" alt=\"Buddha Statue\" loading=\"lazy\" srcset=\"https:\/\/www.terra-et-ars.de\/aktuelles\/wp-content\/uploads\/2021\/08\/454kg-Buddha-Statue-285x285.jpg 285w, https:\/\/www.terra-et-ars.de\/aktuelles\/wp-content\/uploads\/2021\/08\/454kg-Buddha-Statue-150x150.jpg 150w\" sizes=\"(max-width: 285px) 100vw, 285px\" \/>\n            <\/div>\n        \n                        <div class=\"image-gallery__item\" data-featherlight=\"https:\/\/www.terra-et-ars.de\/aktuelles\/wp-content\/uploads\/2021\/08\/457kg-Buddhafigur-beleuchtet.jpg\">\n                \n                <img width=\"285\" height=\"285\" src=\"https:\/\/www.terra-et-ars.de\/aktuelles\/wp-content\/uploads\/2021\/08\/457kg-Buddhafigur-beleuchtet-285x285.jpg\" class=\"attachment-gallery-medium size-gallery-medium\" alt=\"Buddhafigur beleuchtet\" loading=\"lazy\" srcset=\"https:\/\/www.terra-et-ars.de\/aktuelles\/wp-content\/uploads\/2021\/08\/457kg-Buddhafigur-beleuchtet-285x285.jpg 285w, https:\/\/www.terra-et-ars.de\/aktuelles\/wp-content\/uploads\/2021\/08\/457kg-Buddhafigur-beleuchtet-150x150.jpg 150w\" sizes=\"(max-width: 285px) 100vw, 285px\" \/>\n            <\/div>\n        \n                        <div class=\"image-gallery__item\" data-featherlight=\"https:\/\/www.terra-et-ars.de\/aktuelles\/wp-content\/uploads\/2021\/07\/452kg-Steindrachen.jpg\">\n                \n                <img width=\"285\" height=\"285\" src=\"https:\/\/www.terra-et-ars.de\/aktuelles\/wp-content\/uploads\/2021\/07\/452kg-Steindrachen-285x285.jpg\" class=\"attachment-gallery-medium size-gallery-medium\" alt=\"Steindrachen\" loading=\"lazy\" srcset=\"https:\/\/www.terra-et-ars.de\/aktuelles\/wp-content\/uploads\/2021\/07\/452kg-Steindrachen-285x285.jpg 285w, https:\/\/www.terra-et-ars.de\/aktuelles\/wp-content\/uploads\/2021\/07\/452kg-Steindrachen-150x150.jpg 150w\" sizes=\"(max-width: 285px) 100vw, 285px\" \/>\n            <\/div>\n        \n                        <div class=\"image-gallery__item\" data-featherlight=\"https:\/\/www.terra-et-ars.de\/aktuelles\/wp-content\/uploads\/2021\/07\/451kg-Drache-Stein.jpg\">\n                \n                <img width=\"285\" height=\"285\" src=\"https:\/\/www.terra-et-ars.de\/aktuelles\/wp-content\/uploads\/2021\/07\/451kg-Drache-Stein-285x285.jpg\" class=\"attachment-gallery-medium size-gallery-medium\" alt=\"Drache Stein\" loading=\"lazy\" srcset=\"https:\/\/www.terra-et-ars.de\/aktuelles\/wp-content\/uploads\/2021\/07\/451kg-Drache-Stein-285x285.jpg 285w, https:\/\/www.terra-et-ars.de\/aktuelles\/wp-content\/uploads\/2021\/07\/451kg-Drache-Stein-150x150.jpg 150w\" sizes=\"(max-width: 285px) 100vw, 285px\" \/>\n            <\/div>\n        \n                        <div class=\"image-gallery__item\" data-featherlight=\"https:\/\/www.terra-et-ars.de\/aktuelles\/wp-content\/uploads\/2021\/07\/450kg-Nandi-Statue.jpg\">\n                \n                <img width=\"285\" height=\"285\" src=\"https:\/\/www.terra-et-ars.de\/aktuelles\/wp-content\/uploads\/2021\/07\/450kg-Nandi-Statue-285x285.jpg\" class=\"attachment-gallery-medium size-gallery-medium\" alt=\"Nandi Statue\" loading=\"lazy\" srcset=\"https:\/\/www.terra-et-ars.de\/aktuelles\/wp-content\/uploads\/2021\/07\/450kg-Nandi-Statue-285x285.jpg 285w, https:\/\/www.terra-et-ars.de\/aktuelles\/wp-content\/uploads\/2021\/07\/450kg-Nandi-Statue-150x150.jpg 150w\" sizes=\"(max-width: 285px) 100vw, 285px\" \/>\n            <\/div>\n        \n                        <div class=\"image-gallery__item\" data-featherlight=\"https:\/\/www.terra-et-ars.de\/aktuelles\/wp-content\/uploads\/2021\/07\/448kg-Buddhafigur.jpg\">\n                \n                <img width=\"285\" height=\"285\" src=\"https:\/\/www.terra-et-ars.de\/aktuelles\/wp-content\/uploads\/2021\/07\/448kg-Buddhafigur-285x285.jpg\" class=\"attachment-gallery-medium size-gallery-medium\" alt=\"Buddhafigur\" loading=\"lazy\" srcset=\"https:\/\/www.terra-et-ars.de\/aktuelles\/wp-content\/uploads\/2021\/07\/448kg-Buddhafigur-285x285.jpg 285w, https:\/\/www.terra-et-ars.de\/aktuelles\/wp-content\/uploads\/2021\/07\/448kg-Buddhafigur-150x150.jpg 150w\" sizes=\"(max-width: 285px) 100vw, 285px\" \/>\n            <\/div>\n        \n                        <div class=\"image-gallery__item\" data-featherlight=\"https:\/\/www.terra-et-ars.de\/aktuelles\/wp-content\/uploads\/2021\/07\/445kg-Buddhafigur-auf-Podest-mit-Efeu.jpg\">\n                \n                <img width=\"285\" height=\"285\" src=\"https:\/\/www.terra-et-ars.de\/aktuelles\/wp-content\/uploads\/2021\/07\/445kg-Buddhafigur-auf-Podest-mit-Efeu-285x285.jpg\" class=\"attachment-gallery-medium size-gallery-medium\" alt=\"Buddhafigur auf Podest mit Efeu\" loading=\"lazy\" srcset=\"https:\/\/www.terra-et-ars.de\/aktuelles\/wp-content\/uploads\/2021\/07\/445kg-Buddhafigur-auf-Podest-mit-Efeu-285x285.jpg 285w, https:\/\/www.terra-et-ars.de\/aktuelles\/wp-content\/uploads\/2021\/07\/445kg-Buddhafigur-auf-Podest-mit-Efeu-150x150.jpg 150w\" sizes=\"(max-width: 285px) 100vw, 285px\" \/>\n            <\/div>\n        \n                        <div class=\"image-gallery__item\" data-featherlight=\"https:\/\/www.terra-et-ars.de\/aktuelles\/wp-content\/uploads\/2021\/07\/446kg-Buddhafigur-beleuchtet-Abendstimmung.jpg\">\n                \n                <img width=\"285\" height=\"285\" src=\"https:\/\/www.terra-et-ars.de\/aktuelles\/wp-content\/uploads\/2021\/07\/446kg-Buddhafigur-beleuchtet-Abendstimmung-285x285.jpg\" class=\"attachment-gallery-medium size-gallery-medium\" alt=\"Buddhafigur beleuchtet Abendstimmung\" loading=\"lazy\" srcset=\"https:\/\/www.terra-et-ars.de\/aktuelles\/wp-content\/uploads\/2021\/07\/446kg-Buddhafigur-beleuchtet-Abendstimmung-285x285.jpg 285w, https:\/\/www.terra-et-ars.de\/aktuelles\/wp-content\/uploads\/2021\/07\/446kg-Buddhafigur-beleuchtet-Abendstimmung-150x150.jpg 150w\" sizes=\"(max-width: 285px) 100vw, 285px\" \/>\n            <\/div>\n        \n                        <div class=\"image-gallery__item\" data-featherlight=\"https:\/\/www.terra-et-ars.de\/aktuelles\/wp-content\/uploads\/2021\/07\/447kg-Buddhafigur-am-Pool.jpg\">\n                \n                <img width=\"285\" height=\"285\" src=\"https:\/\/www.terra-et-ars.de\/aktuelles\/wp-content\/uploads\/2021\/07\/447kg-Buddhafigur-am-Pool-285x285.jpg\" class=\"attachment-gallery-medium size-gallery-medium\" alt=\"Buddhafigur am Pool\" loading=\"lazy\" srcset=\"https:\/\/www.terra-et-ars.de\/aktuelles\/wp-content\/uploads\/2021\/07\/447kg-Buddhafigur-am-Pool-285x285.jpg 285w, https:\/\/www.terra-et-ars.de\/aktuelles\/wp-content\/uploads\/2021\/07\/447kg-Buddhafigur-am-Pool-150x150.jpg 150w\" sizes=\"(max-width: 285px) 100vw, 285px\" \/>\n            <\/div>\n        \n                        <div class=\"image-gallery__item\" data-featherlight=\"https:\/\/www.terra-et-ars.de\/aktuelles\/wp-content\/uploads\/2021\/07\/444kg-Buddhafigur.jpg\">\n                \n                <img width=\"285\" height=\"285\" src=\"https:\/\/www.terra-et-ars.de\/aktuelles\/wp-content\/uploads\/2021\/07\/444kg-Buddhafigur-285x285.jpg\" class=\"attachment-gallery-medium size-gallery-medium\" alt=\"Buddhafigur Garten\" loading=\"lazy\" srcset=\"https:\/\/www.terra-et-ars.de\/aktuelles\/wp-content\/uploads\/2021\/07\/444kg-Buddhafigur-285x285.jpg 285w, https:\/\/www.terra-et-ars.de\/aktuelles\/wp-content\/uploads\/2021\/07\/444kg-Buddhafigur-150x150.jpg 150w\" sizes=\"(max-width: 285px) 100vw, 285px\" \/>\n            <\/div>\n        \n                        <div class=\"image-gallery__item\" data-featherlight=\"https:\/\/www.terra-et-ars.de\/aktuelles\/wp-content\/uploads\/2021\/06\/443kg-Dewi-Statue.jpg\">\n                \n                <img width=\"285\" height=\"285\" src=\"https:\/\/www.terra-et-ars.de\/aktuelles\/wp-content\/uploads\/2021\/06\/443kg-Dewi-Statue-285x285.jpg\" class=\"attachment-gallery-medium size-gallery-medium\" alt=\"Dewi Statue\" loading=\"lazy\" srcset=\"https:\/\/www.terra-et-ars.de\/aktuelles\/wp-content\/uploads\/2021\/06\/443kg-Dewi-Statue-285x285.jpg 285w, https:\/\/www.terra-et-ars.de\/aktuelles\/wp-content\/uploads\/2021\/06\/443kg-Dewi-Statue-150x150.jpg 150w\" sizes=\"(max-width: 285px) 100vw, 285px\" \/>\n            <\/div>\n        \n                        <div class=\"image-gallery__item\" data-featherlight=\"https:\/\/www.terra-et-ars.de\/aktuelles\/wp-content\/uploads\/2021\/06\/442kg-Dewi-Kopf.jpg\">\n                \n                <img width=\"285\" height=\"285\" src=\"https:\/\/www.terra-et-ars.de\/aktuelles\/wp-content\/uploads\/2021\/06\/442kg-Dewi-Kopf-285x285.jpg\" class=\"attachment-gallery-medium size-gallery-medium\" alt=\"Dewi Kopf\" loading=\"lazy\" srcset=\"https:\/\/www.terra-et-ars.de\/aktuelles\/wp-content\/uploads\/2021\/06\/442kg-Dewi-Kopf-285x285.jpg 285w, https:\/\/www.terra-et-ars.de\/aktuelles\/wp-content\/uploads\/2021\/06\/442kg-Dewi-Kopf-150x150.jpg 150w\" sizes=\"(max-width: 285px) 100vw, 285px\" \/>\n            <\/div>\n        \n                        <div class=\"image-gallery__item\" data-featherlight=\"https:\/\/www.terra-et-ars.de\/aktuelles\/wp-content\/uploads\/2021\/06\/441kg-Dewibu\u0308ste.jpg\">\n                \n                <img width=\"285\" height=\"285\" src=\"https:\/\/www.terra-et-ars.de\/aktuelles\/wp-content\/uploads\/2021\/06\/441kg-Dewibu\u0308ste-285x285.jpg\" class=\"attachment-gallery-medium size-gallery-medium\" alt=\"Dewi B\u00fcste\" loading=\"lazy\" srcset=\"https:\/\/www.terra-et-ars.de\/aktuelles\/wp-content\/uploads\/2021\/06\/441kg-Dewibu\u0308ste-285x285.jpg 285w, https:\/\/www.terra-et-ars.de\/aktuelles\/wp-content\/uploads\/2021\/06\/441kg-Dewibu\u0308ste-150x150.jpg 150w\" sizes=\"(max-width: 285px) 100vw, 285px\" \/>\n            <\/div>\n        \n                        <div class=\"image-gallery__item\" data-featherlight=\"https:\/\/www.terra-et-ars.de\/aktuelles\/wp-content\/uploads\/2021\/06\/440kg-Ganesha-Statue-Garten.jpg\">\n                \n                <img width=\"285\" height=\"285\" src=\"https:\/\/www.terra-et-ars.de\/aktuelles\/wp-content\/uploads\/2021\/06\/440kg-Ganesha-Statue-Garten-285x285.jpg\" class=\"attachment-gallery-medium size-gallery-medium\" alt=\"Ganesha Statue Garten\" loading=\"lazy\" srcset=\"https:\/\/www.terra-et-ars.de\/aktuelles\/wp-content\/uploads\/2021\/06\/440kg-Ganesha-Statue-Garten-285x285.jpg 285w, https:\/\/www.terra-et-ars.de\/aktuelles\/wp-content\/uploads\/2021\/06\/440kg-Ganesha-Statue-Garten-300x300.jpg 300w, https:\/\/www.terra-et-ars.de\/aktuelles\/wp-content\/uploads\/2021\/06\/440kg-Ganesha-Statue-Garten-150x150.jpg 150w, https:\/\/www.terra-et-ars.de\/aktuelles\/wp-content\/uploads\/2021\/06\/440kg-Ganesha-Statue-Garten-768x768.jpg 768w, https:\/\/www.terra-et-ars.de\/aktuelles\/wp-content\/uploads\/2021\/06\/440kg-Ganesha-Statue-Garten.jpg 800w\" sizes=\"(max-width: 285px) 100vw, 285px\" \/>\n            <\/div>\n        \n                        <div class=\"image-gallery__item\" data-featherlight=\"https:\/\/www.terra-et-ars.de\/aktuelles\/wp-content\/uploads\/2021\/06\/438kg-Buddhafigur.jpg\">\n                \n                <img width=\"285\" height=\"285\" src=\"https:\/\/www.terra-et-ars.de\/aktuelles\/wp-content\/uploads\/2021\/06\/438kg-Buddhafigur-285x285.jpg\" class=\"attachment-gallery-medium size-gallery-medium\" alt=\"Buddhafigur Garten\" loading=\"lazy\" srcset=\"https:\/\/www.terra-et-ars.de\/aktuelles\/wp-content\/uploads\/2021\/06\/438kg-Buddhafigur-285x285.jpg 285w, https:\/\/www.terra-et-ars.de\/aktuelles\/wp-content\/uploads\/2021\/06\/438kg-Buddhafigur-150x150.jpg 150w\" sizes=\"(max-width: 285px) 100vw, 285px\" \/>\n            <\/div>\n        \n                        <div class=\"image-gallery__item\" data-featherlight=\"https:\/\/www.terra-et-ars.de\/aktuelles\/wp-content\/uploads\/2021\/06\/437kg-Buddhafigur.jpg\">\n                \n                <img width=\"285\" height=\"285\" src=\"https:\/\/www.terra-et-ars.de\/aktuelles\/wp-content\/uploads\/2021\/06\/437kg-Buddhafigur-285x285.jpg\" class=\"attachment-gallery-medium size-gallery-medium\" alt=\"Buddhafigur beleuchtet\" loading=\"lazy\" srcset=\"https:\/\/www.terra-et-ars.de\/aktuelles\/wp-content\/uploads\/2021\/06\/437kg-Buddhafigur-285x285.jpg 285w, https:\/\/www.terra-et-ars.de\/aktuelles\/wp-content\/uploads\/2021\/06\/437kg-Buddhafigur-150x150.jpg 150w\" sizes=\"(max-width: 285px) 100vw, 285px\" \/>\n            <\/div>\n        \n                        <div class=\"image-gallery__item\" data-featherlight=\"https:\/\/www.terra-et-ars.de\/aktuelles\/wp-content\/uploads\/2021\/05\/435kg-Buddhafigur-Pfingstrosen.jpg\">\n                \n                <img width=\"285\" height=\"285\" src=\"https:\/\/www.terra-et-ars.de\/aktuelles\/wp-content\/uploads\/2021\/05\/435kg-Buddhafigur-Pfingstrosen-285x285.jpg\" class=\"attachment-gallery-medium size-gallery-medium\" alt=\"Buddhafigur mit Pfingstrosen\" loading=\"lazy\" srcset=\"https:\/\/www.terra-et-ars.de\/aktuelles\/wp-content\/uploads\/2021\/05\/435kg-Buddhafigur-Pfingstrosen-285x285.jpg 285w, https:\/\/www.terra-et-ars.de\/aktuelles\/wp-content\/uploads\/2021\/05\/435kg-Buddhafigur-Pfingstrosen-150x150.jpg 150w\" sizes=\"(max-width: 285px) 100vw, 285px\" \/>\n            <\/div>\n        \n                        <div class=\"image-gallery__item\" data-featherlight=\"https:\/\/www.terra-et-ars.de\/aktuelles\/wp-content\/uploads\/2021\/05\/432kg-Buddhafigur-am-Teich.jpg\">\n                \n                <img width=\"285\" height=\"285\" src=\"https:\/\/www.terra-et-ars.de\/aktuelles\/wp-content\/uploads\/2021\/05\/432kg-Buddhafigur-am-Teich-285x285.jpg\" class=\"attachment-gallery-medium size-gallery-medium\" alt=\"Buddhafigur am Teich\" loading=\"lazy\" srcset=\"https:\/\/www.terra-et-ars.de\/aktuelles\/wp-content\/uploads\/2021\/05\/432kg-Buddhafigur-am-Teich-285x285.jpg 285w, https:\/\/www.terra-et-ars.de\/aktuelles\/wp-content\/uploads\/2021\/05\/432kg-Buddhafigur-am-Teich-150x150.jpg 150w\" sizes=\"(max-width: 285px) 100vw, 285px\" \/>\n            <\/div>\n        \n                        <div class=\"image-gallery__item\" data-featherlight=\"https:\/\/www.terra-et-ars.de\/aktuelles\/wp-content\/uploads\/2021\/05\/434kg-Buddhafigur-am-Teich.jpg\">\n                \n                <img width=\"285\" height=\"285\" src=\"https:\/\/www.terra-et-ars.de\/aktuelles\/wp-content\/uploads\/2021\/05\/434kg-Buddhafigur-am-Teich-285x285.jpg\" class=\"attachment-gallery-medium size-gallery-medium\" alt=\"Buddhafigur am Teich\" loading=\"lazy\" srcset=\"https:\/\/www.terra-et-ars.de\/aktuelles\/wp-content\/uploads\/2021\/05\/434kg-Buddhafigur-am-Teich-285x285.jpg 285w, https:\/\/www.terra-et-ars.de\/aktuelles\/wp-content\/uploads\/2021\/05\/434kg-Buddhafigur-am-Teich-150x150.jpg 150w\" sizes=\"(max-width: 285px) 100vw, 285px\" \/>\n            <\/div>\n        \n                        <div class=\"image-gallery__item\" data-featherlight=\"https:\/\/www.terra-et-ars.de\/aktuelles\/wp-content\/uploads\/2021\/04\/Dewi-Grussgeste-Lavastein.jpg\">\n                \n                <img width=\"285\" height=\"285\" src=\"https:\/\/www.terra-et-ars.de\/aktuelles\/wp-content\/uploads\/2021\/04\/Dewi-Grussgeste-Lavastein-285x285.jpg\" class=\"attachment-gallery-medium size-gallery-medium\" alt=\"Dewi Gruss Geste Lavastein\" loading=\"lazy\" srcset=\"https:\/\/www.terra-et-ars.de\/aktuelles\/wp-content\/uploads\/2021\/04\/Dewi-Grussgeste-Lavastein-285x285.jpg 285w, https:\/\/www.terra-et-ars.de\/aktuelles\/wp-content\/uploads\/2021\/04\/Dewi-Grussgeste-Lavastein-150x150.jpg 150w\" sizes=\"(max-width: 285px) 100vw, 285px\" \/>\n            <\/div>\n        \n                        <div class=\"image-gallery__item\" data-featherlight=\"https:\/\/www.terra-et-ars.de\/aktuelles\/wp-content\/uploads\/2021\/04\/Dewi-Grussgeste-Lava-Stein.jpg\">\n                \n                <img width=\"285\" height=\"285\" src=\"https:\/\/www.terra-et-ars.de\/aktuelles\/wp-content\/uploads\/2021\/04\/Dewi-Grussgeste-Lava-Stein-285x285.jpg\" class=\"attachment-gallery-medium size-gallery-medium\" alt=\"Dewi Gruss Geste Lavastein\" loading=\"lazy\" srcset=\"https:\/\/www.terra-et-ars.de\/aktuelles\/wp-content\/uploads\/2021\/04\/Dewi-Grussgeste-Lava-Stein-285x285.jpg 285w, https:\/\/www.terra-et-ars.de\/aktuelles\/wp-content\/uploads\/2021\/04\/Dewi-Grussgeste-Lava-Stein-150x150.jpg 150w\" sizes=\"(max-width: 285px) 100vw, 285px\" \/>\n            <\/div>\n        \n                        <div class=\"image-gallery__item\" data-featherlight=\"https:\/\/www.terra-et-ars.de\/aktuelles\/wp-content\/uploads\/2021\/04\/Dewi-Gruss-Geste-Lavastein.jpg\">\n                \n                <img width=\"285\" height=\"285\" src=\"https:\/\/www.terra-et-ars.de\/aktuelles\/wp-content\/uploads\/2021\/04\/Dewi-Gruss-Geste-Lavastein-285x285.jpg\" class=\"attachment-gallery-medium size-gallery-medium\" alt=\"Dewi Gruss Geste Lavastein im Abendlicht\" loading=\"lazy\" srcset=\"https:\/\/www.terra-et-ars.de\/aktuelles\/wp-content\/uploads\/2021\/04\/Dewi-Gruss-Geste-Lavastein-285x285.jpg 285w, https:\/\/www.terra-et-ars.de\/aktuelles\/wp-content\/uploads\/2021\/04\/Dewi-Gruss-Geste-Lavastein-300x300.jpg 300w, https:\/\/www.terra-et-ars.de\/aktuelles\/wp-content\/uploads\/2021\/04\/Dewi-Gruss-Geste-Lavastein-150x150.jpg 150w, https:\/\/www.terra-et-ars.de\/aktuelles\/wp-content\/uploads\/2021\/04\/Dewi-Gruss-Geste-Lavastein.jpg 600w\" sizes=\"(max-width: 285px) 100vw, 285px\" \/>\n            <\/div>\n        \n                        <div class=\"image-gallery__item\" data-featherlight=\"https:\/\/www.terra-et-ars.de\/aktuelles\/wp-content\/uploads\/2021\/04\/425kg-Buddhafigur.jpg\">\n                \n                <img width=\"285\" height=\"285\" src=\"https:\/\/www.terra-et-ars.de\/aktuelles\/wp-content\/uploads\/2021\/04\/425kg-Buddhafigur-285x285.jpg\" class=\"attachment-gallery-medium size-gallery-medium\" alt=\"Buddhafigur\" loading=\"lazy\" srcset=\"https:\/\/www.terra-et-ars.de\/aktuelles\/wp-content\/uploads\/2021\/04\/425kg-Buddhafigur-285x285.jpg 285w, https:\/\/www.terra-et-ars.de\/aktuelles\/wp-content\/uploads\/2021\/04\/425kg-Buddhafigur-150x150.jpg 150w\" sizes=\"(max-width: 285px) 100vw, 285px\" \/>\n            <\/div>\n        \n                        <div class=\"image-gallery__item\" data-featherlight=\"https:\/\/www.terra-et-ars.de\/aktuelles\/wp-content\/uploads\/2021\/04\/424kg-Buddhafigur.jpg\">\n                \n                <img width=\"285\" height=\"285\" src=\"https:\/\/www.terra-et-ars.de\/aktuelles\/wp-content\/uploads\/2021\/04\/424kg-Buddhafigur-285x285.jpg\" class=\"attachment-gallery-medium size-gallery-medium\" alt=\"Buddhafigur\" loading=\"lazy\" srcset=\"https:\/\/www.terra-et-ars.de\/aktuelles\/wp-content\/uploads\/2021\/04\/424kg-Buddhafigur-285x285.jpg 285w, https:\/\/www.terra-et-ars.de\/aktuelles\/wp-content\/uploads\/2021\/04\/424kg-Buddhafigur-150x150.jpg 150w\" sizes=\"(max-width: 285px) 100vw, 285px\" \/>\n            <\/div>\n        \n                        <div class=\"image-gallery__item\" data-featherlight=\"https:\/\/www.terra-et-ars.de\/aktuelles\/wp-content\/uploads\/2021\/04\/423kg-Dewi-Statue.jpg\">\n                \n                <img width=\"285\" height=\"285\" src=\"https:\/\/www.terra-et-ars.de\/aktuelles\/wp-content\/uploads\/2021\/04\/423kg-Dewi-Statue-285x285.jpg\" class=\"attachment-gallery-medium size-gallery-medium\" alt=\"Dewi Statue\" loading=\"lazy\" srcset=\"https:\/\/www.terra-et-ars.de\/aktuelles\/wp-content\/uploads\/2021\/04\/423kg-Dewi-Statue-285x285.jpg 285w, https:\/\/www.terra-et-ars.de\/aktuelles\/wp-content\/uploads\/2021\/04\/423kg-Dewi-Statue-150x150.jpg 150w\" sizes=\"(max-width: 285px) 100vw, 285px\" \/>\n            <\/div>\n        \n                        <div class=\"image-gallery__item\" data-featherlight=\"https:\/\/www.terra-et-ars.de\/aktuelles\/wp-content\/uploads\/2021\/04\/422kg-Dewi-Statue.jpg\">\n                \n                <img width=\"285\" height=\"285\" src=\"https:\/\/www.terra-et-ars.de\/aktuelles\/wp-content\/uploads\/2021\/04\/422kg-Dewi-Statue-285x285.jpg\" class=\"attachment-gallery-medium size-gallery-medium\" alt=\"Dewi Statue\" loading=\"lazy\" srcset=\"https:\/\/www.terra-et-ars.de\/aktuelles\/wp-content\/uploads\/2021\/04\/422kg-Dewi-Statue-285x285.jpg 285w, https:\/\/www.terra-et-ars.de\/aktuelles\/wp-content\/uploads\/2021\/04\/422kg-Dewi-Statue-150x150.jpg 150w\" sizes=\"(max-width: 285px) 100vw, 285px\" \/>\n            <\/div>\n        \n                        <div class=\"image-gallery__item\" data-featherlight=\"https:\/\/www.terra-et-ars.de\/aktuelles\/wp-content\/uploads\/2021\/01\/260kg-buddha-figur.jpg\">\n                \n                <img width=\"285\" height=\"285\" src=\"https:\/\/www.terra-et-ars.de\/aktuelles\/wp-content\/uploads\/2021\/01\/260kg-buddha-figur-285x285.jpg\" class=\"attachment-gallery-medium size-gallery-medium\" alt=\"Buddha Figur\" loading=\"lazy\" srcset=\"https:\/\/www.terra-et-ars.de\/aktuelles\/wp-content\/uploads\/2021\/01\/260kg-buddha-figur-285x285.jpg 285w, https:\/\/www.terra-et-ars.de\/aktuelles\/wp-content\/uploads\/2021\/01\/260kg-buddha-figur-150x150.jpg 150w\" sizes=\"(max-width: 285px) 100vw, 285px\" \/>\n            <\/div>\n        \n                        <div class=\"image-gallery__item\" data-featherlight=\"https:\/\/www.terra-et-ars.de\/aktuelles\/wp-content\/uploads\/2021\/01\/262kg-buddha-figur.jpg\">\n                \n                <img width=\"285\" height=\"285\" src=\"https:\/\/www.terra-et-ars.de\/aktuelles\/wp-content\/uploads\/2021\/01\/262kg-buddha-figur-285x285.jpg\" class=\"attachment-gallery-medium size-gallery-medium\" alt=\"Buddha Figur\" loading=\"lazy\" srcset=\"https:\/\/www.terra-et-ars.de\/aktuelles\/wp-content\/uploads\/2021\/01\/262kg-buddha-figur-285x285.jpg 285w, https:\/\/www.terra-et-ars.de\/aktuelles\/wp-content\/uploads\/2021\/01\/262kg-buddha-figur-150x150.jpg 150w\" sizes=\"(max-width: 285px) 100vw, 285px\" \/>\n            <\/div>\n        \n                        <div class=\"image-gallery__item\" data-featherlight=\"https:\/\/www.terra-et-ars.de\/aktuelles\/wp-content\/uploads\/2021\/01\/261kg-dewi-statue.jpg\">\n                \n                <img width=\"285\" height=\"285\" src=\"https:\/\/www.terra-et-ars.de\/aktuelles\/wp-content\/uploads\/2021\/01\/261kg-dewi-statue-285x285.jpg\" class=\"attachment-gallery-medium size-gallery-medium\" alt=\"Dewi Statue Wasserkrug\" loading=\"lazy\" srcset=\"https:\/\/www.terra-et-ars.de\/aktuelles\/wp-content\/uploads\/2021\/01\/261kg-dewi-statue-285x285.jpg 285w, https:\/\/www.terra-et-ars.de\/aktuelles\/wp-content\/uploads\/2021\/01\/261kg-dewi-statue-150x150.jpg 150w\" sizes=\"(max-width: 285px) 100vw, 285px\" \/>\n            <\/div>\n        \n                        <div class=\"image-gallery__item\" data-featherlight=\"https:\/\/www.terra-et-ars.de\/aktuelles\/wp-content\/uploads\/2021\/01\/264kg-buddha-figur.jpg\">\n                \n                <img width=\"285\" height=\"285\" src=\"https:\/\/www.terra-et-ars.de\/aktuelles\/wp-content\/uploads\/2021\/01\/264kg-buddha-figur-285x285.jpg\" class=\"attachment-gallery-medium size-gallery-medium\" alt=\"Buddha Figur im Winter\" loading=\"lazy\" srcset=\"https:\/\/www.terra-et-ars.de\/aktuelles\/wp-content\/uploads\/2021\/01\/264kg-buddha-figur-285x285.jpg 285w, https:\/\/www.terra-et-ars.de\/aktuelles\/wp-content\/uploads\/2021\/01\/264kg-buddha-figur-150x150.jpg 150w\" sizes=\"(max-width: 285px) 100vw, 285px\" \/>\n            <\/div>\n        \n                        <div class=\"image-gallery__item\" data-featherlight=\"https:\/\/www.terra-et-ars.de\/aktuelles\/wp-content\/uploads\/2021\/01\/421kg-Dewi-Sri-mit-Blattgold.jpg\">\n                \n                <img width=\"285\" height=\"285\" src=\"https:\/\/www.terra-et-ars.de\/aktuelles\/wp-content\/uploads\/2021\/01\/421kg-Dewi-Sri-mit-Blattgold-285x285.jpg\" class=\"attachment-gallery-medium size-gallery-medium\" alt=\"Dewi Sri mit Blattgold\" loading=\"lazy\" srcset=\"https:\/\/www.terra-et-ars.de\/aktuelles\/wp-content\/uploads\/2021\/01\/421kg-Dewi-Sri-mit-Blattgold-285x285.jpg 285w, https:\/\/www.terra-et-ars.de\/aktuelles\/wp-content\/uploads\/2021\/01\/421kg-Dewi-Sri-mit-Blattgold-150x150.jpg 150w\" sizes=\"(max-width: 285px) 100vw, 285px\" \/>\n            <\/div>\n        \n                        <div class=\"image-gallery__item\" data-featherlight=\"https:\/\/www.terra-et-ars.de\/aktuelles\/wp-content\/uploads\/2021\/05\/429kg-Buddhafigur-beleuchtet.jpg\">\n                \n                <img width=\"285\" height=\"285\" src=\"https:\/\/www.terra-et-ars.de\/aktuelles\/wp-content\/uploads\/2021\/05\/429kg-Buddhafigur-beleuchtet-285x285.jpg\" class=\"attachment-gallery-medium size-gallery-medium\" alt=\"Buddhafigur beleuchtet\" loading=\"lazy\" srcset=\"https:\/\/www.terra-et-ars.de\/aktuelles\/wp-content\/uploads\/2021\/05\/429kg-Buddhafigur-beleuchtet-285x285.jpg 285w, https:\/\/www.terra-et-ars.de\/aktuelles\/wp-content\/uploads\/2021\/05\/429kg-Buddhafigur-beleuchtet-150x150.jpg 150w\" sizes=\"(max-width: 285px) 100vw, 285px\" \/>\n            <\/div>\n        \n                        <div class=\"image-gallery__item\" data-featherlight=\"https:\/\/www.terra-et-ars.de\/aktuelles\/wp-content\/uploads\/2021\/05\/431kg-Buddhafigur-Garten.jpg\">\n                \n                <img width=\"285\" height=\"285\" src=\"https:\/\/www.terra-et-ars.de\/aktuelles\/wp-content\/uploads\/2021\/05\/431kg-Buddhafigur-Garten-285x285.jpg\" class=\"attachment-gallery-medium size-gallery-medium\" alt=\"Buddhafigur Garten\" loading=\"lazy\" srcset=\"https:\/\/www.terra-et-ars.de\/aktuelles\/wp-content\/uploads\/2021\/05\/431kg-Buddhafigur-Garten-285x285.jpg 285w, https:\/\/www.terra-et-ars.de\/aktuelles\/wp-content\/uploads\/2021\/05\/431kg-Buddhafigur-Garten-150x150.jpg 150w\" sizes=\"(max-width: 285px) 100vw, 285px\" \/>\n            <\/div>\n        \n                        <div class=\"image-gallery__item\" data-featherlight=\"https:\/\/www.terra-et-ars.de\/aktuelles\/wp-content\/uploads\/2021\/05\/430kg-Buddhafigur-beleuchtet-am-Pool.jpg\">\n                \n                <img width=\"285\" height=\"285\" src=\"https:\/\/www.terra-et-ars.de\/aktuelles\/wp-content\/uploads\/2021\/05\/430kg-Buddhafigur-beleuchtet-am-Pool-285x285.jpg\" class=\"attachment-gallery-medium size-gallery-medium\" alt=\"Buddhafigur beleuchtet am Pool\" loading=\"lazy\" srcset=\"https:\/\/www.terra-et-ars.de\/aktuelles\/wp-content\/uploads\/2021\/05\/430kg-Buddhafigur-beleuchtet-am-Pool-285x285.jpg 285w, https:\/\/www.terra-et-ars.de\/aktuelles\/wp-content\/uploads\/2021\/05\/430kg-Buddhafigur-beleuchtet-am-Pool-150x150.jpg 150w\" sizes=\"(max-width: 285px) 100vw, 285px\" \/>\n            <\/div>\n        \n                        <div class=\"image-gallery__item\" data-featherlight=\"https:\/\/www.terra-et-ars.de\/aktuelles\/wp-content\/uploads\/2020\/11\/417kg-Buddhafigur-auf-Travertin-Sockel.jpg\">\n                \n                <img width=\"285\" height=\"285\" src=\"https:\/\/www.terra-et-ars.de\/aktuelles\/wp-content\/uploads\/2020\/11\/417kg-Buddhafigur-auf-Travertin-Sockel-285x285.jpg\" class=\"attachment-gallery-medium size-gallery-medium\" alt=\"Buddhafigur auf Travertin Sockel\" loading=\"lazy\" srcset=\"https:\/\/www.terra-et-ars.de\/aktuelles\/wp-content\/uploads\/2020\/11\/417kg-Buddhafigur-auf-Travertin-Sockel-285x285.jpg 285w, https:\/\/www.terra-et-ars.de\/aktuelles\/wp-content\/uploads\/2020\/11\/417kg-Buddhafigur-auf-Travertin-Sockel-150x150.jpg 150w\" sizes=\"(max-width: 285px) 100vw, 285px\" \/>\n            <\/div>\n        \n                        <div class=\"image-gallery__item\" data-featherlight=\"https:\/\/www.terra-et-ars.de\/aktuelles\/wp-content\/uploads\/2020\/11\/418akg-Dewi-Sri-Statue-Fluss-Stein.jpg\">\n                \n                <img width=\"285\" height=\"285\" src=\"https:\/\/www.terra-et-ars.de\/aktuelles\/wp-content\/uploads\/2020\/11\/418akg-Dewi-Sri-Statue-Fluss-Stein-285x285.jpg\" class=\"attachment-gallery-medium size-gallery-medium\" alt=\"Dewi Sri Statue Fluss Stein\" loading=\"lazy\" srcset=\"https:\/\/www.terra-et-ars.de\/aktuelles\/wp-content\/uploads\/2020\/11\/418akg-Dewi-Sri-Statue-Fluss-Stein-285x285.jpg 285w, https:\/\/www.terra-et-ars.de\/aktuelles\/wp-content\/uploads\/2020\/11\/418akg-Dewi-Sri-Statue-Fluss-Stein-150x150.jpg 150w\" sizes=\"(max-width: 285px) 100vw, 285px\" \/>\n            <\/div>\n        \n                        <div class=\"image-gallery__item\" data-featherlight=\"https:\/\/www.terra-et-ars.de\/aktuelles\/wp-content\/uploads\/2020\/11\/415kg-Glu\u0308cksdrachen-Stein.jpg\">\n                \n                <img width=\"285\" height=\"285\" src=\"https:\/\/www.terra-et-ars.de\/aktuelles\/wp-content\/uploads\/2020\/11\/415kg-Glu\u0308cksdrachen-Stein-285x285.jpg\" class=\"attachment-gallery-medium size-gallery-medium\" alt=\"Glu\u0308cksdrachen Stein\" loading=\"lazy\" srcset=\"https:\/\/www.terra-et-ars.de\/aktuelles\/wp-content\/uploads\/2020\/11\/415kg-Glu\u0308cksdrachen-Stein-285x285.jpg 285w, https:\/\/www.terra-et-ars.de\/aktuelles\/wp-content\/uploads\/2020\/11\/415kg-Glu\u0308cksdrachen-Stein-150x150.jpg 150w\" sizes=\"(max-width: 285px) 100vw, 285px\" \/>\n            <\/div>\n        \n                        <div class=\"image-gallery__item\" data-featherlight=\"https:\/\/www.terra-et-ars.de\/aktuelles\/wp-content\/uploads\/2020\/10\/411kg-Buddha-Figur-Stein-sitzend.jpg\">\n                \n                <img width=\"285\" height=\"285\" src=\"https:\/\/www.terra-et-ars.de\/aktuelles\/wp-content\/uploads\/2020\/10\/411kg-Buddha-Figur-Stein-sitzend-285x285.jpg\" class=\"attachment-gallery-medium size-gallery-medium\" alt=\"Buddha Figur Stein sitzend\" loading=\"lazy\" srcset=\"https:\/\/www.terra-et-ars.de\/aktuelles\/wp-content\/uploads\/2020\/10\/411kg-Buddha-Figur-Stein-sitzend-285x285.jpg 285w, https:\/\/www.terra-et-ars.de\/aktuelles\/wp-content\/uploads\/2020\/10\/411kg-Buddha-Figur-Stein-sitzend-300x300.jpg 300w, https:\/\/www.terra-et-ars.de\/aktuelles\/wp-content\/uploads\/2020\/10\/411kg-Buddha-Figur-Stein-sitzend-150x150.jpg 150w, https:\/\/www.terra-et-ars.de\/aktuelles\/wp-content\/uploads\/2020\/10\/411kg-Buddha-Figur-Stein-sitzend.jpg 600w\" sizes=\"(max-width: 285px) 100vw, 285px\" \/>\n            <\/div>\n        \n                        <div class=\"image-gallery__item\" data-featherlight=\"https:\/\/www.terra-et-ars.de\/aktuelles\/wp-content\/uploads\/2020\/10\/412kg-Buddhafigur-tra\u0308umend.jpg\">\n                \n                <img width=\"285\" height=\"285\" src=\"https:\/\/www.terra-et-ars.de\/aktuelles\/wp-content\/uploads\/2020\/10\/412kg-Buddhafigur-tra\u0308umend-285x285.jpg\" class=\"attachment-gallery-medium size-gallery-medium\" alt=\"Buddhafigur tra\u0308umend\" loading=\"lazy\" srcset=\"https:\/\/www.terra-et-ars.de\/aktuelles\/wp-content\/uploads\/2020\/10\/412kg-Buddhafigur-tra\u0308umend-285x285.jpg 285w, https:\/\/www.terra-et-ars.de\/aktuelles\/wp-content\/uploads\/2020\/10\/412kg-Buddhafigur-tra\u0308umend-300x300.jpg 300w, https:\/\/www.terra-et-ars.de\/aktuelles\/wp-content\/uploads\/2020\/10\/412kg-Buddhafigur-tra\u0308umend-150x150.jpg 150w, https:\/\/www.terra-et-ars.de\/aktuelles\/wp-content\/uploads\/2020\/10\/412kg-Buddhafigur-tra\u0308umend.jpg 600w\" sizes=\"(max-width: 285px) 100vw, 285px\" \/>\n            <\/div>\n        \n                        <div class=\"image-gallery__item\" data-featherlight=\"https:\/\/www.terra-et-ars.de\/aktuelles\/wp-content\/uploads\/2020\/10\/414dkg-Buddhafigur-Paar-tra\u0308umend.jpg\">\n                \n                <img width=\"285\" height=\"285\" src=\"https:\/\/www.terra-et-ars.de\/aktuelles\/wp-content\/uploads\/2020\/10\/414dkg-Buddhafigur-Paar-tra\u0308umend-285x285.jpg\" class=\"attachment-gallery-medium size-gallery-medium\" alt=\"Buddhafigur Paar tra\u0308umend\" loading=\"lazy\" srcset=\"https:\/\/www.terra-et-ars.de\/aktuelles\/wp-content\/uploads\/2020\/10\/414dkg-Buddhafigur-Paar-tra\u0308umend-285x285.jpg 285w, https:\/\/www.terra-et-ars.de\/aktuelles\/wp-content\/uploads\/2020\/10\/414dkg-Buddhafigur-Paar-tra\u0308umend-150x150.jpg 150w\" sizes=\"(max-width: 285px) 100vw, 285px\" \/>\n            <\/div>\n        \n                        <div class=\"image-gallery__item\" data-featherlight=\"https:\/\/www.terra-et-ars.de\/aktuelles\/wp-content\/uploads\/2020\/10\/409kg-Buddhafigur-Khmer-Garten.jpg\">\n                \n                <img width=\"285\" height=\"285\" src=\"https:\/\/www.terra-et-ars.de\/aktuelles\/wp-content\/uploads\/2020\/10\/409kg-Buddhafigur-Khmer-Garten-285x285.jpg\" class=\"attachment-gallery-medium size-gallery-medium\" alt=\"Buddhafigur Khmer Garten\" loading=\"lazy\" srcset=\"https:\/\/www.terra-et-ars.de\/aktuelles\/wp-content\/uploads\/2020\/10\/409kg-Buddhafigur-Khmer-Garten-285x285.jpg 285w, https:\/\/www.terra-et-ars.de\/aktuelles\/wp-content\/uploads\/2020\/10\/409kg-Buddhafigur-Khmer-Garten-150x150.jpg 150w\" sizes=\"(max-width: 285px) 100vw, 285px\" \/>\n            <\/div>\n        \n                        <div class=\"image-gallery__item\" data-featherlight=\"https:\/\/www.terra-et-ars.de\/aktuelles\/wp-content\/uploads\/2020\/10\/410kg-Buddhafigur-Khmer-Stein.jpg\">\n                \n                <img width=\"285\" height=\"285\" src=\"https:\/\/www.terra-et-ars.de\/aktuelles\/wp-content\/uploads\/2020\/10\/410kg-Buddhafigur-Khmer-Stein-285x285.jpg\" class=\"attachment-gallery-medium size-gallery-medium\" alt=\"Buddhafigur Khmer Stein\" loading=\"lazy\" srcset=\"https:\/\/www.terra-et-ars.de\/aktuelles\/wp-content\/uploads\/2020\/10\/410kg-Buddhafigur-Khmer-Stein-285x285.jpg 285w, https:\/\/www.terra-et-ars.de\/aktuelles\/wp-content\/uploads\/2020\/10\/410kg-Buddhafigur-Khmer-Stein-150x150.jpg 150w\" sizes=\"(max-width: 285px) 100vw, 285px\" \/>\n            <\/div>\n        \n                        <div class=\"image-gallery__item\" data-featherlight=\"https:\/\/www.terra-et-ars.de\/aktuelles\/wp-content\/uploads\/2019\/11\/408kg-Buddha-Garten-Lavastein.jpg\">\n                \n                <img width=\"285\" height=\"285\" src=\"https:\/\/www.terra-et-ars.de\/aktuelles\/wp-content\/uploads\/2019\/11\/408kg-Buddha-Garten-Lavastein-285x285.jpg\" class=\"attachment-gallery-medium size-gallery-medium\" alt=\"Buddha Garten Lavastein\" loading=\"lazy\" srcset=\"https:\/\/www.terra-et-ars.de\/aktuelles\/wp-content\/uploads\/2019\/11\/408kg-Buddha-Garten-Lavastein-285x285.jpg 285w, https:\/\/www.terra-et-ars.de\/aktuelles\/wp-content\/uploads\/2019\/11\/408kg-Buddha-Garten-Lavastein-150x150.jpg 150w\" sizes=\"(max-width: 285px) 100vw, 285px\" \/>\n            <\/div>\n        \n                        <div class=\"image-gallery__item\" data-featherlight=\"https:\/\/www.terra-et-ars.de\/aktuelles\/wp-content\/uploads\/2019\/11\/407kg-Buddha-Garten-beleuchtet.jpg\">\n                \n                <img width=\"285\" height=\"285\" src=\"https:\/\/www.terra-et-ars.de\/aktuelles\/wp-content\/uploads\/2019\/11\/407kg-Buddha-Garten-beleuchtet-285x285.jpg\" class=\"attachment-gallery-medium size-gallery-medium\" alt=\"Buddha Garten beleuchtet\" loading=\"lazy\" srcset=\"https:\/\/www.terra-et-ars.de\/aktuelles\/wp-content\/uploads\/2019\/11\/407kg-Buddha-Garten-beleuchtet-285x285.jpg 285w, https:\/\/www.terra-et-ars.de\/aktuelles\/wp-content\/uploads\/2019\/11\/407kg-Buddha-Garten-beleuchtet-150x150.jpg 150w\" sizes=\"(max-width: 285px) 100vw, 285px\" \/>\n            <\/div>\n        \n                        <div class=\"image-gallery__item\" data-featherlight=\"https:\/\/www.terra-et-ars.de\/aktuelles\/wp-content\/uploads\/2020\/09\/405bkg-Buddhafigur-Garten.jpg\">\n                \n                <img width=\"285\" height=\"285\" src=\"https:\/\/www.terra-et-ars.de\/aktuelles\/wp-content\/uploads\/2020\/09\/405bkg-Buddhafigur-Garten-285x285.jpg\" class=\"attachment-gallery-medium size-gallery-medium\" alt=\"Buddhafigur Garten Lavastein sitzend\" loading=\"lazy\" srcset=\"https:\/\/www.terra-et-ars.de\/aktuelles\/wp-content\/uploads\/2020\/09\/405bkg-Buddhafigur-Garten-285x285.jpg 285w, https:\/\/www.terra-et-ars.de\/aktuelles\/wp-content\/uploads\/2020\/09\/405bkg-Buddhafigur-Garten-150x150.jpg 150w\" sizes=\"(max-width: 285px) 100vw, 285px\" \/>\n            <\/div>\n        \n                        <div class=\"image-gallery__item\" data-featherlight=\"https:\/\/www.terra-et-ars.de\/aktuelles\/wp-content\/uploads\/2019\/11\/406kg-Ganesha-Stein-Statue-Garten.jpg\">\n                \n                <img width=\"285\" height=\"285\" src=\"https:\/\/www.terra-et-ars.de\/aktuelles\/wp-content\/uploads\/2019\/11\/406kg-Ganesha-Stein-Statue-Garten-285x285.jpg\" class=\"attachment-gallery-medium size-gallery-medium\" alt=\"Ganesha Stein Statue Garten\" loading=\"lazy\" srcset=\"https:\/\/www.terra-et-ars.de\/aktuelles\/wp-content\/uploads\/2019\/11\/406kg-Ganesha-Stein-Statue-Garten-285x285.jpg 285w, https:\/\/www.terra-et-ars.de\/aktuelles\/wp-content\/uploads\/2019\/11\/406kg-Ganesha-Stein-Statue-Garten-150x150.jpg 150w\" sizes=\"(max-width: 285px) 100vw, 285px\" \/>\n            <\/div>\n        \n                        <div class=\"image-gallery__item\" data-featherlight=\"https:\/\/www.terra-et-ars.de\/aktuelles\/wp-content\/uploads\/2020\/09\/404kg-Buddhafigur-Garten-Bambus.jpg\">\n                \n                <img width=\"285\" height=\"285\" src=\"https:\/\/www.terra-et-ars.de\/aktuelles\/wp-content\/uploads\/2020\/09\/404kg-Buddhafigur-Garten-Bambus-285x285.jpg\" class=\"attachment-gallery-medium size-gallery-medium\" alt=\"Buddhafigur Garten Bambus\" loading=\"lazy\" srcset=\"https:\/\/www.terra-et-ars.de\/aktuelles\/wp-content\/uploads\/2020\/09\/404kg-Buddhafigur-Garten-Bambus-285x285.jpg 285w, https:\/\/www.terra-et-ars.de\/aktuelles\/wp-content\/uploads\/2020\/09\/404kg-Buddhafigur-Garten-Bambus-150x150.jpg 150w\" sizes=\"(max-width: 285px) 100vw, 285px\" \/>\n            <\/div>\n        \n                        <div class=\"image-gallery__item\" data-featherlight=\"https:\/\/www.terra-et-ars.de\/aktuelles\/wp-content\/uploads\/2020\/09\/403kg-Buddhafigur-Garten.jpg\">\n                \n                <img width=\"285\" height=\"285\" src=\"https:\/\/www.terra-et-ars.de\/aktuelles\/wp-content\/uploads\/2020\/09\/403kg-Buddhafigur-Garten-285x285.jpg\" class=\"attachment-gallery-medium size-gallery-medium\" alt=\"Buddha Fluss Stein sitzend Garten\" loading=\"lazy\" srcset=\"https:\/\/www.terra-et-ars.de\/aktuelles\/wp-content\/uploads\/2020\/09\/403kg-Buddhafigur-Garten-285x285.jpg 285w, https:\/\/www.terra-et-ars.de\/aktuelles\/wp-content\/uploads\/2020\/09\/403kg-Buddhafigur-Garten-150x150.jpg 150w\" sizes=\"(max-width: 285px) 100vw, 285px\" \/>\n            <\/div>\n        \n                        <div class=\"image-gallery__item\" data-featherlight=\"https:\/\/www.terra-et-ars.de\/aktuelles\/wp-content\/uploads\/2020\/09\/402kg-Buddhafigur-meditierend.jpg\">\n                \n                <img width=\"285\" height=\"285\" src=\"https:\/\/www.terra-et-ars.de\/aktuelles\/wp-content\/uploads\/2020\/09\/402kg-Buddhafigur-meditierend-285x285.jpg\" class=\"attachment-gallery-medium size-gallery-medium\" alt=\"Garten Buddha Blumenkleid\" loading=\"lazy\" srcset=\"https:\/\/www.terra-et-ars.de\/aktuelles\/wp-content\/uploads\/2020\/09\/402kg-Buddhafigur-meditierend-285x285.jpg 285w, https:\/\/www.terra-et-ars.de\/aktuelles\/wp-content\/uploads\/2020\/09\/402kg-Buddhafigur-meditierend-150x150.jpg 150w\" sizes=\"(max-width: 285px) 100vw, 285px\" \/>\n            <\/div>\n        \n                        <div class=\"image-gallery__item\" data-featherlight=\"https:\/\/www.terra-et-ars.de\/aktuelles\/wp-content\/uploads\/2020\/09\/401kg-Buddha-sitzend-Lavastein.jpg\">\n                \n                <img width=\"285\" height=\"285\" src=\"https:\/\/www.terra-et-ars.de\/aktuelles\/wp-content\/uploads\/2020\/09\/401kg-Buddha-sitzend-Lavastein-285x285.jpg\" class=\"attachment-gallery-medium size-gallery-medium\" alt=\"Lavastein Buddha Garten\" loading=\"lazy\" srcset=\"https:\/\/www.terra-et-ars.de\/aktuelles\/wp-content\/uploads\/2020\/09\/401kg-Buddha-sitzend-Lavastein-285x285.jpg 285w, https:\/\/www.terra-et-ars.de\/aktuelles\/wp-content\/uploads\/2020\/09\/401kg-Buddha-sitzend-Lavastein-150x150.jpg 150w\" sizes=\"(max-width: 285px) 100vw, 285px\" \/>\n            <\/div>\n        \n                        <div class=\"image-gallery__item\" data-featherlight=\"https:\/\/www.terra-et-ars.de\/aktuelles\/wp-content\/uploads\/2020\/09\/400kg-Buddhafigur.jpg\">\n                \n                <img width=\"285\" height=\"285\" src=\"https:\/\/www.terra-et-ars.de\/aktuelles\/wp-content\/uploads\/2020\/09\/400kg-Buddhafigur-285x285.jpg\" class=\"attachment-gallery-medium size-gallery-medium\" alt=\"Buddha sitzend Medizin\" loading=\"lazy\" srcset=\"https:\/\/www.terra-et-ars.de\/aktuelles\/wp-content\/uploads\/2020\/09\/400kg-Buddhafigur-285x285.jpg 285w, https:\/\/www.terra-et-ars.de\/aktuelles\/wp-content\/uploads\/2020\/09\/400kg-Buddhafigur-150x150.jpg 150w\" sizes=\"(max-width: 285px) 100vw, 285px\" \/>\n            <\/div>\n        \n                        <div class=\"image-gallery__item\" data-featherlight=\"https:\/\/www.terra-et-ars.de\/aktuelles\/wp-content\/uploads\/2020\/09\/398kg-Buddhafigur-Khmer-Stein.jpg\">\n                \n                <img width=\"285\" height=\"285\" src=\"https:\/\/www.terra-et-ars.de\/aktuelles\/wp-content\/uploads\/2020\/09\/398kg-Buddhafigur-Khmer-Stein-285x285.jpg\" class=\"attachment-gallery-medium size-gallery-medium\" alt=\"Buddhafigur Khmer Stein\" loading=\"lazy\" srcset=\"https:\/\/www.terra-et-ars.de\/aktuelles\/wp-content\/uploads\/2020\/09\/398kg-Buddhafigur-Khmer-Stein-285x285.jpg 285w, https:\/\/www.terra-et-ars.de\/aktuelles\/wp-content\/uploads\/2020\/09\/398kg-Buddhafigur-Khmer-Stein-150x150.jpg 150w\" sizes=\"(max-width: 285px) 100vw, 285px\" \/>\n            <\/div>\n        \n                        <div class=\"image-gallery__item\" data-featherlight=\"https:\/\/www.terra-et-ars.de\/aktuelles\/wp-content\/uploads\/2016\/08\/397kg-Buddhafigur-Lavastein.jpg\">\n                \n                <img width=\"285\" height=\"285\" src=\"https:\/\/www.terra-et-ars.de\/aktuelles\/wp-content\/uploads\/2016\/08\/397kg-Buddhafigur-Lavastein-285x285.jpg\" class=\"attachment-gallery-medium size-gallery-medium\" alt=\"Buddhafigur Lavastein\" loading=\"lazy\" srcset=\"https:\/\/www.terra-et-ars.de\/aktuelles\/wp-content\/uploads\/2016\/08\/397kg-Buddhafigur-Lavastein-285x285.jpg 285w, https:\/\/www.terra-et-ars.de\/aktuelles\/wp-content\/uploads\/2016\/08\/397kg-Buddhafigur-Lavastein-150x150.jpg 150w\" sizes=\"(max-width: 285px) 100vw, 285px\" \/>\n            <\/div>\n        \n                        <div class=\"image-gallery__item\" data-featherlight=\"https:\/\/www.terra-et-ars.de\/aktuelles\/wp-content\/uploads\/2016\/08\/395kg-Buddhafigur-stehend.jpg\">\n                \n                <img width=\"285\" height=\"285\" src=\"https:\/\/www.terra-et-ars.de\/aktuelles\/wp-content\/uploads\/2016\/08\/395kg-Buddhafigur-stehend-285x285.jpg\" class=\"attachment-gallery-medium size-gallery-medium\" alt=\"Buddha Figur stehend\" loading=\"lazy\" srcset=\"https:\/\/www.terra-et-ars.de\/aktuelles\/wp-content\/uploads\/2016\/08\/395kg-Buddhafigur-stehend-285x285.jpg 285w, https:\/\/www.terra-et-ars.de\/aktuelles\/wp-content\/uploads\/2016\/08\/395kg-Buddhafigur-stehend-150x150.jpg 150w\" sizes=\"(max-width: 285px) 100vw, 285px\" \/>\n            <\/div>\n        \n                        <div class=\"image-gallery__item\" data-featherlight=\"https:\/\/www.terra-et-ars.de\/aktuelles\/wp-content\/uploads\/2016\/08\/394kg-Buddhafigur-Dachterrasse.jpg\">\n                \n                <img width=\"285\" height=\"285\" src=\"https:\/\/www.terra-et-ars.de\/aktuelles\/wp-content\/uploads\/2016\/08\/394kg-Buddhafigur-Dachterrasse-285x285.jpg\" class=\"attachment-gallery-medium size-gallery-medium\" alt=\"Buddhafigur Dachterrasse\" loading=\"lazy\" srcset=\"https:\/\/www.terra-et-ars.de\/aktuelles\/wp-content\/uploads\/2016\/08\/394kg-Buddhafigur-Dachterrasse-285x285.jpg 285w, https:\/\/www.terra-et-ars.de\/aktuelles\/wp-content\/uploads\/2016\/08\/394kg-Buddhafigur-Dachterrasse-150x150.jpg 150w\" sizes=\"(max-width: 285px) 100vw, 285px\" \/>\n            <\/div>\n        \n                        <div class=\"image-gallery__item\" data-featherlight=\"https:\/\/www.terra-et-ars.de\/aktuelles\/wp-content\/uploads\/2016\/08\/392kg-Buddhafigur.jpg\">\n                \n                <img width=\"285\" height=\"285\" src=\"https:\/\/www.terra-et-ars.de\/aktuelles\/wp-content\/uploads\/2016\/08\/392kg-Buddhafigur-285x285.jpg\" class=\"attachment-gallery-medium size-gallery-medium\" alt=\"Buddhafigur Khmer sitzend\" loading=\"lazy\" srcset=\"https:\/\/www.terra-et-ars.de\/aktuelles\/wp-content\/uploads\/2016\/08\/392kg-Buddhafigur-285x285.jpg 285w, https:\/\/www.terra-et-ars.de\/aktuelles\/wp-content\/uploads\/2016\/08\/392kg-Buddhafigur-150x150.jpg 150w\" sizes=\"(max-width: 285px) 100vw, 285px\" \/>\n            <\/div>\n        \n                        <div class=\"image-gallery__item\" data-featherlight=\"https:\/\/www.terra-et-ars.de\/aktuelles\/wp-content\/uploads\/2016\/08\/391kg-Buddhafigur.jpg\">\n                \n                <img width=\"285\" height=\"285\" src=\"https:\/\/www.terra-et-ars.de\/aktuelles\/wp-content\/uploads\/2016\/08\/391kg-Buddhafigur-285x285.jpg\" class=\"attachment-gallery-medium size-gallery-medium\" alt=\"Buddhafigur unter Ahorn\" loading=\"lazy\" srcset=\"https:\/\/www.terra-et-ars.de\/aktuelles\/wp-content\/uploads\/2016\/08\/391kg-Buddhafigur-285x285.jpg 285w, https:\/\/www.terra-et-ars.de\/aktuelles\/wp-content\/uploads\/2016\/08\/391kg-Buddhafigur-150x150.jpg 150w\" sizes=\"(max-width: 285px) 100vw, 285px\" \/>\n            <\/div>\n        \n                        <div class=\"image-gallery__item\" data-featherlight=\"https:\/\/www.terra-et-ars.de\/aktuelles\/wp-content\/uploads\/2016\/08\/390kg-Buddhafigur.jpg\">\n                \n                <img width=\"285\" height=\"285\" src=\"https:\/\/www.terra-et-ars.de\/aktuelles\/wp-content\/uploads\/2016\/08\/390kg-Buddhafigur-285x285.jpg\" class=\"attachment-gallery-medium size-gallery-medium\" alt=\"Buddhafigur unter Ahorn\" loading=\"lazy\" srcset=\"https:\/\/www.terra-et-ars.de\/aktuelles\/wp-content\/uploads\/2016\/08\/390kg-Buddhafigur-285x285.jpg 285w, https:\/\/www.terra-et-ars.de\/aktuelles\/wp-content\/uploads\/2016\/08\/390kg-Buddhafigur-150x150.jpg 150w\" sizes=\"(max-width: 285px) 100vw, 285px\" \/>\n            <\/div>\n        \n                        <div class=\"image-gallery__item\" data-featherlight=\"https:\/\/www.terra-et-ars.de\/aktuelles\/wp-content\/uploads\/2016\/08\/388kg-Buddhafigur.jpg\">\n                \n                <img width=\"285\" height=\"285\" src=\"https:\/\/www.terra-et-ars.de\/aktuelles\/wp-content\/uploads\/2016\/08\/388kg-Buddhafigur-285x285.jpg\" class=\"attachment-gallery-medium size-gallery-medium\" alt=\"Buddhafigur Fluss Stein\" loading=\"lazy\" srcset=\"https:\/\/www.terra-et-ars.de\/aktuelles\/wp-content\/uploads\/2016\/08\/388kg-Buddhafigur-285x285.jpg 285w, https:\/\/www.terra-et-ars.de\/aktuelles\/wp-content\/uploads\/2016\/08\/388kg-Buddhafigur-150x150.jpg 150w\" sizes=\"(max-width: 285px) 100vw, 285px\" \/>\n            <\/div>\n        \n                        <div class=\"image-gallery__item\" data-featherlight=\"https:\/\/www.terra-et-ars.de\/aktuelles\/wp-content\/uploads\/2016\/08\/387kg-Buddhafigur.jpg\">\n                \n                <img width=\"285\" height=\"285\" src=\"https:\/\/www.terra-et-ars.de\/aktuelles\/wp-content\/uploads\/2016\/08\/387kg-Buddhafigur-285x285.jpg\" class=\"attachment-gallery-medium size-gallery-medium\" alt=\"Buddhafigur auf Podest\" loading=\"lazy\" srcset=\"https:\/\/www.terra-et-ars.de\/aktuelles\/wp-content\/uploads\/2016\/08\/387kg-Buddhafigur-285x285.jpg 285w, https:\/\/www.terra-et-ars.de\/aktuelles\/wp-content\/uploads\/2016\/08\/387kg-Buddhafigur-150x150.jpg 150w\" sizes=\"(max-width: 285px) 100vw, 285px\" \/>\n            <\/div>\n        \n                        <div class=\"image-gallery__item\" data-featherlight=\"https:\/\/www.terra-et-ars.de\/aktuelles\/wp-content\/uploads\/2016\/08\/386kg-Buddhafigur.jpg\">\n                \n                <img width=\"285\" height=\"285\" src=\"https:\/\/www.terra-et-ars.de\/aktuelles\/wp-content\/uploads\/2016\/08\/386kg-Buddhafigur-285x285.jpg\" class=\"attachment-gallery-medium size-gallery-medium\" alt=\"Buddhafigur im Garten\" loading=\"lazy\" srcset=\"https:\/\/www.terra-et-ars.de\/aktuelles\/wp-content\/uploads\/2016\/08\/386kg-Buddhafigur-285x285.jpg 285w, https:\/\/www.terra-et-ars.de\/aktuelles\/wp-content\/uploads\/2016\/08\/386kg-Buddhafigur-150x150.jpg 150w\" sizes=\"(max-width: 285px) 100vw, 285px\" \/>\n            <\/div>\n        \n                        <div class=\"image-gallery__item\" data-featherlight=\"https:\/\/www.terra-et-ars.de\/aktuelles\/wp-content\/uploads\/2016\/08\/385kg-Buddhafigur.jpg\">\n                \n                <img width=\"285\" height=\"285\" src=\"https:\/\/www.terra-et-ars.de\/aktuelles\/wp-content\/uploads\/2016\/08\/385kg-Buddhafigur-285x285.jpg\" class=\"attachment-gallery-medium size-gallery-medium\" alt=\"Budhafigur Garten auf Sockel\" loading=\"lazy\" srcset=\"https:\/\/www.terra-et-ars.de\/aktuelles\/wp-content\/uploads\/2016\/08\/385kg-Buddhafigur-285x285.jpg 285w, https:\/\/www.terra-et-ars.de\/aktuelles\/wp-content\/uploads\/2016\/08\/385kg-Buddhafigur-150x150.jpg 150w\" sizes=\"(max-width: 285px) 100vw, 285px\" \/>\n            <\/div>\n        \n                        <div class=\"image-gallery__item\" data-featherlight=\"https:\/\/www.terra-et-ars.de\/aktuelles\/wp-content\/uploads\/2016\/08\/384kg-buddhafigur.jpg\">\n                \n                <img width=\"285\" height=\"285\" src=\"https:\/\/www.terra-et-ars.de\/aktuelles\/wp-content\/uploads\/2016\/08\/384kg-buddhafigur-285x285.jpg\" class=\"attachment-gallery-medium size-gallery-medium\" alt=\"Buddhafigur vor Bambus\" loading=\"lazy\" srcset=\"https:\/\/www.terra-et-ars.de\/aktuelles\/wp-content\/uploads\/2016\/08\/384kg-buddhafigur-285x285.jpg 285w, https:\/\/www.terra-et-ars.de\/aktuelles\/wp-content\/uploads\/2016\/08\/384kg-buddhafigur-150x150.jpg 150w\" sizes=\"(max-width: 285px) 100vw, 285px\" \/>\n            <\/div>\n        \n                        <div class=\"image-gallery__item\" data-featherlight=\"https:\/\/www.terra-et-ars.de\/aktuelles\/wp-content\/uploads\/2016\/08\/383kg-Buddhafigur-Lavastein.jpg\">\n                \n                <img width=\"285\" height=\"285\" src=\"https:\/\/www.terra-et-ars.de\/aktuelles\/wp-content\/uploads\/2016\/08\/383kg-Buddhafigur-Lavastein-285x285.jpg\" class=\"attachment-gallery-medium size-gallery-medium\" alt=\"Buddhafigur Lavastein\" loading=\"lazy\" srcset=\"https:\/\/www.terra-et-ars.de\/aktuelles\/wp-content\/uploads\/2016\/08\/383kg-Buddhafigur-Lavastein-285x285.jpg 285w, https:\/\/www.terra-et-ars.de\/aktuelles\/wp-content\/uploads\/2016\/08\/383kg-Buddhafigur-Lavastein-150x150.jpg 150w\" sizes=\"(max-width: 285px) 100vw, 285px\" \/>\n            <\/div>\n        \n                        <div class=\"image-gallery__item\" data-featherlight=\"https:\/\/www.terra-et-ars.de\/aktuelles\/wp-content\/uploads\/2016\/08\/382kg-Dewi-Sri-Statue-Lavastein.jpg\">\n                \n                <img width=\"285\" height=\"285\" src=\"https:\/\/www.terra-et-ars.de\/aktuelles\/wp-content\/uploads\/2016\/08\/382kg-Dewi-Sri-Statue-Lavastein-285x285.jpg\" class=\"attachment-gallery-medium size-gallery-medium\" alt=\"Dewi Sri Statue Lavastein\" loading=\"lazy\" srcset=\"https:\/\/www.terra-et-ars.de\/aktuelles\/wp-content\/uploads\/2016\/08\/382kg-Dewi-Sri-Statue-Lavastein-285x285.jpg 285w, https:\/\/www.terra-et-ars.de\/aktuelles\/wp-content\/uploads\/2016\/08\/382kg-Dewi-Sri-Statue-Lavastein-150x150.jpg 150w\" sizes=\"(max-width: 285px) 100vw, 285px\" \/>\n            <\/div>\n        \n                        <div class=\"image-gallery__item\" data-featherlight=\"https:\/\/www.terra-et-ars.de\/aktuelles\/wp-content\/uploads\/2016\/08\/381kg-Dewi-Kopf-Stein.jpg\">\n                \n                <img width=\"285\" height=\"285\" src=\"https:\/\/www.terra-et-ars.de\/aktuelles\/wp-content\/uploads\/2016\/08\/381kg-Dewi-Kopf-Stein-285x285.jpg\" class=\"attachment-gallery-medium size-gallery-medium\" alt=\"Dewi Kopf Stein\" loading=\"lazy\" srcset=\"https:\/\/www.terra-et-ars.de\/aktuelles\/wp-content\/uploads\/2016\/08\/381kg-Dewi-Kopf-Stein-285x285.jpg 285w, https:\/\/www.terra-et-ars.de\/aktuelles\/wp-content\/uploads\/2016\/08\/381kg-Dewi-Kopf-Stein-150x150.jpg 150w\" sizes=\"(max-width: 285px) 100vw, 285px\" \/>\n            <\/div>\n        \n                        <div class=\"image-gallery__item\" data-featherlight=\"https:\/\/www.terra-et-ars.de\/aktuelles\/wp-content\/uploads\/2016\/08\/378kg-Buddhafigur-Fluss-Stein.jpg\">\n                \n                <img width=\"285\" height=\"285\" src=\"https:\/\/www.terra-et-ars.de\/aktuelles\/wp-content\/uploads\/2016\/08\/378kg-Buddhafigur-Fluss-Stein-285x285.jpg\" class=\"attachment-gallery-medium size-gallery-medium\" alt=\"Buddhafigur Fluss Stein\" loading=\"lazy\" srcset=\"https:\/\/www.terra-et-ars.de\/aktuelles\/wp-content\/uploads\/2016\/08\/378kg-Buddhafigur-Fluss-Stein-285x285.jpg 285w, https:\/\/www.terra-et-ars.de\/aktuelles\/wp-content\/uploads\/2016\/08\/378kg-Buddhafigur-Fluss-Stein-150x150.jpg 150w\" sizes=\"(max-width: 285px) 100vw, 285px\" \/>\n            <\/div>\n        \n                        <div class=\"image-gallery__item\" data-featherlight=\"https:\/\/www.terra-et-ars.de\/aktuelles\/wp-content\/uploads\/2019\/11\/377kg-Buddhastatue-liegend.jpg\">\n                \n                <img width=\"285\" height=\"285\" src=\"https:\/\/www.terra-et-ars.de\/aktuelles\/wp-content\/uploads\/2019\/11\/377kg-Buddhastatue-liegend-285x285.jpg\" class=\"attachment-gallery-medium size-gallery-medium\" alt=\"Buddhastatue liegend\" loading=\"lazy\" srcset=\"https:\/\/www.terra-et-ars.de\/aktuelles\/wp-content\/uploads\/2019\/11\/377kg-Buddhastatue-liegend-285x285.jpg 285w, https:\/\/www.terra-et-ars.de\/aktuelles\/wp-content\/uploads\/2019\/11\/377kg-Buddhastatue-liegend-150x150.jpg 150w\" sizes=\"(max-width: 285px) 100vw, 285px\" \/>\n            <\/div>\n        \n                        <div class=\"image-gallery__item\" data-featherlight=\"https:\/\/www.terra-et-ars.de\/aktuelles\/wp-content\/uploads\/2019\/11\/376kg-Buddhafigur-Detail.jpg\">\n                \n                <img width=\"285\" height=\"285\" src=\"https:\/\/www.terra-et-ars.de\/aktuelles\/wp-content\/uploads\/2019\/11\/376kg-Buddhafigur-Detail-285x285.jpg\" class=\"attachment-gallery-medium size-gallery-medium\" alt=\"Buddhafigur Detail\" loading=\"lazy\" srcset=\"https:\/\/www.terra-et-ars.de\/aktuelles\/wp-content\/uploads\/2019\/11\/376kg-Buddhafigur-Detail-285x285.jpg 285w, https:\/\/www.terra-et-ars.de\/aktuelles\/wp-content\/uploads\/2019\/11\/376kg-Buddhafigur-Detail-150x150.jpg 150w\" sizes=\"(max-width: 285px) 100vw, 285px\" \/>\n            <\/div>\n        \n                        <div class=\"image-gallery__item\" data-featherlight=\"https:\/\/www.terra-et-ars.de\/aktuelles\/wp-content\/uploads\/2019\/11\/375kg-Buddhafigur-Pfingstrosen.jpg\">\n                \n                <img width=\"285\" height=\"285\" src=\"https:\/\/www.terra-et-ars.de\/aktuelles\/wp-content\/uploads\/2019\/11\/375kg-Buddhafigur-Pfingstrosen-285x285.jpg\" class=\"attachment-gallery-medium size-gallery-medium\" alt=\"Buddhafigur Pfingstrosen\" loading=\"lazy\" srcset=\"https:\/\/www.terra-et-ars.de\/aktuelles\/wp-content\/uploads\/2019\/11\/375kg-Buddhafigur-Pfingstrosen-285x285.jpg 285w, https:\/\/www.terra-et-ars.de\/aktuelles\/wp-content\/uploads\/2019\/11\/375kg-Buddhafigur-Pfingstrosen-150x150.jpg 150w\" sizes=\"(max-width: 285px) 100vw, 285px\" \/>\n            <\/div>\n        \n                        <div class=\"image-gallery__item\" data-featherlight=\"https:\/\/www.terra-et-ars.de\/aktuelles\/wp-content\/uploads\/2019\/11\/374kg-Dewistatue.jpg\">\n                \n                <img width=\"285\" height=\"285\" src=\"https:\/\/www.terra-et-ars.de\/aktuelles\/wp-content\/uploads\/2019\/11\/374kg-Dewistatue-285x285.jpg\" class=\"attachment-gallery-medium size-gallery-medium\" alt=\"Dewi mit Willkommensgeste\" loading=\"lazy\" srcset=\"https:\/\/www.terra-et-ars.de\/aktuelles\/wp-content\/uploads\/2019\/11\/374kg-Dewistatue-285x285.jpg 285w, https:\/\/www.terra-et-ars.de\/aktuelles\/wp-content\/uploads\/2019\/11\/374kg-Dewistatue-150x150.jpg 150w\" sizes=\"(max-width: 285px) 100vw, 285px\" \/>\n            <\/div>\n        \n                        <div class=\"image-gallery__item\" data-featherlight=\"https:\/\/www.terra-et-ars.de\/aktuelles\/wp-content\/uploads\/2020\/09\/373kg-Buddhafigur-Lavastein.jpg\">\n                \n                <img width=\"285\" height=\"285\" src=\"https:\/\/www.terra-et-ars.de\/aktuelles\/wp-content\/uploads\/2020\/09\/373kg-Buddhafigur-Lavastein-285x285.jpg\" class=\"attachment-gallery-medium size-gallery-medium\" alt=\"Buddhafigur Lavastein\" loading=\"lazy\" srcset=\"https:\/\/www.terra-et-ars.de\/aktuelles\/wp-content\/uploads\/2020\/09\/373kg-Buddhafigur-Lavastein-285x285.jpg 285w, https:\/\/www.terra-et-ars.de\/aktuelles\/wp-content\/uploads\/2020\/09\/373kg-Buddhafigur-Lavastein-150x150.jpg 150w\" sizes=\"(max-width: 285px) 100vw, 285px\" \/>\n            <\/div>\n        \n                        <div class=\"image-gallery__item\" data-featherlight=\"https:\/\/www.terra-et-ars.de\/aktuelles\/wp-content\/uploads\/2020\/09\/372kg-Buddhafigur-Garten.jpg\">\n                \n                <img width=\"285\" height=\"285\" src=\"https:\/\/www.terra-et-ars.de\/aktuelles\/wp-content\/uploads\/2020\/09\/372kg-Buddhafigur-Garten-285x285.jpg\" class=\"attachment-gallery-medium size-gallery-medium\" alt=\"Buddhafigur Garten\" loading=\"lazy\" srcset=\"https:\/\/www.terra-et-ars.de\/aktuelles\/wp-content\/uploads\/2020\/09\/372kg-Buddhafigur-Garten-285x285.jpg 285w, https:\/\/www.terra-et-ars.de\/aktuelles\/wp-content\/uploads\/2020\/09\/372kg-Buddhafigur-Garten-300x300.jpg 300w, https:\/\/www.terra-et-ars.de\/aktuelles\/wp-content\/uploads\/2020\/09\/372kg-Buddhafigur-Garten-150x150.jpg 150w, https:\/\/www.terra-et-ars.de\/aktuelles\/wp-content\/uploads\/2020\/09\/372kg-Buddhafigur-Garten.jpg 600w\" sizes=\"(max-width: 285px) 100vw, 285px\" \/>\n            <\/div>\n        \n                        <div class=\"image-gallery__item\" data-featherlight=\"https:\/\/www.terra-et-ars.de\/aktuelles\/wp-content\/uploads\/2020\/09\/371kg-Buddhafigur-tra\u0308umend.jpg\">\n                \n                <img width=\"285\" height=\"285\" src=\"https:\/\/www.terra-et-ars.de\/aktuelles\/wp-content\/uploads\/2020\/09\/371kg-Buddhafigur-tra\u0308umend-285x285.jpg\" class=\"attachment-gallery-medium size-gallery-medium\" alt=\"Buddhafigur tra\u0308umend\" loading=\"lazy\" srcset=\"https:\/\/www.terra-et-ars.de\/aktuelles\/wp-content\/uploads\/2020\/09\/371kg-Buddhafigur-tra\u0308umend-285x285.jpg 285w, https:\/\/www.terra-et-ars.de\/aktuelles\/wp-content\/uploads\/2020\/09\/371kg-Buddhafigur-tra\u0308umend-300x300.jpg 300w, https:\/\/www.terra-et-ars.de\/aktuelles\/wp-content\/uploads\/2020\/09\/371kg-Buddhafigur-tra\u0308umend-150x150.jpg 150w, https:\/\/www.terra-et-ars.de\/aktuelles\/wp-content\/uploads\/2020\/09\/371kg-Buddhafigur-tra\u0308umend.jpg 600w\" sizes=\"(max-width: 285px) 100vw, 285px\" \/>\n            <\/div>\n        \n                        <div class=\"image-gallery__item\" data-featherlight=\"https:\/\/www.terra-et-ars.de\/aktuelles\/wp-content\/uploads\/2020\/09\/370kg-Buddhafigur-liegend.jpg\">\n                \n                <img width=\"285\" height=\"285\" src=\"https:\/\/www.terra-et-ars.de\/aktuelles\/wp-content\/uploads\/2020\/09\/370kg-Buddhafigur-liegend-285x285.jpg\" class=\"attachment-gallery-medium size-gallery-medium\" alt=\"Buddhafigur liegend\" loading=\"lazy\" srcset=\"https:\/\/www.terra-et-ars.de\/aktuelles\/wp-content\/uploads\/2020\/09\/370kg-Buddhafigur-liegend-285x285.jpg 285w, https:\/\/www.terra-et-ars.de\/aktuelles\/wp-content\/uploads\/2020\/09\/370kg-Buddhafigur-liegend-300x300.jpg 300w, https:\/\/www.terra-et-ars.de\/aktuelles\/wp-content\/uploads\/2020\/09\/370kg-Buddhafigur-liegend-150x150.jpg 150w, https:\/\/www.terra-et-ars.de\/aktuelles\/wp-content\/uploads\/2020\/09\/370kg-Buddhafigur-liegend.jpg 600w\" sizes=\"(max-width: 285px) 100vw, 285px\" \/>\n            <\/div>\n        \n                        <div class=\"image-gallery__item\" data-featherlight=\"https:\/\/www.terra-et-ars.de\/aktuelles\/wp-content\/uploads\/2020\/09\/368kg-Ganesha-Stein-Statue-gross.jpg\">\n                \n                <img width=\"285\" height=\"285\" src=\"https:\/\/www.terra-et-ars.de\/aktuelles\/wp-content\/uploads\/2020\/09\/368kg-Ganesha-Stein-Statue-gross-285x285.jpg\" class=\"attachment-gallery-medium size-gallery-medium\" alt=\"Ganesha Stein Statue gross\" loading=\"lazy\" srcset=\"https:\/\/www.terra-et-ars.de\/aktuelles\/wp-content\/uploads\/2020\/09\/368kg-Ganesha-Stein-Statue-gross-285x285.jpg 285w, https:\/\/www.terra-et-ars.de\/aktuelles\/wp-content\/uploads\/2020\/09\/368kg-Ganesha-Stein-Statue-gross-150x150.jpg 150w\" sizes=\"(max-width: 285px) 100vw, 285px\" \/>\n            <\/div>\n        \n                        <div class=\"image-gallery__item\" data-featherlight=\"https:\/\/www.terra-et-ars.de\/aktuelles\/wp-content\/uploads\/2020\/09\/367kg-Dewi-Statue-Stein.jpg\">\n                \n                <img width=\"285\" height=\"285\" src=\"https:\/\/www.terra-et-ars.de\/aktuelles\/wp-content\/uploads\/2020\/09\/367kg-Dewi-Statue-Stein-285x285.jpg\" class=\"attachment-gallery-medium size-gallery-medium\" alt=\"Dewi Statue Stein\" loading=\"lazy\" srcset=\"https:\/\/www.terra-et-ars.de\/aktuelles\/wp-content\/uploads\/2020\/09\/367kg-Dewi-Statue-Stein-285x285.jpg 285w, https:\/\/www.terra-et-ars.de\/aktuelles\/wp-content\/uploads\/2020\/09\/367kg-Dewi-Statue-Stein-150x150.jpg 150w\" sizes=\"(max-width: 285px) 100vw, 285px\" \/>\n            <\/div>\n        \n                        <div class=\"image-gallery__item\" data-featherlight=\"https:\/\/www.terra-et-ars.de\/aktuelles\/wp-content\/uploads\/2020\/09\/365kg-Buddhafigur.jpg\">\n                \n                <img width=\"285\" height=\"285\" src=\"https:\/\/www.terra-et-ars.de\/aktuelles\/wp-content\/uploads\/2020\/09\/365kg-Buddhafigur-285x285.jpg\" class=\"attachment-gallery-medium size-gallery-medium\" alt=\"Buddhafigur\" loading=\"lazy\" srcset=\"https:\/\/www.terra-et-ars.de\/aktuelles\/wp-content\/uploads\/2020\/09\/365kg-Buddhafigur-285x285.jpg 285w, https:\/\/www.terra-et-ars.de\/aktuelles\/wp-content\/uploads\/2020\/09\/365kg-Buddhafigur-150x150.jpg 150w\" sizes=\"(max-width: 285px) 100vw, 285px\" \/>\n            <\/div>\n        \n                        <div class=\"image-gallery__item\" data-featherlight=\"https:\/\/www.terra-et-ars.de\/aktuelles\/wp-content\/uploads\/2020\/09\/364kg-Buddhafigur-mit-Ahorn.jpg\">\n                \n                <img width=\"285\" height=\"285\" src=\"https:\/\/www.terra-et-ars.de\/aktuelles\/wp-content\/uploads\/2020\/09\/364kg-Buddhafigur-mit-Ahorn-285x285.jpg\" class=\"attachment-gallery-medium size-gallery-medium\" alt=\"Buddhafigur mit Ahorn\" loading=\"lazy\" srcset=\"https:\/\/www.terra-et-ars.de\/aktuelles\/wp-content\/uploads\/2020\/09\/364kg-Buddhafigur-mit-Ahorn-285x285.jpg 285w, https:\/\/www.terra-et-ars.de\/aktuelles\/wp-content\/uploads\/2020\/09\/364kg-Buddhafigur-mit-Ahorn-150x150.jpg 150w\" sizes=\"(max-width: 285px) 100vw, 285px\" \/>\n            <\/div>\n        \n                        <div class=\"image-gallery__item\" data-featherlight=\"https:\/\/www.terra-et-ars.de\/aktuelles\/wp-content\/uploads\/2020\/09\/362kg-buddhafigur-garten.jpg\">\n                \n                <img width=\"285\" height=\"285\" src=\"https:\/\/www.terra-et-ars.de\/aktuelles\/wp-content\/uploads\/2020\/09\/362kg-buddhafigur-garten-285x285.jpg\" class=\"attachment-gallery-medium size-gallery-medium\" alt=\"Buddhafigur Garten Fluss Stein\" loading=\"lazy\" srcset=\"https:\/\/www.terra-et-ars.de\/aktuelles\/wp-content\/uploads\/2020\/09\/362kg-buddhafigur-garten-285x285.jpg 285w, https:\/\/www.terra-et-ars.de\/aktuelles\/wp-content\/uploads\/2020\/09\/362kg-buddhafigur-garten-150x150.jpg 150w\" sizes=\"(max-width: 285px) 100vw, 285px\" \/>\n            <\/div>\n        \n                        <div class=\"image-gallery__item\" data-featherlight=\"https:\/\/www.terra-et-ars.de\/aktuelles\/wp-content\/uploads\/2020\/09\/361kg-buddhafigur-beleuchtet.jpg\">\n                \n                <img width=\"285\" height=\"285\" src=\"https:\/\/www.terra-et-ars.de\/aktuelles\/wp-content\/uploads\/2020\/09\/361kg-buddhafigur-beleuchtet-285x285.jpg\" class=\"attachment-gallery-medium size-gallery-medium\" alt=\"Buddhafigur beleuchtet\" loading=\"lazy\" srcset=\"https:\/\/www.terra-et-ars.de\/aktuelles\/wp-content\/uploads\/2020\/09\/361kg-buddhafigur-beleuchtet-285x285.jpg 285w, https:\/\/www.terra-et-ars.de\/aktuelles\/wp-content\/uploads\/2020\/09\/361kg-buddhafigur-beleuchtet-150x150.jpg 150w\" sizes=\"(max-width: 285px) 100vw, 285px\" \/>\n            <\/div>\n        \n                        <div class=\"image-gallery__item\" data-featherlight=\"https:\/\/www.terra-et-ars.de\/aktuelles\/wp-content\/uploads\/2020\/09\/360kg-buddhafigur-beleuchtet.jpg\">\n                \n                <img width=\"285\" height=\"285\" src=\"https:\/\/www.terra-et-ars.de\/aktuelles\/wp-content\/uploads\/2020\/09\/360kg-buddhafigur-beleuchtet-285x285.jpg\" class=\"attachment-gallery-medium size-gallery-medium\" alt=\"Buddhafigur beleuchtet\" loading=\"lazy\" srcset=\"https:\/\/www.terra-et-ars.de\/aktuelles\/wp-content\/uploads\/2020\/09\/360kg-buddhafigur-beleuchtet-285x285.jpg 285w, https:\/\/www.terra-et-ars.de\/aktuelles\/wp-content\/uploads\/2020\/09\/360kg-buddhafigur-beleuchtet-150x150.jpg 150w\" sizes=\"(max-width: 285px) 100vw, 285px\" \/>\n            <\/div>\n        \n                        <div class=\"image-gallery__item\" data-featherlight=\"https:\/\/www.terra-et-ars.de\/aktuelles\/wp-content\/uploads\/2020\/09\/357kg-Buddhafigur.jpg\">\n                \n                <img width=\"285\" height=\"285\" src=\"https:\/\/www.terra-et-ars.de\/aktuelles\/wp-content\/uploads\/2020\/09\/357kg-Buddhafigur-285x285.jpg\" class=\"attachment-gallery-medium size-gallery-medium\" alt=\"Buddhafigur\" loading=\"lazy\" srcset=\"https:\/\/www.terra-et-ars.de\/aktuelles\/wp-content\/uploads\/2020\/09\/357kg-Buddhafigur-285x285.jpg 285w, https:\/\/www.terra-et-ars.de\/aktuelles\/wp-content\/uploads\/2020\/09\/357kg-Buddhafigur-150x150.jpg 150w\" sizes=\"(max-width: 285px) 100vw, 285px\" \/>\n            <\/div>\n        \n                        <div class=\"image-gallery__item\" data-featherlight=\"https:\/\/www.terra-et-ars.de\/aktuelles\/wp-content\/uploads\/2020\/09\/356kg-Buddhafigur.jpg\">\n                \n                <img width=\"285\" height=\"285\" src=\"https:\/\/www.terra-et-ars.de\/aktuelles\/wp-content\/uploads\/2020\/09\/356kg-Buddhafigur-285x285.jpg\" class=\"attachment-gallery-medium size-gallery-medium\" alt=\"Buddhafigur\" loading=\"lazy\" srcset=\"https:\/\/www.terra-et-ars.de\/aktuelles\/wp-content\/uploads\/2020\/09\/356kg-Buddhafigur-285x285.jpg 285w, https:\/\/www.terra-et-ars.de\/aktuelles\/wp-content\/uploads\/2020\/09\/356kg-Buddhafigur-150x150.jpg 150w\" sizes=\"(max-width: 285px) 100vw, 285px\" \/>\n            <\/div>\n        \n                        <div class=\"image-gallery__item\" data-featherlight=\"https:\/\/www.terra-et-ars.de\/aktuelles\/wp-content\/uploads\/2019\/11\/355kg-Buddhafigur.jpg\">\n                \n                <img width=\"285\" height=\"285\" src=\"https:\/\/www.terra-et-ars.de\/aktuelles\/wp-content\/uploads\/2019\/11\/355kg-Buddhafigur-285x285.jpg\" class=\"attachment-gallery-medium size-gallery-medium\" alt=\"Buddhafigur Stein\" loading=\"lazy\" srcset=\"https:\/\/www.terra-et-ars.de\/aktuelles\/wp-content\/uploads\/2019\/11\/355kg-Buddhafigur-285x285.jpg 285w, https:\/\/www.terra-et-ars.de\/aktuelles\/wp-content\/uploads\/2019\/11\/355kg-Buddhafigur-150x150.jpg 150w\" sizes=\"(max-width: 285px) 100vw, 285px\" \/>\n            <\/div>\n        \n                        <div class=\"image-gallery__item\" data-featherlight=\"https:\/\/www.terra-et-ars.de\/aktuelles\/wp-content\/uploads\/2019\/11\/354kg-Buddhafigur.jpg\">\n                \n                <img width=\"285\" height=\"285\" src=\"https:\/\/www.terra-et-ars.de\/aktuelles\/wp-content\/uploads\/2019\/11\/354kg-Buddhafigur-285x285.jpg\" class=\"attachment-gallery-medium size-gallery-medium\" alt=\"Buddhafigur vitarka mudra\" loading=\"lazy\" srcset=\"https:\/\/www.terra-et-ars.de\/aktuelles\/wp-content\/uploads\/2019\/11\/354kg-Buddhafigur-285x285.jpg 285w, https:\/\/www.terra-et-ars.de\/aktuelles\/wp-content\/uploads\/2019\/11\/354kg-Buddhafigur-150x150.jpg 150w\" sizes=\"(max-width: 285px) 100vw, 285px\" \/>\n            <\/div>\n        \n                        <div class=\"image-gallery__item\" data-featherlight=\"https:\/\/www.terra-et-ars.de\/aktuelles\/wp-content\/uploads\/2019\/11\/353kg-Buddhafigur.jpg\">\n                \n                <img width=\"285\" height=\"285\" src=\"https:\/\/www.terra-et-ars.de\/aktuelles\/wp-content\/uploads\/2019\/11\/353kg-Buddhafigur-285x285.jpg\" class=\"attachment-gallery-medium size-gallery-medium\" alt=\"Buddhafigur vitarka mudra\" loading=\"lazy\" srcset=\"https:\/\/www.terra-et-ars.de\/aktuelles\/wp-content\/uploads\/2019\/11\/353kg-Buddhafigur-285x285.jpg 285w, https:\/\/www.terra-et-ars.de\/aktuelles\/wp-content\/uploads\/2019\/11\/353kg-Buddhafigur-150x150.jpg 150w\" sizes=\"(max-width: 285px) 100vw, 285px\" \/>\n            <\/div>\n        \n                        <div class=\"image-gallery__item\" data-featherlight=\"https:\/\/www.terra-et-ars.de\/aktuelles\/wp-content\/uploads\/2019\/11\/352kg-Buddhafigur.jpg\">\n                \n                <img width=\"285\" height=\"285\" src=\"https:\/\/www.terra-et-ars.de\/aktuelles\/wp-content\/uploads\/2019\/11\/352kg-Buddhafigur-285x285.jpg\" class=\"attachment-gallery-medium size-gallery-medium\" alt=\"Buddhafigur am Teich\" loading=\"lazy\" srcset=\"https:\/\/www.terra-et-ars.de\/aktuelles\/wp-content\/uploads\/2019\/11\/352kg-Buddhafigur-285x285.jpg 285w, https:\/\/www.terra-et-ars.de\/aktuelles\/wp-content\/uploads\/2019\/11\/352kg-Buddhafigur-150x150.jpg 150w\" sizes=\"(max-width: 285px) 100vw, 285px\" \/>\n            <\/div>\n        \n                        <div class=\"image-gallery__item\" data-featherlight=\"https:\/\/www.terra-et-ars.de\/aktuelles\/wp-content\/uploads\/2019\/11\/351kg-Dewi-Statue.jpg\">\n                \n                <img width=\"285\" height=\"285\" src=\"https:\/\/www.terra-et-ars.de\/aktuelles\/wp-content\/uploads\/2019\/11\/351kg-Dewi-Statue-285x285.jpg\" class=\"attachment-gallery-medium size-gallery-medium\" alt=\"Dewi Statue Torso\" loading=\"lazy\" srcset=\"https:\/\/www.terra-et-ars.de\/aktuelles\/wp-content\/uploads\/2019\/11\/351kg-Dewi-Statue-285x285.jpg 285w, https:\/\/www.terra-et-ars.de\/aktuelles\/wp-content\/uploads\/2019\/11\/351kg-Dewi-Statue-150x150.jpg 150w\" sizes=\"(max-width: 285px) 100vw, 285px\" \/>\n            <\/div>\n        \n                        <div class=\"image-gallery__item\" data-featherlight=\"https:\/\/www.terra-et-ars.de\/aktuelles\/wp-content\/uploads\/2020\/09\/350kg-Dewi-Figur.jpg\">\n                \n                <img width=\"285\" height=\"285\" src=\"https:\/\/www.terra-et-ars.de\/aktuelles\/wp-content\/uploads\/2020\/09\/350kg-Dewi-Figur-285x285.jpg\" class=\"attachment-gallery-medium size-gallery-medium\" alt=\"Dewi Figur Stein\" loading=\"lazy\" srcset=\"https:\/\/www.terra-et-ars.de\/aktuelles\/wp-content\/uploads\/2020\/09\/350kg-Dewi-Figur-285x285.jpg 285w, https:\/\/www.terra-et-ars.de\/aktuelles\/wp-content\/uploads\/2020\/09\/350kg-Dewi-Figur-150x150.jpg 150w\" sizes=\"(max-width: 285px) 100vw, 285px\" \/>\n            <\/div>\n        \n                        <div class=\"image-gallery__item\" data-featherlight=\"https:\/\/www.terra-et-ars.de\/aktuelles\/wp-content\/uploads\/2020\/09\/349kg-Buddhafigur.jpg\">\n                \n                <img width=\"285\" height=\"285\" src=\"https:\/\/www.terra-et-ars.de\/aktuelles\/wp-content\/uploads\/2020\/09\/349kg-Buddhafigur-285x285.jpg\" class=\"attachment-gallery-medium size-gallery-medium\" alt=\"Buddhafigur sitzend\" loading=\"lazy\" srcset=\"https:\/\/www.terra-et-ars.de\/aktuelles\/wp-content\/uploads\/2020\/09\/349kg-Buddhafigur-285x285.jpg 285w, https:\/\/www.terra-et-ars.de\/aktuelles\/wp-content\/uploads\/2020\/09\/349kg-Buddhafigur-150x150.jpg 150w\" sizes=\"(max-width: 285px) 100vw, 285px\" \/>\n            <\/div>\n        \n                        <div class=\"image-gallery__item\" data-featherlight=\"https:\/\/www.terra-et-ars.de\/aktuelles\/wp-content\/uploads\/2020\/09\/348kg-Buddhafigur.jpg\">\n                \n                <img width=\"285\" height=\"285\" src=\"https:\/\/www.terra-et-ars.de\/aktuelles\/wp-content\/uploads\/2020\/09\/348kg-Buddhafigur-285x285.jpg\" class=\"attachment-gallery-medium size-gallery-medium\" alt=\"Buddhafigur Khmer Fluss Stein\" loading=\"lazy\" srcset=\"https:\/\/www.terra-et-ars.de\/aktuelles\/wp-content\/uploads\/2020\/09\/348kg-Buddhafigur-285x285.jpg 285w, https:\/\/www.terra-et-ars.de\/aktuelles\/wp-content\/uploads\/2020\/09\/348kg-Buddhafigur-150x150.jpg 150w\" sizes=\"(max-width: 285px) 100vw, 285px\" \/>\n            <\/div>\n        \n                        <div class=\"image-gallery__item\" data-featherlight=\"https:\/\/www.terra-et-ars.de\/aktuelles\/wp-content\/uploads\/2020\/09\/347kg-Buddhafigur-1.jpg\">\n                \n                <img width=\"285\" height=\"285\" src=\"https:\/\/www.terra-et-ars.de\/aktuelles\/wp-content\/uploads\/2020\/09\/347kg-Buddhafigur-1-285x285.jpg\" class=\"attachment-gallery-medium size-gallery-medium\" alt=\"Buddhafigur stehend Lavastein\" loading=\"lazy\" srcset=\"https:\/\/www.terra-et-ars.de\/aktuelles\/wp-content\/uploads\/2020\/09\/347kg-Buddhafigur-1-285x285.jpg 285w, https:\/\/www.terra-et-ars.de\/aktuelles\/wp-content\/uploads\/2020\/09\/347kg-Buddhafigur-1-150x150.jpg 150w\" sizes=\"(max-width: 285px) 100vw, 285px\" \/>\n            <\/div>\n        \n                        <div class=\"image-gallery__item\" data-featherlight=\"https:\/\/www.terra-et-ars.de\/aktuelles\/wp-content\/uploads\/2020\/09\/346kg-Buddhafigur.jpg\">\n                \n                <img width=\"285\" height=\"285\" src=\"https:\/\/www.terra-et-ars.de\/aktuelles\/wp-content\/uploads\/2020\/09\/346kg-Buddhafigur-285x285.jpg\" class=\"attachment-gallery-medium size-gallery-medium\" alt=\"Buddhafigur sitzend Meditation\" loading=\"lazy\" srcset=\"https:\/\/www.terra-et-ars.de\/aktuelles\/wp-content\/uploads\/2020\/09\/346kg-Buddhafigur-285x285.jpg 285w, https:\/\/www.terra-et-ars.de\/aktuelles\/wp-content\/uploads\/2020\/09\/346kg-Buddhafigur-150x150.jpg 150w\" sizes=\"(max-width: 285px) 100vw, 285px\" \/>\n            <\/div>\n        \n                        <div class=\"image-gallery__item\" data-featherlight=\"https:\/\/www.terra-et-ars.de\/aktuelles\/wp-content\/uploads\/2020\/09\/345kg-Bali-Holzbank.jpg\">\n                \n                <img width=\"285\" height=\"285\" src=\"https:\/\/www.terra-et-ars.de\/aktuelles\/wp-content\/uploads\/2020\/09\/345kg-Bali-Holzbank-285x285.jpg\" class=\"attachment-gallery-medium size-gallery-medium\" alt=\"Bali Holzbank\" loading=\"lazy\" srcset=\"https:\/\/www.terra-et-ars.de\/aktuelles\/wp-content\/uploads\/2020\/09\/345kg-Bali-Holzbank-285x285.jpg 285w, https:\/\/www.terra-et-ars.de\/aktuelles\/wp-content\/uploads\/2020\/09\/345kg-Bali-Holzbank-150x150.jpg 150w\" sizes=\"(max-width: 285px) 100vw, 285px\" \/>\n            <\/div>\n        \n                        <div class=\"image-gallery__item\" data-featherlight=\"https:\/\/www.terra-et-ars.de\/aktuelles\/wp-content\/uploads\/2020\/09\/343kg-Dewi-Figuren.jpg\">\n                \n                <img width=\"285\" height=\"285\" src=\"https:\/\/www.terra-et-ars.de\/aktuelles\/wp-content\/uploads\/2020\/09\/343kg-Dewi-Figuren-285x285.jpg\" class=\"attachment-gallery-medium size-gallery-medium\" alt=\"Dewi Figuren Stein Garten\" loading=\"lazy\" srcset=\"https:\/\/www.terra-et-ars.de\/aktuelles\/wp-content\/uploads\/2020\/09\/343kg-Dewi-Figuren-285x285.jpg 285w, https:\/\/www.terra-et-ars.de\/aktuelles\/wp-content\/uploads\/2020\/09\/343kg-Dewi-Figuren-300x300.jpg 300w, https:\/\/www.terra-et-ars.de\/aktuelles\/wp-content\/uploads\/2020\/09\/343kg-Dewi-Figuren-150x150.jpg 150w, https:\/\/www.terra-et-ars.de\/aktuelles\/wp-content\/uploads\/2020\/09\/343kg-Dewi-Figuren.jpg 600w\" sizes=\"(max-width: 285px) 100vw, 285px\" \/>\n            <\/div>\n        \n                        <div class=\"image-gallery__item\" data-featherlight=\"https:\/\/www.terra-et-ars.de\/aktuelles\/wp-content\/uploads\/2020\/09\/342kg-dewi-stein-figur.jpg\">\n                \n                <img width=\"285\" height=\"285\" src=\"https:\/\/www.terra-et-ars.de\/aktuelles\/wp-content\/uploads\/2020\/09\/342kg-dewi-stein-figur-285x285.jpg\" class=\"attachment-gallery-medium size-gallery-medium\" alt=\"Dewi Statue mit Krug Lavastein\" loading=\"lazy\" srcset=\"https:\/\/www.terra-et-ars.de\/aktuelles\/wp-content\/uploads\/2020\/09\/342kg-dewi-stein-figur-285x285.jpg 285w, https:\/\/www.terra-et-ars.de\/aktuelles\/wp-content\/uploads\/2020\/09\/342kg-dewi-stein-figur-300x300.jpg 300w, https:\/\/www.terra-et-ars.de\/aktuelles\/wp-content\/uploads\/2020\/09\/342kg-dewi-stein-figur-150x150.jpg 150w, https:\/\/www.terra-et-ars.de\/aktuelles\/wp-content\/uploads\/2020\/09\/342kg-dewi-stein-figur.jpg 600w\" sizes=\"(max-width: 285px) 100vw, 285px\" \/>\n            <\/div>\n        \n                        <div class=\"image-gallery__item\" data-featherlight=\"https:\/\/www.terra-et-ars.de\/aktuelles\/wp-content\/uploads\/2020\/09\/341kg-Dewi-Statuen.jpg\">\n                \n                <img width=\"285\" height=\"285\" src=\"https:\/\/www.terra-et-ars.de\/aktuelles\/wp-content\/uploads\/2020\/09\/341kg-Dewi-Statuen-285x285.jpg\" class=\"attachment-gallery-medium size-gallery-medium\" alt=\"Dewi Statuen Garten\" loading=\"lazy\" srcset=\"https:\/\/www.terra-et-ars.de\/aktuelles\/wp-content\/uploads\/2020\/09\/341kg-Dewi-Statuen-285x285.jpg 285w, https:\/\/www.terra-et-ars.de\/aktuelles\/wp-content\/uploads\/2020\/09\/341kg-Dewi-Statuen-300x300.jpg 300w, https:\/\/www.terra-et-ars.de\/aktuelles\/wp-content\/uploads\/2020\/09\/341kg-Dewi-Statuen-150x150.jpg 150w, https:\/\/www.terra-et-ars.de\/aktuelles\/wp-content\/uploads\/2020\/09\/341kg-Dewi-Statuen.jpg 600w\" sizes=\"(max-width: 285px) 100vw, 285px\" \/>\n            <\/div>\n        \n                        <div class=\"image-gallery__item\" data-featherlight=\"https:\/\/www.terra-et-ars.de\/aktuelles\/wp-content\/uploads\/2020\/09\/340kg-ganesha-statue.jpg\">\n                \n                <img width=\"285\" height=\"285\" src=\"https:\/\/www.terra-et-ars.de\/aktuelles\/wp-content\/uploads\/2020\/09\/340kg-ganesha-statue-285x285.jpg\" class=\"attachment-gallery-medium size-gallery-medium\" alt=\"Ganesha Statue mit Naga Stein\" loading=\"lazy\" srcset=\"https:\/\/www.terra-et-ars.de\/aktuelles\/wp-content\/uploads\/2020\/09\/340kg-ganesha-statue-285x285.jpg 285w, https:\/\/www.terra-et-ars.de\/aktuelles\/wp-content\/uploads\/2020\/09\/340kg-ganesha-statue-300x300.jpg 300w, https:\/\/www.terra-et-ars.de\/aktuelles\/wp-content\/uploads\/2020\/09\/340kg-ganesha-statue-150x150.jpg 150w, https:\/\/www.terra-et-ars.de\/aktuelles\/wp-content\/uploads\/2020\/09\/340kg-ganesha-statue.jpg 600w\" sizes=\"(max-width: 285px) 100vw, 285px\" \/>\n            <\/div>\n        \n                        <div class=\"image-gallery__item\" data-featherlight=\"https:\/\/www.terra-et-ars.de\/aktuelles\/wp-content\/uploads\/2020\/11\/337kg-Ganesha-Figur-Garten.jpg\">\n                \n                <img width=\"285\" height=\"285\" src=\"https:\/\/www.terra-et-ars.de\/aktuelles\/wp-content\/uploads\/2020\/11\/337kg-Ganesha-Figur-Garten-285x285.jpg\" class=\"attachment-gallery-medium size-gallery-medium\" alt=\"Ganesha Figur Garten\" loading=\"lazy\" srcset=\"https:\/\/www.terra-et-ars.de\/aktuelles\/wp-content\/uploads\/2020\/11\/337kg-Ganesha-Figur-Garten-285x285.jpg 285w, https:\/\/www.terra-et-ars.de\/aktuelles\/wp-content\/uploads\/2020\/11\/337kg-Ganesha-Figur-Garten-150x150.jpg 150w\" sizes=\"(max-width: 285px) 100vw, 285px\" \/>\n            <\/div>\n        \n                        <div class=\"image-gallery__item\" data-featherlight=\"https:\/\/www.terra-et-ars.de\/aktuelles\/wp-content\/uploads\/2020\/11\/338kg-ganeshafigur-stein.jpg\">\n                \n                <img width=\"285\" height=\"285\" src=\"https:\/\/www.terra-et-ars.de\/aktuelles\/wp-content\/uploads\/2020\/11\/338kg-ganeshafigur-stein-285x285.jpg\" class=\"attachment-gallery-medium size-gallery-medium\" alt=\"Ganeshafigur Stein\" loading=\"lazy\" srcset=\"https:\/\/www.terra-et-ars.de\/aktuelles\/wp-content\/uploads\/2020\/11\/338kg-ganeshafigur-stein-285x285.jpg 285w, https:\/\/www.terra-et-ars.de\/aktuelles\/wp-content\/uploads\/2020\/11\/338kg-ganeshafigur-stein-300x300.jpg 300w, https:\/\/www.terra-et-ars.de\/aktuelles\/wp-content\/uploads\/2020\/11\/338kg-ganeshafigur-stein-150x150.jpg 150w, https:\/\/www.terra-et-ars.de\/aktuelles\/wp-content\/uploads\/2020\/11\/338kg-ganeshafigur-stein.jpg 600w\" sizes=\"(max-width: 285px) 100vw, 285px\" \/>\n            <\/div>\n        \n                        <div class=\"image-gallery__item\" data-featherlight=\"https:\/\/www.terra-et-ars.de\/aktuelles\/wp-content\/uploads\/2020\/11\/337kg-Ganesha-Figur-Garten.jpg\">\n                \n                <img width=\"285\" height=\"285\" src=\"https:\/\/www.terra-et-ars.de\/aktuelles\/wp-content\/uploads\/2020\/11\/337kg-Ganesha-Figur-Garten-285x285.jpg\" class=\"attachment-gallery-medium size-gallery-medium\" alt=\"Ganesha Figur Garten\" loading=\"lazy\" srcset=\"https:\/\/www.terra-et-ars.de\/aktuelles\/wp-content\/uploads\/2020\/11\/337kg-Ganesha-Figur-Garten-285x285.jpg 285w, https:\/\/www.terra-et-ars.de\/aktuelles\/wp-content\/uploads\/2020\/11\/337kg-Ganesha-Figur-Garten-150x150.jpg 150w\" sizes=\"(max-width: 285px) 100vw, 285px\" \/>\n            <\/div>\n        \n                        <div class=\"image-gallery__item\" data-featherlight=\"https:\/\/www.terra-et-ars.de\/aktuelles\/wp-content\/uploads\/2020\/11\/335kg-Bali-Mo\u0308bel-Teakbank.jpg\">\n                \n                <img width=\"285\" height=\"285\" src=\"https:\/\/www.terra-et-ars.de\/aktuelles\/wp-content\/uploads\/2020\/11\/335kg-Bali-Mo\u0308bel-Teakbank-285x285.jpg\" class=\"attachment-gallery-medium size-gallery-medium\" alt=\"Bali Daybeds auf Terrasse\" loading=\"lazy\" srcset=\"https:\/\/www.terra-et-ars.de\/aktuelles\/wp-content\/uploads\/2020\/11\/335kg-Bali-Mo\u0308bel-Teakbank-285x285.jpg 285w, https:\/\/www.terra-et-ars.de\/aktuelles\/wp-content\/uploads\/2020\/11\/335kg-Bali-Mo\u0308bel-Teakbank-150x150.jpg 150w\" sizes=\"(max-width: 285px) 100vw, 285px\" \/>\n            <\/div>\n        \n                        <div class=\"image-gallery__item\" data-featherlight=\"https:\/\/www.terra-et-ars.de\/aktuelles\/wp-content\/uploads\/2020\/11\/334kg-Ganesha-Figur.jpg\">\n                \n                <img width=\"285\" height=\"285\" src=\"https:\/\/www.terra-et-ars.de\/aktuelles\/wp-content\/uploads\/2020\/11\/334kg-Ganesha-Figur-285x285.jpg\" class=\"attachment-gallery-medium size-gallery-medium\" alt=\"Ganesha Figur\" loading=\"lazy\" srcset=\"https:\/\/www.terra-et-ars.de\/aktuelles\/wp-content\/uploads\/2020\/11\/334kg-Ganesha-Figur-285x285.jpg 285w, https:\/\/www.terra-et-ars.de\/aktuelles\/wp-content\/uploads\/2020\/11\/334kg-Ganesha-Figur-150x150.jpg 150w\" sizes=\"(max-width: 285px) 100vw, 285px\" \/>\n            <\/div>\n        \n                        <div class=\"image-gallery__item\" data-featherlight=\"https:\/\/www.terra-et-ars.de\/aktuelles\/wp-content\/uploads\/2020\/11\/332kg-Buddhafigur-Grussgeste.jpg\">\n                \n                <img width=\"285\" height=\"285\" src=\"https:\/\/www.terra-et-ars.de\/aktuelles\/wp-content\/uploads\/2020\/11\/332kg-Buddhafigur-Grussgeste-285x285.jpg\" class=\"attachment-gallery-medium size-gallery-medium\" alt=\"Buddhafigur Grussgeste\" loading=\"lazy\" srcset=\"https:\/\/www.terra-et-ars.de\/aktuelles\/wp-content\/uploads\/2020\/11\/332kg-Buddhafigur-Grussgeste-285x285.jpg 285w, https:\/\/www.terra-et-ars.de\/aktuelles\/wp-content\/uploads\/2020\/11\/332kg-Buddhafigur-Grussgeste-150x150.jpg 150w\" sizes=\"(max-width: 285px) 100vw, 285px\" \/>\n            <\/div>\n        \n                        <div class=\"image-gallery__item\" data-featherlight=\"https:\/\/www.terra-et-ars.de\/aktuelles\/wp-content\/uploads\/2020\/11\/331kg-Buddhafigur-Pool.jpg\">\n                \n                <img width=\"285\" height=\"285\" src=\"https:\/\/www.terra-et-ars.de\/aktuelles\/wp-content\/uploads\/2020\/11\/331kg-Buddhafigur-Pool-285x285.jpg\" class=\"attachment-gallery-medium size-gallery-medium\" alt=\"Buddhafigur Pool\" loading=\"lazy\" srcset=\"https:\/\/www.terra-et-ars.de\/aktuelles\/wp-content\/uploads\/2020\/11\/331kg-Buddhafigur-Pool-285x285.jpg 285w, https:\/\/www.terra-et-ars.de\/aktuelles\/wp-content\/uploads\/2020\/11\/331kg-Buddhafigur-Pool-150x150.jpg 150w\" sizes=\"(max-width: 285px) 100vw, 285px\" \/>\n            <\/div>\n        \n                        <div class=\"image-gallery__item\" data-featherlight=\"https:\/\/www.terra-et-ars.de\/aktuelles\/wp-content\/uploads\/2020\/11\/330kg-Buddhafigur-am-Pool.jpg\">\n                \n                <img width=\"285\" height=\"285\" src=\"https:\/\/www.terra-et-ars.de\/aktuelles\/wp-content\/uploads\/2020\/11\/330kg-Buddhafigur-am-Pool-285x285.jpg\" class=\"attachment-gallery-medium size-gallery-medium\" alt=\"Buddhafigur am Pool\" loading=\"lazy\" srcset=\"https:\/\/www.terra-et-ars.de\/aktuelles\/wp-content\/uploads\/2020\/11\/330kg-Buddhafigur-am-Pool-285x285.jpg 285w, https:\/\/www.terra-et-ars.de\/aktuelles\/wp-content\/uploads\/2020\/11\/330kg-Buddhafigur-am-Pool-150x150.jpg 150w\" sizes=\"(max-width: 285px) 100vw, 285px\" \/>\n            <\/div>\n        \n                        <div class=\"image-gallery__item\" data-featherlight=\"https:\/\/www.terra-et-ars.de\/aktuelles\/wp-content\/uploads\/2020\/11\/328kg-Buddhafigur.jpg\">\n                \n                <img width=\"285\" height=\"285\" src=\"https:\/\/www.terra-et-ars.de\/aktuelles\/wp-content\/uploads\/2020\/11\/328kg-Buddhafigur-285x285.jpg\" class=\"attachment-gallery-medium size-gallery-medium\" alt=\"Buddhafigur\" loading=\"lazy\" srcset=\"https:\/\/www.terra-et-ars.de\/aktuelles\/wp-content\/uploads\/2020\/11\/328kg-Buddhafigur-285x285.jpg 285w, https:\/\/www.terra-et-ars.de\/aktuelles\/wp-content\/uploads\/2020\/11\/328kg-Buddhafigur-150x150.jpg 150w\" sizes=\"(max-width: 285px) 100vw, 285px\" \/>\n            <\/div>\n        \n                        <div class=\"image-gallery__item\" data-featherlight=\"https:\/\/www.terra-et-ars.de\/aktuelles\/wp-content\/uploads\/2020\/11\/327kg-Buddhafigur.jpg\">\n                \n                <img width=\"285\" height=\"285\" src=\"https:\/\/www.terra-et-ars.de\/aktuelles\/wp-content\/uploads\/2020\/11\/327kg-Buddhafigur-285x285.jpg\" class=\"attachment-gallery-medium size-gallery-medium\" alt=\"Buddhafigur\" loading=\"lazy\" srcset=\"https:\/\/www.terra-et-ars.de\/aktuelles\/wp-content\/uploads\/2020\/11\/327kg-Buddhafigur-285x285.jpg 285w, https:\/\/www.terra-et-ars.de\/aktuelles\/wp-content\/uploads\/2020\/11\/327kg-Buddhafigur-150x150.jpg 150w\" sizes=\"(max-width: 285px) 100vw, 285px\" \/>\n            <\/div>\n        \n                        <div class=\"image-gallery__item\" data-featherlight=\"https:\/\/www.terra-et-ars.de\/aktuelles\/wp-content\/uploads\/2020\/11\/326kg-Buddhafigur.jpg\">\n                \n                <img width=\"285\" height=\"285\" src=\"https:\/\/www.terra-et-ars.de\/aktuelles\/wp-content\/uploads\/2020\/11\/326kg-Buddhafigur-285x285.jpg\" class=\"attachment-gallery-medium size-gallery-medium\" alt=\"Buddhafigur\" loading=\"lazy\" srcset=\"https:\/\/www.terra-et-ars.de\/aktuelles\/wp-content\/uploads\/2020\/11\/326kg-Buddhafigur-285x285.jpg 285w, https:\/\/www.terra-et-ars.de\/aktuelles\/wp-content\/uploads\/2020\/11\/326kg-Buddhafigur-150x150.jpg 150w\" sizes=\"(max-width: 285px) 100vw, 285px\" \/>\n            <\/div>\n        \n                        <div class=\"image-gallery__item\" data-featherlight=\"https:\/\/www.terra-et-ars.de\/aktuelles\/wp-content\/uploads\/2020\/11\/325kg-Dewi-Bu\u0308ste.jpg\">\n                \n                <img width=\"285\" height=\"285\" src=\"https:\/\/www.terra-et-ars.de\/aktuelles\/wp-content\/uploads\/2020\/11\/325kg-Dewi-Bu\u0308ste-285x285.jpg\" class=\"attachment-gallery-medium size-gallery-medium\" alt=\"Dewi Bu\u0308ste\" loading=\"lazy\" srcset=\"https:\/\/www.terra-et-ars.de\/aktuelles\/wp-content\/uploads\/2020\/11\/325kg-Dewi-Bu\u0308ste-285x285.jpg 285w, https:\/\/www.terra-et-ars.de\/aktuelles\/wp-content\/uploads\/2020\/11\/325kg-Dewi-Bu\u0308ste-150x150.jpg 150w\" sizes=\"(max-width: 285px) 100vw, 285px\" \/>\n            <\/div>\n        \n                        <div class=\"image-gallery__item\" data-featherlight=\"https:\/\/www.terra-et-ars.de\/aktuelles\/wp-content\/uploads\/2020\/11\/324kg-Buddhafigur-Fluss-Stein.jpg\">\n                \n                <img width=\"285\" height=\"285\" src=\"https:\/\/www.terra-et-ars.de\/aktuelles\/wp-content\/uploads\/2020\/11\/324kg-Buddhafigur-Fluss-Stein-285x285.jpg\" class=\"attachment-gallery-medium size-gallery-medium\" alt=\"Buddhafigur Fluss Stein\" loading=\"lazy\" srcset=\"https:\/\/www.terra-et-ars.de\/aktuelles\/wp-content\/uploads\/2020\/11\/324kg-Buddhafigur-Fluss-Stein-285x285.jpg 285w, https:\/\/www.terra-et-ars.de\/aktuelles\/wp-content\/uploads\/2020\/11\/324kg-Buddhafigur-Fluss-Stein-150x150.jpg 150w\" sizes=\"(max-width: 285px) 100vw, 285px\" \/>\n            <\/div>\n        \n                        <div class=\"image-gallery__item\" data-featherlight=\"https:\/\/www.terra-et-ars.de\/aktuelles\/wp-content\/uploads\/2020\/11\/323kg-Buddhafigur-stehend.jpg\">\n                \n                <img width=\"285\" height=\"285\" src=\"https:\/\/www.terra-et-ars.de\/aktuelles\/wp-content\/uploads\/2020\/11\/323kg-Buddhafigur-stehend-285x285.jpg\" class=\"attachment-gallery-medium size-gallery-medium\" alt=\"Buddhafigur stehend\" loading=\"lazy\" srcset=\"https:\/\/www.terra-et-ars.de\/aktuelles\/wp-content\/uploads\/2020\/11\/323kg-Buddhafigur-stehend-285x285.jpg 285w, https:\/\/www.terra-et-ars.de\/aktuelles\/wp-content\/uploads\/2020\/11\/323kg-Buddhafigur-stehend-150x150.jpg 150w\" sizes=\"(max-width: 285px) 100vw, 285px\" \/>\n            <\/div>\n        \n                        <div class=\"image-gallery__item\" data-featherlight=\"https:\/\/www.terra-et-ars.de\/aktuelles\/wp-content\/uploads\/2020\/11\/322kg-Buddhafigur.jpg\">\n                \n                <img width=\"285\" height=\"285\" src=\"https:\/\/www.terra-et-ars.de\/aktuelles\/wp-content\/uploads\/2020\/11\/322kg-Buddhafigur-285x285.jpg\" class=\"attachment-gallery-medium size-gallery-medium\" alt=\"Buddhafigur Yoga Park\" loading=\"lazy\" srcset=\"https:\/\/www.terra-et-ars.de\/aktuelles\/wp-content\/uploads\/2020\/11\/322kg-Buddhafigur-285x285.jpg 285w, https:\/\/www.terra-et-ars.de\/aktuelles\/wp-content\/uploads\/2020\/11\/322kg-Buddhafigur-150x150.jpg 150w\" sizes=\"(max-width: 285px) 100vw, 285px\" \/>\n            <\/div>\n        \n                        <div class=\"image-gallery__item\" data-featherlight=\"https:\/\/www.terra-et-ars.de\/aktuelles\/wp-content\/uploads\/2020\/11\/321kg-Buddhafigur-tra\u0308umend.jpg\">\n                \n                <img width=\"285\" height=\"285\" src=\"https:\/\/www.terra-et-ars.de\/aktuelles\/wp-content\/uploads\/2020\/11\/321kg-Buddhafigur-tra\u0308umend-285x285.jpg\" class=\"attachment-gallery-medium size-gallery-medium\" alt=\"Buddhafigur tra\u0308umend\" loading=\"lazy\" srcset=\"https:\/\/www.terra-et-ars.de\/aktuelles\/wp-content\/uploads\/2020\/11\/321kg-Buddhafigur-tra\u0308umend-285x285.jpg 285w, https:\/\/www.terra-et-ars.de\/aktuelles\/wp-content\/uploads\/2020\/11\/321kg-Buddhafigur-tra\u0308umend-150x150.jpg 150w\" sizes=\"(max-width: 285px) 100vw, 285px\" \/>\n            <\/div>\n        \n                        <div class=\"image-gallery__item\" data-featherlight=\"https:\/\/www.terra-et-ars.de\/aktuelles\/wp-content\/uploads\/2020\/11\/320kg-Buddhafigur-Khmer.jpg\">\n                \n                <img width=\"285\" height=\"285\" src=\"https:\/\/www.terra-et-ars.de\/aktuelles\/wp-content\/uploads\/2020\/11\/320kg-Buddhafigur-Khmer-285x285.jpg\" class=\"attachment-gallery-medium size-gallery-medium\" alt=\"Buddhafigur Khmer\" loading=\"lazy\" srcset=\"https:\/\/www.terra-et-ars.de\/aktuelles\/wp-content\/uploads\/2020\/11\/320kg-Buddhafigur-Khmer-285x285.jpg 285w, https:\/\/www.terra-et-ars.de\/aktuelles\/wp-content\/uploads\/2020\/11\/320kg-Buddhafigur-Khmer-150x150.jpg 150w\" sizes=\"(max-width: 285px) 100vw, 285px\" \/>\n            <\/div>\n        \n                        <div class=\"image-gallery__item\" data-featherlight=\"https:\/\/www.terra-et-ars.de\/aktuelles\/wp-content\/uploads\/2020\/11\/318kg-buddhafigur.jpg\">\n                \n                <img width=\"285\" height=\"285\" src=\"https:\/\/www.terra-et-ars.de\/aktuelles\/wp-content\/uploads\/2020\/11\/318kg-buddhafigur-285x285.jpg\" class=\"attachment-gallery-medium size-gallery-medium\" alt=\"Buddhafigur\" loading=\"lazy\" srcset=\"https:\/\/www.terra-et-ars.de\/aktuelles\/wp-content\/uploads\/2020\/11\/318kg-buddhafigur-285x285.jpg 285w, https:\/\/www.terra-et-ars.de\/aktuelles\/wp-content\/uploads\/2020\/11\/318kg-buddhafigur-150x150.jpg 150w\" sizes=\"(max-width: 285px) 100vw, 285px\" \/>\n            <\/div>\n        \n                        <div class=\"image-gallery__item\" data-featherlight=\"https:\/\/www.terra-et-ars.de\/aktuelles\/wp-content\/uploads\/2020\/11\/317kg-Buddhafigur.jpg\">\n                \n                <img width=\"285\" height=\"285\" src=\"https:\/\/www.terra-et-ars.de\/aktuelles\/wp-content\/uploads\/2020\/11\/317kg-Buddhafigur-285x285.jpg\" class=\"attachment-gallery-medium size-gallery-medium\" alt=\"Buddhafigur Blumenkleid\" loading=\"lazy\" srcset=\"https:\/\/www.terra-et-ars.de\/aktuelles\/wp-content\/uploads\/2020\/11\/317kg-Buddhafigur-285x285.jpg 285w, https:\/\/www.terra-et-ars.de\/aktuelles\/wp-content\/uploads\/2020\/11\/317kg-Buddhafigur-150x150.jpg 150w\" sizes=\"(max-width: 285px) 100vw, 285px\" \/>\n            <\/div>\n        \n                        <div class=\"image-gallery__item\" data-featherlight=\"https:\/\/www.terra-et-ars.de\/aktuelles\/wp-content\/uploads\/2020\/11\/314akg-Buddhafigur.jpg\">\n                \n                <img width=\"285\" height=\"285\" src=\"https:\/\/www.terra-et-ars.de\/aktuelles\/wp-content\/uploads\/2020\/11\/314akg-Buddhafigur-285x285.jpg\" class=\"attachment-gallery-medium size-gallery-medium\" alt=\"Buddhafigur\" loading=\"lazy\" srcset=\"https:\/\/www.terra-et-ars.de\/aktuelles\/wp-content\/uploads\/2020\/11\/314akg-Buddhafigur-285x285.jpg 285w, https:\/\/www.terra-et-ars.de\/aktuelles\/wp-content\/uploads\/2020\/11\/314akg-Buddhafigur-150x150.jpg 150w\" sizes=\"(max-width: 285px) 100vw, 285px\" \/>\n            <\/div>\n        \n                        <div class=\"image-gallery__item\" data-featherlight=\"https:\/\/www.terra-et-ars.de\/aktuelles\/wp-content\/uploads\/2020\/11\/312kg-Buddha-meditierend-Stein.jpg\">\n                \n                <img width=\"285\" height=\"285\" src=\"https:\/\/www.terra-et-ars.de\/aktuelles\/wp-content\/uploads\/2020\/11\/312kg-Buddha-meditierend-Stein-285x285.jpg\" class=\"attachment-gallery-medium size-gallery-medium\" alt=\"Buddha meditierend Stein\" loading=\"lazy\" srcset=\"https:\/\/www.terra-et-ars.de\/aktuelles\/wp-content\/uploads\/2020\/11\/312kg-Buddha-meditierend-Stein-285x285.jpg 285w, https:\/\/www.terra-et-ars.de\/aktuelles\/wp-content\/uploads\/2020\/11\/312kg-Buddha-meditierend-Stein-150x150.jpg 150w\" sizes=\"(max-width: 285px) 100vw, 285px\" \/>\n            <\/div>\n        \n                        <div class=\"image-gallery__item\" data-featherlight=\"https:\/\/www.terra-et-ars.de\/aktuelles\/wp-content\/uploads\/2020\/11\/310kg-Buddhafigur-Teich.jpg\">\n                \n                <img width=\"285\" height=\"285\" src=\"https:\/\/www.terra-et-ars.de\/aktuelles\/wp-content\/uploads\/2020\/11\/310kg-Buddhafigur-Teich-285x285.jpg\" class=\"attachment-gallery-medium size-gallery-medium\" alt=\"Buddhafigur Teich\" loading=\"lazy\" srcset=\"https:\/\/www.terra-et-ars.de\/aktuelles\/wp-content\/uploads\/2020\/11\/310kg-Buddhafigur-Teich-285x285.jpg 285w, https:\/\/www.terra-et-ars.de\/aktuelles\/wp-content\/uploads\/2020\/11\/310kg-Buddhafigur-Teich-150x150.jpg 150w\" sizes=\"(max-width: 285px) 100vw, 285px\" \/>\n            <\/div>\n        \n                        <div class=\"image-gallery__item\" data-featherlight=\"https:\/\/www.terra-et-ars.de\/aktuelles\/wp-content\/uploads\/2020\/11\/309kg-Buddhafigur-am-Teich.jpg\">\n                \n                <img width=\"285\" height=\"285\" src=\"https:\/\/www.terra-et-ars.de\/aktuelles\/wp-content\/uploads\/2020\/11\/309kg-Buddhafigur-am-Teich-285x285.jpg\" class=\"attachment-gallery-medium size-gallery-medium\" alt=\"Buddhafigur am Teich\" loading=\"lazy\" srcset=\"https:\/\/www.terra-et-ars.de\/aktuelles\/wp-content\/uploads\/2020\/11\/309kg-Buddhafigur-am-Teich-285x285.jpg 285w, https:\/\/www.terra-et-ars.de\/aktuelles\/wp-content\/uploads\/2020\/11\/309kg-Buddhafigur-am-Teich-150x150.jpg 150w\" sizes=\"(max-width: 285px) 100vw, 285px\" \/>\n            <\/div>\n        \n                        <div class=\"image-gallery__item\" data-featherlight=\"https:\/\/www.terra-et-ars.de\/aktuelles\/wp-content\/uploads\/2020\/11\/308kg-Ganesha-Figur.jpg\">\n                \n                <img width=\"285\" height=\"285\" src=\"https:\/\/www.terra-et-ars.de\/aktuelles\/wp-content\/uploads\/2020\/11\/308kg-Ganesha-Figur-285x285.jpg\" class=\"attachment-gallery-medium size-gallery-medium\" alt=\"Ganesha Figur\" loading=\"lazy\" srcset=\"https:\/\/www.terra-et-ars.de\/aktuelles\/wp-content\/uploads\/2020\/11\/308kg-Ganesha-Figur-285x285.jpg 285w, https:\/\/www.terra-et-ars.de\/aktuelles\/wp-content\/uploads\/2020\/11\/308kg-Ganesha-Figur-150x150.jpg 150w\" sizes=\"(max-width: 285px) 100vw, 285px\" \/>\n            <\/div>\n        \n                        <div class=\"image-gallery__item\" data-featherlight=\"https:\/\/www.terra-et-ars.de\/aktuelles\/wp-content\/uploads\/2020\/11\/307kg-Buddhafigur-goldfarben.jpg\">\n                \n                <img width=\"285\" height=\"285\" src=\"https:\/\/www.terra-et-ars.de\/aktuelles\/wp-content\/uploads\/2020\/11\/307kg-Buddhafigur-goldfarben-285x285.jpg\" class=\"attachment-gallery-medium size-gallery-medium\" alt=\"Buddhafigur goldfarben\" loading=\"lazy\" srcset=\"https:\/\/www.terra-et-ars.de\/aktuelles\/wp-content\/uploads\/2020\/11\/307kg-Buddhafigur-goldfarben-285x285.jpg 285w, https:\/\/www.terra-et-ars.de\/aktuelles\/wp-content\/uploads\/2020\/11\/307kg-Buddhafigur-goldfarben-150x150.jpg 150w\" sizes=\"(max-width: 285px) 100vw, 285px\" \/>\n            <\/div>\n        \n                        <div class=\"image-gallery__item\" data-featherlight=\"https:\/\/www.terra-et-ars.de\/aktuelles\/wp-content\/uploads\/2020\/11\/305akg-Buddhafigur-Gartenteich.jpg\">\n                \n                <img width=\"285\" height=\"285\" src=\"https:\/\/www.terra-et-ars.de\/aktuelles\/wp-content\/uploads\/2020\/11\/305akg-Buddhafigur-Gartenteich-285x285.jpg\" class=\"attachment-gallery-medium size-gallery-medium\" alt=\"Buddhafigur Gartenteich\" loading=\"lazy\" srcset=\"https:\/\/www.terra-et-ars.de\/aktuelles\/wp-content\/uploads\/2020\/11\/305akg-Buddhafigur-Gartenteich-285x285.jpg 285w, https:\/\/www.terra-et-ars.de\/aktuelles\/wp-content\/uploads\/2020\/11\/305akg-Buddhafigur-Gartenteich-150x150.jpg 150w\" sizes=\"(max-width: 285px) 100vw, 285px\" \/>\n            <\/div>\n        \n                        <div class=\"image-gallery__item\" data-featherlight=\"https:\/\/www.terra-et-ars.de\/aktuelles\/wp-content\/uploads\/2020\/11\/304kg-buddhafigur-.jpg\">\n                \n                <img width=\"285\" height=\"285\" src=\"https:\/\/www.terra-et-ars.de\/aktuelles\/wp-content\/uploads\/2020\/11\/304kg-buddhafigur--285x285.jpg\" class=\"attachment-gallery-medium size-gallery-medium\" alt=\"Buddhafigur\" loading=\"lazy\" srcset=\"https:\/\/www.terra-et-ars.de\/aktuelles\/wp-content\/uploads\/2020\/11\/304kg-buddhafigur--285x285.jpg 285w, https:\/\/www.terra-et-ars.de\/aktuelles\/wp-content\/uploads\/2020\/11\/304kg-buddhafigur--150x150.jpg 150w\" sizes=\"(max-width: 285px) 100vw, 285px\" \/>\n            <\/div>\n        \n                        <div class=\"image-gallery__item\" data-featherlight=\"https:\/\/www.terra-et-ars.de\/aktuelles\/wp-content\/uploads\/2020\/11\/301kg-Buddhafigur-Yoga-Studio-1.jpg\">\n                \n                <img width=\"285\" height=\"285\" src=\"https:\/\/www.terra-et-ars.de\/aktuelles\/wp-content\/uploads\/2020\/11\/301kg-Buddhafigur-Yoga-Studio-1-285x285.jpg\" class=\"attachment-gallery-medium size-gallery-medium\" alt=\"Buddha stehend Yoga Studio\" loading=\"lazy\" srcset=\"https:\/\/www.terra-et-ars.de\/aktuelles\/wp-content\/uploads\/2020\/11\/301kg-Buddhafigur-Yoga-Studio-1-285x285.jpg 285w, https:\/\/www.terra-et-ars.de\/aktuelles\/wp-content\/uploads\/2020\/11\/301kg-Buddhafigur-Yoga-Studio-1-150x150.jpg 150w\" sizes=\"(max-width: 285px) 100vw, 285px\" \/>\n            <\/div>\n        \n                        <div class=\"image-gallery__item\" data-featherlight=\"https:\/\/www.terra-et-ars.de\/aktuelles\/wp-content\/uploads\/2020\/11\/301kg-dewi-figur-mit-krug-1.jpg\">\n                \n                <img width=\"285\" height=\"285\" src=\"https:\/\/www.terra-et-ars.de\/aktuelles\/wp-content\/uploads\/2020\/11\/301kg-dewi-figur-mit-krug-1-285x285.jpg\" class=\"attachment-gallery-medium size-gallery-medium\" alt=\"Dewi Statue mit Krug\" loading=\"lazy\" srcset=\"https:\/\/www.terra-et-ars.de\/aktuelles\/wp-content\/uploads\/2020\/11\/301kg-dewi-figur-mit-krug-1-285x285.jpg 285w, https:\/\/www.terra-et-ars.de\/aktuelles\/wp-content\/uploads\/2020\/11\/301kg-dewi-figur-mit-krug-1-150x150.jpg 150w\" sizes=\"(max-width: 285px) 100vw, 285px\" \/>\n            <\/div>\n        \n                        <div class=\"image-gallery__item\" data-featherlight=\"https:\/\/www.terra-et-ars.de\/aktuelles\/wp-content\/uploads\/2020\/11\/300kg-dewi-figur-mit-krug.jpg\">\n                \n                <img width=\"285\" height=\"285\" src=\"https:\/\/www.terra-et-ars.de\/aktuelles\/wp-content\/uploads\/2020\/11\/300kg-dewi-figur-mit-krug-285x285.jpg\" class=\"attachment-gallery-medium size-gallery-medium\" alt=\"Dewi mit Krug\" loading=\"lazy\" srcset=\"https:\/\/www.terra-et-ars.de\/aktuelles\/wp-content\/uploads\/2020\/11\/300kg-dewi-figur-mit-krug-285x285.jpg 285w, https:\/\/www.terra-et-ars.de\/aktuelles\/wp-content\/uploads\/2020\/11\/300kg-dewi-figur-mit-krug-150x150.jpg 150w\" sizes=\"(max-width: 285px) 100vw, 285px\" \/>\n            <\/div>\n        \n                        <div class=\"image-gallery__item\" data-featherlight=\"https:\/\/www.terra-et-ars.de\/aktuelles\/wp-content\/uploads\/2020\/11\/305akg-Buddhafigur-Gartenteich.jpg\">\n                \n                <img width=\"285\" height=\"285\" src=\"https:\/\/www.terra-et-ars.de\/aktuelles\/wp-content\/uploads\/2020\/11\/305akg-Buddhafigur-Gartenteich-285x285.jpg\" class=\"attachment-gallery-medium size-gallery-medium\" alt=\"Buddhafigur Gartenteich\" loading=\"lazy\" srcset=\"https:\/\/www.terra-et-ars.de\/aktuelles\/wp-content\/uploads\/2020\/11\/305akg-Buddhafigur-Gartenteich-285x285.jpg 285w, https:\/\/www.terra-et-ars.de\/aktuelles\/wp-content\/uploads\/2020\/11\/305akg-Buddhafigur-Gartenteich-150x150.jpg 150w\" sizes=\"(max-width: 285px) 100vw, 285px\" \/>\n            <\/div>\n        \n                        <div class=\"image-gallery__item\" data-featherlight=\"https:\/\/www.terra-et-ars.de\/aktuelles\/wp-content\/uploads\/2021\/01\/299kg-Buddhafigur-Yoga-Studio.jpg\">\n                \n                <img width=\"285\" height=\"285\" src=\"https:\/\/www.terra-et-ars.de\/aktuelles\/wp-content\/uploads\/2021\/01\/299kg-Buddhafigur-Yoga-Studio-285x285.jpg\" class=\"attachment-gallery-medium size-gallery-medium\" alt=\"Buddhafigur Yoga Studio\" loading=\"lazy\" srcset=\"https:\/\/www.terra-et-ars.de\/aktuelles\/wp-content\/uploads\/2021\/01\/299kg-Buddhafigur-Yoga-Studio-285x285.jpg 285w, https:\/\/www.terra-et-ars.de\/aktuelles\/wp-content\/uploads\/2021\/01\/299kg-Buddhafigur-Yoga-Studio-150x150.jpg 150w\" sizes=\"(max-width: 285px) 100vw, 285px\" \/>\n            <\/div>\n        \n                        <div class=\"image-gallery__item\" data-featherlight=\"https:\/\/www.terra-et-ars.de\/aktuelles\/wp-content\/uploads\/2021\/01\/299kg-Ganesha-Figur.jpeg\">\n                \n                <img width=\"285\" height=\"285\" src=\"https:\/\/www.terra-et-ars.de\/aktuelles\/wp-content\/uploads\/2021\/01\/299kg-Ganesha-Figur-285x285.jpeg\" class=\"attachment-gallery-medium size-gallery-medium\" alt=\"Ganesha Figur\" loading=\"lazy\" srcset=\"https:\/\/www.terra-et-ars.de\/aktuelles\/wp-content\/uploads\/2021\/01\/299kg-Ganesha-Figur-285x285.jpeg 285w, https:\/\/www.terra-et-ars.de\/aktuelles\/wp-content\/uploads\/2021\/01\/299kg-Ganesha-Figur-150x150.jpeg 150w\" sizes=\"(max-width: 285px) 100vw, 285px\" \/>\n            <\/div>\n        \n                        <div class=\"image-gallery__item\" data-featherlight=\"https:\/\/www.terra-et-ars.de\/aktuelles\/wp-content\/uploads\/2021\/01\/298kg-Ganeshafigur.jpeg\">\n                \n                <img width=\"285\" height=\"285\" src=\"https:\/\/www.terra-et-ars.de\/aktuelles\/wp-content\/uploads\/2021\/01\/298kg-Ganeshafigur-285x285.jpeg\" class=\"attachment-gallery-medium size-gallery-medium\" alt=\"Ganeshafigur\" loading=\"lazy\" srcset=\"https:\/\/www.terra-et-ars.de\/aktuelles\/wp-content\/uploads\/2021\/01\/298kg-Ganeshafigur-285x285.jpeg 285w, https:\/\/www.terra-et-ars.de\/aktuelles\/wp-content\/uploads\/2021\/01\/298kg-Ganeshafigur-150x150.jpeg 150w\" sizes=\"(max-width: 285px) 100vw, 285px\" \/>\n            <\/div>\n        \n                        <div class=\"image-gallery__item\" data-featherlight=\"https:\/\/www.terra-et-ars.de\/aktuelles\/wp-content\/uploads\/2021\/01\/291akg-Buddhafigur.jpg\">\n                \n                <img width=\"285\" height=\"285\" src=\"https:\/\/www.terra-et-ars.de\/aktuelles\/wp-content\/uploads\/2021\/01\/291akg-Buddhafigur-285x285.jpg\" class=\"attachment-gallery-medium size-gallery-medium\" alt=\"Buddhafigur\" loading=\"lazy\" srcset=\"https:\/\/www.terra-et-ars.de\/aktuelles\/wp-content\/uploads\/2021\/01\/291akg-Buddhafigur-285x285.jpg 285w, https:\/\/www.terra-et-ars.de\/aktuelles\/wp-content\/uploads\/2021\/01\/291akg-Buddhafigur-150x150.jpg 150w\" sizes=\"(max-width: 285px) 100vw, 285px\" \/>\n            <\/div>\n        \n                        <div class=\"image-gallery__item\" data-featherlight=\"https:\/\/www.terra-et-ars.de\/aktuelles\/wp-content\/uploads\/2021\/01\/297kg-Buddhafigur.jpg\">\n                \n                <img width=\"285\" height=\"285\" src=\"https:\/\/www.terra-et-ars.de\/aktuelles\/wp-content\/uploads\/2021\/01\/297kg-Buddhafigur-285x285.jpg\" class=\"attachment-gallery-medium size-gallery-medium\" alt=\"Buddhafigur\" loading=\"lazy\" srcset=\"https:\/\/www.terra-et-ars.de\/aktuelles\/wp-content\/uploads\/2021\/01\/297kg-Buddhafigur-285x285.jpg 285w, https:\/\/www.terra-et-ars.de\/aktuelles\/wp-content\/uploads\/2021\/01\/297kg-Buddhafigur-150x150.jpg 150w\" sizes=\"(max-width: 285px) 100vw, 285px\" \/>\n            <\/div>\n        \n                        <div class=\"image-gallery__item\" data-featherlight=\"https:\/\/www.terra-et-ars.de\/aktuelles\/wp-content\/uploads\/2021\/01\/295kg-Buddhafigur.jpg\">\n                \n                <img width=\"285\" height=\"285\" src=\"https:\/\/www.terra-et-ars.de\/aktuelles\/wp-content\/uploads\/2021\/01\/295kg-Buddhafigur-285x285.jpg\" class=\"attachment-gallery-medium size-gallery-medium\" alt=\"Buddhafigur\" loading=\"lazy\" srcset=\"https:\/\/www.terra-et-ars.de\/aktuelles\/wp-content\/uploads\/2021\/01\/295kg-Buddhafigur-285x285.jpg 285w, https:\/\/www.terra-et-ars.de\/aktuelles\/wp-content\/uploads\/2021\/01\/295kg-Buddhafigur-150x150.jpg 150w\" sizes=\"(max-width: 285px) 100vw, 285px\" \/>\n            <\/div>\n        \n                        <div class=\"image-gallery__item\" data-featherlight=\"https:\/\/www.terra-et-ars.de\/aktuelles\/wp-content\/uploads\/2021\/01\/291kg-Buddhafigur.jpg\">\n                \n                <img width=\"285\" height=\"285\" src=\"https:\/\/www.terra-et-ars.de\/aktuelles\/wp-content\/uploads\/2021\/01\/291kg-Buddhafigur-285x285.jpg\" class=\"attachment-gallery-medium size-gallery-medium\" alt=\"Buddhafigur\" loading=\"lazy\" srcset=\"https:\/\/www.terra-et-ars.de\/aktuelles\/wp-content\/uploads\/2021\/01\/291kg-Buddhafigur-285x285.jpg 285w, https:\/\/www.terra-et-ars.de\/aktuelles\/wp-content\/uploads\/2021\/01\/291kg-Buddhafigur-150x150.jpg 150w\" sizes=\"(max-width: 285px) 100vw, 285px\" \/>\n            <\/div>\n        \n                        <div class=\"image-gallery__item\" data-featherlight=\"https:\/\/www.terra-et-ars.de\/aktuelles\/wp-content\/uploads\/2021\/01\/290kg-buddhafigur.jpg\">\n                \n                <img width=\"285\" height=\"285\" src=\"https:\/\/www.terra-et-ars.de\/aktuelles\/wp-content\/uploads\/2021\/01\/290kg-buddhafigur-285x285.jpg\" class=\"attachment-gallery-medium size-gallery-medium\" alt=\"Buddhafigur beleuchtet\" loading=\"lazy\" srcset=\"https:\/\/www.terra-et-ars.de\/aktuelles\/wp-content\/uploads\/2021\/01\/290kg-buddhafigur-285x285.jpg 285w, https:\/\/www.terra-et-ars.de\/aktuelles\/wp-content\/uploads\/2021\/01\/290kg-buddhafigur-150x150.jpg 150w\" sizes=\"(max-width: 285px) 100vw, 285px\" \/>\n            <\/div>\n        \n                        <div class=\"image-gallery__item\" data-featherlight=\"https:\/\/www.terra-et-ars.de\/aktuelles\/wp-content\/uploads\/2021\/01\/289kg-Buddhafigur.jpg\">\n                \n                <img width=\"285\" height=\"285\" src=\"https:\/\/www.terra-et-ars.de\/aktuelles\/wp-content\/uploads\/2021\/01\/289kg-Buddhafigur-285x285.jpg\" class=\"attachment-gallery-medium size-gallery-medium\" alt=\"Buddhafigur Garten\" loading=\"lazy\" srcset=\"https:\/\/www.terra-et-ars.de\/aktuelles\/wp-content\/uploads\/2021\/01\/289kg-Buddhafigur-285x285.jpg 285w, https:\/\/www.terra-et-ars.de\/aktuelles\/wp-content\/uploads\/2021\/01\/289kg-Buddhafigur-150x150.jpg 150w\" sizes=\"(max-width: 285px) 100vw, 285px\" \/>\n            <\/div>\n        \n                        <div class=\"image-gallery__item\" data-featherlight=\"https:\/\/www.terra-et-ars.de\/aktuelles\/wp-content\/uploads\/2021\/01\/288kg-Buddhafigur.jpg\">\n                \n                <img width=\"285\" height=\"285\" src=\"https:\/\/www.terra-et-ars.de\/aktuelles\/wp-content\/uploads\/2021\/01\/288kg-Buddhafigur-285x285.jpg\" class=\"attachment-gallery-medium size-gallery-medium\" alt=\"Buddhafigur\" loading=\"lazy\" srcset=\"https:\/\/www.terra-et-ars.de\/aktuelles\/wp-content\/uploads\/2021\/01\/288kg-Buddhafigur-285x285.jpg 285w, https:\/\/www.terra-et-ars.de\/aktuelles\/wp-content\/uploads\/2021\/01\/288kg-Buddhafigur-150x150.jpg 150w\" sizes=\"(max-width: 285px) 100vw, 285px\" \/>\n            <\/div>\n        \n                        <div class=\"image-gallery__item\" data-featherlight=\"https:\/\/www.terra-et-ars.de\/aktuelles\/wp-content\/uploads\/2021\/01\/287kg-Buddhafigur-Pool-1.jpg\">\n                \n                <img width=\"285\" height=\"285\" src=\"https:\/\/www.terra-et-ars.de\/aktuelles\/wp-content\/uploads\/2021\/01\/287kg-Buddhafigur-Pool-1-285x285.jpg\" class=\"attachment-gallery-medium size-gallery-medium\" alt=\"Buddhafigur Pool\" loading=\"lazy\" srcset=\"https:\/\/www.terra-et-ars.de\/aktuelles\/wp-content\/uploads\/2021\/01\/287kg-Buddhafigur-Pool-1-285x285.jpg 285w, https:\/\/www.terra-et-ars.de\/aktuelles\/wp-content\/uploads\/2021\/01\/287kg-Buddhafigur-Pool-1-150x150.jpg 150w\" sizes=\"(max-width: 285px) 100vw, 285px\" \/>\n            <\/div>\n        \n                        <div class=\"image-gallery__item\" data-featherlight=\"https:\/\/www.terra-et-ars.de\/aktuelles\/wp-content\/uploads\/2021\/01\/286kg-buddhafigur.jpg\">\n                \n                <img width=\"285\" height=\"285\" src=\"https:\/\/www.terra-et-ars.de\/aktuelles\/wp-content\/uploads\/2021\/01\/286kg-buddhafigur-285x285.jpg\" class=\"attachment-gallery-medium size-gallery-medium\" alt=\"Buddhafigur Lavastein\" loading=\"lazy\" srcset=\"https:\/\/www.terra-et-ars.de\/aktuelles\/wp-content\/uploads\/2021\/01\/286kg-buddhafigur-285x285.jpg 285w, https:\/\/www.terra-et-ars.de\/aktuelles\/wp-content\/uploads\/2021\/01\/286kg-buddhafigur-150x150.jpg 150w\" sizes=\"(max-width: 285px) 100vw, 285px\" \/>\n            <\/div>\n        \n                        <div class=\"image-gallery__item\" data-featherlight=\"https:\/\/www.terra-et-ars.de\/aktuelles\/wp-content\/uploads\/2021\/01\/285kg-Buddhafigur-Garten.jpg\">\n                \n                <img width=\"285\" height=\"160\" src=\"https:\/\/www.terra-et-ars.de\/aktuelles\/wp-content\/uploads\/2021\/01\/285kg-Buddhafigur-Garten.jpg\" class=\"attachment-gallery-medium size-gallery-medium\" alt=\"Buddhafigur Garten\" loading=\"lazy\" \/>\n            <\/div>\n        \n                        <div class=\"image-gallery__item\" data-featherlight=\"https:\/\/www.terra-et-ars.de\/aktuelles\/wp-content\/uploads\/2021\/01\/284kg-Dewifigur-Stein.jpg\">\n                \n                <img width=\"285\" height=\"285\" src=\"https:\/\/www.terra-et-ars.de\/aktuelles\/wp-content\/uploads\/2021\/01\/284kg-Dewifigur-Stein-285x285.jpg\" class=\"attachment-gallery-medium size-gallery-medium\" alt=\"Dewifigur Stein\" loading=\"lazy\" srcset=\"https:\/\/www.terra-et-ars.de\/aktuelles\/wp-content\/uploads\/2021\/01\/284kg-Dewifigur-Stein-285x285.jpg 285w, https:\/\/www.terra-et-ars.de\/aktuelles\/wp-content\/uploads\/2021\/01\/284kg-Dewifigur-Stein-150x150.jpg 150w\" sizes=\"(max-width: 285px) 100vw, 285px\" \/>\n            <\/div>\n        \n                        <div class=\"image-gallery__item\" data-featherlight=\"https:\/\/www.terra-et-ars.de\/aktuelles\/wp-content\/uploads\/2021\/01\/283kg-Dewistatue-Stein.jpg\">\n                \n                <img width=\"285\" height=\"285\" src=\"https:\/\/www.terra-et-ars.de\/aktuelles\/wp-content\/uploads\/2021\/01\/283kg-Dewistatue-Stein-285x285.jpg\" class=\"attachment-gallery-medium size-gallery-medium\" alt=\"Dewistatue Stein\" loading=\"lazy\" srcset=\"https:\/\/www.terra-et-ars.de\/aktuelles\/wp-content\/uploads\/2021\/01\/283kg-Dewistatue-Stein-285x285.jpg 285w, https:\/\/www.terra-et-ars.de\/aktuelles\/wp-content\/uploads\/2021\/01\/283kg-Dewistatue-Stein-150x150.jpg 150w\" sizes=\"(max-width: 285px) 100vw, 285px\" \/>\n            <\/div>\n        \n                        <div class=\"image-gallery__item\" data-featherlight=\"https:\/\/www.terra-et-ars.de\/aktuelles\/wp-content\/uploads\/2021\/01\/281kg-Buddhafigur-Pool.jpg\">\n                \n                <img width=\"285\" height=\"285\" src=\"https:\/\/www.terra-et-ars.de\/aktuelles\/wp-content\/uploads\/2021\/01\/281kg-Buddhafigur-Pool-285x285.jpg\" class=\"attachment-gallery-medium size-gallery-medium\" alt=\"Buddhafigur am Pool\" loading=\"lazy\" srcset=\"https:\/\/www.terra-et-ars.de\/aktuelles\/wp-content\/uploads\/2021\/01\/281kg-Buddhafigur-Pool-285x285.jpg 285w, https:\/\/www.terra-et-ars.de\/aktuelles\/wp-content\/uploads\/2021\/01\/281kg-Buddhafigur-Pool-150x150.jpg 150w\" sizes=\"(max-width: 285px) 100vw, 285px\" \/>\n            <\/div>\n        \n                        <div class=\"image-gallery__item\" data-featherlight=\"https:\/\/www.terra-et-ars.de\/aktuelles\/wp-content\/uploads\/2021\/01\/280kg-Buddhafigur-Pool-1.jpg\">\n                \n                <img width=\"285\" height=\"285\" src=\"https:\/\/www.terra-et-ars.de\/aktuelles\/wp-content\/uploads\/2021\/01\/280kg-Buddhafigur-Pool-1-285x285.jpg\" class=\"attachment-gallery-medium size-gallery-medium\" alt=\"Buddha sitzend am Pool\" loading=\"lazy\" srcset=\"https:\/\/www.terra-et-ars.de\/aktuelles\/wp-content\/uploads\/2021\/01\/280kg-Buddhafigur-Pool-1-285x285.jpg 285w, https:\/\/www.terra-et-ars.de\/aktuelles\/wp-content\/uploads\/2021\/01\/280kg-Buddhafigur-Pool-1-150x150.jpg 150w\" sizes=\"(max-width: 285px) 100vw, 285px\" \/>\n            <\/div>\n        \n                        <div class=\"image-gallery__item\" data-featherlight=\"https:\/\/www.terra-et-ars.de\/aktuelles\/wp-content\/uploads\/2021\/01\/278kg-Buddhafigur-Garten.jpg\">\n                \n                <img width=\"285\" height=\"285\" src=\"https:\/\/www.terra-et-ars.de\/aktuelles\/wp-content\/uploads\/2021\/01\/278kg-Buddhafigur-Garten-285x285.jpg\" class=\"attachment-gallery-medium size-gallery-medium\" alt=\"Garten Buddha sitzend\" loading=\"lazy\" srcset=\"https:\/\/www.terra-et-ars.de\/aktuelles\/wp-content\/uploads\/2021\/01\/278kg-Buddhafigur-Garten-285x285.jpg 285w, https:\/\/www.terra-et-ars.de\/aktuelles\/wp-content\/uploads\/2021\/01\/278kg-Buddhafigur-Garten-150x150.jpg 150w\" sizes=\"(max-width: 285px) 100vw, 285px\" \/>\n            <\/div>\n        \n                        <div class=\"image-gallery__item\" data-featherlight=\"https:\/\/www.terra-et-ars.de\/aktuelles\/wp-content\/uploads\/2021\/01\/277kg-Buddhafigur.jpg\">\n                \n                <img width=\"285\" height=\"285\" src=\"https:\/\/www.terra-et-ars.de\/aktuelles\/wp-content\/uploads\/2021\/01\/277kg-Buddhafigur-285x285.jpg\" class=\"attachment-gallery-medium size-gallery-medium\" alt=\"Buddha stehend Stein\" loading=\"lazy\" srcset=\"https:\/\/www.terra-et-ars.de\/aktuelles\/wp-content\/uploads\/2021\/01\/277kg-Buddhafigur-285x285.jpg 285w, https:\/\/www.terra-et-ars.de\/aktuelles\/wp-content\/uploads\/2021\/01\/277kg-Buddhafigur-150x150.jpg 150w\" sizes=\"(max-width: 285px) 100vw, 285px\" \/>\n            <\/div>\n        \n                        <div class=\"image-gallery__item\" data-featherlight=\"https:\/\/www.terra-et-ars.de\/aktuelles\/wp-content\/uploads\/2021\/01\/272kg-Buddhafigur-Bambus.jpg\">\n                \n                <img width=\"285\" height=\"285\" src=\"https:\/\/www.terra-et-ars.de\/aktuelles\/wp-content\/uploads\/2021\/01\/272kg-Buddhafigur-Bambus-285x285.jpg\" class=\"attachment-gallery-medium size-gallery-medium\" alt=\"Buddhafigur Bambus\" loading=\"lazy\" srcset=\"https:\/\/www.terra-et-ars.de\/aktuelles\/wp-content\/uploads\/2021\/01\/272kg-Buddhafigur-Bambus-285x285.jpg 285w, https:\/\/www.terra-et-ars.de\/aktuelles\/wp-content\/uploads\/2021\/01\/272kg-Buddhafigur-Bambus-150x150.jpg 150w\" sizes=\"(max-width: 285px) 100vw, 285px\" \/>\n            <\/div>\n        \n                        <div class=\"image-gallery__item\" data-featherlight=\"https:\/\/www.terra-et-ars.de\/aktuelles\/wp-content\/uploads\/2021\/01\/271kg-Dewi-Statue-1.jpg\">\n                \n                <img width=\"285\" height=\"285\" src=\"https:\/\/www.terra-et-ars.de\/aktuelles\/wp-content\/uploads\/2021\/01\/271kg-Dewi-Statue-1-285x285.jpg\" class=\"attachment-gallery-medium size-gallery-medium\" alt=\"Dewi Statue\" loading=\"lazy\" srcset=\"https:\/\/www.terra-et-ars.de\/aktuelles\/wp-content\/uploads\/2021\/01\/271kg-Dewi-Statue-1-285x285.jpg 285w, https:\/\/www.terra-et-ars.de\/aktuelles\/wp-content\/uploads\/2021\/01\/271kg-Dewi-Statue-1-150x150.jpg 150w\" sizes=\"(max-width: 285px) 100vw, 285px\" \/>\n            <\/div>\n        \n                        <div class=\"image-gallery__item\" data-featherlight=\"https:\/\/www.terra-et-ars.de\/aktuelles\/wp-content\/uploads\/2021\/01\/270kg-buddha-figur.jpg\">\n                \n                <img width=\"285\" height=\"285\" src=\"https:\/\/www.terra-et-ars.de\/aktuelles\/wp-content\/uploads\/2021\/01\/270kg-buddha-figur-285x285.jpg\" class=\"attachment-gallery-medium size-gallery-medium\" alt=\"Buddha Figur Lavastein\" loading=\"lazy\" srcset=\"https:\/\/www.terra-et-ars.de\/aktuelles\/wp-content\/uploads\/2021\/01\/270kg-buddha-figur-285x285.jpg 285w, https:\/\/www.terra-et-ars.de\/aktuelles\/wp-content\/uploads\/2021\/01\/270kg-buddha-figur-150x150.jpg 150w\" sizes=\"(max-width: 285px) 100vw, 285px\" \/>\n            <\/div>\n        \n                        <div class=\"image-gallery__item\" data-featherlight=\"https:\/\/www.terra-et-ars.de\/aktuelles\/wp-content\/uploads\/2021\/01\/268kg-buddha-figur.jpg\">\n                \n                <img width=\"285\" height=\"285\" src=\"https:\/\/www.terra-et-ars.de\/aktuelles\/wp-content\/uploads\/2021\/01\/268kg-buddha-figur-285x285.jpg\" class=\"attachment-gallery-medium size-gallery-medium\" alt=\"Buddha Figur Garten\" loading=\"lazy\" srcset=\"https:\/\/www.terra-et-ars.de\/aktuelles\/wp-content\/uploads\/2021\/01\/268kg-buddha-figur-285x285.jpg 285w, https:\/\/www.terra-et-ars.de\/aktuelles\/wp-content\/uploads\/2021\/01\/268kg-buddha-figur-150x150.jpg 150w\" sizes=\"(max-width: 285px) 100vw, 285px\" \/>\n            <\/div>\n        \n                        <div class=\"image-gallery__item\" data-featherlight=\"https:\/\/www.terra-et-ars.de\/aktuelles\/wp-content\/uploads\/2021\/04\/267kg-buddha-figur.jpg\">\n                \n                <img width=\"285\" height=\"285\" src=\"https:\/\/www.terra-et-ars.de\/aktuelles\/wp-content\/uploads\/2021\/04\/267kg-buddha-figur-285x285.jpg\" class=\"attachment-gallery-medium size-gallery-medium\" alt=\"Buddhafigur\" loading=\"lazy\" srcset=\"https:\/\/www.terra-et-ars.de\/aktuelles\/wp-content\/uploads\/2021\/04\/267kg-buddha-figur-285x285.jpg 285w, https:\/\/www.terra-et-ars.de\/aktuelles\/wp-content\/uploads\/2021\/04\/267kg-buddha-figur-150x150.jpg 150w\" sizes=\"(max-width: 285px) 100vw, 285px\" \/>\n            <\/div>\n        \n                        <div class=\"image-gallery__item\" data-featherlight=\"https:\/\/www.terra-et-ars.de\/aktuelles\/wp-content\/uploads\/2021\/04\/265kg-buddha-figur.jpg\">\n                \n                <img width=\"285\" height=\"285\" src=\"https:\/\/www.terra-et-ars.de\/aktuelles\/wp-content\/uploads\/2021\/04\/265kg-buddha-figur-285x285.jpg\" class=\"attachment-gallery-medium size-gallery-medium\" alt=\"Buddhafigur\" loading=\"lazy\" srcset=\"https:\/\/www.terra-et-ars.de\/aktuelles\/wp-content\/uploads\/2021\/04\/265kg-buddha-figur-285x285.jpg 285w, https:\/\/www.terra-et-ars.de\/aktuelles\/wp-content\/uploads\/2021\/04\/265kg-buddha-figur-150x150.jpg 150w\" sizes=\"(max-width: 285px) 100vw, 285px\" \/>\n            <\/div>\n        \n                        <div class=\"image-gallery__item\" data-featherlight=\"https:\/\/www.terra-et-ars.de\/aktuelles\/wp-content\/uploads\/2021\/01\/259kg-buddha-figur.jpg\">\n                \n                <img width=\"285\" height=\"285\" src=\"https:\/\/www.terra-et-ars.de\/aktuelles\/wp-content\/uploads\/2021\/01\/259kg-buddha-figur-285x285.jpg\" class=\"attachment-gallery-medium size-gallery-medium\" alt=\"Buddha Figur\" loading=\"lazy\" srcset=\"https:\/\/www.terra-et-ars.de\/aktuelles\/wp-content\/uploads\/2021\/01\/259kg-buddha-figur-285x285.jpg 285w, https:\/\/www.terra-et-ars.de\/aktuelles\/wp-content\/uploads\/2021\/01\/259kg-buddha-figur-150x150.jpg 150w\" sizes=\"(max-width: 285px) 100vw, 285px\" \/>\n            <\/div>\n        \n                        <div class=\"image-gallery__item\" data-featherlight=\"https:\/\/www.terra-et-ars.de\/aktuelles\/wp-content\/uploads\/2021\/01\/258kg-Buddha-Figur.jpg\">\n                \n                <img width=\"285\" height=\"285\" src=\"https:\/\/www.terra-et-ars.de\/aktuelles\/wp-content\/uploads\/2021\/01\/258kg-Buddha-Figur-285x285.jpg\" class=\"attachment-gallery-medium size-gallery-medium\" alt=\"Buddha Figur mit Mala im Garten\" loading=\"lazy\" srcset=\"https:\/\/www.terra-et-ars.de\/aktuelles\/wp-content\/uploads\/2021\/01\/258kg-Buddha-Figur-285x285.jpg 285w, https:\/\/www.terra-et-ars.de\/aktuelles\/wp-content\/uploads\/2021\/01\/258kg-Buddha-Figur-150x150.jpg 150w\" sizes=\"(max-width: 285px) 100vw, 285px\" \/>\n            <\/div>\n        \n                        <div class=\"image-gallery__item\" data-featherlight=\"https:\/\/www.terra-et-ars.de\/aktuelles\/wp-content\/uploads\/2021\/01\/257kg-Buddha-Figur.jpg\">\n                \n                <img width=\"285\" height=\"285\" src=\"https:\/\/www.terra-et-ars.de\/aktuelles\/wp-content\/uploads\/2021\/01\/257kg-Buddha-Figur-285x285.jpg\" class=\"attachment-gallery-medium size-gallery-medium\" alt=\"Buddha Figur bei Nacht\" loading=\"lazy\" srcset=\"https:\/\/www.terra-et-ars.de\/aktuelles\/wp-content\/uploads\/2021\/01\/257kg-Buddha-Figur-285x285.jpg 285w, https:\/\/www.terra-et-ars.de\/aktuelles\/wp-content\/uploads\/2021\/01\/257kg-Buddha-Figur-150x150.jpg 150w\" sizes=\"(max-width: 285px) 100vw, 285px\" \/>\n            <\/div>\n        \n                        <div class=\"image-gallery__item\" data-featherlight=\"https:\/\/www.terra-et-ars.de\/aktuelles\/wp-content\/uploads\/2021\/01\/256kg-Buddha-Figur.jpg\">\n                \n                <img width=\"285\" height=\"285\" src=\"https:\/\/www.terra-et-ars.de\/aktuelles\/wp-content\/uploads\/2021\/01\/256kg-Buddha-Figur-285x285.jpg\" class=\"attachment-gallery-medium size-gallery-medium\" alt=\"Buddha Figur beleuchtet\" loading=\"lazy\" srcset=\"https:\/\/www.terra-et-ars.de\/aktuelles\/wp-content\/uploads\/2021\/01\/256kg-Buddha-Figur-285x285.jpg 285w, https:\/\/www.terra-et-ars.de\/aktuelles\/wp-content\/uploads\/2021\/01\/256kg-Buddha-Figur-150x150.jpg 150w\" sizes=\"(max-width: 285px) 100vw, 285px\" \/>\n            <\/div>\n        \n                        <div class=\"image-gallery__item\" data-featherlight=\"https:\/\/www.terra-et-ars.de\/aktuelles\/wp-content\/uploads\/2021\/01\/254kg-buddha-figur.jpg\">\n                \n                <img width=\"285\" height=\"285\" src=\"https:\/\/www.terra-et-ars.de\/aktuelles\/wp-content\/uploads\/2021\/01\/254kg-buddha-figur-285x285.jpg\" class=\"attachment-gallery-medium size-gallery-medium\" alt=\"Buddha Statue unter B\u00e4umen\" loading=\"lazy\" srcset=\"https:\/\/www.terra-et-ars.de\/aktuelles\/wp-content\/uploads\/2021\/01\/254kg-buddha-figur-285x285.jpg 285w, https:\/\/www.terra-et-ars.de\/aktuelles\/wp-content\/uploads\/2021\/01\/254kg-buddha-figur-150x150.jpg 150w\" sizes=\"(max-width: 285px) 100vw, 285px\" \/>\n            <\/div>\n        \n                        <div class=\"image-gallery__item\" data-featherlight=\"https:\/\/www.terra-et-ars.de\/aktuelles\/wp-content\/uploads\/2021\/01\/253kg-Buddha-Figur.jpg\">\n                \n                <img width=\"285\" height=\"285\" src=\"https:\/\/www.terra-et-ars.de\/aktuelles\/wp-content\/uploads\/2021\/01\/253kg-Buddha-Figur-285x285.jpg\" class=\"attachment-gallery-medium size-gallery-medium\" alt=\"Buddha Statue Garten\" loading=\"lazy\" srcset=\"https:\/\/www.terra-et-ars.de\/aktuelles\/wp-content\/uploads\/2021\/01\/253kg-Buddha-Figur-285x285.jpg 285w, https:\/\/www.terra-et-ars.de\/aktuelles\/wp-content\/uploads\/2021\/01\/253kg-Buddha-Figur-150x150.jpg 150w\" sizes=\"(max-width: 285px) 100vw, 285px\" \/>\n            <\/div>\n        \n                        <div class=\"image-gallery__item\" data-featherlight=\"https:\/\/www.terra-et-ars.de\/aktuelles\/wp-content\/uploads\/2021\/01\/252kg-buddha-figur-1.jpg\">\n                \n                <img width=\"285\" height=\"285\" src=\"https:\/\/www.terra-et-ars.de\/aktuelles\/wp-content\/uploads\/2021\/01\/252kg-buddha-figur-1-285x285.jpg\" class=\"attachment-gallery-medium size-gallery-medium\" alt=\"Buddha Figur gross\" loading=\"lazy\" srcset=\"https:\/\/www.terra-et-ars.de\/aktuelles\/wp-content\/uploads\/2021\/01\/252kg-buddha-figur-1-285x285.jpg 285w, https:\/\/www.terra-et-ars.de\/aktuelles\/wp-content\/uploads\/2021\/01\/252kg-buddha-figur-1-150x150.jpg 150w\" sizes=\"(max-width: 285px) 100vw, 285px\" \/>\n            <\/div>\n        \n                        <div class=\"image-gallery__item\" data-featherlight=\"https:\/\/www.terra-et-ars.de\/aktuelles\/wp-content\/uploads\/2021\/01\/251kg-buddha-figur.jpg\">\n                \n                <img width=\"285\" height=\"285\" src=\"https:\/\/www.terra-et-ars.de\/aktuelles\/wp-content\/uploads\/2021\/01\/251kg-buddha-figur-285x285.jpg\" class=\"attachment-gallery-medium size-gallery-medium\" alt=\"Buddha sitzend\" loading=\"lazy\" srcset=\"https:\/\/www.terra-et-ars.de\/aktuelles\/wp-content\/uploads\/2021\/01\/251kg-buddha-figur-285x285.jpg 285w, https:\/\/www.terra-et-ars.de\/aktuelles\/wp-content\/uploads\/2021\/01\/251kg-buddha-figur-150x150.jpg 150w\" sizes=\"(max-width: 285px) 100vw, 285px\" \/>\n            <\/div>\n        \n                        <div class=\"image-gallery__item\" data-featherlight=\"https:\/\/www.terra-et-ars.de\/aktuelles\/wp-content\/uploads\/2021\/01\/250kg-dewi-statue.jpg\">\n                \n                <img width=\"285\" height=\"285\" src=\"https:\/\/www.terra-et-ars.de\/aktuelles\/wp-content\/uploads\/2021\/01\/250kg-dewi-statue-285x285.jpg\" class=\"attachment-gallery-medium size-gallery-medium\" alt=\"Dewi Statue\" loading=\"lazy\" srcset=\"https:\/\/www.terra-et-ars.de\/aktuelles\/wp-content\/uploads\/2021\/01\/250kg-dewi-statue-285x285.jpg 285w, https:\/\/www.terra-et-ars.de\/aktuelles\/wp-content\/uploads\/2021\/01\/250kg-dewi-statue-150x150.jpg 150w\" sizes=\"(max-width: 285px) 100vw, 285px\" \/>\n            <\/div>\n        \n                        <div class=\"image-gallery__item\" data-featherlight=\"https:\/\/www.terra-et-ars.de\/aktuelles\/wp-content\/uploads\/2021\/01\/249kg-buddha-figur.jpg\">\n                \n                <img width=\"285\" height=\"214\" src=\"https:\/\/www.terra-et-ars.de\/aktuelles\/wp-content\/uploads\/2021\/01\/249kg-buddha-figur.jpg\" class=\"attachment-gallery-medium size-gallery-medium\" alt=\"Buddha Figur mit Rose\" loading=\"lazy\" \/>\n            <\/div>\n        \n                        <div class=\"image-gallery__item\" data-featherlight=\"https:\/\/www.terra-et-ars.de\/aktuelles\/wp-content\/uploads\/2021\/04\/248kg-buddha-figur.jpg\">\n                \n                <img width=\"285\" height=\"285\" src=\"https:\/\/www.terra-et-ars.de\/aktuelles\/wp-content\/uploads\/2021\/04\/248kg-buddha-figur-285x285.jpg\" class=\"attachment-gallery-medium size-gallery-medium\" alt=\"Buddhafigur\" loading=\"lazy\" srcset=\"https:\/\/www.terra-et-ars.de\/aktuelles\/wp-content\/uploads\/2021\/04\/248kg-buddha-figur-285x285.jpg 285w, https:\/\/www.terra-et-ars.de\/aktuelles\/wp-content\/uploads\/2021\/04\/248kg-buddha-figur-150x150.jpg 150w\" sizes=\"(max-width: 285px) 100vw, 285px\" \/>\n            <\/div>\n        \n                        <div class=\"image-gallery__item\" data-featherlight=\"https:\/\/www.terra-et-ars.de\/aktuelles\/wp-content\/uploads\/2021\/01\/247kg-tiki-moai-figur.jpg\">\n                \n                <img width=\"285\" height=\"214\" src=\"https:\/\/www.terra-et-ars.de\/aktuelles\/wp-content\/uploads\/2021\/01\/247kg-tiki-moai-figur.jpg\" class=\"attachment-gallery-medium size-gallery-medium\" alt=\"Tiki Moai Figur\" loading=\"lazy\" \/>\n            <\/div>\n        \n                        <div class=\"image-gallery__item\" data-featherlight=\"https:\/\/www.terra-et-ars.de\/aktuelles\/wp-content\/uploads\/2021\/01\/245kg-buddha-figur.jpg\">\n                \n                <img width=\"285\" height=\"285\" src=\"https:\/\/www.terra-et-ars.de\/aktuelles\/wp-content\/uploads\/2021\/01\/245kg-buddha-figur-285x285.jpg\" class=\"attachment-gallery-medium size-gallery-medium\" alt=\"Buddha Figur mit Pagode\" loading=\"lazy\" srcset=\"https:\/\/www.terra-et-ars.de\/aktuelles\/wp-content\/uploads\/2021\/01\/245kg-buddha-figur-285x285.jpg 285w, https:\/\/www.terra-et-ars.de\/aktuelles\/wp-content\/uploads\/2021\/01\/245kg-buddha-figur-150x150.jpg 150w\" sizes=\"(max-width: 285px) 100vw, 285px\" \/>\n            <\/div>\n        \n                        <div class=\"image-gallery__item\" data-featherlight=\"https:\/\/www.terra-et-ars.de\/aktuelles\/wp-content\/uploads\/2021\/01\/246kg-dewi-figur.jpg\">\n                \n                <img width=\"285\" height=\"285\" src=\"https:\/\/www.terra-et-ars.de\/aktuelles\/wp-content\/uploads\/2021\/01\/246kg-dewi-figur-285x285.jpg\" class=\"attachment-gallery-medium size-gallery-medium\" alt=\"Dewi Figur Wasserspeier\" loading=\"lazy\" srcset=\"https:\/\/www.terra-et-ars.de\/aktuelles\/wp-content\/uploads\/2021\/01\/246kg-dewi-figur-285x285.jpg 285w, https:\/\/www.terra-et-ars.de\/aktuelles\/wp-content\/uploads\/2021\/01\/246kg-dewi-figur-150x150.jpg 150w\" sizes=\"(max-width: 285px) 100vw, 285px\" \/>\n            <\/div>\n        \n                        <div class=\"image-gallery__item\" data-featherlight=\"https:\/\/www.terra-et-ars.de\/aktuelles\/wp-content\/uploads\/2021\/01\/244kg-buddha-figur.jpg\">\n                \n                <img width=\"285\" height=\"285\" src=\"https:\/\/www.terra-et-ars.de\/aktuelles\/wp-content\/uploads\/2021\/01\/244kg-buddha-figur-285x285.jpg\" class=\"attachment-gallery-medium size-gallery-medium\" alt=\"Buddhafigur mit japanischem Tor\" loading=\"lazy\" srcset=\"https:\/\/www.terra-et-ars.de\/aktuelles\/wp-content\/uploads\/2021\/01\/244kg-buddha-figur-285x285.jpg 285w, https:\/\/www.terra-et-ars.de\/aktuelles\/wp-content\/uploads\/2021\/01\/244kg-buddha-figur-150x150.jpg 150w\" sizes=\"(max-width: 285px) 100vw, 285px\" \/>\n            <\/div>\n        \n                        <div class=\"image-gallery__item\" data-featherlight=\"https:\/\/www.terra-et-ars.de\/aktuelles\/wp-content\/uploads\/2021\/01\/243kg-stein-figuren-asiatisch.jpg\">\n                \n                <img width=\"285\" height=\"285\" src=\"https:\/\/www.terra-et-ars.de\/aktuelles\/wp-content\/uploads\/2021\/01\/243kg-stein-figuren-asiatisch-285x285.jpg\" class=\"attachment-gallery-medium size-gallery-medium\" alt=\"Steinstatuen asiatisch\" loading=\"lazy\" srcset=\"https:\/\/www.terra-et-ars.de\/aktuelles\/wp-content\/uploads\/2021\/01\/243kg-stein-figuren-asiatisch-285x285.jpg 285w, https:\/\/www.terra-et-ars.de\/aktuelles\/wp-content\/uploads\/2021\/01\/243kg-stein-figuren-asiatisch-150x150.jpg 150w\" sizes=\"(max-width: 285px) 100vw, 285px\" \/>\n            <\/div>\n        \n                        <div class=\"image-gallery__item\" data-featherlight=\"https:\/\/www.terra-et-ars.de\/aktuelles\/wp-content\/uploads\/2021\/01\/242kg-bali-bilder.jpg\">\n                \n                <img width=\"285\" height=\"285\" src=\"https:\/\/www.terra-et-ars.de\/aktuelles\/wp-content\/uploads\/2021\/01\/242kg-bali-bilder-285x285.jpg\" class=\"attachment-gallery-medium size-gallery-medium\" alt=\"Bali Bilder Wandbilder\" loading=\"lazy\" srcset=\"https:\/\/www.terra-et-ars.de\/aktuelles\/wp-content\/uploads\/2021\/01\/242kg-bali-bilder-285x285.jpg 285w, https:\/\/www.terra-et-ars.de\/aktuelles\/wp-content\/uploads\/2021\/01\/242kg-bali-bilder-150x150.jpg 150w\" sizes=\"(max-width: 285px) 100vw, 285px\" \/>\n            <\/div>\n        \n                        <div class=\"image-gallery__item\" data-featherlight=\"https:\/\/www.terra-et-ars.de\/aktuelles\/wp-content\/uploads\/2021\/01\/241kg-osterinsel-figur-tiki.jpg\">\n                \n                <img width=\"285\" height=\"285\" src=\"https:\/\/www.terra-et-ars.de\/aktuelles\/wp-content\/uploads\/2021\/01\/241kg-osterinsel-figur-tiki-285x285.jpg\" class=\"attachment-gallery-medium size-gallery-medium\" alt=\"grosse Osterinsel Tiki Figur\" loading=\"lazy\" srcset=\"https:\/\/www.terra-et-ars.de\/aktuelles\/wp-content\/uploads\/2021\/01\/241kg-osterinsel-figur-tiki-285x285.jpg 285w, https:\/\/www.terra-et-ars.de\/aktuelles\/wp-content\/uploads\/2021\/01\/241kg-osterinsel-figur-tiki-150x150.jpg 150w\" sizes=\"(max-width: 285px) 100vw, 285px\" \/>\n            <\/div>\n        \n                        <div class=\"image-gallery__item\" data-featherlight=\"https:\/\/www.terra-et-ars.de\/aktuelles\/wp-content\/uploads\/2021\/01\/239kg-buddha-figur.jpg\">\n                \n                <img width=\"285\" height=\"285\" src=\"https:\/\/www.terra-et-ars.de\/aktuelles\/wp-content\/uploads\/2021\/01\/239kg-buddha-figur-285x285.jpg\" class=\"attachment-gallery-medium size-gallery-medium\" alt=\"sitzender Gartenbuddha\" loading=\"lazy\" srcset=\"https:\/\/www.terra-et-ars.de\/aktuelles\/wp-content\/uploads\/2021\/01\/239kg-buddha-figur-285x285.jpg 285w, https:\/\/www.terra-et-ars.de\/aktuelles\/wp-content\/uploads\/2021\/01\/239kg-buddha-figur-150x150.jpg 150w\" sizes=\"(max-width: 285px) 100vw, 285px\" \/>\n            <\/div>\n        \n                        <div class=\"image-gallery__item\" data-featherlight=\"https:\/\/www.terra-et-ars.de\/aktuelles\/wp-content\/uploads\/2021\/01\/238akg-Buddha-Figur.jpg\">\n                \n                <img width=\"285\" height=\"285\" src=\"https:\/\/www.terra-et-ars.de\/aktuelles\/wp-content\/uploads\/2021\/01\/238akg-Buddha-Figur-285x285.jpg\" class=\"attachment-gallery-medium size-gallery-medium\" alt=\"Buddha Figur\" loading=\"lazy\" srcset=\"https:\/\/www.terra-et-ars.de\/aktuelles\/wp-content\/uploads\/2021\/01\/238akg-Buddha-Figur-285x285.jpg 285w, https:\/\/www.terra-et-ars.de\/aktuelles\/wp-content\/uploads\/2021\/01\/238akg-Buddha-Figur-150x150.jpg 150w\" sizes=\"(max-width: 285px) 100vw, 285px\" \/>\n            <\/div>\n        \n                        <div class=\"image-gallery__item\" data-featherlight=\"https:\/\/www.terra-et-ars.de\/aktuelles\/wp-content\/uploads\/2021\/01\/237kg-buddha-figur.jpg\">\n                \n                <img width=\"285\" height=\"285\" src=\"https:\/\/www.terra-et-ars.de\/aktuelles\/wp-content\/uploads\/2021\/01\/237kg-buddha-figur-285x285.jpg\" class=\"attachment-gallery-medium size-gallery-medium\" alt=\"Buddha B\u00fcste Garten\" loading=\"lazy\" srcset=\"https:\/\/www.terra-et-ars.de\/aktuelles\/wp-content\/uploads\/2021\/01\/237kg-buddha-figur-285x285.jpg 285w, https:\/\/www.terra-et-ars.de\/aktuelles\/wp-content\/uploads\/2021\/01\/237kg-buddha-figur-150x150.jpg 150w\" sizes=\"(max-width: 285px) 100vw, 285px\" \/>\n            <\/div>\n        \n                        <div class=\"image-gallery__item\" data-featherlight=\"https:\/\/www.terra-et-ars.de\/aktuelles\/wp-content\/uploads\/2021\/01\/237bkg-Dewi-Statue.jpg\">\n                \n                <img width=\"285\" height=\"285\" src=\"https:\/\/www.terra-et-ars.de\/aktuelles\/wp-content\/uploads\/2021\/01\/237bkg-Dewi-Statue-285x285.jpg\" class=\"attachment-gallery-medium size-gallery-medium\" alt=\"Dewi Statue\" loading=\"lazy\" srcset=\"https:\/\/www.terra-et-ars.de\/aktuelles\/wp-content\/uploads\/2021\/01\/237bkg-Dewi-Statue-285x285.jpg 285w, https:\/\/www.terra-et-ars.de\/aktuelles\/wp-content\/uploads\/2021\/01\/237bkg-Dewi-Statue-150x150.jpg 150w\" sizes=\"(max-width: 285px) 100vw, 285px\" \/>\n            <\/div>\n        \n                        <div class=\"image-gallery__item\" data-featherlight=\"https:\/\/www.terra-et-ars.de\/aktuelles\/wp-content\/uploads\/2021\/01\/236kg-Buddha-Figur.jpg\">\n                \n                <img width=\"285\" height=\"285\" src=\"https:\/\/www.terra-et-ars.de\/aktuelles\/wp-content\/uploads\/2021\/01\/236kg-Buddha-Figur-285x285.jpg\" class=\"attachment-gallery-medium size-gallery-medium\" alt=\"Buddha Statue\" loading=\"lazy\" srcset=\"https:\/\/www.terra-et-ars.de\/aktuelles\/wp-content\/uploads\/2021\/01\/236kg-Buddha-Figur-285x285.jpg 285w, https:\/\/www.terra-et-ars.de\/aktuelles\/wp-content\/uploads\/2021\/01\/236kg-Buddha-Figur-150x150.jpg 150w\" sizes=\"(max-width: 285px) 100vw, 285px\" \/>\n            <\/div>\n        \n                        <div class=\"image-gallery__item\" data-featherlight=\"https:\/\/www.terra-et-ars.de\/aktuelles\/wp-content\/uploads\/2021\/01\/235kg-Buddha-Figur.jpg\">\n                \n                <img width=\"285\" height=\"285\" src=\"https:\/\/www.terra-et-ars.de\/aktuelles\/wp-content\/uploads\/2021\/01\/235kg-Buddha-Figur-285x285.jpg\" class=\"attachment-gallery-medium size-gallery-medium\" alt=\"Buddha Figur\" loading=\"lazy\" srcset=\"https:\/\/www.terra-et-ars.de\/aktuelles\/wp-content\/uploads\/2021\/01\/235kg-Buddha-Figur-285x285.jpg 285w, https:\/\/www.terra-et-ars.de\/aktuelles\/wp-content\/uploads\/2021\/01\/235kg-Buddha-Figur-150x150.jpg 150w\" sizes=\"(max-width: 285px) 100vw, 285px\" \/>\n            <\/div>\n        \n                        <div class=\"image-gallery__item\" data-featherlight=\"https:\/\/www.terra-et-ars.de\/aktuelles\/wp-content\/uploads\/2021\/01\/234kg.jpg\">\n                \n                <img width=\"285\" height=\"285\" src=\"https:\/\/www.terra-et-ars.de\/aktuelles\/wp-content\/uploads\/2021\/01\/234kg-285x285.jpg\" class=\"attachment-gallery-medium size-gallery-medium\" alt=\"Garten Buddha\" loading=\"lazy\" srcset=\"https:\/\/www.terra-et-ars.de\/aktuelles\/wp-content\/uploads\/2021\/01\/234kg-285x285.jpg 285w, https:\/\/www.terra-et-ars.de\/aktuelles\/wp-content\/uploads\/2021\/01\/234kg-150x150.jpg 150w\" sizes=\"(max-width: 285px) 100vw, 285px\" \/>\n            <\/div>\n        \n                        <div class=\"image-gallery__item\" data-featherlight=\"https:\/\/www.terra-et-ars.de\/aktuelles\/wp-content\/uploads\/2021\/04\/232kg.jpg\">\n                \n                <img width=\"285\" height=\"285\" src=\"https:\/\/www.terra-et-ars.de\/aktuelles\/wp-content\/uploads\/2021\/04\/232kg-285x285.jpg\" class=\"attachment-gallery-medium size-gallery-medium\" alt=\"Buddhafigur\" loading=\"lazy\" srcset=\"https:\/\/www.terra-et-ars.de\/aktuelles\/wp-content\/uploads\/2021\/04\/232kg-285x285.jpg 285w, https:\/\/www.terra-et-ars.de\/aktuelles\/wp-content\/uploads\/2021\/04\/232kg-150x150.jpg 150w\" sizes=\"(max-width: 285px) 100vw, 285px\" \/>\n            <\/div>\n        \n                        <div class=\"image-gallery__item\" data-featherlight=\"https:\/\/www.terra-et-ars.de\/aktuelles\/wp-content\/uploads\/2021\/01\/232bkg.jpg\">\n                \n                <img width=\"285\" height=\"285\" src=\"https:\/\/www.terra-et-ars.de\/aktuelles\/wp-content\/uploads\/2021\/01\/232bkg-285x285.jpg\" class=\"attachment-gallery-medium size-gallery-medium\" alt=\"Buddha im bl\u00fchenden Garten\" loading=\"lazy\" srcset=\"https:\/\/www.terra-et-ars.de\/aktuelles\/wp-content\/uploads\/2021\/01\/232bkg-285x285.jpg 285w, https:\/\/www.terra-et-ars.de\/aktuelles\/wp-content\/uploads\/2021\/01\/232bkg-150x150.jpg 150w\" sizes=\"(max-width: 285px) 100vw, 285px\" \/>\n            <\/div>\n        \n                        <div class=\"image-gallery__item\" data-featherlight=\"https:\/\/www.terra-et-ars.de\/aktuelles\/wp-content\/uploads\/2021\/01\/231kg-1.jpg\">\n                \n                <img width=\"285\" height=\"214\" src=\"https:\/\/www.terra-et-ars.de\/aktuelles\/wp-content\/uploads\/2021\/01\/231kg-1.jpg\" class=\"attachment-gallery-medium size-gallery-medium\" alt=\"Bali Daybed\" loading=\"lazy\" \/>\n            <\/div>\n        \n                        <div class=\"image-gallery__item\" data-featherlight=\"https:\/\/www.terra-et-ars.de\/aktuelles\/wp-content\/uploads\/2021\/01\/230kg.jpg\">\n                \n                <img width=\"285\" height=\"285\" src=\"https:\/\/www.terra-et-ars.de\/aktuelles\/wp-content\/uploads\/2021\/01\/230kg-285x285.jpg\" class=\"attachment-gallery-medium size-gallery-medium\" alt=\"Buddha Figur sitzend\" loading=\"lazy\" srcset=\"https:\/\/www.terra-et-ars.de\/aktuelles\/wp-content\/uploads\/2021\/01\/230kg-285x285.jpg 285w, https:\/\/www.terra-et-ars.de\/aktuelles\/wp-content\/uploads\/2021\/01\/230kg-150x150.jpg 150w\" sizes=\"(max-width: 285px) 100vw, 285px\" \/>\n            <\/div>\n        \n                        <div class=\"image-gallery__item\" data-featherlight=\"https:\/\/www.terra-et-ars.de\/aktuelles\/wp-content\/uploads\/2021\/01\/228kg.jpg\">\n                \n                <img width=\"285\" height=\"191\" src=\"https:\/\/www.terra-et-ars.de\/aktuelles\/wp-content\/uploads\/2021\/01\/228kg.jpg\" class=\"attachment-gallery-medium size-gallery-medium\" alt=\"Buddha\" loading=\"lazy\" \/>\n            <\/div>\n        \n                        <div class=\"image-gallery__item\" data-featherlight=\"https:\/\/www.terra-et-ars.de\/aktuelles\/wp-content\/uploads\/2021\/01\/226kg.jpg\">\n                \n                <img width=\"285\" height=\"285\" src=\"https:\/\/www.terra-et-ars.de\/aktuelles\/wp-content\/uploads\/2021\/01\/226kg-285x285.jpg\" class=\"attachment-gallery-medium size-gallery-medium\" alt=\"Dewi Statue Grussgeste\" loading=\"lazy\" srcset=\"https:\/\/www.terra-et-ars.de\/aktuelles\/wp-content\/uploads\/2021\/01\/226kg-285x285.jpg 285w, https:\/\/www.terra-et-ars.de\/aktuelles\/wp-content\/uploads\/2021\/01\/226kg-150x150.jpg 150w\" sizes=\"(max-width: 285px) 100vw, 285px\" \/>\n            <\/div>\n        \n                        <div class=\"image-gallery__item\" data-featherlight=\"https:\/\/www.terra-et-ars.de\/aktuelles\/wp-content\/uploads\/2021\/01\/225kg.jpg\">\n                \n                <img width=\"285\" height=\"285\" src=\"https:\/\/www.terra-et-ars.de\/aktuelles\/wp-content\/uploads\/2021\/01\/225kg-285x285.jpg\" class=\"attachment-gallery-medium size-gallery-medium\" alt=\"Ganesha Steinguss 33cm\" loading=\"lazy\" srcset=\"https:\/\/www.terra-et-ars.de\/aktuelles\/wp-content\/uploads\/2021\/01\/225kg-285x285.jpg 285w, https:\/\/www.terra-et-ars.de\/aktuelles\/wp-content\/uploads\/2021\/01\/225kg-150x150.jpg 150w\" sizes=\"(max-width: 285px) 100vw, 285px\" \/>\n            <\/div>\n        \n                        <div class=\"image-gallery__item\" data-featherlight=\"https:\/\/www.terra-et-ars.de\/aktuelles\/wp-content\/uploads\/2021\/01\/224kg.jpg\">\n                \n                <img width=\"285\" height=\"224\" src=\"https:\/\/www.terra-et-ars.de\/aktuelles\/wp-content\/uploads\/2021\/01\/224kg.jpg\" class=\"attachment-gallery-medium size-gallery-medium\" alt=\"Stein Buddha am Wasserfall\" loading=\"lazy\" \/>\n            <\/div>\n        \n                        <div class=\"image-gallery__item\" data-featherlight=\"https:\/\/www.terra-et-ars.de\/aktuelles\/wp-content\/uploads\/2021\/01\/223kg.jpg\">\n                \n                <img width=\"285\" height=\"285\" src=\"https:\/\/www.terra-et-ars.de\/aktuelles\/wp-content\/uploads\/2021\/01\/223kg.jpg\" class=\"attachment-gallery-medium size-gallery-medium\" alt=\"Steinbuddha Grussgeste\" loading=\"lazy\" \/>\n            <\/div>\n        \n                        <div class=\"image-gallery__item\" data-featherlight=\"https:\/\/www.terra-et-ars.de\/aktuelles\/wp-content\/uploads\/2021\/01\/222akg-Buddha-Statue.jpg\">\n                \n                <img width=\"285\" height=\"285\" src=\"https:\/\/www.terra-et-ars.de\/aktuelles\/wp-content\/uploads\/2021\/01\/222akg-Buddha-Statue-285x285.jpg\" class=\"attachment-gallery-medium size-gallery-medium\" alt=\"Buddha Statue\" loading=\"lazy\" srcset=\"https:\/\/www.terra-et-ars.de\/aktuelles\/wp-content\/uploads\/2021\/01\/222akg-Buddha-Statue-285x285.jpg 285w, https:\/\/www.terra-et-ars.de\/aktuelles\/wp-content\/uploads\/2021\/01\/222akg-Buddha-Statue-150x150.jpg 150w\" sizes=\"(max-width: 285px) 100vw, 285px\" \/>\n            <\/div>\n        \n                        <div class=\"image-gallery__item\" data-featherlight=\"https:\/\/www.terra-et-ars.de\/aktuelles\/wp-content\/uploads\/2021\/01\/221kg.jpg\">\n                \n                <img width=\"285\" height=\"285\" src=\"https:\/\/www.terra-et-ars.de\/aktuelles\/wp-content\/uploads\/2021\/01\/221kg-285x285.jpg\" class=\"attachment-gallery-medium size-gallery-medium\" alt=\"Buddhastatue mit Lotusbl\u00fcte\" loading=\"lazy\" srcset=\"https:\/\/www.terra-et-ars.de\/aktuelles\/wp-content\/uploads\/2021\/01\/221kg-285x285.jpg 285w, https:\/\/www.terra-et-ars.de\/aktuelles\/wp-content\/uploads\/2021\/01\/221kg-150x150.jpg 150w\" sizes=\"(max-width: 285px) 100vw, 285px\" \/>\n            <\/div>\n        \n                        <div class=\"image-gallery__item\" data-featherlight=\"https:\/\/www.terra-et-ars.de\/aktuelles\/wp-content\/uploads\/2021\/04\/219kg.jpg\">\n                \n                <img width=\"285\" height=\"285\" src=\"https:\/\/www.terra-et-ars.de\/aktuelles\/wp-content\/uploads\/2021\/04\/219kg-285x285.jpg\" class=\"attachment-gallery-medium size-gallery-medium\" alt=\"\" loading=\"lazy\" srcset=\"https:\/\/www.terra-et-ars.de\/aktuelles\/wp-content\/uploads\/2021\/04\/219kg-285x285.jpg 285w, https:\/\/www.terra-et-ars.de\/aktuelles\/wp-content\/uploads\/2021\/04\/219kg-150x150.jpg 150w\" sizes=\"(max-width: 285px) 100vw, 285px\" \/>\n            <\/div>\n        \n                        <div class=\"image-gallery__item\" data-featherlight=\"https:\/\/www.terra-et-ars.de\/aktuelles\/wp-content\/uploads\/2021\/01\/218kg.jpg\">\n                \n                <img width=\"285\" height=\"285\" src=\"https:\/\/www.terra-et-ars.de\/aktuelles\/wp-content\/uploads\/2021\/01\/218kg-285x285.jpg\" class=\"attachment-gallery-medium size-gallery-medium\" alt=\"Grosser Buddha Kopf\" loading=\"lazy\" srcset=\"https:\/\/www.terra-et-ars.de\/aktuelles\/wp-content\/uploads\/2021\/01\/218kg-285x285.jpg 285w, https:\/\/www.terra-et-ars.de\/aktuelles\/wp-content\/uploads\/2021\/01\/218kg-150x150.jpg 150w\" sizes=\"(max-width: 285px) 100vw, 285px\" \/>\n            <\/div>\n        \n                        <div class=\"image-gallery__item\" data-featherlight=\"https:\/\/www.terra-et-ars.de\/aktuelles\/wp-content\/uploads\/2021\/01\/217kg.jpg\">\n                \n                <img width=\"285\" height=\"285\" src=\"https:\/\/www.terra-et-ars.de\/aktuelles\/wp-content\/uploads\/2021\/01\/217kg-285x285.jpg\" class=\"attachment-gallery-medium size-gallery-medium\" alt=\"meditierender Buddha\" loading=\"lazy\" srcset=\"https:\/\/www.terra-et-ars.de\/aktuelles\/wp-content\/uploads\/2021\/01\/217kg-285x285.jpg 285w, https:\/\/www.terra-et-ars.de\/aktuelles\/wp-content\/uploads\/2021\/01\/217kg-150x150.jpg 150w\" sizes=\"(max-width: 285px) 100vw, 285px\" \/>\n            <\/div>\n        \n                        <div class=\"image-gallery__item\" data-featherlight=\"https:\/\/www.terra-et-ars.de\/aktuelles\/wp-content\/uploads\/2021\/01\/216kg.jpg\">\n                \n                <img width=\"285\" height=\"285\" src=\"https:\/\/www.terra-et-ars.de\/aktuelles\/wp-content\/uploads\/2021\/01\/216kg-285x285.jpg\" class=\"attachment-gallery-medium size-gallery-medium\" alt=\"Buddhafigur am Pool\" loading=\"lazy\" srcset=\"https:\/\/www.terra-et-ars.de\/aktuelles\/wp-content\/uploads\/2021\/01\/216kg-285x285.jpg 285w, https:\/\/www.terra-et-ars.de\/aktuelles\/wp-content\/uploads\/2021\/01\/216kg-300x300.jpg 300w, https:\/\/www.terra-et-ars.de\/aktuelles\/wp-content\/uploads\/2021\/01\/216kg-150x150.jpg 150w, https:\/\/www.terra-et-ars.de\/aktuelles\/wp-content\/uploads\/2021\/01\/216kg-768x768.jpg 768w, https:\/\/www.terra-et-ars.de\/aktuelles\/wp-content\/uploads\/2021\/01\/216kg.jpg 800w\" sizes=\"(max-width: 285px) 100vw, 285px\" \/>\n            <\/div>\n        \n                        <div class=\"image-gallery__item\" data-featherlight=\"https:\/\/www.terra-et-ars.de\/aktuelles\/wp-content\/uploads\/2021\/01\/215kg.jpg\">\n                \n                <img width=\"285\" height=\"285\" src=\"https:\/\/www.terra-et-ars.de\/aktuelles\/wp-content\/uploads\/2021\/01\/215kg-285x285.jpg\" class=\"attachment-gallery-medium size-gallery-medium\" alt=\"Buddha Statue am Pool\" loading=\"lazy\" srcset=\"https:\/\/www.terra-et-ars.de\/aktuelles\/wp-content\/uploads\/2021\/01\/215kg-285x285.jpg 285w, https:\/\/www.terra-et-ars.de\/aktuelles\/wp-content\/uploads\/2021\/01\/215kg-300x300.jpg 300w, https:\/\/www.terra-et-ars.de\/aktuelles\/wp-content\/uploads\/2021\/01\/215kg-150x150.jpg 150w, https:\/\/www.terra-et-ars.de\/aktuelles\/wp-content\/uploads\/2021\/01\/215kg-768x768.jpg 768w, https:\/\/www.terra-et-ars.de\/aktuelles\/wp-content\/uploads\/2021\/01\/215kg.jpg 800w\" sizes=\"(max-width: 285px) 100vw, 285px\" \/>\n            <\/div>\n        \n                        <div class=\"image-gallery__item\" data-featherlight=\"https:\/\/www.terra-et-ars.de\/aktuelles\/wp-content\/uploads\/2021\/01\/214kg.jpg\">\n                \n                <img width=\"285\" height=\"285\" src=\"https:\/\/www.terra-et-ars.de\/aktuelles\/wp-content\/uploads\/2021\/01\/214kg-285x285.jpg\" class=\"attachment-gallery-medium size-gallery-medium\" alt=\"Buddha Pool\" loading=\"lazy\" srcset=\"https:\/\/www.terra-et-ars.de\/aktuelles\/wp-content\/uploads\/2021\/01\/214kg-285x285.jpg 285w, https:\/\/www.terra-et-ars.de\/aktuelles\/wp-content\/uploads\/2021\/01\/214kg-300x300.jpg 300w, https:\/\/www.terra-et-ars.de\/aktuelles\/wp-content\/uploads\/2021\/01\/214kg-150x150.jpg 150w, https:\/\/www.terra-et-ars.de\/aktuelles\/wp-content\/uploads\/2021\/01\/214kg-768x768.jpg 768w, https:\/\/www.terra-et-ars.de\/aktuelles\/wp-content\/uploads\/2021\/01\/214kg.jpg 800w\" sizes=\"(max-width: 285px) 100vw, 285px\" \/>\n            <\/div>\n        \n                        <div class=\"image-gallery__item\" data-featherlight=\"https:\/\/www.terra-et-ars.de\/aktuelles\/wp-content\/uploads\/2021\/01\/211kg.jpg\">\n                \n                <img width=\"285\" height=\"285\" src=\"https:\/\/www.terra-et-ars.de\/aktuelles\/wp-content\/uploads\/2021\/01\/211kg-285x285.jpg\" class=\"attachment-gallery-medium size-gallery-medium\" alt=\"Gartenbuddha\" loading=\"lazy\" srcset=\"https:\/\/www.terra-et-ars.de\/aktuelles\/wp-content\/uploads\/2021\/01\/211kg-285x285.jpg 285w, https:\/\/www.terra-et-ars.de\/aktuelles\/wp-content\/uploads\/2021\/01\/211kg-150x150.jpg 150w\" sizes=\"(max-width: 285px) 100vw, 285px\" \/>\n            <\/div>\n        \n                        <div class=\"image-gallery__item\" data-featherlight=\"https:\/\/www.terra-et-ars.de\/aktuelles\/wp-content\/uploads\/2021\/01\/210kg.jpg\">\n                \n                <img width=\"285\" height=\"285\" src=\"https:\/\/www.terra-et-ars.de\/aktuelles\/wp-content\/uploads\/2021\/01\/210kg-285x285.jpg\" class=\"attachment-gallery-medium size-gallery-medium\" alt=\"Buddha mit Gr\u00e4ser\" loading=\"lazy\" srcset=\"https:\/\/www.terra-et-ars.de\/aktuelles\/wp-content\/uploads\/2021\/01\/210kg-285x285.jpg 285w, https:\/\/www.terra-et-ars.de\/aktuelles\/wp-content\/uploads\/2021\/01\/210kg-150x150.jpg 150w\" sizes=\"(max-width: 285px) 100vw, 285px\" \/>\n            <\/div>\n        \n                        <div class=\"image-gallery__item\" data-featherlight=\"https:\/\/www.terra-et-ars.de\/aktuelles\/wp-content\/uploads\/2021\/01\/208kg.jpg\">\n                \n                <img width=\"285\" height=\"285\" src=\"https:\/\/www.terra-et-ars.de\/aktuelles\/wp-content\/uploads\/2021\/01\/208kg-285x285.jpg\" class=\"attachment-gallery-medium size-gallery-medium\" alt=\"Steinbuddha im Garten\" loading=\"lazy\" srcset=\"https:\/\/www.terra-et-ars.de\/aktuelles\/wp-content\/uploads\/2021\/01\/208kg-285x285.jpg 285w, https:\/\/www.terra-et-ars.de\/aktuelles\/wp-content\/uploads\/2021\/01\/208kg-150x150.jpg 150w\" sizes=\"(max-width: 285px) 100vw, 285px\" \/>\n            <\/div>\n        \n                        <div class=\"image-gallery__item\" data-featherlight=\"https:\/\/www.terra-et-ars.de\/aktuelles\/wp-content\/uploads\/2021\/01\/207kg.jpg\">\n                \n                <img width=\"285\" height=\"285\" src=\"https:\/\/www.terra-et-ars.de\/aktuelles\/wp-content\/uploads\/2021\/01\/207kg-285x285.jpg\" class=\"attachment-gallery-medium size-gallery-medium\" alt=\"grosser Lavastein Buddha\" loading=\"lazy\" srcset=\"https:\/\/www.terra-et-ars.de\/aktuelles\/wp-content\/uploads\/2021\/01\/207kg-285x285.jpg 285w, https:\/\/www.terra-et-ars.de\/aktuelles\/wp-content\/uploads\/2021\/01\/207kg-150x150.jpg 150w\" sizes=\"(max-width: 285px) 100vw, 285px\" \/>\n            <\/div>\n        \n                        <div class=\"image-gallery__item\" data-featherlight=\"https:\/\/www.terra-et-ars.de\/aktuelles\/wp-content\/uploads\/2021\/01\/206kg.jpg\">\n                \n                <img width=\"285\" height=\"214\" src=\"https:\/\/www.terra-et-ars.de\/aktuelles\/wp-content\/uploads\/2021\/01\/206kg.jpg\" class=\"attachment-gallery-medium size-gallery-medium\" alt=\"Buddha gr\u00fcner Lavastein Garten\" loading=\"lazy\" \/>\n            <\/div>\n        \n                        <div class=\"image-gallery__item\" data-featherlight=\"https:\/\/www.terra-et-ars.de\/aktuelles\/wp-content\/uploads\/2021\/01\/205akg-Buddha-Kopf-beleuchtet.jpg\">\n                \n                <img width=\"285\" height=\"285\" src=\"https:\/\/www.terra-et-ars.de\/aktuelles\/wp-content\/uploads\/2021\/01\/205akg-Buddha-Kopf-beleuchtet-285x285.jpg\" class=\"attachment-gallery-medium size-gallery-medium\" alt=\"Buddha Kopf beleuchtet\" loading=\"lazy\" srcset=\"https:\/\/www.terra-et-ars.de\/aktuelles\/wp-content\/uploads\/2021\/01\/205akg-Buddha-Kopf-beleuchtet-285x285.jpg 285w, https:\/\/www.terra-et-ars.de\/aktuelles\/wp-content\/uploads\/2021\/01\/205akg-Buddha-Kopf-beleuchtet-150x150.jpg 150w\" sizes=\"(max-width: 285px) 100vw, 285px\" \/>\n            <\/div>\n        \n                        <div class=\"image-gallery__item\" data-featherlight=\"https:\/\/www.terra-et-ars.de\/aktuelles\/wp-content\/uploads\/2021\/01\/204kg.jpg\">\n                \n                <img width=\"285\" height=\"285\" src=\"https:\/\/www.terra-et-ars.de\/aktuelles\/wp-content\/uploads\/2021\/01\/204kg-285x285.jpg\" class=\"attachment-gallery-medium size-gallery-medium\" alt=\"Steinbuddha Kopf bei Nacht\" loading=\"lazy\" srcset=\"https:\/\/www.terra-et-ars.de\/aktuelles\/wp-content\/uploads\/2021\/01\/204kg-285x285.jpg 285w, https:\/\/www.terra-et-ars.de\/aktuelles\/wp-content\/uploads\/2021\/01\/204kg-150x150.jpg 150w\" sizes=\"(max-width: 285px) 100vw, 285px\" \/>\n            <\/div>\n        \n                        <div class=\"image-gallery__item\" data-featherlight=\"https:\/\/www.terra-et-ars.de\/aktuelles\/wp-content\/uploads\/2021\/01\/202kg.jpg\">\n                \n                <img width=\"285\" height=\"285\" src=\"https:\/\/www.terra-et-ars.de\/aktuelles\/wp-content\/uploads\/2021\/01\/202kg-285x285.jpg\" class=\"attachment-gallery-medium size-gallery-medium\" alt=\"Bali Bank Teakholz\" loading=\"lazy\" srcset=\"https:\/\/www.terra-et-ars.de\/aktuelles\/wp-content\/uploads\/2021\/01\/202kg-285x285.jpg 285w, https:\/\/www.terra-et-ars.de\/aktuelles\/wp-content\/uploads\/2021\/01\/202kg-150x150.jpg 150w\" sizes=\"(max-width: 285px) 100vw, 285px\" \/>\n            <\/div>\n        \n                        <div class=\"image-gallery__item\" data-featherlight=\"https:\/\/www.terra-et-ars.de\/aktuelles\/wp-content\/uploads\/2021\/01\/201kg.jpg\">\n                \n                <img width=\"285\" height=\"171\" src=\"https:\/\/www.terra-et-ars.de\/aktuelles\/wp-content\/uploads\/2021\/01\/201kg.jpg\" class=\"attachment-gallery-medium size-gallery-medium\" alt=\"Lavastein Dewi Figur\" loading=\"lazy\" \/>\n            <\/div>\n        \n                        <div class=\"image-gallery__item\" data-featherlight=\"https:\/\/www.terra-et-ars.de\/aktuelles\/wp-content\/uploads\/2021\/01\/200kg.jpg\">\n                \n                <img width=\"285\" height=\"285\" src=\"https:\/\/www.terra-et-ars.de\/aktuelles\/wp-content\/uploads\/2021\/01\/200kg-285x285.jpg\" class=\"attachment-gallery-medium size-gallery-medium\" alt=\"stehende Dewi Statue\" loading=\"lazy\" srcset=\"https:\/\/www.terra-et-ars.de\/aktuelles\/wp-content\/uploads\/2021\/01\/200kg-285x285.jpg 285w, https:\/\/www.terra-et-ars.de\/aktuelles\/wp-content\/uploads\/2021\/01\/200kg-150x150.jpg 150w\" sizes=\"(max-width: 285px) 100vw, 285px\" \/>\n            <\/div>\n        \n                        <div class=\"image-gallery__item\" data-featherlight=\"https:\/\/www.terra-et-ars.de\/aktuelles\/wp-content\/uploads\/2021\/01\/198kg.jpg\">\n                \n                <img width=\"285\" height=\"285\" src=\"https:\/\/www.terra-et-ars.de\/aktuelles\/wp-content\/uploads\/2021\/01\/198kg-285x285.jpg\" class=\"attachment-gallery-medium size-gallery-medium\" alt=\"Buddha mit Mala\" loading=\"lazy\" srcset=\"https:\/\/www.terra-et-ars.de\/aktuelles\/wp-content\/uploads\/2021\/01\/198kg-285x285.jpg 285w, https:\/\/www.terra-et-ars.de\/aktuelles\/wp-content\/uploads\/2021\/01\/198kg-150x150.jpg 150w\" sizes=\"(max-width: 285px) 100vw, 285px\" \/>\n            <\/div>\n        \n                        <div class=\"image-gallery__item\" data-featherlight=\"https:\/\/www.terra-et-ars.de\/aktuelles\/wp-content\/uploads\/2021\/01\/197kg.jpg\">\n                \n                <img width=\"285\" height=\"285\" src=\"https:\/\/www.terra-et-ars.de\/aktuelles\/wp-content\/uploads\/2021\/01\/197kg-285x285.jpg\" class=\"attachment-gallery-medium size-gallery-medium\" alt=\"Buddhastatue mit Flamme\" loading=\"lazy\" srcset=\"https:\/\/www.terra-et-ars.de\/aktuelles\/wp-content\/uploads\/2021\/01\/197kg-285x285.jpg 285w, https:\/\/www.terra-et-ars.de\/aktuelles\/wp-content\/uploads\/2021\/01\/197kg-150x150.jpg 150w\" sizes=\"(max-width: 285px) 100vw, 285px\" \/>\n            <\/div>\n        \n                        <div class=\"image-gallery__item\" data-featherlight=\"https:\/\/www.terra-et-ars.de\/aktuelles\/wp-content\/uploads\/2021\/01\/194kg.jpg\">\n                \n                <img width=\"285\" height=\"285\" src=\"https:\/\/www.terra-et-ars.de\/aktuelles\/wp-content\/uploads\/2021\/01\/194kg-285x285.jpg\" class=\"attachment-gallery-medium size-gallery-medium\" alt=\"Fluss Stein Buddha\" loading=\"lazy\" srcset=\"https:\/\/www.terra-et-ars.de\/aktuelles\/wp-content\/uploads\/2021\/01\/194kg-285x285.jpg 285w, https:\/\/www.terra-et-ars.de\/aktuelles\/wp-content\/uploads\/2021\/01\/194kg-150x150.jpg 150w\" sizes=\"(max-width: 285px) 100vw, 285px\" \/>\n            <\/div>\n        \n                        <div class=\"image-gallery__item\" data-featherlight=\"https:\/\/www.terra-et-ars.de\/aktuelles\/wp-content\/uploads\/2021\/01\/192kg.jpg\">\n                \n                <img width=\"285\" height=\"285\" src=\"https:\/\/www.terra-et-ars.de\/aktuelles\/wp-content\/uploads\/2021\/01\/192kg-285x285.jpg\" class=\"attachment-gallery-medium size-gallery-medium\" alt=\"Nandi Statue\" loading=\"lazy\" srcset=\"https:\/\/www.terra-et-ars.de\/aktuelles\/wp-content\/uploads\/2021\/01\/192kg-285x285.jpg 285w, https:\/\/www.terra-et-ars.de\/aktuelles\/wp-content\/uploads\/2021\/01\/192kg-150x150.jpg 150w\" sizes=\"(max-width: 285px) 100vw, 285px\" \/>\n            <\/div>\n        \n                        <div class=\"image-gallery__item\" data-featherlight=\"https:\/\/www.terra-et-ars.de\/aktuelles\/wp-content\/uploads\/2021\/01\/190kg.jpg\">\n                \n                <img width=\"285\" height=\"285\" src=\"https:\/\/www.terra-et-ars.de\/aktuelles\/wp-content\/uploads\/2021\/01\/190kg-285x285.jpg\" class=\"attachment-gallery-medium size-gallery-medium\" alt=\"sitzender Gartenbuddha\" loading=\"lazy\" srcset=\"https:\/\/www.terra-et-ars.de\/aktuelles\/wp-content\/uploads\/2021\/01\/190kg-285x285.jpg 285w, https:\/\/www.terra-et-ars.de\/aktuelles\/wp-content\/uploads\/2021\/01\/190kg-150x150.jpg 150w\" sizes=\"(max-width: 285px) 100vw, 285px\" \/>\n            <\/div>\n        \n                        <div class=\"image-gallery__item\" data-featherlight=\"https:\/\/www.terra-et-ars.de\/aktuelles\/wp-content\/uploads\/2021\/01\/189kg.jpg\">\n                \n                <img width=\"285\" height=\"285\" src=\"https:\/\/www.terra-et-ars.de\/aktuelles\/wp-content\/uploads\/2021\/01\/189kg-285x285.jpg\" class=\"attachment-gallery-medium size-gallery-medium\" alt=\"stehender Buddha\" loading=\"lazy\" srcset=\"https:\/\/www.terra-et-ars.de\/aktuelles\/wp-content\/uploads\/2021\/01\/189kg-285x285.jpg 285w, https:\/\/www.terra-et-ars.de\/aktuelles\/wp-content\/uploads\/2021\/01\/189kg-150x150.jpg 150w\" sizes=\"(max-width: 285px) 100vw, 285px\" \/>\n            <\/div>\n        \n                        <div class=\"image-gallery__item\" data-featherlight=\"https:\/\/www.terra-et-ars.de\/aktuelles\/wp-content\/uploads\/2021\/01\/188kg.jpg\">\n                \n                <img width=\"285\" height=\"285\" src=\"https:\/\/www.terra-et-ars.de\/aktuelles\/wp-content\/uploads\/2021\/01\/188kg-285x285.jpg\" class=\"attachment-gallery-medium size-gallery-medium\" alt=\"stehende Buddhafigur\" loading=\"lazy\" srcset=\"https:\/\/www.terra-et-ars.de\/aktuelles\/wp-content\/uploads\/2021\/01\/188kg-285x285.jpg 285w, https:\/\/www.terra-et-ars.de\/aktuelles\/wp-content\/uploads\/2021\/01\/188kg-150x150.jpg 150w\" sizes=\"(max-width: 285px) 100vw, 285px\" \/>\n            <\/div>\n        \n                        <div class=\"image-gallery__item\" data-featherlight=\"https:\/\/www.terra-et-ars.de\/aktuelles\/wp-content\/uploads\/2021\/01\/187kg.jpg\">\n                \n                <img width=\"285\" height=\"285\" src=\"https:\/\/www.terra-et-ars.de\/aktuelles\/wp-content\/uploads\/2021\/01\/187kg-285x285.jpg\" class=\"attachment-gallery-medium size-gallery-medium\" alt=\"meditierender Gartenbuddha\" loading=\"lazy\" srcset=\"https:\/\/www.terra-et-ars.de\/aktuelles\/wp-content\/uploads\/2021\/01\/187kg-285x285.jpg 285w, https:\/\/www.terra-et-ars.de\/aktuelles\/wp-content\/uploads\/2021\/01\/187kg-150x150.jpg 150w\" sizes=\"(max-width: 285px) 100vw, 285px\" \/>\n            <\/div>\n        \n                        <div class=\"image-gallery__item\" data-featherlight=\"https:\/\/www.terra-et-ars.de\/aktuelles\/wp-content\/uploads\/2021\/01\/186kg.jpg\">\n                \n                <img width=\"285\" height=\"214\" src=\"https:\/\/www.terra-et-ars.de\/aktuelles\/wp-content\/uploads\/2021\/01\/186kg.jpg\" class=\"attachment-gallery-medium size-gallery-medium\" alt=\"Buddha im Garten\" loading=\"lazy\" \/>\n            <\/div>\n        \n                        <div class=\"image-gallery__item\" data-featherlight=\"https:\/\/www.terra-et-ars.de\/aktuelles\/wp-content\/uploads\/2021\/01\/185kg.jpg\">\n                \n                <img width=\"285\" height=\"285\" src=\"https:\/\/www.terra-et-ars.de\/aktuelles\/wp-content\/uploads\/2021\/01\/185kg-285x285.jpg\" class=\"attachment-gallery-medium size-gallery-medium\" alt=\"stehender Fluss Stein Buddha\" loading=\"lazy\" srcset=\"https:\/\/www.terra-et-ars.de\/aktuelles\/wp-content\/uploads\/2021\/01\/185kg-285x285.jpg 285w, https:\/\/www.terra-et-ars.de\/aktuelles\/wp-content\/uploads\/2021\/01\/185kg-150x150.jpg 150w\" sizes=\"(max-width: 285px) 100vw, 285px\" \/>\n            <\/div>\n        \n                        <div class=\"image-gallery__item\" data-featherlight=\"https:\/\/www.terra-et-ars.de\/aktuelles\/wp-content\/uploads\/2021\/01\/184kg.jpg\">\n                \n                <img width=\"285\" height=\"285\" src=\"https:\/\/www.terra-et-ars.de\/aktuelles\/wp-content\/uploads\/2021\/01\/184kg-285x285.jpg\" class=\"attachment-gallery-medium size-gallery-medium\" alt=\"Dewi B\u00fcste gross\" loading=\"lazy\" srcset=\"https:\/\/www.terra-et-ars.de\/aktuelles\/wp-content\/uploads\/2021\/01\/184kg-285x285.jpg 285w, https:\/\/www.terra-et-ars.de\/aktuelles\/wp-content\/uploads\/2021\/01\/184kg-150x150.jpg 150w\" sizes=\"(max-width: 285px) 100vw, 285px\" \/>\n            <\/div>\n        \n                        <div class=\"image-gallery__item\" data-featherlight=\"https:\/\/www.terra-et-ars.de\/aktuelles\/wp-content\/uploads\/2021\/01\/183kg.jpg\">\n                \n                <img width=\"285\" height=\"285\" src=\"https:\/\/www.terra-et-ars.de\/aktuelles\/wp-content\/uploads\/2021\/01\/183kg-285x285.jpg\" class=\"attachment-gallery-medium size-gallery-medium\" alt=\"Buddha Steinguss\" loading=\"lazy\" srcset=\"https:\/\/www.terra-et-ars.de\/aktuelles\/wp-content\/uploads\/2021\/01\/183kg-285x285.jpg 285w, https:\/\/www.terra-et-ars.de\/aktuelles\/wp-content\/uploads\/2021\/01\/183kg-150x150.jpg 150w\" sizes=\"(max-width: 285px) 100vw, 285px\" \/>\n            <\/div>\n        \n                        <div class=\"image-gallery__item\" data-featherlight=\"https:\/\/www.terra-et-ars.de\/aktuelles\/wp-content\/uploads\/2021\/01\/181kg.jpg\">\n                \n                <img width=\"285\" height=\"285\" src=\"https:\/\/www.terra-et-ars.de\/aktuelles\/wp-content\/uploads\/2021\/01\/181kg-285x285.jpg\" class=\"attachment-gallery-medium size-gallery-medium\" alt=\"stehender Lavastein Buddha\" loading=\"lazy\" srcset=\"https:\/\/www.terra-et-ars.de\/aktuelles\/wp-content\/uploads\/2021\/01\/181kg-285x285.jpg 285w, https:\/\/www.terra-et-ars.de\/aktuelles\/wp-content\/uploads\/2021\/01\/181kg-150x150.jpg 150w\" sizes=\"(max-width: 285px) 100vw, 285px\" \/>\n            <\/div>\n        \n                        <div class=\"image-gallery__item\" data-featherlight=\"https:\/\/www.terra-et-ars.de\/aktuelles\/wp-content\/uploads\/2021\/01\/180kg.jpg\">\n                \n                <img width=\"285\" height=\"285\" src=\"https:\/\/www.terra-et-ars.de\/aktuelles\/wp-content\/uploads\/2021\/01\/180kg-285x285.jpg\" class=\"attachment-gallery-medium size-gallery-medium\" alt=\"Marmorfische\" loading=\"lazy\" srcset=\"https:\/\/www.terra-et-ars.de\/aktuelles\/wp-content\/uploads\/2021\/01\/180kg-285x285.jpg 285w, https:\/\/www.terra-et-ars.de\/aktuelles\/wp-content\/uploads\/2021\/01\/180kg-300x300.jpg 300w, https:\/\/www.terra-et-ars.de\/aktuelles\/wp-content\/uploads\/2021\/01\/180kg-150x150.jpg 150w, https:\/\/www.terra-et-ars.de\/aktuelles\/wp-content\/uploads\/2021\/01\/180kg.jpg 600w\" sizes=\"(max-width: 285px) 100vw, 285px\" \/>\n            <\/div>\n        \n                        <div class=\"image-gallery__item\" data-featherlight=\"https:\/\/www.terra-et-ars.de\/aktuelles\/wp-content\/uploads\/2021\/01\/179kg.jpg\">\n                \n                <img width=\"285\" height=\"285\" src=\"https:\/\/www.terra-et-ars.de\/aktuelles\/wp-content\/uploads\/2021\/01\/179kg-285x285.jpg\" class=\"attachment-gallery-medium size-gallery-medium\" alt=\"Fisch Marmor\" loading=\"lazy\" srcset=\"https:\/\/www.terra-et-ars.de\/aktuelles\/wp-content\/uploads\/2021\/01\/179kg-285x285.jpg 285w, https:\/\/www.terra-et-ars.de\/aktuelles\/wp-content\/uploads\/2021\/01\/179kg-300x300.jpg 300w, https:\/\/www.terra-et-ars.de\/aktuelles\/wp-content\/uploads\/2021\/01\/179kg-150x150.jpg 150w, https:\/\/www.terra-et-ars.de\/aktuelles\/wp-content\/uploads\/2021\/01\/179kg.jpg 600w\" sizes=\"(max-width: 285px) 100vw, 285px\" \/>\n            <\/div>\n        \n                        <div class=\"image-gallery__item\" data-featherlight=\"https:\/\/www.terra-et-ars.de\/aktuelles\/wp-content\/uploads\/2021\/01\/178kg.jpg\">\n                \n                <img width=\"248\" height=\"285\" src=\"https:\/\/www.terra-et-ars.de\/aktuelles\/wp-content\/uploads\/2021\/01\/178kg.jpg\" class=\"attachment-gallery-medium size-gallery-medium\" alt=\"Buddha namaste\" loading=\"lazy\" \/>\n            <\/div>\n        \n                        <div class=\"image-gallery__item\" data-featherlight=\"https:\/\/www.terra-et-ars.de\/aktuelles\/wp-content\/uploads\/2021\/01\/176kg.jpg\">\n                \n                <img width=\"285\" height=\"214\" src=\"https:\/\/www.terra-et-ars.de\/aktuelles\/wp-content\/uploads\/2021\/01\/176kg.jpg\" class=\"attachment-gallery-medium size-gallery-medium\" alt=\"Buddha Steinguss\" loading=\"lazy\" \/>\n            <\/div>\n        \n                        <div class=\"image-gallery__item\" data-featherlight=\"https:\/\/www.terra-et-ars.de\/aktuelles\/wp-content\/uploads\/2021\/01\/176akg.jpg\">\n                \n                <img width=\"285\" height=\"285\" src=\"https:\/\/www.terra-et-ars.de\/aktuelles\/wp-content\/uploads\/2021\/01\/176akg-285x285.jpg\" class=\"attachment-gallery-medium size-gallery-medium\" alt=\"Ganesha Steinguss\" loading=\"lazy\" srcset=\"https:\/\/www.terra-et-ars.de\/aktuelles\/wp-content\/uploads\/2021\/01\/176akg-285x285.jpg 285w, https:\/\/www.terra-et-ars.de\/aktuelles\/wp-content\/uploads\/2021\/01\/176akg-150x150.jpg 150w\" sizes=\"(max-width: 285px) 100vw, 285px\" \/>\n            <\/div>\n        \n                        <div class=\"image-gallery__item\" data-featherlight=\"https:\/\/www.terra-et-ars.de\/aktuelles\/wp-content\/uploads\/2021\/01\/175kg.jpg\">\n                \n                <img width=\"285\" height=\"285\" src=\"https:\/\/www.terra-et-ars.de\/aktuelles\/wp-content\/uploads\/2021\/01\/175kg-285x285.jpg\" class=\"attachment-gallery-medium size-gallery-medium\" alt=\"Buddhafigur mit Gebetsfahnen\" loading=\"lazy\" srcset=\"https:\/\/www.terra-et-ars.de\/aktuelles\/wp-content\/uploads\/2021\/01\/175kg-285x285.jpg 285w, https:\/\/www.terra-et-ars.de\/aktuelles\/wp-content\/uploads\/2021\/01\/175kg-300x300.jpg 300w, https:\/\/www.terra-et-ars.de\/aktuelles\/wp-content\/uploads\/2021\/01\/175kg-150x150.jpg 150w, https:\/\/www.terra-et-ars.de\/aktuelles\/wp-content\/uploads\/2021\/01\/175kg.jpg 601w\" sizes=\"(max-width: 285px) 100vw, 285px\" \/>\n            <\/div>\n        \n                        <div class=\"image-gallery__item\" data-featherlight=\"https:\/\/www.terra-et-ars.de\/aktuelles\/wp-content\/uploads\/2021\/01\/174kg.jpg\">\n                \n                <img width=\"285\" height=\"285\" src=\"https:\/\/www.terra-et-ars.de\/aktuelles\/wp-content\/uploads\/2021\/01\/174kg-285x285.jpg\" class=\"attachment-gallery-medium size-gallery-medium\" alt=\"Buddhastatue auf Sockel\" loading=\"lazy\" srcset=\"https:\/\/www.terra-et-ars.de\/aktuelles\/wp-content\/uploads\/2021\/01\/174kg-285x285.jpg 285w, https:\/\/www.terra-et-ars.de\/aktuelles\/wp-content\/uploads\/2021\/01\/174kg-150x150.jpg 150w\" sizes=\"(max-width: 285px) 100vw, 285px\" \/>\n            <\/div>\n        \n                        <div class=\"image-gallery__item\" data-featherlight=\"https:\/\/www.terra-et-ars.de\/aktuelles\/wp-content\/uploads\/2021\/01\/173kg.jpg\">\n                \n                <img width=\"285\" height=\"285\" src=\"https:\/\/www.terra-et-ars.de\/aktuelles\/wp-content\/uploads\/2021\/01\/173kg-285x285.jpg\" class=\"attachment-gallery-medium size-gallery-medium\" alt=\"Buddhafigur am Teich\" loading=\"lazy\" srcset=\"https:\/\/www.terra-et-ars.de\/aktuelles\/wp-content\/uploads\/2021\/01\/173kg-285x285.jpg 285w, https:\/\/www.terra-et-ars.de\/aktuelles\/wp-content\/uploads\/2021\/01\/173kg-150x150.jpg 150w\" sizes=\"(max-width: 285px) 100vw, 285px\" \/>\n            <\/div>\n        \n                        <div class=\"image-gallery__item\" data-featherlight=\"https:\/\/www.terra-et-ars.de\/aktuelles\/wp-content\/uploads\/2021\/01\/172kg.jpg\">\n                \n                <img width=\"285\" height=\"285\" src=\"https:\/\/www.terra-et-ars.de\/aktuelles\/wp-content\/uploads\/2021\/01\/172kg-285x285.jpg\" class=\"attachment-gallery-medium size-gallery-medium\" alt=\"Dewi B\u00fcste auf Pool Terrasse\" loading=\"lazy\" srcset=\"https:\/\/www.terra-et-ars.de\/aktuelles\/wp-content\/uploads\/2021\/01\/172kg-285x285.jpg 285w, https:\/\/www.terra-et-ars.de\/aktuelles\/wp-content\/uploads\/2021\/01\/172kg-150x150.jpg 150w\" sizes=\"(max-width: 285px) 100vw, 285px\" \/>\n            <\/div>\n        \n                        <div class=\"image-gallery__item\" data-featherlight=\"https:\/\/www.terra-et-ars.de\/aktuelles\/wp-content\/uploads\/2021\/01\/170akg-Dewi-Sri-Figur-gross.jpg\">\n                \n                <img width=\"285\" height=\"285\" src=\"https:\/\/www.terra-et-ars.de\/aktuelles\/wp-content\/uploads\/2021\/01\/170akg-Dewi-Sri-Figur-gross.jpg\" class=\"attachment-gallery-medium size-gallery-medium\" alt=\"Dewi Sri Figur gross\" loading=\"lazy\" \/>\n            <\/div>\n        \n                        <div class=\"image-gallery__item\" data-featherlight=\"https:\/\/www.terra-et-ars.de\/aktuelles\/wp-content\/uploads\/2021\/01\/167kg.jpg\">\n                \n                <img width=\"285\" height=\"285\" src=\"https:\/\/www.terra-et-ars.de\/aktuelles\/wp-content\/uploads\/2021\/01\/167kg-285x285.jpg\" class=\"attachment-gallery-medium size-gallery-medium\" alt=\"Dewi Sri Statue Garten\" loading=\"lazy\" srcset=\"https:\/\/www.terra-et-ars.de\/aktuelles\/wp-content\/uploads\/2021\/01\/167kg-285x285.jpg 285w, https:\/\/www.terra-et-ars.de\/aktuelles\/wp-content\/uploads\/2021\/01\/167kg-150x150.jpg 150w\" sizes=\"(max-width: 285px) 100vw, 285px\" \/>\n            <\/div>\n        \n                        <div class=\"image-gallery__item\" data-featherlight=\"https:\/\/www.terra-et-ars.de\/aktuelles\/wp-content\/uploads\/2021\/01\/165kg.jpg\">\n                \n                <img width=\"285\" height=\"214\" src=\"https:\/\/www.terra-et-ars.de\/aktuelles\/wp-content\/uploads\/2021\/01\/165kg.jpg\" class=\"attachment-gallery-medium size-gallery-medium\" alt=\"Dewi Kopf Dachterrasse\" loading=\"lazy\" \/>\n            <\/div>\n        \n                        <div class=\"image-gallery__item\" data-featherlight=\"https:\/\/www.terra-et-ars.de\/aktuelles\/wp-content\/uploads\/2021\/01\/162kg.jpg\">\n                \n                <img width=\"285\" height=\"285\" src=\"https:\/\/www.terra-et-ars.de\/aktuelles\/wp-content\/uploads\/2021\/01\/162kg-285x285.jpg\" class=\"attachment-gallery-medium size-gallery-medium\" alt=\"grosser Stein Ganesha\" loading=\"lazy\" srcset=\"https:\/\/www.terra-et-ars.de\/aktuelles\/wp-content\/uploads\/2021\/01\/162kg-285x285.jpg 285w, https:\/\/www.terra-et-ars.de\/aktuelles\/wp-content\/uploads\/2021\/01\/162kg-150x150.jpg 150w\" sizes=\"(max-width: 285px) 100vw, 285px\" \/>\n            <\/div>\n        \n                        <div class=\"image-gallery__item\" data-featherlight=\"https:\/\/www.terra-et-ars.de\/aktuelles\/wp-content\/uploads\/2021\/01\/161kg.jpg\">\n                \n                <img width=\"285\" height=\"285\" src=\"https:\/\/www.terra-et-ars.de\/aktuelles\/wp-content\/uploads\/2021\/01\/161kg-285x285.jpg\" class=\"attachment-gallery-medium size-gallery-medium\" alt=\"Steinbuddha stehend\" loading=\"lazy\" srcset=\"https:\/\/www.terra-et-ars.de\/aktuelles\/wp-content\/uploads\/2021\/01\/161kg-285x285.jpg 285w, https:\/\/www.terra-et-ars.de\/aktuelles\/wp-content\/uploads\/2021\/01\/161kg-150x150.jpg 150w\" sizes=\"(max-width: 285px) 100vw, 285px\" \/>\n            <\/div>\n        \n                        <div class=\"image-gallery__item\" data-featherlight=\"https:\/\/www.terra-et-ars.de\/aktuelles\/wp-content\/uploads\/2021\/01\/158kg.jpg\">\n                \n                <img width=\"285\" height=\"285\" src=\"https:\/\/www.terra-et-ars.de\/aktuelles\/wp-content\/uploads\/2021\/01\/158kg-285x285.jpg\" class=\"attachment-gallery-medium size-gallery-medium\" alt=\"Lavastein Buddha Figuren\" loading=\"lazy\" srcset=\"https:\/\/www.terra-et-ars.de\/aktuelles\/wp-content\/uploads\/2021\/01\/158kg-285x285.jpg 285w, https:\/\/www.terra-et-ars.de\/aktuelles\/wp-content\/uploads\/2021\/01\/158kg-150x150.jpg 150w\" sizes=\"(max-width: 285px) 100vw, 285px\" \/>\n            <\/div>\n        \n                        <div class=\"image-gallery__item\" data-featherlight=\"https:\/\/www.terra-et-ars.de\/aktuelles\/wp-content\/uploads\/2021\/01\/157kg.jpg\">\n                \n                <img width=\"285\" height=\"285\" src=\"https:\/\/www.terra-et-ars.de\/aktuelles\/wp-content\/uploads\/2021\/01\/157kg-285x285.jpg\" class=\"attachment-gallery-medium size-gallery-medium\" alt=\"sitzender Lavastein Buddha\" loading=\"lazy\" srcset=\"https:\/\/www.terra-et-ars.de\/aktuelles\/wp-content\/uploads\/2021\/01\/157kg-285x285.jpg 285w, https:\/\/www.terra-et-ars.de\/aktuelles\/wp-content\/uploads\/2021\/01\/157kg-150x150.jpg 150w\" sizes=\"(max-width: 285px) 100vw, 285px\" \/>\n            <\/div>\n        \n                        <div class=\"image-gallery__item\" data-featherlight=\"https:\/\/www.terra-et-ars.de\/aktuelles\/wp-content\/uploads\/2021\/01\/155kg.jpg\">\n                \n                <img width=\"285\" height=\"285\" src=\"https:\/\/www.terra-et-ars.de\/aktuelles\/wp-content\/uploads\/2021\/01\/155kg-285x285.jpg\" class=\"attachment-gallery-medium size-gallery-medium\" alt=\"Steinguss Buddhas\" loading=\"lazy\" srcset=\"https:\/\/www.terra-et-ars.de\/aktuelles\/wp-content\/uploads\/2021\/01\/155kg-285x285.jpg 285w, https:\/\/www.terra-et-ars.de\/aktuelles\/wp-content\/uploads\/2021\/01\/155kg-150x150.jpg 150w\" sizes=\"(max-width: 285px) 100vw, 285px\" \/>\n            <\/div>\n        \n                        <div class=\"image-gallery__item\" data-featherlight=\"https:\/\/www.terra-et-ars.de\/aktuelles\/wp-content\/uploads\/2021\/01\/154kg.jpg\">\n                \n                <img width=\"285\" height=\"285\" src=\"https:\/\/www.terra-et-ars.de\/aktuelles\/wp-content\/uploads\/2021\/01\/154kg-285x285.jpg\" class=\"attachment-gallery-medium size-gallery-medium\" alt=\"Holzbuddha\" loading=\"lazy\" srcset=\"https:\/\/www.terra-et-ars.de\/aktuelles\/wp-content\/uploads\/2021\/01\/154kg-285x285.jpg 285w, https:\/\/www.terra-et-ars.de\/aktuelles\/wp-content\/uploads\/2021\/01\/154kg-150x150.jpg 150w\" sizes=\"(max-width: 285px) 100vw, 285px\" \/>\n            <\/div>\n        \n                        <div class=\"image-gallery__item\" data-featherlight=\"https:\/\/www.terra-et-ars.de\/aktuelles\/wp-content\/uploads\/2021\/01\/152kg.jpg\">\n                \n                <img width=\"285\" height=\"285\" src=\"https:\/\/www.terra-et-ars.de\/aktuelles\/wp-content\/uploads\/2021\/01\/152kg-285x285.jpg\" class=\"attachment-gallery-medium size-gallery-medium\" alt=\"Bali Bank Apulien\" loading=\"lazy\" srcset=\"https:\/\/www.terra-et-ars.de\/aktuelles\/wp-content\/uploads\/2021\/01\/152kg-285x285.jpg 285w, https:\/\/www.terra-et-ars.de\/aktuelles\/wp-content\/uploads\/2021\/01\/152kg-150x150.jpg 150w\" sizes=\"(max-width: 285px) 100vw, 285px\" \/>\n            <\/div>\n        \n                        <div class=\"image-gallery__item\" data-featherlight=\"https:\/\/www.terra-et-ars.de\/aktuelles\/wp-content\/uploads\/2021\/01\/148kg.jpg\">\n                \n                <img width=\"285\" height=\"285\" src=\"https:\/\/www.terra-et-ars.de\/aktuelles\/wp-content\/uploads\/2021\/01\/148kg-285x285.jpg\" class=\"attachment-gallery-medium size-gallery-medium\" alt=\"grosse Asia B\u00fcste\" loading=\"lazy\" srcset=\"https:\/\/www.terra-et-ars.de\/aktuelles\/wp-content\/uploads\/2021\/01\/148kg-285x285.jpg 285w, https:\/\/www.terra-et-ars.de\/aktuelles\/wp-content\/uploads\/2021\/01\/148kg-150x150.jpg 150w\" sizes=\"(max-width: 285px) 100vw, 285px\" \/>\n            <\/div>\n        \n                        <div class=\"image-gallery__item\" data-featherlight=\"https:\/\/www.terra-et-ars.de\/aktuelles\/wp-content\/uploads\/2021\/01\/147kg.jpg\">\n                \n                <img width=\"285\" height=\"285\" src=\"https:\/\/www.terra-et-ars.de\/aktuelles\/wp-content\/uploads\/2021\/01\/147kg-285x285.jpg\" class=\"attachment-gallery-medium size-gallery-medium\" alt=\"sitzende Dewi Statue Fluss Stein\" loading=\"lazy\" srcset=\"https:\/\/www.terra-et-ars.de\/aktuelles\/wp-content\/uploads\/2021\/01\/147kg-285x285.jpg 285w, https:\/\/www.terra-et-ars.de\/aktuelles\/wp-content\/uploads\/2021\/01\/147kg-150x150.jpg 150w\" sizes=\"(max-width: 285px) 100vw, 285px\" \/>\n            <\/div>\n        \n                        <div class=\"image-gallery__item\" data-featherlight=\"https:\/\/www.terra-et-ars.de\/aktuelles\/wp-content\/uploads\/2021\/01\/146kg.jpg\">\n                \n                <img width=\"285\" height=\"285\" src=\"https:\/\/www.terra-et-ars.de\/aktuelles\/wp-content\/uploads\/2021\/01\/146kg-285x285.jpg\" class=\"attachment-gallery-medium size-gallery-medium\" alt=\"sitzende Dewi Statue Fluss Stein\" loading=\"lazy\" srcset=\"https:\/\/www.terra-et-ars.de\/aktuelles\/wp-content\/uploads\/2021\/01\/146kg-285x285.jpg 285w, https:\/\/www.terra-et-ars.de\/aktuelles\/wp-content\/uploads\/2021\/01\/146kg-150x150.jpg 150w\" sizes=\"(max-width: 285px) 100vw, 285px\" \/>\n            <\/div>\n        \n                        <div class=\"image-gallery__item\" data-featherlight=\"https:\/\/www.terra-et-ars.de\/aktuelles\/wp-content\/uploads\/2021\/01\/145akg-Dewi-Statue-Lavastein.jpg\">\n                \n                <img width=\"285\" height=\"285\" src=\"https:\/\/www.terra-et-ars.de\/aktuelles\/wp-content\/uploads\/2021\/01\/145akg-Dewi-Statue-Lavastein-285x285.jpg\" class=\"attachment-gallery-medium size-gallery-medium\" alt=\"Dewi Statue Lavastein\" loading=\"lazy\" srcset=\"https:\/\/www.terra-et-ars.de\/aktuelles\/wp-content\/uploads\/2021\/01\/145akg-Dewi-Statue-Lavastein-285x285.jpg 285w, https:\/\/www.terra-et-ars.de\/aktuelles\/wp-content\/uploads\/2021\/01\/145akg-Dewi-Statue-Lavastein-300x300.jpg 300w, https:\/\/www.terra-et-ars.de\/aktuelles\/wp-content\/uploads\/2021\/01\/145akg-Dewi-Statue-Lavastein-150x150.jpg 150w, https:\/\/www.terra-et-ars.de\/aktuelles\/wp-content\/uploads\/2021\/01\/145akg-Dewi-Statue-Lavastein.jpg 640w\" sizes=\"(max-width: 285px) 100vw, 285px\" \/>\n            <\/div>\n        \n                        <div class=\"image-gallery__item\" data-featherlight=\"https:\/\/www.terra-et-ars.de\/aktuelles\/wp-content\/uploads\/2021\/01\/144kg.jpg\">\n                \n                <img width=\"285\" height=\"285\" src=\"https:\/\/www.terra-et-ars.de\/aktuelles\/wp-content\/uploads\/2021\/01\/144kg-285x285.jpg\" class=\"attachment-gallery-medium size-gallery-medium\" alt=\"Dewi Figur mit Krug\" loading=\"lazy\" srcset=\"https:\/\/www.terra-et-ars.de\/aktuelles\/wp-content\/uploads\/2021\/01\/144kg-285x285.jpg 285w, https:\/\/www.terra-et-ars.de\/aktuelles\/wp-content\/uploads\/2021\/01\/144kg-150x150.jpg 150w\" sizes=\"(max-width: 285px) 100vw, 285px\" \/>\n            <\/div>\n        \n                        <div class=\"image-gallery__item\" data-featherlight=\"https:\/\/www.terra-et-ars.de\/aktuelles\/wp-content\/uploads\/2021\/01\/143akg-Dewi-Bu\u0308ste-Lavastein.jpg\">\n                \n                <img width=\"285\" height=\"285\" src=\"https:\/\/www.terra-et-ars.de\/aktuelles\/wp-content\/uploads\/2021\/01\/143akg-Dewi-Bu\u0308ste-Lavastein.jpg\" class=\"attachment-gallery-medium size-gallery-medium\" alt=\"Dewi Bu\u0308ste Lavastein\" loading=\"lazy\" \/>\n            <\/div>\n        \n                        <div class=\"image-gallery__item\" data-featherlight=\"https:\/\/www.terra-et-ars.de\/aktuelles\/wp-content\/uploads\/2021\/01\/142akg-Dewi-Statue.jpg\">\n                \n                <img width=\"285\" height=\"285\" src=\"https:\/\/www.terra-et-ars.de\/aktuelles\/wp-content\/uploads\/2021\/01\/142akg-Dewi-Statue.jpg\" class=\"attachment-gallery-medium size-gallery-medium\" alt=\"Dewi Statue\" loading=\"lazy\" \/>\n            <\/div>\n        \n                        <div class=\"image-gallery__item\" data-featherlight=\"https:\/\/www.terra-et-ars.de\/aktuelles\/wp-content\/uploads\/2021\/01\/141akg-Buddha-Grussgeste.jpg\">\n                \n                <img width=\"285\" height=\"285\" src=\"https:\/\/www.terra-et-ars.de\/aktuelles\/wp-content\/uploads\/2021\/01\/141akg-Buddha-Grussgeste-285x285.jpg\" class=\"attachment-gallery-medium size-gallery-medium\" alt=\"Buddha Grussgeste\" loading=\"lazy\" srcset=\"https:\/\/www.terra-et-ars.de\/aktuelles\/wp-content\/uploads\/2021\/01\/141akg-Buddha-Grussgeste-285x285.jpg 285w, https:\/\/www.terra-et-ars.de\/aktuelles\/wp-content\/uploads\/2021\/01\/141akg-Buddha-Grussgeste-300x300.jpg 300w, https:\/\/www.terra-et-ars.de\/aktuelles\/wp-content\/uploads\/2021\/01\/141akg-Buddha-Grussgeste-150x150.jpg 150w, https:\/\/www.terra-et-ars.de\/aktuelles\/wp-content\/uploads\/2021\/01\/141akg-Buddha-Grussgeste.jpg 640w\" sizes=\"(max-width: 285px) 100vw, 285px\" \/>\n            <\/div>\n        \n                        <div class=\"image-gallery__item\" data-featherlight=\"https:\/\/www.terra-et-ars.de\/aktuelles\/wp-content\/uploads\/2021\/01\/140akg-Dewi-Figur-mit-Schale-bunt.jpg\">\n                \n                <img width=\"285\" height=\"285\" src=\"https:\/\/www.terra-et-ars.de\/aktuelles\/wp-content\/uploads\/2021\/01\/140akg-Dewi-Figur-mit-Schale-bunt-285x285.jpg\" class=\"attachment-gallery-medium size-gallery-medium\" alt=\"Dewi Figur mit Schale bunt\" loading=\"lazy\" srcset=\"https:\/\/www.terra-et-ars.de\/aktuelles\/wp-content\/uploads\/2021\/01\/140akg-Dewi-Figur-mit-Schale-bunt-285x285.jpg 285w, https:\/\/www.terra-et-ars.de\/aktuelles\/wp-content\/uploads\/2021\/01\/140akg-Dewi-Figur-mit-Schale-bunt-300x300.jpg 300w, https:\/\/www.terra-et-ars.de\/aktuelles\/wp-content\/uploads\/2021\/01\/140akg-Dewi-Figur-mit-Schale-bunt-150x150.jpg 150w, https:\/\/www.terra-et-ars.de\/aktuelles\/wp-content\/uploads\/2021\/01\/140akg-Dewi-Figur-mit-Schale-bunt.jpg 640w\" sizes=\"(max-width: 285px) 100vw, 285px\" \/>\n            <\/div>\n        \n                        <div class=\"image-gallery__item\" data-featherlight=\"https:\/\/www.terra-et-ars.de\/aktuelles\/wp-content\/uploads\/2021\/01\/138akg-Dewi-Bu\u0308ste-Garten.jpg\">\n                \n                <img width=\"285\" height=\"285\" src=\"https:\/\/www.terra-et-ars.de\/aktuelles\/wp-content\/uploads\/2021\/01\/138akg-Dewi-Bu\u0308ste-Garten.jpg\" class=\"attachment-gallery-medium size-gallery-medium\" alt=\"Dewi Bu\u0308ste Garten\" loading=\"lazy\" \/>\n            <\/div>\n        \n                        <div class=\"image-gallery__item\" data-featherlight=\"https:\/\/www.terra-et-ars.de\/aktuelles\/wp-content\/uploads\/2021\/01\/137kg.jpg\">\n                \n                <img width=\"285\" height=\"285\" src=\"https:\/\/www.terra-et-ars.de\/aktuelles\/wp-content\/uploads\/2021\/01\/137kg-285x285.jpg\" class=\"attachment-gallery-medium size-gallery-medium\" alt=\"Buddhafigur auf Naga\" loading=\"lazy\" srcset=\"https:\/\/www.terra-et-ars.de\/aktuelles\/wp-content\/uploads\/2021\/01\/137kg-285x285.jpg 285w, https:\/\/www.terra-et-ars.de\/aktuelles\/wp-content\/uploads\/2021\/01\/137kg-150x150.jpg 150w\" sizes=\"(max-width: 285px) 100vw, 285px\" \/>\n            <\/div>\n        \n                        <div class=\"image-gallery__item\" data-featherlight=\"https:\/\/www.terra-et-ars.de\/aktuelles\/wp-content\/uploads\/2021\/01\/135kg.jpg\">\n                \n                <img width=\"285\" height=\"285\" src=\"https:\/\/www.terra-et-ars.de\/aktuelles\/wp-content\/uploads\/2021\/01\/135kg-285x285.jpg\" class=\"attachment-gallery-medium size-gallery-medium\" alt=\"Tiki Statuen\" loading=\"lazy\" srcset=\"https:\/\/www.terra-et-ars.de\/aktuelles\/wp-content\/uploads\/2021\/01\/135kg-285x285.jpg 285w, https:\/\/www.terra-et-ars.de\/aktuelles\/wp-content\/uploads\/2021\/01\/135kg-150x150.jpg 150w\" sizes=\"(max-width: 285px) 100vw, 285px\" \/>\n            <\/div>\n        \n                        <div class=\"image-gallery__item\" data-featherlight=\"https:\/\/www.terra-et-ars.de\/aktuelles\/wp-content\/uploads\/2021\/01\/134kg.jpg\">\n                \n                <img width=\"285\" height=\"285\" src=\"https:\/\/www.terra-et-ars.de\/aktuelles\/wp-content\/uploads\/2021\/01\/134kg-285x285.jpg\" class=\"attachment-gallery-medium size-gallery-medium\" alt=\"grosser Garten Buddha\" loading=\"lazy\" srcset=\"https:\/\/www.terra-et-ars.de\/aktuelles\/wp-content\/uploads\/2021\/01\/134kg-285x285.jpg 285w, https:\/\/www.terra-et-ars.de\/aktuelles\/wp-content\/uploads\/2021\/01\/134kg-150x150.jpg 150w\" sizes=\"(max-width: 285px) 100vw, 285px\" \/>\n            <\/div>\n        \n                        <div class=\"image-gallery__item\" data-featherlight=\"https:\/\/www.terra-et-ars.de\/aktuelles\/wp-content\/uploads\/2021\/01\/130akg.jpg\">\n                \n                <img width=\"285\" height=\"285\" src=\"https:\/\/www.terra-et-ars.de\/aktuelles\/wp-content\/uploads\/2021\/01\/130akg-285x285.jpg\" class=\"attachment-gallery-medium size-gallery-medium\" alt=\"Gl\u00fccks Drache Stein\" loading=\"lazy\" srcset=\"https:\/\/www.terra-et-ars.de\/aktuelles\/wp-content\/uploads\/2021\/01\/130akg-285x285.jpg 285w, https:\/\/www.terra-et-ars.de\/aktuelles\/wp-content\/uploads\/2021\/01\/130akg-150x150.jpg 150w\" sizes=\"(max-width: 285px) 100vw, 285px\" \/>\n            <\/div>\n        \n                        <div class=\"image-gallery__item\" data-featherlight=\"https:\/\/www.terra-et-ars.de\/aktuelles\/wp-content\/uploads\/2021\/01\/129akg-Dewi-Bu\u0308ste-Fluss-Stein.jpg\">\n                \n                <img width=\"285\" height=\"285\" src=\"https:\/\/www.terra-et-ars.de\/aktuelles\/wp-content\/uploads\/2021\/01\/129akg-Dewi-Bu\u0308ste-Fluss-Stein-285x285.jpg\" class=\"attachment-gallery-medium size-gallery-medium\" alt=\"Dewi Bu\u0308ste Fluss Stein\" loading=\"lazy\" srcset=\"https:\/\/www.terra-et-ars.de\/aktuelles\/wp-content\/uploads\/2021\/01\/129akg-Dewi-Bu\u0308ste-Fluss-Stein-285x285.jpg 285w, https:\/\/www.terra-et-ars.de\/aktuelles\/wp-content\/uploads\/2021\/01\/129akg-Dewi-Bu\u0308ste-Fluss-Stein-300x300.jpg 300w, https:\/\/www.terra-et-ars.de\/aktuelles\/wp-content\/uploads\/2021\/01\/129akg-Dewi-Bu\u0308ste-Fluss-Stein-150x150.jpg 150w, https:\/\/www.terra-et-ars.de\/aktuelles\/wp-content\/uploads\/2021\/01\/129akg-Dewi-Bu\u0308ste-Fluss-Stein-768x768.jpg 768w, https:\/\/www.terra-et-ars.de\/aktuelles\/wp-content\/uploads\/2021\/01\/129akg-Dewi-Bu\u0308ste-Fluss-Stein.jpg 800w\" sizes=\"(max-width: 285px) 100vw, 285px\" \/>\n            <\/div>\n        \n                        <div class=\"image-gallery__item\" data-featherlight=\"https:\/\/www.terra-et-ars.de\/aktuelles\/wp-content\/uploads\/2021\/01\/128akg-Dewi-Bu\u0308ste-auf-Sockel.jpg\">\n                \n                <img width=\"285\" height=\"285\" src=\"https:\/\/www.terra-et-ars.de\/aktuelles\/wp-content\/uploads\/2021\/01\/128akg-Dewi-Bu\u0308ste-auf-Sockel-285x285.jpg\" class=\"attachment-gallery-medium size-gallery-medium\" alt=\"Dewi Bu\u0308ste auf Sockel\" loading=\"lazy\" srcset=\"https:\/\/www.terra-et-ars.de\/aktuelles\/wp-content\/uploads\/2021\/01\/128akg-Dewi-Bu\u0308ste-auf-Sockel-285x285.jpg 285w, https:\/\/www.terra-et-ars.de\/aktuelles\/wp-content\/uploads\/2021\/01\/128akg-Dewi-Bu\u0308ste-auf-Sockel-300x300.jpg 300w, https:\/\/www.terra-et-ars.de\/aktuelles\/wp-content\/uploads\/2021\/01\/128akg-Dewi-Bu\u0308ste-auf-Sockel-150x150.jpg 150w, https:\/\/www.terra-et-ars.de\/aktuelles\/wp-content\/uploads\/2021\/01\/128akg-Dewi-Bu\u0308ste-auf-Sockel-768x768.jpg 768w, https:\/\/www.terra-et-ars.de\/aktuelles\/wp-content\/uploads\/2021\/01\/128akg-Dewi-Bu\u0308ste-auf-Sockel.jpg 800w\" sizes=\"(max-width: 285px) 100vw, 285px\" \/>\n            <\/div>\n        \n                        <div class=\"image-gallery__item\" data-featherlight=\"https:\/\/www.terra-et-ars.de\/aktuelles\/wp-content\/uploads\/2021\/01\/126akg-Dewi-Sri-bunt.jpg\">\n                \n                <img width=\"285\" height=\"285\" src=\"https:\/\/www.terra-et-ars.de\/aktuelles\/wp-content\/uploads\/2021\/01\/126akg-Dewi-Sri-bunt-285x285.jpg\" class=\"attachment-gallery-medium size-gallery-medium\" alt=\"Dewi Sri bunt\" loading=\"lazy\" srcset=\"https:\/\/www.terra-et-ars.de\/aktuelles\/wp-content\/uploads\/2021\/01\/126akg-Dewi-Sri-bunt-285x285.jpg 285w, https:\/\/www.terra-et-ars.de\/aktuelles\/wp-content\/uploads\/2021\/01\/126akg-Dewi-Sri-bunt-300x300.jpg 300w, https:\/\/www.terra-et-ars.de\/aktuelles\/wp-content\/uploads\/2021\/01\/126akg-Dewi-Sri-bunt-150x150.jpg 150w, https:\/\/www.terra-et-ars.de\/aktuelles\/wp-content\/uploads\/2021\/01\/126akg-Dewi-Sri-bunt.jpg 600w\" sizes=\"(max-width: 285px) 100vw, 285px\" \/>\n            <\/div>\n        \n                        <div class=\"image-gallery__item\" data-featherlight=\"https:\/\/www.terra-et-ars.de\/aktuelles\/wp-content\/uploads\/2021\/01\/123akg-Dewi-Statue-Wasserkrug.jpg\">\n                \n                <img width=\"285\" height=\"285\" src=\"https:\/\/www.terra-et-ars.de\/aktuelles\/wp-content\/uploads\/2021\/01\/123akg-Dewi-Statue-Wasserkrug-285x285.jpg\" class=\"attachment-gallery-medium size-gallery-medium\" alt=\"Dewi Statue Wasserkrug\" loading=\"lazy\" srcset=\"https:\/\/www.terra-et-ars.de\/aktuelles\/wp-content\/uploads\/2021\/01\/123akg-Dewi-Statue-Wasserkrug-285x285.jpg 285w, https:\/\/www.terra-et-ars.de\/aktuelles\/wp-content\/uploads\/2021\/01\/123akg-Dewi-Statue-Wasserkrug-300x300.jpg 300w, https:\/\/www.terra-et-ars.de\/aktuelles\/wp-content\/uploads\/2021\/01\/123akg-Dewi-Statue-Wasserkrug-150x150.jpg 150w, https:\/\/www.terra-et-ars.de\/aktuelles\/wp-content\/uploads\/2021\/01\/123akg-Dewi-Statue-Wasserkrug.jpg 600w\" sizes=\"(max-width: 285px) 100vw, 285px\" \/>\n            <\/div>\n        \n                        <div class=\"image-gallery__item\" data-featherlight=\"https:\/\/www.terra-et-ars.de\/aktuelles\/wp-content\/uploads\/2021\/01\/122kg.jpeg\">\n                \n                <img width=\"285\" height=\"285\" src=\"https:\/\/www.terra-et-ars.de\/aktuelles\/wp-content\/uploads\/2021\/01\/122kg-285x285.jpeg\" class=\"attachment-gallery-medium size-gallery-medium\" alt=\"Dewi Sri Lavastein\" loading=\"lazy\" srcset=\"https:\/\/www.terra-et-ars.de\/aktuelles\/wp-content\/uploads\/2021\/01\/122kg-285x285.jpeg 285w, https:\/\/www.terra-et-ars.de\/aktuelles\/wp-content\/uploads\/2021\/01\/122kg-150x150.jpeg 150w\" sizes=\"(max-width: 285px) 100vw, 285px\" \/>\n            <\/div>\n        \n                        <div class=\"image-gallery__item\" data-featherlight=\"https:\/\/www.terra-et-ars.de\/aktuelles\/wp-content\/uploads\/2021\/01\/121kg.jpeg\">\n                \n                <img width=\"285\" height=\"285\" src=\"https:\/\/www.terra-et-ars.de\/aktuelles\/wp-content\/uploads\/2021\/01\/121kg-285x285.jpeg\" class=\"attachment-gallery-medium size-gallery-medium\" alt=\"Buddha Kopf Stein\" loading=\"lazy\" srcset=\"https:\/\/www.terra-et-ars.de\/aktuelles\/wp-content\/uploads\/2021\/01\/121kg-285x285.jpeg 285w, https:\/\/www.terra-et-ars.de\/aktuelles\/wp-content\/uploads\/2021\/01\/121kg-150x150.jpeg 150w\" sizes=\"(max-width: 285px) 100vw, 285px\" \/>\n            <\/div>\n        \n                        <div class=\"image-gallery__item\" data-featherlight=\"https:\/\/www.terra-et-ars.de\/aktuelles\/wp-content\/uploads\/2021\/01\/120akg-Dewi-Bu\u0308ste-Koi-Teich.jpg\">\n                \n                <img width=\"285\" height=\"285\" src=\"https:\/\/www.terra-et-ars.de\/aktuelles\/wp-content\/uploads\/2021\/01\/120akg-Dewi-Bu\u0308ste-Koi-Teich-285x285.jpg\" class=\"attachment-gallery-medium size-gallery-medium\" alt=\"Dewi Bu\u0308ste Koi Teich\" loading=\"lazy\" srcset=\"https:\/\/www.terra-et-ars.de\/aktuelles\/wp-content\/uploads\/2021\/01\/120akg-Dewi-Bu\u0308ste-Koi-Teich-285x285.jpg 285w, https:\/\/www.terra-et-ars.de\/aktuelles\/wp-content\/uploads\/2021\/01\/120akg-Dewi-Bu\u0308ste-Koi-Teich-300x300.jpg 300w, https:\/\/www.terra-et-ars.de\/aktuelles\/wp-content\/uploads\/2021\/01\/120akg-Dewi-Bu\u0308ste-Koi-Teich-150x150.jpg 150w, https:\/\/www.terra-et-ars.de\/aktuelles\/wp-content\/uploads\/2021\/01\/120akg-Dewi-Bu\u0308ste-Koi-Teich.jpg 600w\" sizes=\"(max-width: 285px) 100vw, 285px\" \/>\n            <\/div>\n        \n                        <div class=\"image-gallery__item\" data-featherlight=\"https:\/\/www.terra-et-ars.de\/aktuelles\/wp-content\/uploads\/2021\/01\/119kg.jpg\">\n                \n                <img width=\"285\" height=\"285\" src=\"https:\/\/www.terra-et-ars.de\/aktuelles\/wp-content\/uploads\/2021\/01\/119kg-285x285.jpg\" class=\"attachment-gallery-medium size-gallery-medium\" alt=\"Dewi Wasserspeier Garten\" loading=\"lazy\" srcset=\"https:\/\/www.terra-et-ars.de\/aktuelles\/wp-content\/uploads\/2021\/01\/119kg-285x285.jpg 285w, https:\/\/www.terra-et-ars.de\/aktuelles\/wp-content\/uploads\/2021\/01\/119kg-300x300.jpg 300w, https:\/\/www.terra-et-ars.de\/aktuelles\/wp-content\/uploads\/2021\/01\/119kg-150x150.jpg 150w, https:\/\/www.terra-et-ars.de\/aktuelles\/wp-content\/uploads\/2021\/01\/119kg.jpg 600w\" sizes=\"(max-width: 285px) 100vw, 285px\" \/>\n            <\/div>\n        \n                        <div class=\"image-gallery__item\" data-featherlight=\"https:\/\/www.terra-et-ars.de\/aktuelles\/wp-content\/uploads\/2021\/01\/118kg.jpg\">\n                \n                <img width=\"285\" height=\"214\" src=\"https:\/\/www.terra-et-ars.de\/aktuelles\/wp-content\/uploads\/2021\/01\/118kg.jpg\" class=\"attachment-gallery-medium size-gallery-medium\" alt=\"Buddha Kopf Fluss Stein natur\" loading=\"lazy\" \/>\n            <\/div>\n        \n                        <div class=\"image-gallery__item\" data-featherlight=\"https:\/\/www.terra-et-ars.de\/aktuelles\/wp-content\/uploads\/2021\/01\/117kg.jpg\">\n                \n                <img width=\"285\" height=\"285\" src=\"https:\/\/www.terra-et-ars.de\/aktuelles\/wp-content\/uploads\/2021\/01\/117kg-285x285.jpg\" class=\"attachment-gallery-medium size-gallery-medium\" alt=\"grosser Buddhakopf\" loading=\"lazy\" srcset=\"https:\/\/www.terra-et-ars.de\/aktuelles\/wp-content\/uploads\/2021\/01\/117kg-285x285.jpg 285w, https:\/\/www.terra-et-ars.de\/aktuelles\/wp-content\/uploads\/2021\/01\/117kg-150x150.jpg 150w\" sizes=\"(max-width: 285px) 100vw, 285px\" \/>\n            <\/div>\n        \n                        <div class=\"image-gallery__item\" data-featherlight=\"https:\/\/www.terra-et-ars.de\/aktuelles\/wp-content\/uploads\/2021\/01\/116kg.jpg\">\n                \n                <img width=\"285\" height=\"214\" src=\"https:\/\/www.terra-et-ars.de\/aktuelles\/wp-content\/uploads\/2021\/01\/116kg.jpg\" class=\"attachment-gallery-medium size-gallery-medium\" alt=\"Buddha Kopf Garten\" loading=\"lazy\" \/>\n            <\/div>\n        \n                        <div class=\"image-gallery__item\" data-featherlight=\"https:\/\/www.terra-et-ars.de\/aktuelles\/wp-content\/uploads\/2021\/04\/112kg.jpg\">\n                \n                <img width=\"285\" height=\"285\" src=\"https:\/\/www.terra-et-ars.de\/aktuelles\/wp-content\/uploads\/2021\/04\/112kg-285x285.jpg\" class=\"attachment-gallery-medium size-gallery-medium\" alt=\"Ganeshastatue\" loading=\"lazy\" srcset=\"https:\/\/www.terra-et-ars.de\/aktuelles\/wp-content\/uploads\/2021\/04\/112kg-285x285.jpg 285w, https:\/\/www.terra-et-ars.de\/aktuelles\/wp-content\/uploads\/2021\/04\/112kg-150x150.jpg 150w\" sizes=\"(max-width: 285px) 100vw, 285px\" \/>\n            <\/div>\n        \n                        <div class=\"image-gallery__item\" data-featherlight=\"https:\/\/www.terra-et-ars.de\/aktuelles\/wp-content\/uploads\/2021\/04\/107kg.jpg\">\n                \n                <img width=\"285\" height=\"285\" src=\"https:\/\/www.terra-et-ars.de\/aktuelles\/wp-content\/uploads\/2021\/04\/107kg-285x285.jpg\" class=\"attachment-gallery-medium size-gallery-medium\" alt=\"Dewi B\u00fcste\" loading=\"lazy\" srcset=\"https:\/\/www.terra-et-ars.de\/aktuelles\/wp-content\/uploads\/2021\/04\/107kg-285x285.jpg 285w, https:\/\/www.terra-et-ars.de\/aktuelles\/wp-content\/uploads\/2021\/04\/107kg-150x150.jpg 150w\" sizes=\"(max-width: 285px) 100vw, 285px\" \/>\n            <\/div>\n        \n                        <div class=\"image-gallery__item\" data-featherlight=\"https:\/\/www.terra-et-ars.de\/aktuelles\/wp-content\/uploads\/2021\/04\/104kg.jpg\">\n                \n                <img width=\"285\" height=\"285\" src=\"https:\/\/www.terra-et-ars.de\/aktuelles\/wp-content\/uploads\/2021\/04\/104kg-285x285.jpg\" class=\"attachment-gallery-medium size-gallery-medium\" alt=\"Buddha Figur\" loading=\"lazy\" srcset=\"https:\/\/www.terra-et-ars.de\/aktuelles\/wp-content\/uploads\/2021\/04\/104kg-285x285.jpg 285w, https:\/\/www.terra-et-ars.de\/aktuelles\/wp-content\/uploads\/2021\/04\/104kg-150x150.jpg 150w\" sizes=\"(max-width: 285px) 100vw, 285px\" \/>\n            <\/div>\n        \n                        <div class=\"image-gallery__item\" data-featherlight=\"https:\/\/www.terra-et-ars.de\/aktuelles\/wp-content\/uploads\/2021\/04\/102kg.jpg\">\n                \n                <img width=\"285\" height=\"285\" src=\"https:\/\/www.terra-et-ars.de\/aktuelles\/wp-content\/uploads\/2021\/04\/102kg-285x285.jpg\" class=\"attachment-gallery-medium size-gallery-medium\" alt=\"Shiva Statue\" loading=\"lazy\" srcset=\"https:\/\/www.terra-et-ars.de\/aktuelles\/wp-content\/uploads\/2021\/04\/102kg-285x285.jpg 285w, https:\/\/www.terra-et-ars.de\/aktuelles\/wp-content\/uploads\/2021\/04\/102kg-150x150.jpg 150w\" sizes=\"(max-width: 285px) 100vw, 285px\" \/>\n            <\/div>\n        \n                        <div class=\"image-gallery__item\" data-featherlight=\"https:\/\/www.terra-et-ars.de\/aktuelles\/wp-content\/uploads\/2021\/04\/100kg.jpg\">\n                \n                <img width=\"285\" height=\"285\" src=\"https:\/\/www.terra-et-ars.de\/aktuelles\/wp-content\/uploads\/2021\/04\/100kg-285x285.jpg\" class=\"attachment-gallery-medium size-gallery-medium\" alt=\"Buddha Khmer Statue\" loading=\"lazy\" srcset=\"https:\/\/www.terra-et-ars.de\/aktuelles\/wp-content\/uploads\/2021\/04\/100kg-285x285.jpg 285w, https:\/\/www.terra-et-ars.de\/aktuelles\/wp-content\/uploads\/2021\/04\/100kg-150x150.jpg 150w\" sizes=\"(max-width: 285px) 100vw, 285px\" \/>\n            <\/div>\n        \n                        <div class=\"image-gallery__item\" data-featherlight=\"https:\/\/www.terra-et-ars.de\/aktuelles\/wp-content\/uploads\/2021\/04\/098kg.jpg\">\n                \n                <img width=\"285\" height=\"285\" src=\"https:\/\/www.terra-et-ars.de\/aktuelles\/wp-content\/uploads\/2021\/04\/098kg-285x285.jpg\" class=\"attachment-gallery-medium size-gallery-medium\" alt=\"Osterinsel Figur\" loading=\"lazy\" srcset=\"https:\/\/www.terra-et-ars.de\/aktuelles\/wp-content\/uploads\/2021\/04\/098kg-285x285.jpg 285w, https:\/\/www.terra-et-ars.de\/aktuelles\/wp-content\/uploads\/2021\/04\/098kg-150x150.jpg 150w\" sizes=\"(max-width: 285px) 100vw, 285px\" \/>\n            <\/div>\n        \n                        <div class=\"image-gallery__item\" data-featherlight=\"https:\/\/www.terra-et-ars.de\/aktuelles\/wp-content\/uploads\/2021\/04\/092kg.jpg\">\n                \n                <img width=\"285\" height=\"285\" src=\"https:\/\/www.terra-et-ars.de\/aktuelles\/wp-content\/uploads\/2021\/04\/092kg-285x285.jpg\" class=\"attachment-gallery-medium size-gallery-medium\" alt=\"\" loading=\"lazy\" srcset=\"https:\/\/www.terra-et-ars.de\/aktuelles\/wp-content\/uploads\/2021\/04\/092kg-285x285.jpg 285w, https:\/\/www.terra-et-ars.de\/aktuelles\/wp-content\/uploads\/2021\/04\/092kg-150x150.jpg 150w\" sizes=\"(max-width: 285px) 100vw, 285px\" \/>\n            <\/div>\n        \n                        <div class=\"image-gallery__item\" data-featherlight=\"https:\/\/www.terra-et-ars.de\/aktuelles\/wp-content\/uploads\/2021\/04\/094kg.jpg\">\n                \n                <img width=\"285\" height=\"285\" src=\"https:\/\/www.terra-et-ars.de\/aktuelles\/wp-content\/uploads\/2021\/04\/094kg-285x285.jpg\" class=\"attachment-gallery-medium size-gallery-medium\" alt=\"stehender Garten Buddha\" loading=\"lazy\" srcset=\"https:\/\/www.terra-et-ars.de\/aktuelles\/wp-content\/uploads\/2021\/04\/094kg-285x285.jpg 285w, https:\/\/www.terra-et-ars.de\/aktuelles\/wp-content\/uploads\/2021\/04\/094kg-150x150.jpg 150w\" sizes=\"(max-width: 285px) 100vw, 285px\" \/>\n            <\/div>\n        \n                        <div class=\"image-gallery__item\" data-featherlight=\"https:\/\/www.terra-et-ars.de\/aktuelles\/wp-content\/uploads\/2021\/04\/095akg.jpg\">\n                \n                <img width=\"285\" height=\"285\" src=\"https:\/\/www.terra-et-ars.de\/aktuelles\/wp-content\/uploads\/2021\/04\/095akg-285x285.jpg\" class=\"attachment-gallery-medium size-gallery-medium\" alt=\"Dewi Statue\" loading=\"lazy\" srcset=\"https:\/\/www.terra-et-ars.de\/aktuelles\/wp-content\/uploads\/2021\/04\/095akg-285x285.jpg 285w, https:\/\/www.terra-et-ars.de\/aktuelles\/wp-content\/uploads\/2021\/04\/095akg-150x150.jpg 150w\" sizes=\"(max-width: 285px) 100vw, 285px\" \/>\n            <\/div>\n        \n                        <div class=\"image-gallery__item\" data-featherlight=\"https:\/\/www.terra-et-ars.de\/aktuelles\/wp-content\/uploads\/2021\/04\/095kg.jpg\">\n                \n                <img width=\"285\" height=\"285\" src=\"https:\/\/www.terra-et-ars.de\/aktuelles\/wp-content\/uploads\/2021\/04\/095kg-285x285.jpg\" class=\"attachment-gallery-medium size-gallery-medium\" alt=\"Dewi Statue\" loading=\"lazy\" srcset=\"https:\/\/www.terra-et-ars.de\/aktuelles\/wp-content\/uploads\/2021\/04\/095kg-285x285.jpg 285w, https:\/\/www.terra-et-ars.de\/aktuelles\/wp-content\/uploads\/2021\/04\/095kg-150x150.jpg 150w\" sizes=\"(max-width: 285px) 100vw, 285px\" \/>\n            <\/div>\n        \n                        <div class=\"image-gallery__item\" data-featherlight=\"https:\/\/www.terra-et-ars.de\/aktuelles\/wp-content\/uploads\/2021\/04\/097kg.jpg\">\n                \n                <img width=\"285\" height=\"285\" src=\"https:\/\/www.terra-et-ars.de\/aktuelles\/wp-content\/uploads\/2021\/04\/097kg-285x285.jpg\" class=\"attachment-gallery-medium size-gallery-medium\" alt=\"Buddha Figur stehend\" loading=\"lazy\" srcset=\"https:\/\/www.terra-et-ars.de\/aktuelles\/wp-content\/uploads\/2021\/04\/097kg-285x285.jpg 285w, https:\/\/www.terra-et-ars.de\/aktuelles\/wp-content\/uploads\/2021\/04\/097kg-150x150.jpg 150w\" sizes=\"(max-width: 285px) 100vw, 285px\" \/>\n            <\/div>\n        \n            <\/div>   \n<\/div><\/div><\/div><\/div><\/div>","protected":false},"excerpt":{"rendered":"<p>Entdecken Sie hier Kundenreferenzen und Fotos, wie unsere Kunden ihre Buddhas, Ganeshas und viele andere Asia Statuen von uns platziert haben. Herzlichen Dank an alle, die uns Fotos geschickt haben! Hier finden Sie Inspirationen und Ideen f\u00fcr Ihre Asia Gartengestaltung und wie Sie einen Buddha gekonnt aufstellen. Noch mehr Inspiration gesucht? St\u00f6bern Sie bei Aktuelles! [&hellip;]<\/p>\n","protected":false},"author":1,"featured_media":0,"parent":0,"menu_order":0,"comment_status":"closed","ping_status":"closed","template":"","meta":[],"yoast_head":"<!-- This site is optimized with the Yoast SEO plugin v18.9 - https:\/\/yoast.com\/wordpress\/plugins\/seo\/ -->\n<title>Kundenreferenzen - terra et ars galerie \u2758 Bali Buddhas<\/title>\n<meta name=\"description\" content=\"Kundenreferenzen und Erfahrungen, lassen Sie sich hier inspirieren von Kunden Fotos mit Buddhas und Statuen von terra et ars galerie.\" \/>\n<meta name=\"robots\" content=\"index, follow, max-snippet:-1, max-image-preview:large, max-video-preview:-1\" \/>\n<link rel=\"canonical\" href=\"https:\/\/www.terra-et-ars.de\/aktuelles\/kundenreferenzen\/\" \/>\n<meta property=\"og:locale\" content=\"de_DE\" \/>\n<meta property=\"og:type\" content=\"article\" \/>\n<meta property=\"og:title\" content=\"Kundenreferenzen - terra et ars galerie \u2758 Bali Buddhas\" \/>\n<meta property=\"og:description\" content=\"Kundenreferenzen und Erfahrungen, lassen Sie sich hier inspirieren von Kunden Fotos mit Buddhas und Statuen von terra et ars galerie.\" \/>\n<meta property=\"og:url\" content=\"https:\/\/www.terra-et-ars.de\/aktuelles\/kundenreferenzen\/\" \/>\n<meta property=\"og:site_name\" content=\"terra et ars galerie | Bali Buddhas, Skulpturen, Gartenkunst\" \/>\n<meta property=\"article:modified_time\" content=\"2026-01-04T13:02:07+00:00\" \/>\n<meta name=\"twitter:card\" content=\"summary_large_image\" \/>\n<meta name=\"twitter:label1\" content=\"Gesch\u00e4tzte Lesezeit\" \/>\n\t<meta name=\"twitter:data1\" content=\"1\u00a0Minute\" \/>\n<script type=\"application\/ld+json\" class=\"yoast-schema-graph\">{\"@context\":\"https:\/\/schema.org\",\"@graph\":[{\"@type\":\"WebSite\",\"@id\":\"https:\/\/www.terra-et-ars.de\/aktuelles\/#website\",\"url\":\"https:\/\/www.terra-et-ars.de\/aktuelles\/\",\"name\":\"terra et ars galerie | Bali Buddhas, Skulpturen, Gartenkunst\",\"description\":\"Buddha, Figur, Statue, Deko, Kunst f\u00fcr Garten und Haus\",\"potentialAction\":[{\"@type\":\"SearchAction\",\"target\":{\"@type\":\"EntryPoint\",\"urlTemplate\":\"https:\/\/www.terra-et-ars.de\/aktuelles\/?s={search_term_string}\"},\"query-input\":\"required name=search_term_string\"}],\"inLanguage\":\"de\"},{\"@type\":\"WebPage\",\"@id\":\"https:\/\/www.terra-et-ars.de\/aktuelles\/kundenreferenzen\/#webpage\",\"url\":\"https:\/\/www.terra-et-ars.de\/aktuelles\/kundenreferenzen\/\",\"name\":\"Kundenreferenzen - terra et ars galerie \u2758 Bali Buddhas\",\"isPartOf\":{\"@id\":\"https:\/\/www.terra-et-ars.de\/aktuelles\/#website\"},\"datePublished\":\"2020-08-26T10:58:32+00:00\",\"dateModified\":\"2026-01-04T13:02:07+00:00\",\"description\":\"Kundenreferenzen und Erfahrungen, lassen Sie sich hier inspirieren von Kunden Fotos mit Buddhas und Statuen von terra et ars galerie.\",\"breadcrumb\":{\"@id\":\"https:\/\/www.terra-et-ars.de\/aktuelles\/kundenreferenzen\/#breadcrumb\"},\"inLanguage\":\"de\",\"potentialAction\":[{\"@type\":\"ReadAction\",\"target\":[\"https:\/\/www.terra-et-ars.de\/aktuelles\/kundenreferenzen\/\"]}]},{\"@type\":\"BreadcrumbList\",\"@id\":\"https:\/\/www.terra-et-ars.de\/aktuelles\/kundenreferenzen\/#breadcrumb\",\"itemListElement\":[{\"@type\":\"ListItem\",\"position\":1,\"name\":\"Startseite\",\"item\":\"https:\/\/www.terra-et-ars.de\/aktuelles\/\"},{\"@type\":\"ListItem\",\"position\":2,\"name\":\"Kundenreferenzen\"}]}]}<\/script>\n<!-- \/ Yoast SEO plugin. -->","yoast_head_json":{"title":"Kundenreferenzen - terra et ars galerie \u2758 Bali Buddhas","description":"Kundenreferenzen und Erfahrungen, lassen Sie sich hier inspirieren von Kunden Fotos mit Buddhas und Statuen von terra et ars galerie.","robots":{"index":"index","follow":"follow","max-snippet":"max-snippet:-1","max-image-preview":"max-image-preview:large","max-video-preview":"max-video-preview:-1"},"canonical":"https:\/\/www.terra-et-ars.de\/aktuelles\/kundenreferenzen\/","og_locale":"de_DE","og_type":"article","og_title":"Kundenreferenzen - terra et ars galerie \u2758 Bali Buddhas","og_description":"Kundenreferenzen und Erfahrungen, lassen Sie sich hier inspirieren von Kunden Fotos mit Buddhas und Statuen von terra et ars galerie.","og_url":"https:\/\/www.terra-et-ars.de\/aktuelles\/kundenreferenzen\/","og_site_name":"terra et ars galerie | Bali Buddhas, Skulpturen, Gartenkunst","article_modified_time":"2026-01-04T13:02:07+00:00","twitter_card":"summary_large_image","twitter_misc":{"Gesch\u00e4tzte Lesezeit":"1\u00a0Minute"},"schema":{"@context":"https:\/\/schema.org","@graph":[{"@type":"WebSite","@id":"https:\/\/www.terra-et-ars.de\/aktuelles\/#website","url":"https:\/\/www.terra-et-ars.de\/aktuelles\/","name":"terra et ars galerie | Bali Buddhas, Skulpturen, Gartenkunst","description":"Buddha, Figur, Statue, Deko, Kunst f\u00fcr Garten und Haus","potentialAction":[{"@type":"SearchAction","target":{"@type":"EntryPoint","urlTemplate":"https:\/\/www.terra-et-ars.de\/aktuelles\/?s={search_term_string}"},"query-input":"required name=search_term_string"}],"inLanguage":"de"},{"@type":"WebPage","@id":"https:\/\/www.terra-et-ars.de\/aktuelles\/kundenreferenzen\/#webpage","url":"https:\/\/www.terra-et-ars.de\/aktuelles\/kundenreferenzen\/","name":"Kundenreferenzen - terra et ars galerie \u2758 Bali Buddhas","isPartOf":{"@id":"https:\/\/www.terra-et-ars.de\/aktuelles\/#website"},"datePublished":"2020-08-26T10:58:32+00:00","dateModified":"2026-01-04T13:02:07+00:00","description":"Kundenreferenzen und Erfahrungen, lassen Sie sich hier inspirieren von Kunden Fotos mit Buddhas und Statuen von terra et ars galerie.","breadcrumb":{"@id":"https:\/\/www.terra-et-ars.de\/aktuelles\/kundenreferenzen\/#breadcrumb"},"inLanguage":"de","potentialAction":[{"@type":"ReadAction","target":["https:\/\/www.terra-et-ars.de\/aktuelles\/kundenreferenzen\/"]}]},{"@type":"BreadcrumbList","@id":"https:\/\/www.terra-et-ars.de\/aktuelles\/kundenreferenzen\/#breadcrumb","itemListElement":[{"@type":"ListItem","position":1,"name":"Startseite","item":"https:\/\/www.terra-et-ars.de\/aktuelles\/"},{"@type":"ListItem","position":2,"name":"Kundenreferenzen"}]}]}},"_links":{"self":[{"href":"https:\/\/www.terra-et-ars.de\/aktuelles\/wp-json\/wp\/v2\/pages\/23"}],"collection":[{"href":"https:\/\/www.terra-et-ars.de\/aktuelles\/wp-json\/wp\/v2\/pages"}],"about":[{"href":"https:\/\/www.terra-et-ars.de\/aktuelles\/wp-json\/wp\/v2\/types\/page"}],"author":[{"embeddable":true,"href":"https:\/\/www.terra-et-ars.de\/aktuelles\/wp-json\/wp\/v2\/users\/1"}],"replies":[{"embeddable":true,"href":"https:\/\/www.terra-et-ars.de\/aktuelles\/wp-json\/wp\/v2\/comments?post=23"}],"version-history":[{"count":561,"href":"https:\/\/www.terra-et-ars.de\/aktuelles\/wp-json\/wp\/v2\/pages\/23\/revisions"}],"predecessor-version":[{"id":14737,"href":"https:\/\/www.terra-et-ars.de\/aktuelles\/wp-json\/wp\/v2\/pages\/23\/revisions\/14737"}],"wp:attachment":[{"href":"https:\/\/www.terra-et-ars.de\/aktuelles\/wp-json\/wp\/v2\/media?parent=23"}],"curies":[{"name":"wp","href":"https:\/\/api.w.org\/{rel}","templated":true}]}}